{"id":186683,"date":"2026-04-02T13:51:45","date_gmt":"2026-04-02T12:51:45","guid":{"rendered":"https:\/\/www.coolturalia.com\/event\/enfantillages-et-bizarreries-vertige-dune-collection-2\/"},"modified":"2026-04-09T08:47:07","modified_gmt":"2026-04-09T07:47:07","slug":"enfantillages-et-bizarreries-vertige-dune-collection-2","status":"publish","type":"event","link":"https:\/\/www.coolturalia.com\/fr\/event\/enfantillages-et-bizarreries-vertige-dune-collection-2\/","title":{"rendered":"Enfantillages et bizarreries : vertige d\u2019une collection"},"content":{"rendered":"<p>Une constellation intime d\u2019objets miniatures \u2014 jouets, bibelots, colifichets, flacons de parfum, tampons, crayons et billes \u2014 o\u00f9 le banal oscille entre jouet et \u0153uvre.<br \/>Pr\u00e9sentant des pi\u00e8ces de Sol LeWitt, Yoko Ono, Jenny Holzer et Takako Saito, l\u2019ensemble r\u00e9v\u00e8le les pulsions obsessionnelles et la logique imaginative d\u2019un collectionneur.<br \/>\u00c0 travers objets trouv\u00e9s et petites compositions, l\u2019exposition explore l\u2019enfance comme refuge, la charge thaumaturgique des choses et la mani\u00e8re dont d\u00e9sir et perte structurent la po\u00e9tique du collectionnement.<\/p>\n","protected":false},"excerpt":{"rendered":"<p>Une constellation intime d\u2019objets miniatures \u2014 jouets, bibelots, colifichets, flacons de parfum, tampons, crayons et billes \u2014 o\u00f9 le banal oscille entre jouet et \u0153uvre.Pr\u00e9sentant des pi\u00e8ces de Sol LeWitt, Yoko Ono, Jenny Holzer et Takako Saito, l\u2019ensemble r\u00e9v\u00e8le les pulsions obsessionnelles et la logique imaginative d\u2019un collectionneur.\u00c0 travers objets trouv\u00e9s et petites compositions, l\u2019exposition [&hellip;]<\/p>\n","protected":false},"featured_media":186681,"parent":0,"menu_order":0,"template":"","format":"standard","meta":{"_acf_changed":false,"footnotes":""},"tags":[],"event-category":[446],"event-venue":[],"class_list":["post-186683","event","type-event","status-publish","format-standard","has-post-thumbnail","hentry","event-category-art-et-expositions"],"acf":{"price":"Sur r\u00e9servation","date":"29 avril - 28 juin","start_date":"2026-04-29 15:00:00","end_date":"2026-06-28 20:00:00","website_link":"https:\/\/centre.ch\/en\/program\/enfantillages-et-bizarreries-vertige-d-une-collection","link_buy_tickets":"","highlighted":false,"photo_credit":"SALVO, NO TITLE, N. D. MATCHBOX","timings":[{"timing_start_date":"2026-04-29 15:00:00","timing_end_date":"2026-04-29 20:00:00"},{"timing_start_date":"2026-04-30 15:00:00","timing_end_date":"2026-04-30 20:00:00"},{"timing_start_date":"2026-05-01 15:00:00","timing_end_date":"2026-05-01 20:00:00"},{"timing_start_date":"2026-05-02 15:00:00","timing_end_date":"2026-05-02 20:00:00"},{"timing_start_date":"2026-05-03 15:00:00","timing_end_date":"2026-05-03 20:00:00"},{"timing_start_date":"2026-05-06 15:00:00","timing_end_date":"2026-05-06 20:00:00"},{"timing_start_date":"2026-05-07 15:00:00","timing_end_date":"2026-05-07 20:00:00"},{"timing_start_date":"2026-05-08 15:00:00","timing_end_date":"2026-05-08 20:00:00"},{"timing_start_date":"2026-05-09 15:00:00","timing_end_date":"2026-05-09 20:00:00"},{"timing_start_date":"2026-05-10 15:00:00","timing_end_date":"2026-05-10 20:00:00"},{"timing_start_date":"2026-05-13 15:00:00","timing_end_date":"2026-05-13 20:00:00"},{"timing_start_date":"2026-05-14 15:00:00","timing_end_date":"2026-05-14 20:00:00"},{"timing_start_date":"2026-05-15 15:00:00","timing_end_date":"2026-05-15 20:00:00"},{"timing_start_date":"2026-05-16 15:00:00","timing_end_date":"2026-05-16 20:00:00"},{"timing_start_date":"2026-05-17 15:00:00","timing_end_date":"2026-05-17 20:00:00"},{"timing_start_date":"2026-05-20 15:00:00","timing_end_date":"2026-05-20 20:00:00"},{"timing_start_date":"2026-05-21 15:00:00","timing_end_date":"2026-05-21 20:00:00"},{"timing_start_date":"2026-05-22 15:00:00","timing_end_date":"2026-05-22 20:00:00"},{"timing_start_date":"2026-05-23 15:00:00","timing_end_date":"2026-05-23 20:00:00"},{"timing_start_date":"2026-05-24 15:00:00","timing_end_date":"2026-05-24 20:00:00"},{"timing_start_date":"2026-05-27 15:00:00","timing_end_date":"2026-05-27 20:00:00"},{"timing_start_date":"2026-05-28 15:00:00","timing_end_date":"2026-05-28 20:00:00"},{"timing_start_date":"2026-05-29 15:00:00","timing_end_date":"2026-05-29 20:00:00"},{"timing_start_date":"2026-05-30 15:00:00","timing_end_date":"2026-05-30 20:00:00"},{"timing_start_date":"2026-05-31 15:00:00","timing_end_date":"2026-05-31 20:00:00"},{"timing_start_date":"2026-06-03 15:00:00","timing_end_date":"2026-06-03 20:00:00"},{"timing_start_date":"2026-06-04 15:00:00","timing_end_date":"2026-06-04 20:00:00"},{"timing_start_date":"2026-06-05 15:00:00","timing_end_date":"2026-06-05 20:00:00"},{"timing_start_date":"2026-06-06 15:00:00","timing_end_date":"2026-06-06 20:00:00"},{"timing_start_date":"2026-06-07 15:00:00","timing_end_date":"2026-06-07 20:00:00"},{"timing_start_date":"2026-06-10 15:00:00","timing_end_date":"2026-06-10 20:00:00"},{"timing_start_date":"2026-06-11 15:00:00","timing_end_date":"2026-06-11 20:00:00"},{"timing_start_date":"2026-06-12 15:00:00","timing_end_date":"2026-06-12 20:00:00"},{"timing_start_date":"2026-06-13 15:00:00","timing_end_date":"2026-06-13 20:00:00"},{"timing_start_date":"2026-06-14 15:00:00","timing_end_date":"2026-06-14 20:00:00"},{"timing_start_date":"2026-06-17 15:00:00","timing_end_date":"2026-06-17 20:00:00"},{"timing_start_date":"2026-06-18 15:00:00","timing_end_date":"2026-06-18 20:00:00"},{"timing_start_date":"2026-06-19 15:00:00","timing_end_date":"2026-06-19 20:00:00"},{"timing_start_date":"2026-06-20 15:00:00","timing_end_date":"2026-06-20 20:00:00"},{"timing_start_date":"2026-06-21 15:00:00","timing_end_date":"2026-06-21 20:00:00"},{"timing_start_date":"2026-06-24 15:00:00","timing_end_date":"2026-06-24 20:00:00"},{"timing_start_date":"2026-06-25 15:00:00","timing_end_date":"2026-06-25 20:00:00"},{"timing_start_date":"2026-06-26 15:00:00","timing_end_date":"2026-06-26 20:00:00"},{"timing_start_date":"2026-06-27 15:00:00","timing_end_date":"2026-06-27 20:00:00"},{"timing_start_date":"2026-06-28 15:00:00","timing_end_date":"2026-06-28 20:00:00"}],"external_id":"8217944"},"yoast_head":"<!-- This site is optimized with the Yoast SEO plugin v27.5 - https:\/\/yoast.com\/product\/yoast-seo-wordpress\/ -->\n<title>Enfantillages et bizarreries : vertige d\u2019une collection - Coolturalia<\/title>\n<meta name=\"robots\" content=\"index, follow, max-snippet:-1, max-image-preview:large, max-video-preview:-1\" \/>\n<link rel=\"canonical\" href=\"https:\/\/www.coolturalia.com\/fr\/event\/enfantillages-et-bizarreries-vertige-dune-collection-2\/\" \/>\n<meta property=\"og:locale\" content=\"fr_FR\" \/>\n<meta property=\"og:type\" content=\"article\" \/>\n<meta property=\"og:title\" content=\"Enfantillages et bizarreries : vertige d\u2019une collection - Coolturalia\" \/>\n<meta property=\"og:description\" content=\"Une constellation intime d\u2019objets miniatures \u2014 jouets, bibelots, colifichets, flacons de parfum, tampons, crayons et billes \u2014 o\u00f9 le banal oscille entre jouet et \u0153uvre.Pr\u00e9sentant des pi\u00e8ces de Sol LeWitt, Yoko Ono, Jenny Holzer et Takako Saito, l\u2019ensemble r\u00e9v\u00e8le les pulsions obsessionnelles et la logique imaginative d\u2019un collectionneur.\u00c0 travers objets trouv\u00e9s et petites compositions, l\u2019exposition [&hellip;]\" \/>\n<meta property=\"og:url\" content=\"https:\/\/www.coolturalia.com\/fr\/event\/enfantillages-et-bizarreries-vertige-dune-collection-2\/\" \/>\n<meta property=\"og:site_name\" content=\"Coolturalia\" \/>\n<meta property=\"article:modified_time\" content=\"2026-04-09T07:47:07+00:00\" \/>\n<meta property=\"og:image\" content=\"https:\/\/www.coolturalia.com\/wp-content\/uploads\/2026\/04\/Enfantillages-et-bizarreries-vertige-d-une-collection.webp\" \/>\n\t<meta property=\"og:image:width\" content=\"700\" \/>\n\t<meta property=\"og:image:height\" content=\"467\" \/>\n\t<meta property=\"og:image:type\" content=\"image\/webp\" \/>\n<meta name=\"twitter:card\" content=\"summary_large_image\" \/>\n<script type=\"application\/ld+json\" class=\"yoast-schema-graph\">{\"@context\":\"https:\\\/\\\/schema.org\",\"@graph\":[{\"@type\":\"WebPage\",\"@id\":\"https:\\\/\\\/www.coolturalia.com\\\/fr\\\/event\\\/enfantillages-et-bizarreries-vertige-dune-collection-2\\\/\",\"url\":\"https:\\\/\\\/www.coolturalia.com\\\/fr\\\/event\\\/enfantillages-et-bizarreries-vertige-dune-collection-2\\\/\",\"name\":\"Enfantillages et bizarreries : vertige d\u2019une collection - Coolturalia\",\"isPartOf\":{\"@id\":\"https:\\\/\\\/www.coolturalia.com\\\/fr\\\/#website\"},\"primaryImageOfPage\":{\"@id\":\"https:\\\/\\\/www.coolturalia.com\\\/fr\\\/event\\\/enfantillages-et-bizarreries-vertige-dune-collection-2\\\/#primaryimage\"},\"image\":{\"@id\":\"https:\\\/\\\/www.coolturalia.com\\\/fr\\\/event\\\/enfantillages-et-bizarreries-vertige-dune-collection-2\\\/#primaryimage\"},\"thumbnailUrl\":\"https:\\\/\\\/www.coolturalia.com\\\/wp-content\\\/uploads\\\/2026\\\/04\\\/Enfantillages-et-bizarreries-vertige-d-une-collection.webp\",\"datePublished\":\"2026-04-02T12:51:45+00:00\",\"dateModified\":\"2026-04-09T07:47:07+00:00\",\"breadcrumb\":{\"@id\":\"https:\\\/\\\/www.coolturalia.com\\\/fr\\\/event\\\/enfantillages-et-bizarreries-vertige-dune-collection-2\\\/#breadcrumb\"},\"inLanguage\":\"fr-FR\",\"potentialAction\":[{\"@type\":\"ReadAction\",\"target\":[\"https:\\\/\\\/www.coolturalia.com\\\/fr\\\/event\\\/enfantillages-et-bizarreries-vertige-dune-collection-2\\\/\"]}]},{\"@type\":\"ImageObject\",\"inLanguage\":\"fr-FR\",\"@id\":\"https:\\\/\\\/www.coolturalia.com\\\/fr\\\/event\\\/enfantillages-et-bizarreries-vertige-dune-collection-2\\\/#primaryimage\",\"url\":\"https:\\\/\\\/www.coolturalia.com\\\/wp-content\\\/uploads\\\/2026\\\/04\\\/Enfantillages-et-bizarreries-vertige-d-une-collection.webp\",\"contentUrl\":\"https:\\\/\\\/www.coolturalia.com\\\/wp-content\\\/uploads\\\/2026\\\/04\\\/Enfantillages-et-bizarreries-vertige-d-une-collection.webp\",\"width\":700,\"height\":467,\"caption\":\"undefined\"},{\"@type\":\"BreadcrumbList\",\"@id\":\"https:\\\/\\\/www.coolturalia.com\\\/fr\\\/event\\\/enfantillages-et-bizarreries-vertige-dune-collection-2\\\/#breadcrumb\",\"itemListElement\":[{\"@type\":\"ListItem\",\"position\":1,\"name\":\"Home\",\"item\":\"https:\\\/\\\/www.coolturalia.com\\\/fr\\\/\"},{\"@type\":\"ListItem\",\"position\":2,\"name\":\"Events\",\"item\":\"https:\\\/\\\/www.coolturalia.com\\\/fr\\\/events\\\/\"},{\"@type\":\"ListItem\",\"position\":3,\"name\":\"Enfantillages et bizarreries : vertige d\u2019une collection\"}]},{\"@type\":\"WebSite\",\"@id\":\"https:\\\/\\\/www.coolturalia.com\\\/fr\\\/#website\",\"url\":\"https:\\\/\\\/www.coolturalia.com\\\/fr\\\/\",\"name\":\"Coolturalia\",\"description\":\"\",\"publisher\":{\"@id\":\"https:\\\/\\\/www.coolturalia.com\\\/fr\\\/#organization\"},\"potentialAction\":[{\"@type\":\"SearchAction\",\"target\":{\"@type\":\"EntryPoint\",\"urlTemplate\":\"https:\\\/\\\/www.coolturalia.com\\\/fr\\\/?s={search_term_string}\"},\"query-input\":{\"@type\":\"PropertyValueSpecification\",\"valueRequired\":true,\"valueName\":\"search_term_string\"}}],\"inLanguage\":\"fr-FR\"},{\"@type\":\"Organization\",\"@id\":\"https:\\\/\\\/www.coolturalia.com\\\/fr\\\/#organization\",\"name\":\"Coolturalia\",\"url\":\"https:\\\/\\\/www.coolturalia.com\\\/fr\\\/\",\"logo\":{\"@type\":\"ImageObject\",\"inLanguage\":\"fr-FR\",\"@id\":\"https:\\\/\\\/www.coolturalia.com\\\/fr\\\/#\\\/schema\\\/logo\\\/image\\\/\",\"url\":\"https:\\\/\\\/www.coolturalia.com\\\/wp-content\\\/uploads\\\/2024\\\/04\\\/Logo-coolturalia.svg\",\"contentUrl\":\"https:\\\/\\\/www.coolturalia.com\\\/wp-content\\\/uploads\\\/2024\\\/04\\\/Logo-coolturalia.svg\",\"width\":1312,\"height\":193,\"caption\":\"Coolturalia\"},\"image\":{\"@id\":\"https:\\\/\\\/www.coolturalia.com\\\/fr\\\/#\\\/schema\\\/logo\\\/image\\\/\"},\"sameAs\":[\"https:\\\/\\\/www.instagram.com\\\/coolturalia_geneva\\\/\"]}]}<\/script>\n<!-- \/ Yoast SEO plugin. -->","yoast_head_json":{"title":"Enfantillages et bizarreries : vertige d\u2019une collection - Coolturalia","robots":{"index":"index","follow":"follow","max-snippet":"max-snippet:-1","max-image-preview":"max-image-preview:large","max-video-preview":"max-video-preview:-1"},"canonical":"https:\/\/www.coolturalia.com\/fr\/event\/enfantillages-et-bizarreries-vertige-dune-collection-2\/","og_locale":"fr_FR","og_type":"article","og_title":"Enfantillages et bizarreries : vertige d\u2019une collection - Coolturalia","og_description":"Une constellation intime d\u2019objets miniatures \u2014 jouets, bibelots, colifichets, flacons de parfum, tampons, crayons et billes \u2014 o\u00f9 le banal oscille entre jouet et \u0153uvre.Pr\u00e9sentant des pi\u00e8ces de Sol LeWitt, Yoko Ono, Jenny Holzer et Takako Saito, l\u2019ensemble r\u00e9v\u00e8le les pulsions obsessionnelles et la logique imaginative d\u2019un collectionneur.\u00c0 travers objets trouv\u00e9s et petites compositions, l\u2019exposition [&hellip;]","og_url":"https:\/\/www.coolturalia.com\/fr\/event\/enfantillages-et-bizarreries-vertige-dune-collection-2\/","og_site_name":"Coolturalia","article_modified_time":"2026-04-09T07:47:07+00:00","og_image":[{"width":700,"height":467,"url":"https:\/\/www.coolturalia.com\/wp-content\/uploads\/2026\/04\/Enfantillages-et-bizarreries-vertige-d-une-collection.webp","type":"image\/webp"}],"twitter_card":"summary_large_image","schema":{"@context":"https:\/\/schema.org","@graph":[{"@type":"WebPage","@id":"https:\/\/www.coolturalia.com\/fr\/event\/enfantillages-et-bizarreries-vertige-dune-collection-2\/","url":"https:\/\/www.coolturalia.com\/fr\/event\/enfantillages-et-bizarreries-vertige-dune-collection-2\/","name":"Enfantillages et bizarreries : vertige d\u2019une collection - Coolturalia","isPartOf":{"@id":"https:\/\/www.coolturalia.com\/fr\/#website"},"primaryImageOfPage":{"@id":"https:\/\/www.coolturalia.com\/fr\/event\/enfantillages-et-bizarreries-vertige-dune-collection-2\/#primaryimage"},"image":{"@id":"https:\/\/www.coolturalia.com\/fr\/event\/enfantillages-et-bizarreries-vertige-dune-collection-2\/#primaryimage"},"thumbnailUrl":"https:\/\/www.coolturalia.com\/wp-content\/uploads\/2026\/04\/Enfantillages-et-bizarreries-vertige-d-une-collection.webp","datePublished":"2026-04-02T12:51:45+00:00","dateModified":"2026-04-09T07:47:07+00:00","breadcrumb":{"@id":"https:\/\/www.coolturalia.com\/fr\/event\/enfantillages-et-bizarreries-vertige-dune-collection-2\/#breadcrumb"},"inLanguage":"fr-FR","potentialAction":[{"@type":"ReadAction","target":["https:\/\/www.coolturalia.com\/fr\/event\/enfantillages-et-bizarreries-vertige-dune-collection-2\/"]}]},{"@type":"ImageObject","inLanguage":"fr-FR","@id":"https:\/\/www.coolturalia.com\/fr\/event\/enfantillages-et-bizarreries-vertige-dune-collection-2\/#primaryimage","url":"https:\/\/www.coolturalia.com\/wp-content\/uploads\/2026\/04\/Enfantillages-et-bizarreries-vertige-d-une-collection.webp","contentUrl":"https:\/\/www.coolturalia.com\/wp-content\/uploads\/2026\/04\/Enfantillages-et-bizarreries-vertige-d-une-collection.webp","width":700,"height":467,"caption":"undefined"},{"@type":"BreadcrumbList","@id":"https:\/\/www.coolturalia.com\/fr\/event\/enfantillages-et-bizarreries-vertige-dune-collection-2\/#breadcrumb","itemListElement":[{"@type":"ListItem","position":1,"name":"Home","item":"https:\/\/www.coolturalia.com\/fr\/"},{"@type":"ListItem","position":2,"name":"Events","item":"https:\/\/www.coolturalia.com\/fr\/events\/"},{"@type":"ListItem","position":3,"name":"Enfantillages et bizarreries : vertige d\u2019une collection"}]},{"@type":"WebSite","@id":"https:\/\/www.coolturalia.com\/fr\/#website","url":"https:\/\/www.coolturalia.com\/fr\/","name":"Coolturalia","description":"","publisher":{"@id":"https:\/\/www.coolturalia.com\/fr\/#organization"},"potentialAction":[{"@type":"SearchAction","target":{"@type":"EntryPoint","urlTemplate":"https:\/\/www.coolturalia.com\/fr\/?s={search_term_string}"},"query-input":{"@type":"PropertyValueSpecification","valueRequired":true,"valueName":"search_term_string"}}],"inLanguage":"fr-FR"},{"@type":"Organization","@id":"https:\/\/www.coolturalia.com\/fr\/#organization","name":"Coolturalia","url":"https:\/\/www.coolturalia.com\/fr\/","logo":{"@type":"ImageObject","inLanguage":"fr-FR","@id":"https:\/\/www.coolturalia.com\/fr\/#\/schema\/logo\/image\/","url":"https:\/\/www.coolturalia.com\/wp-content\/uploads\/2024\/04\/Logo-coolturalia.svg","contentUrl":"https:\/\/www.coolturalia.com\/wp-content\/uploads\/2024\/04\/Logo-coolturalia.svg","width":1312,"height":193,"caption":"Coolturalia"},"image":{"@id":"https:\/\/www.coolturalia.com\/fr\/#\/schema\/logo\/image\/"},"sameAs":["https:\/\/www.instagram.com\/coolturalia_geneva\/"]}]}},"translations":{"translations":{"en":"186682","fr":"186683"},"language":{"code":"fr"},"date":{"dateRange":"29 avril - 28 juin"}},"language":{"code":"fr"},"_links":{"self":[{"href":"https:\/\/www.coolturalia.com\/fr\/wp-json\/wp\/v2\/event\/186683","targetHints":{"allow":["GET"]}}],"collection":[{"href":"https:\/\/www.coolturalia.com\/fr\/wp-json\/wp\/v2\/event"}],"about":[{"href":"https:\/\/www.coolturalia.com\/fr\/wp-json\/wp\/v2\/types\/event"}],"version-history":[{"count":1,"href":"https:\/\/www.coolturalia.com\/fr\/wp-json\/wp\/v2\/event\/186683\/revisions"}],"predecessor-version":[{"id":186870,"href":"https:\/\/www.coolturalia.com\/fr\/wp-json\/wp\/v2\/event\/186683\/revisions\/186870"}],"wp:featuredmedia":[{"embeddable":true,"href":"https:\/\/www.coolturalia.com\/fr\/wp-json\/wp\/v2\/media\/186681"}],"wp:attachment":[{"href":"https:\/\/www.coolturalia.com\/fr\/wp-json\/wp\/v2\/media?parent=186683"}],"wp:term":[{"taxonomy":"post_tag","embeddable":true,"href":"https:\/\/www.coolturalia.com\/fr\/wp-json\/wp\/v2\/tags?post=186683"},{"taxonomy":"event-category","embeddable":true,"href":"https:\/\/www.coolturalia.com\/fr\/wp-json\/wp\/v2\/event-category?post=186683"},{"taxonomy":"event-venue","embeddable":true,"href":"https:\/\/www.coolturalia.com\/fr\/wp-json\/wp\/v2\/event-venue?post=186683"}],"curies":[{"name":"wp","href":"https:\/\/api.w.org\/{rel}","templated":true}]}}