{"id":186324,"date":"2026-03-23T11:07:32","date_gmt":"2026-03-23T10:07:32","guid":{"rendered":"https:\/\/www.coolturalia.com\/event\/trio-la-versoix-2\/"},"modified":"2026-03-23T11:07:32","modified_gmt":"2026-03-23T10:07:32","slug":"trio-la-versoix-2","status":"publish","type":"event","link":"https:\/\/www.coolturalia.com\/fr\/event\/trio-la-versoix-2\/","title":{"rendered":"Trio la Versoix"},"content":{"rendered":"<p>Propos\u00e9 par l&rsquo;Association des Concerts des dimanches, Trio la Versoix r\u00e9unit William Michel, Juliette Giovacchini et Gabrielle Richardson Vasques. Originaires de divers horizons, ces trois musiciens se sont rencontr\u00e9s au bord du lac L\u00e9man; leur collaboration refl\u00e8te le flux de la Versoix : un dialogue fond\u00e9 sur la fluidit\u00e9 et l&rsquo;\u00e9change. Le programme oppose le Trio en sol mineur de Smetana au Caf\u00e9 musique de Paul Schoenfield, m\u00ealant densit\u00e9 romantique et verve contemporaine dans une intimit\u00e9 chambriste.<\/p>\n","protected":false},"excerpt":{"rendered":"<p>Propos\u00e9 par l&rsquo;Association des Concerts des dimanches, Trio la Versoix r\u00e9unit William Michel, Juliette Giovacchini et Gabrielle Richardson Vasques. Originaires de divers horizons, ces trois musiciens se sont rencontr\u00e9s au bord du lac L\u00e9man; leur collaboration refl\u00e8te le flux de la Versoix : un dialogue fond\u00e9 sur la fluidit\u00e9 et l&rsquo;\u00e9change. Le programme oppose le [&hellip;]<\/p>\n","protected":false},"featured_media":186322,"parent":0,"menu_order":0,"template":"","format":"standard","meta":{"_acf_changed":false,"footnotes":""},"tags":[],"event-category":[444],"event-venue":[661],"class_list":["post-186324","event","type-event","status-publish","format-standard","has-post-thumbnail","hentry","event-category-spectacles","event-venue-les-caves-versoix-fr"],"acf":{"price":"Sur r\u00e9servation","date":"Dimanche 26 avril, 17:00","start_date":"2026-04-26 19:00:00","end_date":"2026-04-26 20:00:00","website_link":"https:\/\/www.lescavesversoix.ch\/sites-les-caves-programme\/les-caves\/concerts-des-dimanches-%7C-trio-la-versoix-%7C-dimanche-26-avril-2026-a-17h-%7C-concert-classique-%7C-les-caves-8627","link_buy_tickets":"","highlighted":false,"photo_credit":"DR","timings":[{"timing_start_date":"2026-04-26 19:00:00","timing_end_date":"2026-04-26 20:00:00"}],"external_id":"31243395"},"yoast_head":"<!-- This site is optimized with the Yoast SEO plugin v26.5 - https:\/\/yoast.com\/wordpress\/plugins\/seo\/ -->\n<title>Trio la Versoix - Coolturalia<\/title>\n<meta name=\"robots\" content=\"index, follow, max-snippet:-1, max-image-preview:large, max-video-preview:-1\" \/>\n<link rel=\"canonical\" href=\"https:\/\/www.coolturalia.com\/fr\/event\/trio-la-versoix-2\/\" \/>\n<meta property=\"og:locale\" content=\"fr_FR\" \/>\n<meta property=\"og:type\" content=\"article\" \/>\n<meta property=\"og:title\" content=\"Trio la Versoix - Coolturalia\" \/>\n<meta property=\"og:description\" content=\"Propos\u00e9 par l&rsquo;Association des Concerts des dimanches, Trio la Versoix r\u00e9unit William Michel, Juliette Giovacchini et Gabrielle Richardson Vasques. Originaires de divers horizons, ces trois musiciens se sont rencontr\u00e9s au bord du lac L\u00e9man; leur collaboration refl\u00e8te le flux de la Versoix : un dialogue fond\u00e9 sur la fluidit\u00e9 et l&rsquo;\u00e9change. Le programme oppose le [&hellip;]\" \/>\n<meta property=\"og:url\" content=\"https:\/\/www.coolturalia.com\/fr\/event\/trio-la-versoix-2\/\" \/>\n<meta property=\"og:site_name\" content=\"Coolturalia\" \/>\n<meta property=\"og:image\" content=\"https:\/\/www.coolturalia.com\/wp-content\/uploads\/2024\/04\/favicon-coolturalia-2.png\" \/>\n\t<meta property=\"og:image:width\" content=\"150\" \/>\n\t<meta property=\"og:image:height\" content=\"150\" \/>\n\t<meta property=\"og:image:type\" content=\"image\/png\" \/>\n<meta name=\"twitter:card\" content=\"summary_large_image\" \/>\n<script type=\"application\/ld+json\" class=\"yoast-schema-graph\">{\"@context\":\"https:\/\/schema.org\",\"@graph\":[{\"@type\":\"WebPage\",\"@id\":\"https:\/\/www.coolturalia.com\/fr\/event\/trio-la-versoix-2\/\",\"url\":\"https:\/\/www.coolturalia.com\/fr\/event\/trio-la-versoix-2\/\",\"name\":\"Trio la Versoix - Coolturalia\",\"isPartOf\":{\"@id\":\"https:\/\/www.coolturalia.com\/fr\/#website\"},\"primaryImageOfPage\":{\"@id\":\"https:\/\/www.coolturalia.com\/fr\/event\/trio-la-versoix-2\/#primaryimage\"},\"image\":{\"@id\":\"https:\/\/www.coolturalia.com\/fr\/event\/trio-la-versoix-2\/#primaryimage\"},\"thumbnailUrl\":\"https:\/\/www.coolturalia.com\/wp-content\/uploads\/2026\/03\/Trio-la-Versoix.webp\",\"datePublished\":\"2026-03-23T10:07:32+00:00\",\"breadcrumb\":{\"@id\":\"https:\/\/www.coolturalia.com\/fr\/event\/trio-la-versoix-2\/#breadcrumb\"},\"inLanguage\":\"fr-FR\",\"potentialAction\":[{\"@type\":\"ReadAction\",\"target\":[\"https:\/\/www.coolturalia.com\/fr\/event\/trio-la-versoix-2\/\"]}]},{\"@type\":\"ImageObject\",\"inLanguage\":\"fr-FR\",\"@id\":\"https:\/\/www.coolturalia.com\/fr\/event\/trio-la-versoix-2\/#primaryimage\",\"url\":\"https:\/\/www.coolturalia.com\/wp-content\/uploads\/2026\/03\/Trio-la-Versoix.webp\",\"contentUrl\":\"https:\/\/www.coolturalia.com\/wp-content\/uploads\/2026\/03\/Trio-la-Versoix.webp\",\"width\":700,\"height\":407,\"caption\":\"undefined\"},{\"@type\":\"BreadcrumbList\",\"@id\":\"https:\/\/www.coolturalia.com\/fr\/event\/trio-la-versoix-2\/#breadcrumb\",\"itemListElement\":[{\"@type\":\"ListItem\",\"position\":1,\"name\":\"Home\",\"item\":\"https:\/\/www.coolturalia.com\/fr\/\"},{\"@type\":\"ListItem\",\"position\":2,\"name\":\"Events\",\"item\":\"https:\/\/www.coolturalia.com\/fr\/events\/\"},{\"@type\":\"ListItem\",\"position\":3,\"name\":\"Trio la Versoix\"}]},{\"@type\":\"WebSite\",\"@id\":\"https:\/\/www.coolturalia.com\/fr\/#website\",\"url\":\"https:\/\/www.coolturalia.com\/fr\/\",\"name\":\"Coolturalia\",\"description\":\"\",\"publisher\":{\"@id\":\"https:\/\/www.coolturalia.com\/fr\/#organization\"},\"potentialAction\":[{\"@type\":\"SearchAction\",\"target\":{\"@type\":\"EntryPoint\",\"urlTemplate\":\"https:\/\/www.coolturalia.com\/fr\/?s={search_term_string}\"},\"query-input\":{\"@type\":\"PropertyValueSpecification\",\"valueRequired\":true,\"valueName\":\"search_term_string\"}}],\"inLanguage\":\"fr-FR\"},{\"@type\":\"Organization\",\"@id\":\"https:\/\/www.coolturalia.com\/fr\/#organization\",\"name\":\"Coolturalia\",\"url\":\"https:\/\/www.coolturalia.com\/fr\/\",\"logo\":{\"@type\":\"ImageObject\",\"inLanguage\":\"fr-FR\",\"@id\":\"https:\/\/www.coolturalia.com\/fr\/#\/schema\/logo\/image\/\",\"url\":\"https:\/\/www.coolturalia.com\/wp-content\/uploads\/2024\/04\/Logo-coolturalia.svg\",\"contentUrl\":\"https:\/\/www.coolturalia.com\/wp-content\/uploads\/2024\/04\/Logo-coolturalia.svg\",\"width\":1312,\"height\":193,\"caption\":\"Coolturalia\"},\"image\":{\"@id\":\"https:\/\/www.coolturalia.com\/fr\/#\/schema\/logo\/image\/\"},\"sameAs\":[\"https:\/\/www.instagram.com\/coolturalia_geneva\/\"]}]}<\/script>\n<!-- \/ Yoast SEO plugin. -->","yoast_head_json":{"title":"Trio la Versoix - Coolturalia","robots":{"index":"index","follow":"follow","max-snippet":"max-snippet:-1","max-image-preview":"max-image-preview:large","max-video-preview":"max-video-preview:-1"},"canonical":"https:\/\/www.coolturalia.com\/fr\/event\/trio-la-versoix-2\/","og_locale":"fr_FR","og_type":"article","og_title":"Trio la Versoix - Coolturalia","og_description":"Propos\u00e9 par l&rsquo;Association des Concerts des dimanches, Trio la Versoix r\u00e9unit William Michel, Juliette Giovacchini et Gabrielle Richardson Vasques. Originaires de divers horizons, ces trois musiciens se sont rencontr\u00e9s au bord du lac L\u00e9man; leur collaboration refl\u00e8te le flux de la Versoix : un dialogue fond\u00e9 sur la fluidit\u00e9 et l&rsquo;\u00e9change. Le programme oppose le [&hellip;]","og_url":"https:\/\/www.coolturalia.com\/fr\/event\/trio-la-versoix-2\/","og_site_name":"Coolturalia","og_image":[{"width":150,"height":150,"url":"https:\/\/www.coolturalia.com\/wp-content\/uploads\/2024\/04\/favicon-coolturalia-2.png","type":"image\/png"}],"twitter_card":"summary_large_image","schema":{"@context":"https:\/\/schema.org","@graph":[{"@type":"WebPage","@id":"https:\/\/www.coolturalia.com\/fr\/event\/trio-la-versoix-2\/","url":"https:\/\/www.coolturalia.com\/fr\/event\/trio-la-versoix-2\/","name":"Trio la Versoix - Coolturalia","isPartOf":{"@id":"https:\/\/www.coolturalia.com\/fr\/#website"},"primaryImageOfPage":{"@id":"https:\/\/www.coolturalia.com\/fr\/event\/trio-la-versoix-2\/#primaryimage"},"image":{"@id":"https:\/\/www.coolturalia.com\/fr\/event\/trio-la-versoix-2\/#primaryimage"},"thumbnailUrl":"https:\/\/www.coolturalia.com\/wp-content\/uploads\/2026\/03\/Trio-la-Versoix.webp","datePublished":"2026-03-23T10:07:32+00:00","breadcrumb":{"@id":"https:\/\/www.coolturalia.com\/fr\/event\/trio-la-versoix-2\/#breadcrumb"},"inLanguage":"fr-FR","potentialAction":[{"@type":"ReadAction","target":["https:\/\/www.coolturalia.com\/fr\/event\/trio-la-versoix-2\/"]}]},{"@type":"ImageObject","inLanguage":"fr-FR","@id":"https:\/\/www.coolturalia.com\/fr\/event\/trio-la-versoix-2\/#primaryimage","url":"https:\/\/www.coolturalia.com\/wp-content\/uploads\/2026\/03\/Trio-la-Versoix.webp","contentUrl":"https:\/\/www.coolturalia.com\/wp-content\/uploads\/2026\/03\/Trio-la-Versoix.webp","width":700,"height":407,"caption":"undefined"},{"@type":"BreadcrumbList","@id":"https:\/\/www.coolturalia.com\/fr\/event\/trio-la-versoix-2\/#breadcrumb","itemListElement":[{"@type":"ListItem","position":1,"name":"Home","item":"https:\/\/www.coolturalia.com\/fr\/"},{"@type":"ListItem","position":2,"name":"Events","item":"https:\/\/www.coolturalia.com\/fr\/events\/"},{"@type":"ListItem","position":3,"name":"Trio la Versoix"}]},{"@type":"WebSite","@id":"https:\/\/www.coolturalia.com\/fr\/#website","url":"https:\/\/www.coolturalia.com\/fr\/","name":"Coolturalia","description":"","publisher":{"@id":"https:\/\/www.coolturalia.com\/fr\/#organization"},"potentialAction":[{"@type":"SearchAction","target":{"@type":"EntryPoint","urlTemplate":"https:\/\/www.coolturalia.com\/fr\/?s={search_term_string}"},"query-input":{"@type":"PropertyValueSpecification","valueRequired":true,"valueName":"search_term_string"}}],"inLanguage":"fr-FR"},{"@type":"Organization","@id":"https:\/\/www.coolturalia.com\/fr\/#organization","name":"Coolturalia","url":"https:\/\/www.coolturalia.com\/fr\/","logo":{"@type":"ImageObject","inLanguage":"fr-FR","@id":"https:\/\/www.coolturalia.com\/fr\/#\/schema\/logo\/image\/","url":"https:\/\/www.coolturalia.com\/wp-content\/uploads\/2024\/04\/Logo-coolturalia.svg","contentUrl":"https:\/\/www.coolturalia.com\/wp-content\/uploads\/2024\/04\/Logo-coolturalia.svg","width":1312,"height":193,"caption":"Coolturalia"},"image":{"@id":"https:\/\/www.coolturalia.com\/fr\/#\/schema\/logo\/image\/"},"sameAs":["https:\/\/www.instagram.com\/coolturalia_geneva\/"]}]}},"translations":{"translations":{"en":"186323","fr":"186324"},"language":{"code":"fr"},"date":{"dateRange":"Dimanche 26 avril, 17:00"}},"language":{"code":"fr"},"_links":{"self":[{"href":"https:\/\/www.coolturalia.com\/fr\/wp-json\/wp\/v2\/event\/186324","targetHints":{"allow":["GET"]}}],"collection":[{"href":"https:\/\/www.coolturalia.com\/fr\/wp-json\/wp\/v2\/event"}],"about":[{"href":"https:\/\/www.coolturalia.com\/fr\/wp-json\/wp\/v2\/types\/event"}],"version-history":[{"count":0,"href":"https:\/\/www.coolturalia.com\/fr\/wp-json\/wp\/v2\/event\/186324\/revisions"}],"wp:featuredmedia":[{"embeddable":true,"href":"https:\/\/www.coolturalia.com\/fr\/wp-json\/wp\/v2\/media\/186322"}],"wp:attachment":[{"href":"https:\/\/www.coolturalia.com\/fr\/wp-json\/wp\/v2\/media?parent=186324"}],"wp:term":[{"taxonomy":"post_tag","embeddable":true,"href":"https:\/\/www.coolturalia.com\/fr\/wp-json\/wp\/v2\/tags?post=186324"},{"taxonomy":"event-category","embeddable":true,"href":"https:\/\/www.coolturalia.com\/fr\/wp-json\/wp\/v2\/event-category?post=186324"},{"taxonomy":"event-venue","embeddable":true,"href":"https:\/\/www.coolturalia.com\/fr\/wp-json\/wp\/v2\/event-venue?post=186324"}],"curies":[{"name":"wp","href":"https:\/\/api.w.org\/{rel}","templated":true}]}}