{"id":186031,"date":"2026-03-17T12:06:21","date_gmt":"2026-03-17T11:06:21","guid":{"rendered":"https:\/\/www.coolturalia.com\/event\/les-musiciens-de-breme\/"},"modified":"2026-04-21T10:13:06","modified_gmt":"2026-04-21T09:13:06","slug":"les-musiciens-de-breme","status":"publish","type":"event","link":"https:\/\/www.coolturalia.com\/fr\/event\/les-musiciens-de-breme\/","title":{"rendered":"Les musiciens de Br\u00eame"},"content":{"rendered":"<p>Adapt\u00e9 des fr\u00e8res Grimm, ce conte musical m\u00eale musique de chambre et narration th\u00e9\u00e2trale pour un public de 7 \u00e0 107 ans. La partition de Franz Tishhauser pour fl\u00fbte traversi\u00e8re, clarinette, hautbois, basson et piano s\u2019entrelace avec la pr\u00e9sence d\u2019un com\u00e9dien, entre gestes et parole, pour cr\u00e9er un univers sonore \u00e0 la fois ludique et \u00e9mouvant. Les dialogues timbriques de l\u2019ensemble alternent motifs populaires et harmonies ombr\u00e9es, offrant des instants intimes de merveille et de tension douce.<\/p>\n","protected":false},"excerpt":{"rendered":"<p>Adapt\u00e9 des fr\u00e8res Grimm, ce conte musical m\u00eale musique de chambre et narration th\u00e9\u00e2trale pour un public de 7 \u00e0 107 ans. La partition de Franz Tishhauser pour fl\u00fbte traversi\u00e8re, clarinette, hautbois, basson et piano s\u2019entrelace avec la pr\u00e9sence d\u2019un com\u00e9dien, entre gestes et parole, pour cr\u00e9er un univers sonore \u00e0 la fois ludique et [&hellip;]<\/p>\n","protected":false},"featured_media":186029,"parent":0,"menu_order":0,"template":"","format":"standard","meta":{"_acf_changed":false,"footnotes":""},"tags":[1014],"event-category":[444],"event-venue":[1985],"class_list":["post-186031","event","type-event","status-publish","format-standard","has-post-thumbnail","hentry","tag-portrait-image-fr","event-category-spectacles","event-venue-studio-gabriele-de-agostini-fr"],"acf":{"price":"Sur r\u00e9servation","date":"Dimanche 26 avril, 18:00","start_date":"2026-04-26 20:00:00","end_date":"2026-04-26 21:00:00","website_link":"https:\/\/ensemblevariante.ch\/spectacles\/les-musiciens-de-breme\/","link_buy_tickets":"","highlighted":false,"photo_credit":"Patricia Armada","timings":[{"timing_start_date":"2026-04-26 20:00:00","timing_end_date":"2026-04-26 21:00:00"}],"external_id":"62931218"},"yoast_head":"<!-- This site is optimized with the Yoast SEO plugin v26.5 - https:\/\/yoast.com\/wordpress\/plugins\/seo\/ -->\n<title>Les musiciens de Br\u00eame - Coolturalia<\/title>\n<meta name=\"robots\" content=\"index, follow, max-snippet:-1, max-image-preview:large, max-video-preview:-1\" \/>\n<link rel=\"canonical\" href=\"https:\/\/www.coolturalia.com\/fr\/event\/les-musiciens-de-breme\/\" \/>\n<meta property=\"og:locale\" content=\"fr_FR\" \/>\n<meta property=\"og:type\" content=\"article\" \/>\n<meta property=\"og:title\" content=\"Les musiciens de Br\u00eame - Coolturalia\" \/>\n<meta property=\"og:description\" content=\"Adapt\u00e9 des fr\u00e8res Grimm, ce conte musical m\u00eale musique de chambre et narration th\u00e9\u00e2trale pour un public de 7 \u00e0 107 ans. La partition de Franz Tishhauser pour fl\u00fbte traversi\u00e8re, clarinette, hautbois, basson et piano s\u2019entrelace avec la pr\u00e9sence d\u2019un com\u00e9dien, entre gestes et parole, pour cr\u00e9er un univers sonore \u00e0 la fois ludique et [&hellip;]\" \/>\n<meta property=\"og:url\" content=\"https:\/\/www.coolturalia.com\/fr\/event\/les-musiciens-de-breme\/\" \/>\n<meta property=\"og:site_name\" content=\"Coolturalia\" \/>\n<meta property=\"article:modified_time\" content=\"2026-04-21T09:13:06+00:00\" \/>\n<meta property=\"og:image\" content=\"https:\/\/www.coolturalia.com\/wp-content\/uploads\/2026\/03\/The-Bremen-Town-Musicians.webp\" \/>\n\t<meta property=\"og:image:width\" content=\"700\" \/>\n\t<meta property=\"og:image:height\" content=\"993\" \/>\n\t<meta property=\"og:image:type\" content=\"image\/webp\" \/>\n<meta name=\"twitter:card\" content=\"summary_large_image\" \/>\n<script type=\"application\/ld+json\" class=\"yoast-schema-graph\">{\"@context\":\"https:\/\/schema.org\",\"@graph\":[{\"@type\":\"WebPage\",\"@id\":\"https:\/\/www.coolturalia.com\/fr\/event\/les-musiciens-de-breme\/\",\"url\":\"https:\/\/www.coolturalia.com\/fr\/event\/les-musiciens-de-breme\/\",\"name\":\"Les musiciens de Br\u00eame - Coolturalia\",\"isPartOf\":{\"@id\":\"https:\/\/www.coolturalia.com\/fr\/#website\"},\"primaryImageOfPage\":{\"@id\":\"https:\/\/www.coolturalia.com\/fr\/event\/les-musiciens-de-breme\/#primaryimage\"},\"image\":{\"@id\":\"https:\/\/www.coolturalia.com\/fr\/event\/les-musiciens-de-breme\/#primaryimage\"},\"thumbnailUrl\":\"https:\/\/www.coolturalia.com\/wp-content\/uploads\/2026\/03\/The-Bremen-Town-Musicians.webp\",\"datePublished\":\"2026-03-17T11:06:21+00:00\",\"dateModified\":\"2026-04-21T09:13:06+00:00\",\"breadcrumb\":{\"@id\":\"https:\/\/www.coolturalia.com\/fr\/event\/les-musiciens-de-breme\/#breadcrumb\"},\"inLanguage\":\"fr-FR\",\"potentialAction\":[{\"@type\":\"ReadAction\",\"target\":[\"https:\/\/www.coolturalia.com\/fr\/event\/les-musiciens-de-breme\/\"]}]},{\"@type\":\"ImageObject\",\"inLanguage\":\"fr-FR\",\"@id\":\"https:\/\/www.coolturalia.com\/fr\/event\/les-musiciens-de-breme\/#primaryimage\",\"url\":\"https:\/\/www.coolturalia.com\/wp-content\/uploads\/2026\/03\/The-Bremen-Town-Musicians.webp\",\"contentUrl\":\"https:\/\/www.coolturalia.com\/wp-content\/uploads\/2026\/03\/The-Bremen-Town-Musicians.webp\",\"width\":700,\"height\":993,\"caption\":\"undefined\"},{\"@type\":\"BreadcrumbList\",\"@id\":\"https:\/\/www.coolturalia.com\/fr\/event\/les-musiciens-de-breme\/#breadcrumb\",\"itemListElement\":[{\"@type\":\"ListItem\",\"position\":1,\"name\":\"Home\",\"item\":\"https:\/\/www.coolturalia.com\/fr\/\"},{\"@type\":\"ListItem\",\"position\":2,\"name\":\"Events\",\"item\":\"https:\/\/www.coolturalia.com\/fr\/events\/\"},{\"@type\":\"ListItem\",\"position\":3,\"name\":\"Les musiciens de Br\u00eame\"}]},{\"@type\":\"WebSite\",\"@id\":\"https:\/\/www.coolturalia.com\/fr\/#website\",\"url\":\"https:\/\/www.coolturalia.com\/fr\/\",\"name\":\"Coolturalia\",\"description\":\"\",\"publisher\":{\"@id\":\"https:\/\/www.coolturalia.com\/fr\/#organization\"},\"potentialAction\":[{\"@type\":\"SearchAction\",\"target\":{\"@type\":\"EntryPoint\",\"urlTemplate\":\"https:\/\/www.coolturalia.com\/fr\/?s={search_term_string}\"},\"query-input\":{\"@type\":\"PropertyValueSpecification\",\"valueRequired\":true,\"valueName\":\"search_term_string\"}}],\"inLanguage\":\"fr-FR\"},{\"@type\":\"Organization\",\"@id\":\"https:\/\/www.coolturalia.com\/fr\/#organization\",\"name\":\"Coolturalia\",\"url\":\"https:\/\/www.coolturalia.com\/fr\/\",\"logo\":{\"@type\":\"ImageObject\",\"inLanguage\":\"fr-FR\",\"@id\":\"https:\/\/www.coolturalia.com\/fr\/#\/schema\/logo\/image\/\",\"url\":\"https:\/\/www.coolturalia.com\/wp-content\/uploads\/2024\/04\/Logo-coolturalia.svg\",\"contentUrl\":\"https:\/\/www.coolturalia.com\/wp-content\/uploads\/2024\/04\/Logo-coolturalia.svg\",\"width\":1312,\"height\":193,\"caption\":\"Coolturalia\"},\"image\":{\"@id\":\"https:\/\/www.coolturalia.com\/fr\/#\/schema\/logo\/image\/\"},\"sameAs\":[\"https:\/\/www.instagram.com\/coolturalia_geneva\/\"]}]}<\/script>\n<!-- \/ Yoast SEO plugin. -->","yoast_head_json":{"title":"Les musiciens de Br\u00eame - Coolturalia","robots":{"index":"index","follow":"follow","max-snippet":"max-snippet:-1","max-image-preview":"max-image-preview:large","max-video-preview":"max-video-preview:-1"},"canonical":"https:\/\/www.coolturalia.com\/fr\/event\/les-musiciens-de-breme\/","og_locale":"fr_FR","og_type":"article","og_title":"Les musiciens de Br\u00eame - Coolturalia","og_description":"Adapt\u00e9 des fr\u00e8res Grimm, ce conte musical m\u00eale musique de chambre et narration th\u00e9\u00e2trale pour un public de 7 \u00e0 107 ans. La partition de Franz Tishhauser pour fl\u00fbte traversi\u00e8re, clarinette, hautbois, basson et piano s\u2019entrelace avec la pr\u00e9sence d\u2019un com\u00e9dien, entre gestes et parole, pour cr\u00e9er un univers sonore \u00e0 la fois ludique et [&hellip;]","og_url":"https:\/\/www.coolturalia.com\/fr\/event\/les-musiciens-de-breme\/","og_site_name":"Coolturalia","article_modified_time":"2026-04-21T09:13:06+00:00","og_image":[{"width":700,"height":993,"url":"https:\/\/www.coolturalia.com\/wp-content\/uploads\/2026\/03\/The-Bremen-Town-Musicians.webp","type":"image\/webp"}],"twitter_card":"summary_large_image","schema":{"@context":"https:\/\/schema.org","@graph":[{"@type":"WebPage","@id":"https:\/\/www.coolturalia.com\/fr\/event\/les-musiciens-de-breme\/","url":"https:\/\/www.coolturalia.com\/fr\/event\/les-musiciens-de-breme\/","name":"Les musiciens de Br\u00eame - Coolturalia","isPartOf":{"@id":"https:\/\/www.coolturalia.com\/fr\/#website"},"primaryImageOfPage":{"@id":"https:\/\/www.coolturalia.com\/fr\/event\/les-musiciens-de-breme\/#primaryimage"},"image":{"@id":"https:\/\/www.coolturalia.com\/fr\/event\/les-musiciens-de-breme\/#primaryimage"},"thumbnailUrl":"https:\/\/www.coolturalia.com\/wp-content\/uploads\/2026\/03\/The-Bremen-Town-Musicians.webp","datePublished":"2026-03-17T11:06:21+00:00","dateModified":"2026-04-21T09:13:06+00:00","breadcrumb":{"@id":"https:\/\/www.coolturalia.com\/fr\/event\/les-musiciens-de-breme\/#breadcrumb"},"inLanguage":"fr-FR","potentialAction":[{"@type":"ReadAction","target":["https:\/\/www.coolturalia.com\/fr\/event\/les-musiciens-de-breme\/"]}]},{"@type":"ImageObject","inLanguage":"fr-FR","@id":"https:\/\/www.coolturalia.com\/fr\/event\/les-musiciens-de-breme\/#primaryimage","url":"https:\/\/www.coolturalia.com\/wp-content\/uploads\/2026\/03\/The-Bremen-Town-Musicians.webp","contentUrl":"https:\/\/www.coolturalia.com\/wp-content\/uploads\/2026\/03\/The-Bremen-Town-Musicians.webp","width":700,"height":993,"caption":"undefined"},{"@type":"BreadcrumbList","@id":"https:\/\/www.coolturalia.com\/fr\/event\/les-musiciens-de-breme\/#breadcrumb","itemListElement":[{"@type":"ListItem","position":1,"name":"Home","item":"https:\/\/www.coolturalia.com\/fr\/"},{"@type":"ListItem","position":2,"name":"Events","item":"https:\/\/www.coolturalia.com\/fr\/events\/"},{"@type":"ListItem","position":3,"name":"Les musiciens de Br\u00eame"}]},{"@type":"WebSite","@id":"https:\/\/www.coolturalia.com\/fr\/#website","url":"https:\/\/www.coolturalia.com\/fr\/","name":"Coolturalia","description":"","publisher":{"@id":"https:\/\/www.coolturalia.com\/fr\/#organization"},"potentialAction":[{"@type":"SearchAction","target":{"@type":"EntryPoint","urlTemplate":"https:\/\/www.coolturalia.com\/fr\/?s={search_term_string}"},"query-input":{"@type":"PropertyValueSpecification","valueRequired":true,"valueName":"search_term_string"}}],"inLanguage":"fr-FR"},{"@type":"Organization","@id":"https:\/\/www.coolturalia.com\/fr\/#organization","name":"Coolturalia","url":"https:\/\/www.coolturalia.com\/fr\/","logo":{"@type":"ImageObject","inLanguage":"fr-FR","@id":"https:\/\/www.coolturalia.com\/fr\/#\/schema\/logo\/image\/","url":"https:\/\/www.coolturalia.com\/wp-content\/uploads\/2024\/04\/Logo-coolturalia.svg","contentUrl":"https:\/\/www.coolturalia.com\/wp-content\/uploads\/2024\/04\/Logo-coolturalia.svg","width":1312,"height":193,"caption":"Coolturalia"},"image":{"@id":"https:\/\/www.coolturalia.com\/fr\/#\/schema\/logo\/image\/"},"sameAs":["https:\/\/www.instagram.com\/coolturalia_geneva\/"]}]}},"translations":{"translations":{"en":"186030","fr":"186031"},"language":{"code":"fr"},"date":{"dateRange":"Dimanche 26 avril, 18:00"}},"language":{"code":"fr"},"_links":{"self":[{"href":"https:\/\/www.coolturalia.com\/fr\/wp-json\/wp\/v2\/event\/186031","targetHints":{"allow":["GET"]}}],"collection":[{"href":"https:\/\/www.coolturalia.com\/fr\/wp-json\/wp\/v2\/event"}],"about":[{"href":"https:\/\/www.coolturalia.com\/fr\/wp-json\/wp\/v2\/types\/event"}],"version-history":[{"count":1,"href":"https:\/\/www.coolturalia.com\/fr\/wp-json\/wp\/v2\/event\/186031\/revisions"}],"predecessor-version":[{"id":187857,"href":"https:\/\/www.coolturalia.com\/fr\/wp-json\/wp\/v2\/event\/186031\/revisions\/187857"}],"wp:featuredmedia":[{"embeddable":true,"href":"https:\/\/www.coolturalia.com\/fr\/wp-json\/wp\/v2\/media\/186029"}],"wp:attachment":[{"href":"https:\/\/www.coolturalia.com\/fr\/wp-json\/wp\/v2\/media?parent=186031"}],"wp:term":[{"taxonomy":"post_tag","embeddable":true,"href":"https:\/\/www.coolturalia.com\/fr\/wp-json\/wp\/v2\/tags?post=186031"},{"taxonomy":"event-category","embeddable":true,"href":"https:\/\/www.coolturalia.com\/fr\/wp-json\/wp\/v2\/event-category?post=186031"},{"taxonomy":"event-venue","embeddable":true,"href":"https:\/\/www.coolturalia.com\/fr\/wp-json\/wp\/v2\/event-venue?post=186031"}],"curies":[{"name":"wp","href":"https:\/\/api.w.org\/{rel}","templated":true}]}}