{"id":185977,"date":"2026-03-17T12:02:15","date_gmt":"2026-03-17T11:02:15","guid":{"rendered":"https:\/\/www.coolturalia.com\/event\/concert-du-choeur-de-luniversite-2\/"},"modified":"2026-03-17T12:02:15","modified_gmt":"2026-03-17T11:02:15","slug":"concert-du-choeur-de-luniversite-2","status":"publish","type":"event","link":"https:\/\/www.coolturalia.com\/fr\/event\/concert-du-choeur-de-luniversite-2\/","title":{"rendered":"Concert du Ch\u0153ur de l\u2019Universit\u00e9"},"content":{"rendered":"<p>Dirig\u00e9 par L\u00e9onie Cachelin, le Ch\u0153ur de l\u2019Universit\u00e9 et l\u2019Orchestre de la HEM proposent un programme centr\u00e9 sur des pi\u00e8ces sacr\u00e9es: Dixit Dominus de Marianna Martines, Te Deum de Haydn et la Messe du Couronnement de Mozart. Les solistes Faustine Egiziano (soprano), St\u00e9phanie Gu\u00e9rin (mezzo), Maxence Billiemaz (t\u00e9nor) et Romain Favre (basse) sculptent des lignes vocales lumineuses, soutenues par des couleurs orchestrales riches. Le concert m\u00eale rigueur acad\u00e9mique et chaleur collective, alternant grandeur et instants d\u2019intimit\u00e9 propices \u00e0 la m\u00e9ditation.<\/p>\n","protected":false},"excerpt":{"rendered":"<p>Dirig\u00e9 par L\u00e9onie Cachelin, le Ch\u0153ur de l\u2019Universit\u00e9 et l\u2019Orchestre de la HEM proposent un programme centr\u00e9 sur des pi\u00e8ces sacr\u00e9es: Dixit Dominus de Marianna Martines, Te Deum de Haydn et la Messe du Couronnement de Mozart. Les solistes Faustine Egiziano (soprano), St\u00e9phanie Gu\u00e9rin (mezzo), Maxence Billiemaz (t\u00e9nor) et Romain Favre (basse) sculptent des lignes [&hellip;]<\/p>\n","protected":false},"featured_media":185975,"parent":0,"menu_order":0,"template":"","format":"standard","meta":{"_acf_changed":false,"footnotes":""},"tags":[],"event-category":[444],"event-venue":[605],"class_list":["post-185977","event","type-event","status-publish","format-standard","has-post-thumbnail","hentry","event-category-spectacles","event-venue-victoria-hall-fr"],"acf":{"price":"Sur r\u00e9servation","date":"Dimanche 3 mai, 17:00","start_date":"2026-05-03 19:00:00","end_date":"2026-05-03 20:30:00","website_link":"https:\/\/vie-de-campus.unige.ch\/catalogue\/P2860","link_buy_tickets":"","highlighted":false,"photo_credit":"DR","timings":[{"timing_start_date":"2026-05-03 19:00:00","timing_end_date":"2026-05-03 20:30:00"}],"external_id":"70593839"},"yoast_head":"<!-- This site is optimized with the Yoast SEO plugin v27.5 - https:\/\/yoast.com\/product\/yoast-seo-wordpress\/ -->\n<title>Concert du Ch\u0153ur de l\u2019Universit\u00e9 - Coolturalia<\/title>\n<meta name=\"robots\" content=\"index, follow, max-snippet:-1, max-image-preview:large, max-video-preview:-1\" \/>\n<link rel=\"canonical\" href=\"https:\/\/www.coolturalia.com\/fr\/event\/concert-du-choeur-de-luniversite-2\/\" \/>\n<meta property=\"og:locale\" content=\"fr_FR\" \/>\n<meta property=\"og:type\" content=\"article\" \/>\n<meta property=\"og:title\" content=\"Concert du Ch\u0153ur de l\u2019Universit\u00e9 - Coolturalia\" \/>\n<meta property=\"og:description\" content=\"Dirig\u00e9 par L\u00e9onie Cachelin, le Ch\u0153ur de l\u2019Universit\u00e9 et l\u2019Orchestre de la HEM proposent un programme centr\u00e9 sur des pi\u00e8ces sacr\u00e9es: Dixit Dominus de Marianna Martines, Te Deum de Haydn et la Messe du Couronnement de Mozart. Les solistes Faustine Egiziano (soprano), St\u00e9phanie Gu\u00e9rin (mezzo), Maxence Billiemaz (t\u00e9nor) et Romain Favre (basse) sculptent des lignes [&hellip;]\" \/>\n<meta property=\"og:url\" content=\"https:\/\/www.coolturalia.com\/fr\/event\/concert-du-choeur-de-luniversite-2\/\" \/>\n<meta property=\"og:site_name\" content=\"Coolturalia\" \/>\n<meta property=\"og:image\" content=\"https:\/\/www.coolturalia.com\/wp-content\/uploads\/2024\/04\/favicon-coolturalia-2.png\" \/>\n\t<meta property=\"og:image:width\" content=\"150\" \/>\n\t<meta property=\"og:image:height\" content=\"150\" \/>\n\t<meta property=\"og:image:type\" content=\"image\/png\" \/>\n<meta name=\"twitter:card\" content=\"summary_large_image\" \/>\n<script type=\"application\/ld+json\" class=\"yoast-schema-graph\">{\"@context\":\"https:\\\/\\\/schema.org\",\"@graph\":[{\"@type\":\"WebPage\",\"@id\":\"https:\\\/\\\/www.coolturalia.com\\\/fr\\\/event\\\/concert-du-choeur-de-luniversite-2\\\/\",\"url\":\"https:\\\/\\\/www.coolturalia.com\\\/fr\\\/event\\\/concert-du-choeur-de-luniversite-2\\\/\",\"name\":\"Concert du Ch\u0153ur de l\u2019Universit\u00e9 - Coolturalia\",\"isPartOf\":{\"@id\":\"https:\\\/\\\/www.coolturalia.com\\\/fr\\\/#website\"},\"primaryImageOfPage\":{\"@id\":\"https:\\\/\\\/www.coolturalia.com\\\/fr\\\/event\\\/concert-du-choeur-de-luniversite-2\\\/#primaryimage\"},\"image\":{\"@id\":\"https:\\\/\\\/www.coolturalia.com\\\/fr\\\/event\\\/concert-du-choeur-de-luniversite-2\\\/#primaryimage\"},\"thumbnailUrl\":\"https:\\\/\\\/www.coolturalia.com\\\/wp-content\\\/uploads\\\/2026\\\/03\\\/University-Choir-Concert.webp\",\"datePublished\":\"2026-03-17T11:02:15+00:00\",\"breadcrumb\":{\"@id\":\"https:\\\/\\\/www.coolturalia.com\\\/fr\\\/event\\\/concert-du-choeur-de-luniversite-2\\\/#breadcrumb\"},\"inLanguage\":\"fr-FR\",\"potentialAction\":[{\"@type\":\"ReadAction\",\"target\":[\"https:\\\/\\\/www.coolturalia.com\\\/fr\\\/event\\\/concert-du-choeur-de-luniversite-2\\\/\"]}]},{\"@type\":\"ImageObject\",\"inLanguage\":\"fr-FR\",\"@id\":\"https:\\\/\\\/www.coolturalia.com\\\/fr\\\/event\\\/concert-du-choeur-de-luniversite-2\\\/#primaryimage\",\"url\":\"https:\\\/\\\/www.coolturalia.com\\\/wp-content\\\/uploads\\\/2026\\\/03\\\/University-Choir-Concert.webp\",\"contentUrl\":\"https:\\\/\\\/www.coolturalia.com\\\/wp-content\\\/uploads\\\/2026\\\/03\\\/University-Choir-Concert.webp\",\"width\":700,\"height\":488,\"caption\":\"undefined\"},{\"@type\":\"BreadcrumbList\",\"@id\":\"https:\\\/\\\/www.coolturalia.com\\\/fr\\\/event\\\/concert-du-choeur-de-luniversite-2\\\/#breadcrumb\",\"itemListElement\":[{\"@type\":\"ListItem\",\"position\":1,\"name\":\"Home\",\"item\":\"https:\\\/\\\/www.coolturalia.com\\\/fr\\\/\"},{\"@type\":\"ListItem\",\"position\":2,\"name\":\"Events\",\"item\":\"https:\\\/\\\/www.coolturalia.com\\\/fr\\\/events\\\/\"},{\"@type\":\"ListItem\",\"position\":3,\"name\":\"Concert du Ch\u0153ur de l\u2019Universit\u00e9\"}]},{\"@type\":\"WebSite\",\"@id\":\"https:\\\/\\\/www.coolturalia.com\\\/fr\\\/#website\",\"url\":\"https:\\\/\\\/www.coolturalia.com\\\/fr\\\/\",\"name\":\"Coolturalia\",\"description\":\"\",\"publisher\":{\"@id\":\"https:\\\/\\\/www.coolturalia.com\\\/fr\\\/#organization\"},\"potentialAction\":[{\"@type\":\"SearchAction\",\"target\":{\"@type\":\"EntryPoint\",\"urlTemplate\":\"https:\\\/\\\/www.coolturalia.com\\\/fr\\\/?s={search_term_string}\"},\"query-input\":{\"@type\":\"PropertyValueSpecification\",\"valueRequired\":true,\"valueName\":\"search_term_string\"}}],\"inLanguage\":\"fr-FR\"},{\"@type\":\"Organization\",\"@id\":\"https:\\\/\\\/www.coolturalia.com\\\/fr\\\/#organization\",\"name\":\"Coolturalia\",\"url\":\"https:\\\/\\\/www.coolturalia.com\\\/fr\\\/\",\"logo\":{\"@type\":\"ImageObject\",\"inLanguage\":\"fr-FR\",\"@id\":\"https:\\\/\\\/www.coolturalia.com\\\/fr\\\/#\\\/schema\\\/logo\\\/image\\\/\",\"url\":\"https:\\\/\\\/www.coolturalia.com\\\/wp-content\\\/uploads\\\/2024\\\/04\\\/Logo-coolturalia.svg\",\"contentUrl\":\"https:\\\/\\\/www.coolturalia.com\\\/wp-content\\\/uploads\\\/2024\\\/04\\\/Logo-coolturalia.svg\",\"width\":1312,\"height\":193,\"caption\":\"Coolturalia\"},\"image\":{\"@id\":\"https:\\\/\\\/www.coolturalia.com\\\/fr\\\/#\\\/schema\\\/logo\\\/image\\\/\"},\"sameAs\":[\"https:\\\/\\\/www.instagram.com\\\/coolturalia_geneva\\\/\"]}]}<\/script>\n<!-- \/ Yoast SEO plugin. -->","yoast_head_json":{"title":"Concert du Ch\u0153ur de l\u2019Universit\u00e9 - Coolturalia","robots":{"index":"index","follow":"follow","max-snippet":"max-snippet:-1","max-image-preview":"max-image-preview:large","max-video-preview":"max-video-preview:-1"},"canonical":"https:\/\/www.coolturalia.com\/fr\/event\/concert-du-choeur-de-luniversite-2\/","og_locale":"fr_FR","og_type":"article","og_title":"Concert du Ch\u0153ur de l\u2019Universit\u00e9 - Coolturalia","og_description":"Dirig\u00e9 par L\u00e9onie Cachelin, le Ch\u0153ur de l\u2019Universit\u00e9 et l\u2019Orchestre de la HEM proposent un programme centr\u00e9 sur des pi\u00e8ces sacr\u00e9es: Dixit Dominus de Marianna Martines, Te Deum de Haydn et la Messe du Couronnement de Mozart. Les solistes Faustine Egiziano (soprano), St\u00e9phanie Gu\u00e9rin (mezzo), Maxence Billiemaz (t\u00e9nor) et Romain Favre (basse) sculptent des lignes [&hellip;]","og_url":"https:\/\/www.coolturalia.com\/fr\/event\/concert-du-choeur-de-luniversite-2\/","og_site_name":"Coolturalia","og_image":[{"width":150,"height":150,"url":"https:\/\/www.coolturalia.com\/wp-content\/uploads\/2024\/04\/favicon-coolturalia-2.png","type":"image\/png"}],"twitter_card":"summary_large_image","schema":{"@context":"https:\/\/schema.org","@graph":[{"@type":"WebPage","@id":"https:\/\/www.coolturalia.com\/fr\/event\/concert-du-choeur-de-luniversite-2\/","url":"https:\/\/www.coolturalia.com\/fr\/event\/concert-du-choeur-de-luniversite-2\/","name":"Concert du Ch\u0153ur de l\u2019Universit\u00e9 - Coolturalia","isPartOf":{"@id":"https:\/\/www.coolturalia.com\/fr\/#website"},"primaryImageOfPage":{"@id":"https:\/\/www.coolturalia.com\/fr\/event\/concert-du-choeur-de-luniversite-2\/#primaryimage"},"image":{"@id":"https:\/\/www.coolturalia.com\/fr\/event\/concert-du-choeur-de-luniversite-2\/#primaryimage"},"thumbnailUrl":"https:\/\/www.coolturalia.com\/wp-content\/uploads\/2026\/03\/University-Choir-Concert.webp","datePublished":"2026-03-17T11:02:15+00:00","breadcrumb":{"@id":"https:\/\/www.coolturalia.com\/fr\/event\/concert-du-choeur-de-luniversite-2\/#breadcrumb"},"inLanguage":"fr-FR","potentialAction":[{"@type":"ReadAction","target":["https:\/\/www.coolturalia.com\/fr\/event\/concert-du-choeur-de-luniversite-2\/"]}]},{"@type":"ImageObject","inLanguage":"fr-FR","@id":"https:\/\/www.coolturalia.com\/fr\/event\/concert-du-choeur-de-luniversite-2\/#primaryimage","url":"https:\/\/www.coolturalia.com\/wp-content\/uploads\/2026\/03\/University-Choir-Concert.webp","contentUrl":"https:\/\/www.coolturalia.com\/wp-content\/uploads\/2026\/03\/University-Choir-Concert.webp","width":700,"height":488,"caption":"undefined"},{"@type":"BreadcrumbList","@id":"https:\/\/www.coolturalia.com\/fr\/event\/concert-du-choeur-de-luniversite-2\/#breadcrumb","itemListElement":[{"@type":"ListItem","position":1,"name":"Home","item":"https:\/\/www.coolturalia.com\/fr\/"},{"@type":"ListItem","position":2,"name":"Events","item":"https:\/\/www.coolturalia.com\/fr\/events\/"},{"@type":"ListItem","position":3,"name":"Concert du Ch\u0153ur de l\u2019Universit\u00e9"}]},{"@type":"WebSite","@id":"https:\/\/www.coolturalia.com\/fr\/#website","url":"https:\/\/www.coolturalia.com\/fr\/","name":"Coolturalia","description":"","publisher":{"@id":"https:\/\/www.coolturalia.com\/fr\/#organization"},"potentialAction":[{"@type":"SearchAction","target":{"@type":"EntryPoint","urlTemplate":"https:\/\/www.coolturalia.com\/fr\/?s={search_term_string}"},"query-input":{"@type":"PropertyValueSpecification","valueRequired":true,"valueName":"search_term_string"}}],"inLanguage":"fr-FR"},{"@type":"Organization","@id":"https:\/\/www.coolturalia.com\/fr\/#organization","name":"Coolturalia","url":"https:\/\/www.coolturalia.com\/fr\/","logo":{"@type":"ImageObject","inLanguage":"fr-FR","@id":"https:\/\/www.coolturalia.com\/fr\/#\/schema\/logo\/image\/","url":"https:\/\/www.coolturalia.com\/wp-content\/uploads\/2024\/04\/Logo-coolturalia.svg","contentUrl":"https:\/\/www.coolturalia.com\/wp-content\/uploads\/2024\/04\/Logo-coolturalia.svg","width":1312,"height":193,"caption":"Coolturalia"},"image":{"@id":"https:\/\/www.coolturalia.com\/fr\/#\/schema\/logo\/image\/"},"sameAs":["https:\/\/www.instagram.com\/coolturalia_geneva\/"]}]}},"translations":{"translations":{"en":"185976","fr":"185977"},"language":{"code":"fr"},"date":{"dateRange":"Dimanche 3 mai, 17:00"}},"language":{"code":"fr"},"_links":{"self":[{"href":"https:\/\/www.coolturalia.com\/fr\/wp-json\/wp\/v2\/event\/185977","targetHints":{"allow":["GET"]}}],"collection":[{"href":"https:\/\/www.coolturalia.com\/fr\/wp-json\/wp\/v2\/event"}],"about":[{"href":"https:\/\/www.coolturalia.com\/fr\/wp-json\/wp\/v2\/types\/event"}],"version-history":[{"count":0,"href":"https:\/\/www.coolturalia.com\/fr\/wp-json\/wp\/v2\/event\/185977\/revisions"}],"wp:featuredmedia":[{"embeddable":true,"href":"https:\/\/www.coolturalia.com\/fr\/wp-json\/wp\/v2\/media\/185975"}],"wp:attachment":[{"href":"https:\/\/www.coolturalia.com\/fr\/wp-json\/wp\/v2\/media?parent=185977"}],"wp:term":[{"taxonomy":"post_tag","embeddable":true,"href":"https:\/\/www.coolturalia.com\/fr\/wp-json\/wp\/v2\/tags?post=185977"},{"taxonomy":"event-category","embeddable":true,"href":"https:\/\/www.coolturalia.com\/fr\/wp-json\/wp\/v2\/event-category?post=185977"},{"taxonomy":"event-venue","embeddable":true,"href":"https:\/\/www.coolturalia.com\/fr\/wp-json\/wp\/v2\/event-venue?post=185977"}],"curies":[{"name":"wp","href":"https:\/\/api.w.org\/{rel}","templated":true}]}}