{"id":185730,"date":"2026-03-05T15:20:52","date_gmt":"2026-03-05T14:20:52","guid":{"rendered":"https:\/\/www.coolturalia.com\/event\/concert-de-gala-geneva-junior-music-competition\/"},"modified":"2026-03-20T10:23:34","modified_gmt":"2026-03-20T09:23:34","slug":"concert-de-gala-geneva-junior-music-competition","status":"publish","type":"event","link":"https:\/\/www.coolturalia.com\/fr\/event\/concert-de-gala-geneva-junior-music-competition\/","title":{"rendered":"Concert de gala \u2013 Geneva Junior Music Competition"},"content":{"rendered":"<p>Dirig\u00e9 par le chef d&rsquo;orchestre Laurent Zufferey, ce concert de gala met en lumi\u00e8re les voix virtuoses des laur\u00e9ats du Geneva Junior Music Competition. Les solistes, accompagn\u00e9s par la Sinfonia Valais\u2011Wallis, naviguent entre couleurs chambristes intimistes et envol\u00e9es po\u00e9tiques et virtuoses. Le programme conjugue virtuosit\u00e9 technique et lyrisme r\u00e9fl\u00e9chi, encadr\u00e9 par le parrainage de St\u00e9phane Lambiel et un jury compos\u00e9 d&rsquo;Emmanuelle Bertrand, Svetlana Makarova, Rapha\u00ebl Merlin et Christian Chamorel. La soir\u00e9e se d\u00e9ploie avec intensit\u00e9 concentr\u00e9e et un dialogue musical radiant.<\/p>\n","protected":false},"excerpt":{"rendered":"<p>Dirig\u00e9 par le chef d&rsquo;orchestre Laurent Zufferey, ce concert de gala met en lumi\u00e8re les voix virtuoses des laur\u00e9ats du Geneva Junior Music Competition. Les solistes, accompagn\u00e9s par la Sinfonia Valais\u2011Wallis, naviguent entre couleurs chambristes intimistes et envol\u00e9es po\u00e9tiques et virtuoses. Le programme conjugue virtuosit\u00e9 technique et lyrisme r\u00e9fl\u00e9chi, encadr\u00e9 par le parrainage de St\u00e9phane [&hellip;]<\/p>\n","protected":false},"featured_media":185728,"parent":0,"menu_order":0,"template":"","format":"standard","meta":{"_acf_changed":false,"footnotes":""},"tags":[686,1014],"event-category":[444],"event-venue":[605],"class_list":["post-185730","event","type-event","status-publish","format-standard","has-post-thumbnail","hentry","tag-evenement-passe","tag-portrait-image-fr","event-category-spectacles","event-venue-victoria-hall-fr"],"acf":{"price":"Sur r\u00e9servation","date":"Lundi 20 avril, 19:30","start_date":"2026-04-20 21:30:00","end_date":"2026-04-20 23:30:00","website_link":"https:\/\/scenes-culturelles.geneve.ch\/victoria-hall\/agenda.html#\/?lang=fr&timings%5Bgte%5D=2026-04-19T22%3A00%3A00.000Z&timings%5Blte%5D=2026-04-20T21%3A59%3A59.999Z&timings%5Btz%5D=Europe%2FZurich","link_buy_tickets":"","highlighted":false,"photo_credit":"","timings":[{"timing_start_date":"2026-04-20 21:30:00","timing_end_date":"2026-04-20 23:30:00"}],"external_id":"49984105"},"yoast_head":"<!-- This site is optimized with the Yoast SEO plugin v27.5 - https:\/\/yoast.com\/product\/yoast-seo-wordpress\/ -->\n<title>Concert de gala \u2013 Geneva Junior Music Competition - Coolturalia<\/title>\n<meta name=\"robots\" content=\"index, follow, max-snippet:-1, max-image-preview:large, max-video-preview:-1\" \/>\n<link rel=\"canonical\" href=\"https:\/\/www.coolturalia.com\/fr\/event\/concert-de-gala-geneva-junior-music-competition\/\" \/>\n<meta property=\"og:locale\" content=\"fr_FR\" \/>\n<meta property=\"og:type\" content=\"article\" \/>\n<meta property=\"og:title\" content=\"Concert de gala \u2013 Geneva Junior Music Competition - Coolturalia\" \/>\n<meta property=\"og:description\" content=\"Dirig\u00e9 par le chef d&rsquo;orchestre Laurent Zufferey, ce concert de gala met en lumi\u00e8re les voix virtuoses des laur\u00e9ats du Geneva Junior Music Competition. Les solistes, accompagn\u00e9s par la Sinfonia Valais\u2011Wallis, naviguent entre couleurs chambristes intimistes et envol\u00e9es po\u00e9tiques et virtuoses. Le programme conjugue virtuosit\u00e9 technique et lyrisme r\u00e9fl\u00e9chi, encadr\u00e9 par le parrainage de St\u00e9phane [&hellip;]\" \/>\n<meta property=\"og:url\" content=\"https:\/\/www.coolturalia.com\/fr\/event\/concert-de-gala-geneva-junior-music-competition\/\" \/>\n<meta property=\"og:site_name\" content=\"Coolturalia\" \/>\n<meta property=\"article:modified_time\" content=\"2026-03-20T09:23:34+00:00\" \/>\n<meta property=\"og:image\" content=\"https:\/\/www.coolturalia.com\/wp-content\/uploads\/2026\/03\/Gala-Concert-Geneva-Junior-Music-Competition.webp\" \/>\n\t<meta property=\"og:image:width\" content=\"700\" \/>\n\t<meta property=\"og:image:height\" content=\"990\" \/>\n\t<meta property=\"og:image:type\" content=\"image\/webp\" \/>\n<meta name=\"twitter:card\" content=\"summary_large_image\" \/>\n<meta name=\"twitter:label1\" content=\"Dur\u00e9e de lecture estim\u00e9e\" \/>\n\t<meta name=\"twitter:data1\" content=\"1 minute\" \/>\n<script type=\"application\/ld+json\" class=\"yoast-schema-graph\">{\"@context\":\"https:\\\/\\\/schema.org\",\"@graph\":[{\"@type\":\"WebPage\",\"@id\":\"https:\\\/\\\/www.coolturalia.com\\\/fr\\\/event\\\/concert-de-gala-geneva-junior-music-competition\\\/\",\"url\":\"https:\\\/\\\/www.coolturalia.com\\\/fr\\\/event\\\/concert-de-gala-geneva-junior-music-competition\\\/\",\"name\":\"Concert de gala \u2013 Geneva Junior Music Competition - Coolturalia\",\"isPartOf\":{\"@id\":\"https:\\\/\\\/www.coolturalia.com\\\/fr\\\/#website\"},\"primaryImageOfPage\":{\"@id\":\"https:\\\/\\\/www.coolturalia.com\\\/fr\\\/event\\\/concert-de-gala-geneva-junior-music-competition\\\/#primaryimage\"},\"image\":{\"@id\":\"https:\\\/\\\/www.coolturalia.com\\\/fr\\\/event\\\/concert-de-gala-geneva-junior-music-competition\\\/#primaryimage\"},\"thumbnailUrl\":\"https:\\\/\\\/www.coolturalia.com\\\/wp-content\\\/uploads\\\/2026\\\/03\\\/Gala-Concert-Geneva-Junior-Music-Competition.webp\",\"datePublished\":\"2026-03-05T14:20:52+00:00\",\"dateModified\":\"2026-03-20T09:23:34+00:00\",\"breadcrumb\":{\"@id\":\"https:\\\/\\\/www.coolturalia.com\\\/fr\\\/event\\\/concert-de-gala-geneva-junior-music-competition\\\/#breadcrumb\"},\"inLanguage\":\"fr-FR\",\"potentialAction\":[{\"@type\":\"ReadAction\",\"target\":[\"https:\\\/\\\/www.coolturalia.com\\\/fr\\\/event\\\/concert-de-gala-geneva-junior-music-competition\\\/\"]}]},{\"@type\":\"ImageObject\",\"inLanguage\":\"fr-FR\",\"@id\":\"https:\\\/\\\/www.coolturalia.com\\\/fr\\\/event\\\/concert-de-gala-geneva-junior-music-competition\\\/#primaryimage\",\"url\":\"https:\\\/\\\/www.coolturalia.com\\\/wp-content\\\/uploads\\\/2026\\\/03\\\/Gala-Concert-Geneva-Junior-Music-Competition.webp\",\"contentUrl\":\"https:\\\/\\\/www.coolturalia.com\\\/wp-content\\\/uploads\\\/2026\\\/03\\\/Gala-Concert-Geneva-Junior-Music-Competition.webp\",\"width\":700,\"height\":990,\"caption\":\"undefined\"},{\"@type\":\"BreadcrumbList\",\"@id\":\"https:\\\/\\\/www.coolturalia.com\\\/fr\\\/event\\\/concert-de-gala-geneva-junior-music-competition\\\/#breadcrumb\",\"itemListElement\":[{\"@type\":\"ListItem\",\"position\":1,\"name\":\"Home\",\"item\":\"https:\\\/\\\/www.coolturalia.com\\\/fr\\\/\"},{\"@type\":\"ListItem\",\"position\":2,\"name\":\"Events\",\"item\":\"https:\\\/\\\/www.coolturalia.com\\\/fr\\\/events\\\/\"},{\"@type\":\"ListItem\",\"position\":3,\"name\":\"Concert de gala \u2013 Geneva Junior Music Competition\"}]},{\"@type\":\"WebSite\",\"@id\":\"https:\\\/\\\/www.coolturalia.com\\\/fr\\\/#website\",\"url\":\"https:\\\/\\\/www.coolturalia.com\\\/fr\\\/\",\"name\":\"Coolturalia\",\"description\":\"\",\"publisher\":{\"@id\":\"https:\\\/\\\/www.coolturalia.com\\\/fr\\\/#organization\"},\"potentialAction\":[{\"@type\":\"SearchAction\",\"target\":{\"@type\":\"EntryPoint\",\"urlTemplate\":\"https:\\\/\\\/www.coolturalia.com\\\/fr\\\/?s={search_term_string}\"},\"query-input\":{\"@type\":\"PropertyValueSpecification\",\"valueRequired\":true,\"valueName\":\"search_term_string\"}}],\"inLanguage\":\"fr-FR\"},{\"@type\":\"Organization\",\"@id\":\"https:\\\/\\\/www.coolturalia.com\\\/fr\\\/#organization\",\"name\":\"Coolturalia\",\"url\":\"https:\\\/\\\/www.coolturalia.com\\\/fr\\\/\",\"logo\":{\"@type\":\"ImageObject\",\"inLanguage\":\"fr-FR\",\"@id\":\"https:\\\/\\\/www.coolturalia.com\\\/fr\\\/#\\\/schema\\\/logo\\\/image\\\/\",\"url\":\"https:\\\/\\\/www.coolturalia.com\\\/wp-content\\\/uploads\\\/2024\\\/04\\\/Logo-coolturalia.svg\",\"contentUrl\":\"https:\\\/\\\/www.coolturalia.com\\\/wp-content\\\/uploads\\\/2024\\\/04\\\/Logo-coolturalia.svg\",\"width\":1312,\"height\":193,\"caption\":\"Coolturalia\"},\"image\":{\"@id\":\"https:\\\/\\\/www.coolturalia.com\\\/fr\\\/#\\\/schema\\\/logo\\\/image\\\/\"},\"sameAs\":[\"https:\\\/\\\/www.instagram.com\\\/coolturalia_geneva\\\/\"]}]}<\/script>\n<!-- \/ Yoast SEO plugin. -->","yoast_head_json":{"title":"Concert de gala \u2013 Geneva Junior Music Competition - Coolturalia","robots":{"index":"index","follow":"follow","max-snippet":"max-snippet:-1","max-image-preview":"max-image-preview:large","max-video-preview":"max-video-preview:-1"},"canonical":"https:\/\/www.coolturalia.com\/fr\/event\/concert-de-gala-geneva-junior-music-competition\/","og_locale":"fr_FR","og_type":"article","og_title":"Concert de gala \u2013 Geneva Junior Music Competition - Coolturalia","og_description":"Dirig\u00e9 par le chef d&rsquo;orchestre Laurent Zufferey, ce concert de gala met en lumi\u00e8re les voix virtuoses des laur\u00e9ats du Geneva Junior Music Competition. Les solistes, accompagn\u00e9s par la Sinfonia Valais\u2011Wallis, naviguent entre couleurs chambristes intimistes et envol\u00e9es po\u00e9tiques et virtuoses. Le programme conjugue virtuosit\u00e9 technique et lyrisme r\u00e9fl\u00e9chi, encadr\u00e9 par le parrainage de St\u00e9phane [&hellip;]","og_url":"https:\/\/www.coolturalia.com\/fr\/event\/concert-de-gala-geneva-junior-music-competition\/","og_site_name":"Coolturalia","article_modified_time":"2026-03-20T09:23:34+00:00","og_image":[{"width":700,"height":990,"url":"https:\/\/www.coolturalia.com\/wp-content\/uploads\/2026\/03\/Gala-Concert-Geneva-Junior-Music-Competition.webp","type":"image\/webp"}],"twitter_card":"summary_large_image","twitter_misc":{"Dur\u00e9e de lecture estim\u00e9e":"1 minute"},"schema":{"@context":"https:\/\/schema.org","@graph":[{"@type":"WebPage","@id":"https:\/\/www.coolturalia.com\/fr\/event\/concert-de-gala-geneva-junior-music-competition\/","url":"https:\/\/www.coolturalia.com\/fr\/event\/concert-de-gala-geneva-junior-music-competition\/","name":"Concert de gala \u2013 Geneva Junior Music Competition - Coolturalia","isPartOf":{"@id":"https:\/\/www.coolturalia.com\/fr\/#website"},"primaryImageOfPage":{"@id":"https:\/\/www.coolturalia.com\/fr\/event\/concert-de-gala-geneva-junior-music-competition\/#primaryimage"},"image":{"@id":"https:\/\/www.coolturalia.com\/fr\/event\/concert-de-gala-geneva-junior-music-competition\/#primaryimage"},"thumbnailUrl":"https:\/\/www.coolturalia.com\/wp-content\/uploads\/2026\/03\/Gala-Concert-Geneva-Junior-Music-Competition.webp","datePublished":"2026-03-05T14:20:52+00:00","dateModified":"2026-03-20T09:23:34+00:00","breadcrumb":{"@id":"https:\/\/www.coolturalia.com\/fr\/event\/concert-de-gala-geneva-junior-music-competition\/#breadcrumb"},"inLanguage":"fr-FR","potentialAction":[{"@type":"ReadAction","target":["https:\/\/www.coolturalia.com\/fr\/event\/concert-de-gala-geneva-junior-music-competition\/"]}]},{"@type":"ImageObject","inLanguage":"fr-FR","@id":"https:\/\/www.coolturalia.com\/fr\/event\/concert-de-gala-geneva-junior-music-competition\/#primaryimage","url":"https:\/\/www.coolturalia.com\/wp-content\/uploads\/2026\/03\/Gala-Concert-Geneva-Junior-Music-Competition.webp","contentUrl":"https:\/\/www.coolturalia.com\/wp-content\/uploads\/2026\/03\/Gala-Concert-Geneva-Junior-Music-Competition.webp","width":700,"height":990,"caption":"undefined"},{"@type":"BreadcrumbList","@id":"https:\/\/www.coolturalia.com\/fr\/event\/concert-de-gala-geneva-junior-music-competition\/#breadcrumb","itemListElement":[{"@type":"ListItem","position":1,"name":"Home","item":"https:\/\/www.coolturalia.com\/fr\/"},{"@type":"ListItem","position":2,"name":"Events","item":"https:\/\/www.coolturalia.com\/fr\/events\/"},{"@type":"ListItem","position":3,"name":"Concert de gala \u2013 Geneva Junior Music Competition"}]},{"@type":"WebSite","@id":"https:\/\/www.coolturalia.com\/fr\/#website","url":"https:\/\/www.coolturalia.com\/fr\/","name":"Coolturalia","description":"","publisher":{"@id":"https:\/\/www.coolturalia.com\/fr\/#organization"},"potentialAction":[{"@type":"SearchAction","target":{"@type":"EntryPoint","urlTemplate":"https:\/\/www.coolturalia.com\/fr\/?s={search_term_string}"},"query-input":{"@type":"PropertyValueSpecification","valueRequired":true,"valueName":"search_term_string"}}],"inLanguage":"fr-FR"},{"@type":"Organization","@id":"https:\/\/www.coolturalia.com\/fr\/#organization","name":"Coolturalia","url":"https:\/\/www.coolturalia.com\/fr\/","logo":{"@type":"ImageObject","inLanguage":"fr-FR","@id":"https:\/\/www.coolturalia.com\/fr\/#\/schema\/logo\/image\/","url":"https:\/\/www.coolturalia.com\/wp-content\/uploads\/2024\/04\/Logo-coolturalia.svg","contentUrl":"https:\/\/www.coolturalia.com\/wp-content\/uploads\/2024\/04\/Logo-coolturalia.svg","width":1312,"height":193,"caption":"Coolturalia"},"image":{"@id":"https:\/\/www.coolturalia.com\/fr\/#\/schema\/logo\/image\/"},"sameAs":["https:\/\/www.instagram.com\/coolturalia_geneva\/"]}]}},"translations":{"translations":{"en":"185729","fr":"185730"},"language":{"code":"fr"},"date":{"dateRange":"Lundi 20 avril, 19:30"}},"language":{"code":"fr"},"_links":{"self":[{"href":"https:\/\/www.coolturalia.com\/fr\/wp-json\/wp\/v2\/event\/185730","targetHints":{"allow":["GET"]}}],"collection":[{"href":"https:\/\/www.coolturalia.com\/fr\/wp-json\/wp\/v2\/event"}],"about":[{"href":"https:\/\/www.coolturalia.com\/fr\/wp-json\/wp\/v2\/types\/event"}],"version-history":[{"count":1,"href":"https:\/\/www.coolturalia.com\/fr\/wp-json\/wp\/v2\/event\/185730\/revisions"}],"predecessor-version":[{"id":186227,"href":"https:\/\/www.coolturalia.com\/fr\/wp-json\/wp\/v2\/event\/185730\/revisions\/186227"}],"wp:featuredmedia":[{"embeddable":true,"href":"https:\/\/www.coolturalia.com\/fr\/wp-json\/wp\/v2\/media\/185728"}],"wp:attachment":[{"href":"https:\/\/www.coolturalia.com\/fr\/wp-json\/wp\/v2\/media?parent=185730"}],"wp:term":[{"taxonomy":"post_tag","embeddable":true,"href":"https:\/\/www.coolturalia.com\/fr\/wp-json\/wp\/v2\/tags?post=185730"},{"taxonomy":"event-category","embeddable":true,"href":"https:\/\/www.coolturalia.com\/fr\/wp-json\/wp\/v2\/event-category?post=185730"},{"taxonomy":"event-venue","embeddable":true,"href":"https:\/\/www.coolturalia.com\/fr\/wp-json\/wp\/v2\/event-venue?post=185730"}],"curies":[{"name":"wp","href":"https:\/\/api.w.org\/{rel}","templated":true}]}}