{"id":185662,"date":"2026-03-05T15:15:33","date_gmt":"2026-03-05T14:15:33","guid":{"rendered":"https:\/\/www.coolturalia.com\/event\/out-of-the-blue-heidi-bjorgan-et-kari-dyrdal\/"},"modified":"2026-03-05T15:15:33","modified_gmt":"2026-03-05T14:15:33","slug":"out-of-the-blue-heidi-bjorgan-et-kari-dyrdal","status":"publish","type":"event","link":"https:\/\/www.coolturalia.com\/fr\/event\/out-of-the-blue-heidi-bjorgan-et-kari-dyrdal\/","title":{"rendered":"Out of the blue : Heidi Bj\u00f8rgan et Kari Dyrdal"},"content":{"rendered":"<p>Out of the blue r\u00e9unit la c\u00e9ramiste Heidi Bj\u00f8rgan et la cr\u00e9atrice textile Kari Dyrdal dans un dialogue soutenu entre c\u00e9ramique et tissage. Bj\u00f8rgan transforme des formes famili\u00e8res de cruches et de vases jusqu&rsquo;\u00e0 ce qu&rsquo;elles semblent fondues ou implos\u00e9es, exploitant cuissons multiples et gla\u00e7ures singuli\u00e8res pour r\u00e9v\u00e9ler fissures, d\u00e9formations et r\u00e9actions impr\u00e9visibles. Dyrdal interroge m\u00e9moire, motif et structure \u00e0 travers pi\u00e8ces tiss\u00e9es et teintes \u00e0 la main, conjuguant savoir\u2011faire traditionnel et outils num\u00e9riques pour une forte pr\u00e9sence tactile et conceptuelle.<\/p>\n<p>Vernissage lors de la Nuit des Bains, jeudi 12 mars, 18:00.<\/p>\n","protected":false},"excerpt":{"rendered":"<p>Out of the blue r\u00e9unit la c\u00e9ramiste Heidi Bj\u00f8rgan et la cr\u00e9atrice textile Kari Dyrdal dans un dialogue soutenu entre c\u00e9ramique et tissage. Bj\u00f8rgan transforme des formes famili\u00e8res de cruches et de vases jusqu&rsquo;\u00e0 ce qu&rsquo;elles semblent fondues ou implos\u00e9es, exploitant cuissons multiples et gla\u00e7ures singuli\u00e8res pour r\u00e9v\u00e9ler fissures, d\u00e9formations et r\u00e9actions impr\u00e9visibles. Dyrdal interroge [&hellip;]<\/p>\n","protected":false},"featured_media":185660,"parent":0,"menu_order":0,"template":"","format":"standard","meta":{"_acf_changed":false,"footnotes":""},"tags":[],"event-category":[446],"event-venue":[1105],"class_list":["post-185662","event","type-event","status-publish","format-standard","has-post-thumbnail","hentry","event-category-art-et-expositions","event-venue-taste-contemporary"],"acf":{"price":"","date":"12 mars - 8 mai","start_date":"2026-03-12 01:00:00","end_date":"2026-05-08 02:00:00","website_link":"https:\/\/www.tastecontemporary.com\/exhibition\/out-of-the-blue-heidi-bjorgan-and-kari-dyrdal\/","link_buy_tickets":"","highlighted":false,"photo_credit":"","timings":[{"timing_start_date":"2026-03-12 11:00:00","timing_end_date":"2026-03-12 19:00:00"},{"timing_start_date":"2026-03-13 11:00:00","timing_end_date":"2026-03-13 19:00:00"},{"timing_start_date":"2026-03-14 11:00:00","timing_end_date":"2026-03-14 19:00:00"},{"timing_start_date":"2026-03-15 11:00:00","timing_end_date":"2026-03-15 19:00:00"},{"timing_start_date":"2026-03-16 11:00:00","timing_end_date":"2026-03-16 19:00:00"},{"timing_start_date":"2026-03-17 11:00:00","timing_end_date":"2026-03-17 19:00:00"},{"timing_start_date":"2026-03-18 11:00:00","timing_end_date":"2026-03-18 19:00:00"},{"timing_start_date":"2026-03-19 11:00:00","timing_end_date":"2026-03-19 19:00:00"},{"timing_start_date":"2026-03-20 11:00:00","timing_end_date":"2026-03-20 19:00:00"},{"timing_start_date":"2026-03-21 11:00:00","timing_end_date":"2026-03-21 19:00:00"},{"timing_start_date":"2026-03-22 11:00:00","timing_end_date":"2026-03-22 19:00:00"},{"timing_start_date":"2026-03-23 11:00:00","timing_end_date":"2026-03-23 19:00:00"},{"timing_start_date":"2026-03-24 11:00:00","timing_end_date":"2026-03-24 19:00:00"},{"timing_start_date":"2026-03-25 11:00:00","timing_end_date":"2026-03-25 19:00:00"},{"timing_start_date":"2026-03-26 11:00:00","timing_end_date":"2026-03-26 19:00:00"},{"timing_start_date":"2026-03-27 11:00:00","timing_end_date":"2026-03-27 19:00:00"},{"timing_start_date":"2026-03-28 11:00:00","timing_end_date":"2026-03-28 19:00:00"},{"timing_start_date":"2026-03-29 12:00:00","timing_end_date":"2026-03-29 20:00:00"},{"timing_start_date":"2026-03-30 12:00:00","timing_end_date":"2026-03-30 20:00:00"},{"timing_start_date":"2026-03-31 12:00:00","timing_end_date":"2026-03-31 20:00:00"},{"timing_start_date":"2026-04-01 12:00:00","timing_end_date":"2026-04-01 20:00:00"},{"timing_start_date":"2026-04-02 12:00:00","timing_end_date":"2026-04-02 20:00:00"},{"timing_start_date":"2026-04-03 12:00:00","timing_end_date":"2026-04-03 20:00:00"},{"timing_start_date":"2026-04-04 12:00:00","timing_end_date":"2026-04-04 20:00:00"},{"timing_start_date":"2026-04-05 12:00:00","timing_end_date":"2026-04-05 20:00:00"},{"timing_start_date":"2026-04-06 12:00:00","timing_end_date":"2026-04-06 20:00:00"},{"timing_start_date":"2026-04-07 12:00:00","timing_end_date":"2026-04-07 20:00:00"},{"timing_start_date":"2026-04-08 12:00:00","timing_end_date":"2026-04-08 20:00:00"},{"timing_start_date":"2026-04-09 12:00:00","timing_end_date":"2026-04-09 20:00:00"},{"timing_start_date":"2026-04-10 12:00:00","timing_end_date":"2026-04-10 20:00:00"},{"timing_start_date":"2026-04-11 12:00:00","timing_end_date":"2026-04-11 20:00:00"},{"timing_start_date":"2026-04-12 12:00:00","timing_end_date":"2026-04-12 20:00:00"},{"timing_start_date":"2026-04-13 12:00:00","timing_end_date":"2026-04-13 20:00:00"},{"timing_start_date":"2026-04-14 12:00:00","timing_end_date":"2026-04-14 20:00:00"},{"timing_start_date":"2026-04-15 12:00:00","timing_end_date":"2026-04-15 20:00:00"},{"timing_start_date":"2026-04-16 12:00:00","timing_end_date":"2026-04-16 20:00:00"},{"timing_start_date":"2026-04-17 12:00:00","timing_end_date":"2026-04-17 20:00:00"},{"timing_start_date":"2026-04-18 12:00:00","timing_end_date":"2026-04-18 20:00:00"},{"timing_start_date":"2026-04-19 12:00:00","timing_end_date":"2026-04-19 20:00:00"},{"timing_start_date":"2026-04-20 12:00:00","timing_end_date":"2026-04-20 20:00:00"},{"timing_start_date":"2026-04-21 12:00:00","timing_end_date":"2026-04-21 20:00:00"},{"timing_start_date":"2026-04-22 12:00:00","timing_end_date":"2026-04-22 20:00:00"},{"timing_start_date":"2026-04-23 12:00:00","timing_end_date":"2026-04-23 20:00:00"},{"timing_start_date":"2026-04-24 12:00:00","timing_end_date":"2026-04-24 20:00:00"},{"timing_start_date":"2026-04-25 12:00:00","timing_end_date":"2026-04-25 20:00:00"},{"timing_start_date":"2026-04-26 12:00:00","timing_end_date":"2026-04-26 20:00:00"},{"timing_start_date":"2026-04-27 12:00:00","timing_end_date":"2026-04-27 20:00:00"},{"timing_start_date":"2026-04-28 12:00:00","timing_end_date":"2026-04-28 20:00:00"},{"timing_start_date":"2026-04-29 12:00:00","timing_end_date":"2026-04-29 20:00:00"},{"timing_start_date":"2026-04-30 12:00:00","timing_end_date":"2026-04-30 20:00:00"},{"timing_start_date":"2026-05-01 12:00:00","timing_end_date":"2026-05-01 20:00:00"},{"timing_start_date":"2026-05-02 12:00:00","timing_end_date":"2026-05-02 20:00:00"},{"timing_start_date":"2026-05-03 12:00:00","timing_end_date":"2026-05-03 20:00:00"},{"timing_start_date":"2026-05-04 12:00:00","timing_end_date":"2026-05-04 20:00:00"},{"timing_start_date":"2026-05-05 12:00:00","timing_end_date":"2026-05-05 20:00:00"},{"timing_start_date":"2026-05-06 12:00:00","timing_end_date":"2026-05-06 20:00:00"},{"timing_start_date":"2026-05-07 12:00:00","timing_end_date":"2026-05-07 20:00:00"},{"timing_start_date":"2026-05-08 12:00:00","timing_end_date":"2026-05-08 20:00:00"}],"external_id":""},"yoast_head":"<!-- This site is optimized with the Yoast SEO plugin v26.5 - https:\/\/yoast.com\/wordpress\/plugins\/seo\/ -->\n<title>Out of the blue : Heidi Bj\u00f8rgan et Kari Dyrdal - Coolturalia<\/title>\n<meta name=\"robots\" content=\"index, follow, max-snippet:-1, max-image-preview:large, max-video-preview:-1\" \/>\n<link rel=\"canonical\" href=\"https:\/\/www.coolturalia.com\/fr\/event\/out-of-the-blue-heidi-bjorgan-et-kari-dyrdal\/\" \/>\n<meta property=\"og:locale\" content=\"fr_FR\" \/>\n<meta property=\"og:type\" content=\"article\" \/>\n<meta property=\"og:title\" content=\"Out of the blue : Heidi Bj\u00f8rgan et Kari Dyrdal - Coolturalia\" \/>\n<meta property=\"og:description\" content=\"Out of the blue r\u00e9unit la c\u00e9ramiste Heidi Bj\u00f8rgan et la cr\u00e9atrice textile Kari Dyrdal dans un dialogue soutenu entre c\u00e9ramique et tissage. Bj\u00f8rgan transforme des formes famili\u00e8res de cruches et de vases jusqu&rsquo;\u00e0 ce qu&rsquo;elles semblent fondues ou implos\u00e9es, exploitant cuissons multiples et gla\u00e7ures singuli\u00e8res pour r\u00e9v\u00e9ler fissures, d\u00e9formations et r\u00e9actions impr\u00e9visibles. Dyrdal interroge [&hellip;]\" \/>\n<meta property=\"og:url\" content=\"https:\/\/www.coolturalia.com\/fr\/event\/out-of-the-blue-heidi-bjorgan-et-kari-dyrdal\/\" \/>\n<meta property=\"og:site_name\" content=\"Coolturalia\" \/>\n<meta property=\"og:image\" content=\"https:\/\/www.coolturalia.com\/wp-content\/uploads\/2024\/04\/favicon-coolturalia-2.png\" \/>\n\t<meta property=\"og:image:width\" content=\"150\" \/>\n\t<meta property=\"og:image:height\" content=\"150\" \/>\n\t<meta property=\"og:image:type\" content=\"image\/png\" \/>\n<meta name=\"twitter:card\" content=\"summary_large_image\" \/>\n<meta name=\"twitter:label1\" content=\"Dur\u00e9e de lecture estim\u00e9e\" \/>\n\t<meta name=\"twitter:data1\" content=\"1 minute\" \/>\n<script type=\"application\/ld+json\" class=\"yoast-schema-graph\">{\"@context\":\"https:\/\/schema.org\",\"@graph\":[{\"@type\":\"WebPage\",\"@id\":\"https:\/\/www.coolturalia.com\/fr\/event\/out-of-the-blue-heidi-bjorgan-et-kari-dyrdal\/\",\"url\":\"https:\/\/www.coolturalia.com\/fr\/event\/out-of-the-blue-heidi-bjorgan-et-kari-dyrdal\/\",\"name\":\"Out of the blue : Heidi Bj\u00f8rgan et Kari Dyrdal - Coolturalia\",\"isPartOf\":{\"@id\":\"https:\/\/www.coolturalia.com\/fr\/#website\"},\"primaryImageOfPage\":{\"@id\":\"https:\/\/www.coolturalia.com\/fr\/event\/out-of-the-blue-heidi-bjorgan-et-kari-dyrdal\/#primaryimage\"},\"image\":{\"@id\":\"https:\/\/www.coolturalia.com\/fr\/event\/out-of-the-blue-heidi-bjorgan-et-kari-dyrdal\/#primaryimage\"},\"thumbnailUrl\":\"https:\/\/www.coolturalia.com\/wp-content\/uploads\/2026\/03\/Out-of-the-Blue-Heidi-Bj-rgan-Kari-Dyrdal.webp\",\"datePublished\":\"2026-03-05T14:15:33+00:00\",\"breadcrumb\":{\"@id\":\"https:\/\/www.coolturalia.com\/fr\/event\/out-of-the-blue-heidi-bjorgan-et-kari-dyrdal\/#breadcrumb\"},\"inLanguage\":\"fr-FR\",\"potentialAction\":[{\"@type\":\"ReadAction\",\"target\":[\"https:\/\/www.coolturalia.com\/fr\/event\/out-of-the-blue-heidi-bjorgan-et-kari-dyrdal\/\"]}]},{\"@type\":\"ImageObject\",\"inLanguage\":\"fr-FR\",\"@id\":\"https:\/\/www.coolturalia.com\/fr\/event\/out-of-the-blue-heidi-bjorgan-et-kari-dyrdal\/#primaryimage\",\"url\":\"https:\/\/www.coolturalia.com\/wp-content\/uploads\/2026\/03\/Out-of-the-Blue-Heidi-Bj-rgan-Kari-Dyrdal.webp\",\"contentUrl\":\"https:\/\/www.coolturalia.com\/wp-content\/uploads\/2026\/03\/Out-of-the-Blue-Heidi-Bj-rgan-Kari-Dyrdal.webp\",\"width\":1623,\"height\":914,\"caption\":\"undefined\"},{\"@type\":\"BreadcrumbList\",\"@id\":\"https:\/\/www.coolturalia.com\/fr\/event\/out-of-the-blue-heidi-bjorgan-et-kari-dyrdal\/#breadcrumb\",\"itemListElement\":[{\"@type\":\"ListItem\",\"position\":1,\"name\":\"Home\",\"item\":\"https:\/\/www.coolturalia.com\/fr\/\"},{\"@type\":\"ListItem\",\"position\":2,\"name\":\"Events\",\"item\":\"https:\/\/www.coolturalia.com\/fr\/events\/\"},{\"@type\":\"ListItem\",\"position\":3,\"name\":\"Out of the blue : Heidi Bj\u00f8rgan et Kari Dyrdal\"}]},{\"@type\":\"WebSite\",\"@id\":\"https:\/\/www.coolturalia.com\/fr\/#website\",\"url\":\"https:\/\/www.coolturalia.com\/fr\/\",\"name\":\"Coolturalia\",\"description\":\"\",\"publisher\":{\"@id\":\"https:\/\/www.coolturalia.com\/fr\/#organization\"},\"potentialAction\":[{\"@type\":\"SearchAction\",\"target\":{\"@type\":\"EntryPoint\",\"urlTemplate\":\"https:\/\/www.coolturalia.com\/fr\/?s={search_term_string}\"},\"query-input\":{\"@type\":\"PropertyValueSpecification\",\"valueRequired\":true,\"valueName\":\"search_term_string\"}}],\"inLanguage\":\"fr-FR\"},{\"@type\":\"Organization\",\"@id\":\"https:\/\/www.coolturalia.com\/fr\/#organization\",\"name\":\"Coolturalia\",\"url\":\"https:\/\/www.coolturalia.com\/fr\/\",\"logo\":{\"@type\":\"ImageObject\",\"inLanguage\":\"fr-FR\",\"@id\":\"https:\/\/www.coolturalia.com\/fr\/#\/schema\/logo\/image\/\",\"url\":\"https:\/\/www.coolturalia.com\/wp-content\/uploads\/2024\/04\/Logo-coolturalia.svg\",\"contentUrl\":\"https:\/\/www.coolturalia.com\/wp-content\/uploads\/2024\/04\/Logo-coolturalia.svg\",\"width\":1312,\"height\":193,\"caption\":\"Coolturalia\"},\"image\":{\"@id\":\"https:\/\/www.coolturalia.com\/fr\/#\/schema\/logo\/image\/\"},\"sameAs\":[\"https:\/\/www.instagram.com\/coolturalia_geneva\/\"]}]}<\/script>\n<!-- \/ Yoast SEO plugin. -->","yoast_head_json":{"title":"Out of the blue : Heidi Bj\u00f8rgan et Kari Dyrdal - Coolturalia","robots":{"index":"index","follow":"follow","max-snippet":"max-snippet:-1","max-image-preview":"max-image-preview:large","max-video-preview":"max-video-preview:-1"},"canonical":"https:\/\/www.coolturalia.com\/fr\/event\/out-of-the-blue-heidi-bjorgan-et-kari-dyrdal\/","og_locale":"fr_FR","og_type":"article","og_title":"Out of the blue : Heidi Bj\u00f8rgan et Kari Dyrdal - Coolturalia","og_description":"Out of the blue r\u00e9unit la c\u00e9ramiste Heidi Bj\u00f8rgan et la cr\u00e9atrice textile Kari Dyrdal dans un dialogue soutenu entre c\u00e9ramique et tissage. Bj\u00f8rgan transforme des formes famili\u00e8res de cruches et de vases jusqu&rsquo;\u00e0 ce qu&rsquo;elles semblent fondues ou implos\u00e9es, exploitant cuissons multiples et gla\u00e7ures singuli\u00e8res pour r\u00e9v\u00e9ler fissures, d\u00e9formations et r\u00e9actions impr\u00e9visibles. Dyrdal interroge [&hellip;]","og_url":"https:\/\/www.coolturalia.com\/fr\/event\/out-of-the-blue-heidi-bjorgan-et-kari-dyrdal\/","og_site_name":"Coolturalia","og_image":[{"width":150,"height":150,"url":"https:\/\/www.coolturalia.com\/wp-content\/uploads\/2024\/04\/favicon-coolturalia-2.png","type":"image\/png"}],"twitter_card":"summary_large_image","twitter_misc":{"Dur\u00e9e de lecture estim\u00e9e":"1 minute"},"schema":{"@context":"https:\/\/schema.org","@graph":[{"@type":"WebPage","@id":"https:\/\/www.coolturalia.com\/fr\/event\/out-of-the-blue-heidi-bjorgan-et-kari-dyrdal\/","url":"https:\/\/www.coolturalia.com\/fr\/event\/out-of-the-blue-heidi-bjorgan-et-kari-dyrdal\/","name":"Out of the blue : Heidi Bj\u00f8rgan et Kari Dyrdal - Coolturalia","isPartOf":{"@id":"https:\/\/www.coolturalia.com\/fr\/#website"},"primaryImageOfPage":{"@id":"https:\/\/www.coolturalia.com\/fr\/event\/out-of-the-blue-heidi-bjorgan-et-kari-dyrdal\/#primaryimage"},"image":{"@id":"https:\/\/www.coolturalia.com\/fr\/event\/out-of-the-blue-heidi-bjorgan-et-kari-dyrdal\/#primaryimage"},"thumbnailUrl":"https:\/\/www.coolturalia.com\/wp-content\/uploads\/2026\/03\/Out-of-the-Blue-Heidi-Bj-rgan-Kari-Dyrdal.webp","datePublished":"2026-03-05T14:15:33+00:00","breadcrumb":{"@id":"https:\/\/www.coolturalia.com\/fr\/event\/out-of-the-blue-heidi-bjorgan-et-kari-dyrdal\/#breadcrumb"},"inLanguage":"fr-FR","potentialAction":[{"@type":"ReadAction","target":["https:\/\/www.coolturalia.com\/fr\/event\/out-of-the-blue-heidi-bjorgan-et-kari-dyrdal\/"]}]},{"@type":"ImageObject","inLanguage":"fr-FR","@id":"https:\/\/www.coolturalia.com\/fr\/event\/out-of-the-blue-heidi-bjorgan-et-kari-dyrdal\/#primaryimage","url":"https:\/\/www.coolturalia.com\/wp-content\/uploads\/2026\/03\/Out-of-the-Blue-Heidi-Bj-rgan-Kari-Dyrdal.webp","contentUrl":"https:\/\/www.coolturalia.com\/wp-content\/uploads\/2026\/03\/Out-of-the-Blue-Heidi-Bj-rgan-Kari-Dyrdal.webp","width":1623,"height":914,"caption":"undefined"},{"@type":"BreadcrumbList","@id":"https:\/\/www.coolturalia.com\/fr\/event\/out-of-the-blue-heidi-bjorgan-et-kari-dyrdal\/#breadcrumb","itemListElement":[{"@type":"ListItem","position":1,"name":"Home","item":"https:\/\/www.coolturalia.com\/fr\/"},{"@type":"ListItem","position":2,"name":"Events","item":"https:\/\/www.coolturalia.com\/fr\/events\/"},{"@type":"ListItem","position":3,"name":"Out of the blue : Heidi Bj\u00f8rgan et Kari Dyrdal"}]},{"@type":"WebSite","@id":"https:\/\/www.coolturalia.com\/fr\/#website","url":"https:\/\/www.coolturalia.com\/fr\/","name":"Coolturalia","description":"","publisher":{"@id":"https:\/\/www.coolturalia.com\/fr\/#organization"},"potentialAction":[{"@type":"SearchAction","target":{"@type":"EntryPoint","urlTemplate":"https:\/\/www.coolturalia.com\/fr\/?s={search_term_string}"},"query-input":{"@type":"PropertyValueSpecification","valueRequired":true,"valueName":"search_term_string"}}],"inLanguage":"fr-FR"},{"@type":"Organization","@id":"https:\/\/www.coolturalia.com\/fr\/#organization","name":"Coolturalia","url":"https:\/\/www.coolturalia.com\/fr\/","logo":{"@type":"ImageObject","inLanguage":"fr-FR","@id":"https:\/\/www.coolturalia.com\/fr\/#\/schema\/logo\/image\/","url":"https:\/\/www.coolturalia.com\/wp-content\/uploads\/2024\/04\/Logo-coolturalia.svg","contentUrl":"https:\/\/www.coolturalia.com\/wp-content\/uploads\/2024\/04\/Logo-coolturalia.svg","width":1312,"height":193,"caption":"Coolturalia"},"image":{"@id":"https:\/\/www.coolturalia.com\/fr\/#\/schema\/logo\/image\/"},"sameAs":["https:\/\/www.instagram.com\/coolturalia_geneva\/"]}]}},"translations":{"translations":{"en":"185661","fr":"185662"},"language":{"code":"fr"},"date":{"dateRange":"12 mars - 8 mai"}},"language":{"code":"fr"},"_links":{"self":[{"href":"https:\/\/www.coolturalia.com\/fr\/wp-json\/wp\/v2\/event\/185662","targetHints":{"allow":["GET"]}}],"collection":[{"href":"https:\/\/www.coolturalia.com\/fr\/wp-json\/wp\/v2\/event"}],"about":[{"href":"https:\/\/www.coolturalia.com\/fr\/wp-json\/wp\/v2\/types\/event"}],"version-history":[{"count":0,"href":"https:\/\/www.coolturalia.com\/fr\/wp-json\/wp\/v2\/event\/185662\/revisions"}],"wp:featuredmedia":[{"embeddable":true,"href":"https:\/\/www.coolturalia.com\/fr\/wp-json\/wp\/v2\/media\/185660"}],"wp:attachment":[{"href":"https:\/\/www.coolturalia.com\/fr\/wp-json\/wp\/v2\/media?parent=185662"}],"wp:term":[{"taxonomy":"post_tag","embeddable":true,"href":"https:\/\/www.coolturalia.com\/fr\/wp-json\/wp\/v2\/tags?post=185662"},{"taxonomy":"event-category","embeddable":true,"href":"https:\/\/www.coolturalia.com\/fr\/wp-json\/wp\/v2\/event-category?post=185662"},{"taxonomy":"event-venue","embeddable":true,"href":"https:\/\/www.coolturalia.com\/fr\/wp-json\/wp\/v2\/event-venue?post=185662"}],"curies":[{"name":"wp","href":"https:\/\/api.w.org\/{rel}","templated":true}]}}