{"id":185597,"date":"2026-03-05T10:21:14","date_gmt":"2026-03-05T09:21:14","guid":{"rendered":"https:\/\/www.coolturalia.com\/event\/architecture-of-memories-2\/"},"modified":"2026-03-05T10:21:14","modified_gmt":"2026-03-05T09:21:14","slug":"architecture-of-memories-2","status":"publish","type":"event","link":"https:\/\/www.coolturalia.com\/fr\/event\/architecture-of-memories-2\/","title":{"rendered":"Architecture of Memories"},"content":{"rendered":"<p>Architecture of Memories est une exposition collective r\u00e9unissant l&rsquo;Allemande Alina Frieske et le Suisse Tobias Nussbaumer. Frieske transforme des fragments d&rsquo;images en ligne en collages num\u00e9riques qui interrogent la production d&rsquo;images et la culture visuelle contemporaine. Nussbaumer \u00e9labore des espaces virtuels et architecturaux superpos\u00e9s \u00e0 partir d&rsquo;archives personnelles, rendus en dessins pr\u00e9cis au crayon et \u00e0 l&rsquo;encre. Ensemble, leurs \u0153uvres explorent la fa\u00e7on dont les images fa\u00e7onnent la m\u00e9moire, la perception de l&rsquo;espace et l&rsquo;identit\u00e9.<\/p>\n<p>Vernissage lors de la Nuit des Bains, jeudi 12 mars, 18:00.<\/p>\n","protected":false},"excerpt":{"rendered":"<p>Architecture of Memories est une exposition collective r\u00e9unissant l&rsquo;Allemande Alina Frieske et le Suisse Tobias Nussbaumer. Frieske transforme des fragments d&rsquo;images en ligne en collages num\u00e9riques qui interrogent la production d&rsquo;images et la culture visuelle contemporaine. Nussbaumer \u00e9labore des espaces virtuels et architecturaux superpos\u00e9s \u00e0 partir d&rsquo;archives personnelles, rendus en dessins pr\u00e9cis au crayon et [&hellip;]<\/p>\n","protected":false},"featured_media":185595,"parent":0,"menu_order":0,"template":"","format":"standard","meta":{"_acf_changed":false,"footnotes":""},"tags":[],"event-category":[446],"event-venue":[950],"class_list":["post-185597","event","type-event","status-publish","format-standard","has-post-thumbnail","hentry","event-category-art-et-expositions","event-venue-galerie-fabienne-levy-fr"],"acf":{"price":"","date":"12 mars - 16 mai","start_date":"2026-03-12 01:00:00","end_date":"2026-05-16 02:00:00","website_link":"https:\/\/www.fabiennelevy.com\/exhibitions\/54-geneva-architecture-of-memories-group-show\/","link_buy_tickets":"","highlighted":false,"photo_credit":"","timings":[{"timing_start_date":"2026-03-12 11:00:00","timing_end_date":"2026-03-12 19:00:00"},{"timing_start_date":"2026-03-13 11:00:00","timing_end_date":"2026-03-13 19:00:00"},{"timing_start_date":"2026-03-14 11:00:00","timing_end_date":"2026-03-14 19:00:00"},{"timing_start_date":"2026-03-15 11:00:00","timing_end_date":"2026-03-15 19:00:00"},{"timing_start_date":"2026-03-16 11:00:00","timing_end_date":"2026-03-16 19:00:00"},{"timing_start_date":"2026-03-17 11:00:00","timing_end_date":"2026-03-17 19:00:00"},{"timing_start_date":"2026-03-18 11:00:00","timing_end_date":"2026-03-18 19:00:00"},{"timing_start_date":"2026-03-19 11:00:00","timing_end_date":"2026-03-19 19:00:00"},{"timing_start_date":"2026-03-20 11:00:00","timing_end_date":"2026-03-20 19:00:00"},{"timing_start_date":"2026-03-21 11:00:00","timing_end_date":"2026-03-21 19:00:00"},{"timing_start_date":"2026-03-22 11:00:00","timing_end_date":"2026-03-22 19:00:00"},{"timing_start_date":"2026-03-23 11:00:00","timing_end_date":"2026-03-23 19:00:00"},{"timing_start_date":"2026-03-24 11:00:00","timing_end_date":"2026-03-24 19:00:00"},{"timing_start_date":"2026-03-25 11:00:00","timing_end_date":"2026-03-25 19:00:00"},{"timing_start_date":"2026-03-26 11:00:00","timing_end_date":"2026-03-26 19:00:00"},{"timing_start_date":"2026-03-27 11:00:00","timing_end_date":"2026-03-27 19:00:00"},{"timing_start_date":"2026-03-28 11:00:00","timing_end_date":"2026-03-28 19:00:00"},{"timing_start_date":"2026-03-29 12:00:00","timing_end_date":"2026-03-29 20:00:00"},{"timing_start_date":"2026-03-30 12:00:00","timing_end_date":"2026-03-30 20:00:00"},{"timing_start_date":"2026-03-31 12:00:00","timing_end_date":"2026-03-31 20:00:00"},{"timing_start_date":"2026-04-01 12:00:00","timing_end_date":"2026-04-01 20:00:00"},{"timing_start_date":"2026-04-02 12:00:00","timing_end_date":"2026-04-02 20:00:00"},{"timing_start_date":"2026-04-03 12:00:00","timing_end_date":"2026-04-03 20:00:00"},{"timing_start_date":"2026-04-04 12:00:00","timing_end_date":"2026-04-04 20:00:00"},{"timing_start_date":"2026-04-05 12:00:00","timing_end_date":"2026-04-05 20:00:00"},{"timing_start_date":"2026-04-06 12:00:00","timing_end_date":"2026-04-06 20:00:00"},{"timing_start_date":"2026-04-07 12:00:00","timing_end_date":"2026-04-07 20:00:00"},{"timing_start_date":"2026-04-08 12:00:00","timing_end_date":"2026-04-08 20:00:00"},{"timing_start_date":"2026-04-09 12:00:00","timing_end_date":"2026-04-09 20:00:00"},{"timing_start_date":"2026-04-10 12:00:00","timing_end_date":"2026-04-10 20:00:00"},{"timing_start_date":"2026-04-11 12:00:00","timing_end_date":"2026-04-11 20:00:00"},{"timing_start_date":"2026-04-12 12:00:00","timing_end_date":"2026-04-12 20:00:00"},{"timing_start_date":"2026-04-13 12:00:00","timing_end_date":"2026-04-13 20:00:00"},{"timing_start_date":"2026-04-14 12:00:00","timing_end_date":"2026-04-14 20:00:00"},{"timing_start_date":"2026-04-15 12:00:00","timing_end_date":"2026-04-15 20:00:00"},{"timing_start_date":"2026-04-16 12:00:00","timing_end_date":"2026-04-16 20:00:00"},{"timing_start_date":"2026-04-17 12:00:00","timing_end_date":"2026-04-17 20:00:00"},{"timing_start_date":"2026-04-18 12:00:00","timing_end_date":"2026-04-18 20:00:00"},{"timing_start_date":"2026-04-19 12:00:00","timing_end_date":"2026-04-19 20:00:00"},{"timing_start_date":"2026-04-20 12:00:00","timing_end_date":"2026-04-20 20:00:00"},{"timing_start_date":"2026-04-21 12:00:00","timing_end_date":"2026-04-21 20:00:00"},{"timing_start_date":"2026-04-22 12:00:00","timing_end_date":"2026-04-22 20:00:00"},{"timing_start_date":"2026-04-23 12:00:00","timing_end_date":"2026-04-23 20:00:00"},{"timing_start_date":"2026-04-24 12:00:00","timing_end_date":"2026-04-24 20:00:00"},{"timing_start_date":"2026-04-25 12:00:00","timing_end_date":"2026-04-25 20:00:00"},{"timing_start_date":"2026-04-26 12:00:00","timing_end_date":"2026-04-26 20:00:00"},{"timing_start_date":"2026-04-27 12:00:00","timing_end_date":"2026-04-27 20:00:00"},{"timing_start_date":"2026-04-28 12:00:00","timing_end_date":"2026-04-28 20:00:00"},{"timing_start_date":"2026-04-29 12:00:00","timing_end_date":"2026-04-29 20:00:00"},{"timing_start_date":"2026-04-30 12:00:00","timing_end_date":"2026-04-30 20:00:00"},{"timing_start_date":"2026-05-01 12:00:00","timing_end_date":"2026-05-01 20:00:00"},{"timing_start_date":"2026-05-02 12:00:00","timing_end_date":"2026-05-02 20:00:00"},{"timing_start_date":"2026-05-03 12:00:00","timing_end_date":"2026-05-03 20:00:00"},{"timing_start_date":"2026-05-04 12:00:00","timing_end_date":"2026-05-04 20:00:00"},{"timing_start_date":"2026-05-05 12:00:00","timing_end_date":"2026-05-05 20:00:00"},{"timing_start_date":"2026-05-06 12:00:00","timing_end_date":"2026-05-06 20:00:00"},{"timing_start_date":"2026-05-07 12:00:00","timing_end_date":"2026-05-07 20:00:00"},{"timing_start_date":"2026-05-08 12:00:00","timing_end_date":"2026-05-08 20:00:00"},{"timing_start_date":"2026-05-09 12:00:00","timing_end_date":"2026-05-09 20:00:00"},{"timing_start_date":"2026-05-10 12:00:00","timing_end_date":"2026-05-10 20:00:00"},{"timing_start_date":"2026-05-11 12:00:00","timing_end_date":"2026-05-11 20:00:00"},{"timing_start_date":"2026-05-12 12:00:00","timing_end_date":"2026-05-12 20:00:00"},{"timing_start_date":"2026-05-13 12:00:00","timing_end_date":"2026-05-13 20:00:00"},{"timing_start_date":"2026-05-14 12:00:00","timing_end_date":"2026-05-14 20:00:00"},{"timing_start_date":"2026-05-15 12:00:00","timing_end_date":"2026-05-15 20:00:00"},{"timing_start_date":"2026-05-16 12:00:00","timing_end_date":"2026-05-16 20:00:00"}],"external_id":""},"yoast_head":"<!-- This site is optimized with the Yoast SEO plugin v26.5 - https:\/\/yoast.com\/wordpress\/plugins\/seo\/ -->\n<title>Architecture of Memories - Coolturalia<\/title>\n<meta name=\"robots\" content=\"index, follow, max-snippet:-1, max-image-preview:large, max-video-preview:-1\" \/>\n<link rel=\"canonical\" href=\"https:\/\/www.coolturalia.com\/fr\/event\/architecture-of-memories-2\/\" \/>\n<meta property=\"og:locale\" content=\"fr_FR\" \/>\n<meta property=\"og:type\" content=\"article\" \/>\n<meta property=\"og:title\" content=\"Architecture of Memories - Coolturalia\" \/>\n<meta property=\"og:description\" content=\"Architecture of Memories est une exposition collective r\u00e9unissant l&rsquo;Allemande Alina Frieske et le Suisse Tobias Nussbaumer. Frieske transforme des fragments d&rsquo;images en ligne en collages num\u00e9riques qui interrogent la production d&rsquo;images et la culture visuelle contemporaine. Nussbaumer \u00e9labore des espaces virtuels et architecturaux superpos\u00e9s \u00e0 partir d&rsquo;archives personnelles, rendus en dessins pr\u00e9cis au crayon et [&hellip;]\" \/>\n<meta property=\"og:url\" content=\"https:\/\/www.coolturalia.com\/fr\/event\/architecture-of-memories-2\/\" \/>\n<meta property=\"og:site_name\" content=\"Coolturalia\" \/>\n<meta property=\"og:image\" content=\"https:\/\/www.coolturalia.com\/wp-content\/uploads\/2024\/04\/favicon-coolturalia-2.png\" \/>\n\t<meta property=\"og:image:width\" content=\"150\" \/>\n\t<meta property=\"og:image:height\" content=\"150\" \/>\n\t<meta property=\"og:image:type\" content=\"image\/png\" \/>\n<meta name=\"twitter:card\" content=\"summary_large_image\" \/>\n<script type=\"application\/ld+json\" class=\"yoast-schema-graph\">{\"@context\":\"https:\/\/schema.org\",\"@graph\":[{\"@type\":\"WebPage\",\"@id\":\"https:\/\/www.coolturalia.com\/fr\/event\/architecture-of-memories-2\/\",\"url\":\"https:\/\/www.coolturalia.com\/fr\/event\/architecture-of-memories-2\/\",\"name\":\"Architecture of Memories - Coolturalia\",\"isPartOf\":{\"@id\":\"https:\/\/www.coolturalia.com\/fr\/#website\"},\"primaryImageOfPage\":{\"@id\":\"https:\/\/www.coolturalia.com\/fr\/event\/architecture-of-memories-2\/#primaryimage\"},\"image\":{\"@id\":\"https:\/\/www.coolturalia.com\/fr\/event\/architecture-of-memories-2\/#primaryimage\"},\"thumbnailUrl\":\"https:\/\/www.coolturalia.com\/wp-content\/uploads\/2026\/03\/Architecture-of-Memories.webp\",\"datePublished\":\"2026-03-05T09:21:14+00:00\",\"breadcrumb\":{\"@id\":\"https:\/\/www.coolturalia.com\/fr\/event\/architecture-of-memories-2\/#breadcrumb\"},\"inLanguage\":\"fr-FR\",\"potentialAction\":[{\"@type\":\"ReadAction\",\"target\":[\"https:\/\/www.coolturalia.com\/fr\/event\/architecture-of-memories-2\/\"]}]},{\"@type\":\"ImageObject\",\"inLanguage\":\"fr-FR\",\"@id\":\"https:\/\/www.coolturalia.com\/fr\/event\/architecture-of-memories-2\/#primaryimage\",\"url\":\"https:\/\/www.coolturalia.com\/wp-content\/uploads\/2026\/03\/Architecture-of-Memories.webp\",\"contentUrl\":\"https:\/\/www.coolturalia.com\/wp-content\/uploads\/2026\/03\/Architecture-of-Memories.webp\",\"width\":512,\"height\":726,\"caption\":\"undefined\"},{\"@type\":\"BreadcrumbList\",\"@id\":\"https:\/\/www.coolturalia.com\/fr\/event\/architecture-of-memories-2\/#breadcrumb\",\"itemListElement\":[{\"@type\":\"ListItem\",\"position\":1,\"name\":\"Home\",\"item\":\"https:\/\/www.coolturalia.com\/fr\/\"},{\"@type\":\"ListItem\",\"position\":2,\"name\":\"Events\",\"item\":\"https:\/\/www.coolturalia.com\/fr\/events\/\"},{\"@type\":\"ListItem\",\"position\":3,\"name\":\"Architecture of Memories\"}]},{\"@type\":\"WebSite\",\"@id\":\"https:\/\/www.coolturalia.com\/fr\/#website\",\"url\":\"https:\/\/www.coolturalia.com\/fr\/\",\"name\":\"Coolturalia\",\"description\":\"\",\"publisher\":{\"@id\":\"https:\/\/www.coolturalia.com\/fr\/#organization\"},\"potentialAction\":[{\"@type\":\"SearchAction\",\"target\":{\"@type\":\"EntryPoint\",\"urlTemplate\":\"https:\/\/www.coolturalia.com\/fr\/?s={search_term_string}\"},\"query-input\":{\"@type\":\"PropertyValueSpecification\",\"valueRequired\":true,\"valueName\":\"search_term_string\"}}],\"inLanguage\":\"fr-FR\"},{\"@type\":\"Organization\",\"@id\":\"https:\/\/www.coolturalia.com\/fr\/#organization\",\"name\":\"Coolturalia\",\"url\":\"https:\/\/www.coolturalia.com\/fr\/\",\"logo\":{\"@type\":\"ImageObject\",\"inLanguage\":\"fr-FR\",\"@id\":\"https:\/\/www.coolturalia.com\/fr\/#\/schema\/logo\/image\/\",\"url\":\"https:\/\/www.coolturalia.com\/wp-content\/uploads\/2024\/04\/Logo-coolturalia.svg\",\"contentUrl\":\"https:\/\/www.coolturalia.com\/wp-content\/uploads\/2024\/04\/Logo-coolturalia.svg\",\"width\":1312,\"height\":193,\"caption\":\"Coolturalia\"},\"image\":{\"@id\":\"https:\/\/www.coolturalia.com\/fr\/#\/schema\/logo\/image\/\"},\"sameAs\":[\"https:\/\/www.instagram.com\/coolturalia_geneva\/\"]}]}<\/script>\n<!-- \/ Yoast SEO plugin. -->","yoast_head_json":{"title":"Architecture of Memories - Coolturalia","robots":{"index":"index","follow":"follow","max-snippet":"max-snippet:-1","max-image-preview":"max-image-preview:large","max-video-preview":"max-video-preview:-1"},"canonical":"https:\/\/www.coolturalia.com\/fr\/event\/architecture-of-memories-2\/","og_locale":"fr_FR","og_type":"article","og_title":"Architecture of Memories - Coolturalia","og_description":"Architecture of Memories est une exposition collective r\u00e9unissant l&rsquo;Allemande Alina Frieske et le Suisse Tobias Nussbaumer. Frieske transforme des fragments d&rsquo;images en ligne en collages num\u00e9riques qui interrogent la production d&rsquo;images et la culture visuelle contemporaine. Nussbaumer \u00e9labore des espaces virtuels et architecturaux superpos\u00e9s \u00e0 partir d&rsquo;archives personnelles, rendus en dessins pr\u00e9cis au crayon et [&hellip;]","og_url":"https:\/\/www.coolturalia.com\/fr\/event\/architecture-of-memories-2\/","og_site_name":"Coolturalia","og_image":[{"width":150,"height":150,"url":"https:\/\/www.coolturalia.com\/wp-content\/uploads\/2024\/04\/favicon-coolturalia-2.png","type":"image\/png"}],"twitter_card":"summary_large_image","schema":{"@context":"https:\/\/schema.org","@graph":[{"@type":"WebPage","@id":"https:\/\/www.coolturalia.com\/fr\/event\/architecture-of-memories-2\/","url":"https:\/\/www.coolturalia.com\/fr\/event\/architecture-of-memories-2\/","name":"Architecture of Memories - Coolturalia","isPartOf":{"@id":"https:\/\/www.coolturalia.com\/fr\/#website"},"primaryImageOfPage":{"@id":"https:\/\/www.coolturalia.com\/fr\/event\/architecture-of-memories-2\/#primaryimage"},"image":{"@id":"https:\/\/www.coolturalia.com\/fr\/event\/architecture-of-memories-2\/#primaryimage"},"thumbnailUrl":"https:\/\/www.coolturalia.com\/wp-content\/uploads\/2026\/03\/Architecture-of-Memories.webp","datePublished":"2026-03-05T09:21:14+00:00","breadcrumb":{"@id":"https:\/\/www.coolturalia.com\/fr\/event\/architecture-of-memories-2\/#breadcrumb"},"inLanguage":"fr-FR","potentialAction":[{"@type":"ReadAction","target":["https:\/\/www.coolturalia.com\/fr\/event\/architecture-of-memories-2\/"]}]},{"@type":"ImageObject","inLanguage":"fr-FR","@id":"https:\/\/www.coolturalia.com\/fr\/event\/architecture-of-memories-2\/#primaryimage","url":"https:\/\/www.coolturalia.com\/wp-content\/uploads\/2026\/03\/Architecture-of-Memories.webp","contentUrl":"https:\/\/www.coolturalia.com\/wp-content\/uploads\/2026\/03\/Architecture-of-Memories.webp","width":512,"height":726,"caption":"undefined"},{"@type":"BreadcrumbList","@id":"https:\/\/www.coolturalia.com\/fr\/event\/architecture-of-memories-2\/#breadcrumb","itemListElement":[{"@type":"ListItem","position":1,"name":"Home","item":"https:\/\/www.coolturalia.com\/fr\/"},{"@type":"ListItem","position":2,"name":"Events","item":"https:\/\/www.coolturalia.com\/fr\/events\/"},{"@type":"ListItem","position":3,"name":"Architecture of Memories"}]},{"@type":"WebSite","@id":"https:\/\/www.coolturalia.com\/fr\/#website","url":"https:\/\/www.coolturalia.com\/fr\/","name":"Coolturalia","description":"","publisher":{"@id":"https:\/\/www.coolturalia.com\/fr\/#organization"},"potentialAction":[{"@type":"SearchAction","target":{"@type":"EntryPoint","urlTemplate":"https:\/\/www.coolturalia.com\/fr\/?s={search_term_string}"},"query-input":{"@type":"PropertyValueSpecification","valueRequired":true,"valueName":"search_term_string"}}],"inLanguage":"fr-FR"},{"@type":"Organization","@id":"https:\/\/www.coolturalia.com\/fr\/#organization","name":"Coolturalia","url":"https:\/\/www.coolturalia.com\/fr\/","logo":{"@type":"ImageObject","inLanguage":"fr-FR","@id":"https:\/\/www.coolturalia.com\/fr\/#\/schema\/logo\/image\/","url":"https:\/\/www.coolturalia.com\/wp-content\/uploads\/2024\/04\/Logo-coolturalia.svg","contentUrl":"https:\/\/www.coolturalia.com\/wp-content\/uploads\/2024\/04\/Logo-coolturalia.svg","width":1312,"height":193,"caption":"Coolturalia"},"image":{"@id":"https:\/\/www.coolturalia.com\/fr\/#\/schema\/logo\/image\/"},"sameAs":["https:\/\/www.instagram.com\/coolturalia_geneva\/"]}]}},"translations":{"translations":{"en":"185596","fr":"185597"},"language":{"code":"fr"},"date":{"dateRange":"12 mars - 16 mai"}},"language":{"code":"fr"},"_links":{"self":[{"href":"https:\/\/www.coolturalia.com\/fr\/wp-json\/wp\/v2\/event\/185597","targetHints":{"allow":["GET"]}}],"collection":[{"href":"https:\/\/www.coolturalia.com\/fr\/wp-json\/wp\/v2\/event"}],"about":[{"href":"https:\/\/www.coolturalia.com\/fr\/wp-json\/wp\/v2\/types\/event"}],"version-history":[{"count":0,"href":"https:\/\/www.coolturalia.com\/fr\/wp-json\/wp\/v2\/event\/185597\/revisions"}],"wp:featuredmedia":[{"embeddable":true,"href":"https:\/\/www.coolturalia.com\/fr\/wp-json\/wp\/v2\/media\/185595"}],"wp:attachment":[{"href":"https:\/\/www.coolturalia.com\/fr\/wp-json\/wp\/v2\/media?parent=185597"}],"wp:term":[{"taxonomy":"post_tag","embeddable":true,"href":"https:\/\/www.coolturalia.com\/fr\/wp-json\/wp\/v2\/tags?post=185597"},{"taxonomy":"event-category","embeddable":true,"href":"https:\/\/www.coolturalia.com\/fr\/wp-json\/wp\/v2\/event-category?post=185597"},{"taxonomy":"event-venue","embeddable":true,"href":"https:\/\/www.coolturalia.com\/fr\/wp-json\/wp\/v2\/event-venue?post=185597"}],"curies":[{"name":"wp","href":"https:\/\/api.w.org\/{rel}","templated":true}]}}