{"id":185222,"date":"2026-03-02T08:23:28","date_gmt":"2026-03-02T07:23:28","guid":{"rendered":"https:\/\/www.coolturalia.com\/event\/comedie-lyrique-2\/"},"modified":"2026-03-02T08:23:28","modified_gmt":"2026-03-02T07:23:28","slug":"comedie-lyrique-2","status":"publish","type":"event","link":"https:\/\/www.coolturalia.com\/fr\/event\/comedie-lyrique-2\/","title":{"rendered":"Com\u00e9die Lyrique"},"content":{"rendered":"<p>Mis en sc\u00e8ne par Jacques Gay, ce concert vocal r\u00e9unit les solistes Fabrice Coccitto et Thibaut Trouche, la pianiste Rapha\u00eblle Farman et le ch\u0153ur Com\u00e9die Lyrique pour un parcours entre com\u00e9die musicale, vari\u00e9t\u00e9 fran\u00e7aise et jazz. Des titres d&rsquo;Aznavour, Voulzy, Queen, ABBA ou Sinatra sont revisit\u00e9s par des harmonies chaleureuses et des textures de piano intimistes. La direction privil\u00e9gie les nuances, le swing des arrangements et une atmosph\u00e8re \u00e0 la fois conviviale et nostalgique.<\/p>\n","protected":false},"excerpt":{"rendered":"<p>Mis en sc\u00e8ne par Jacques Gay, ce concert vocal r\u00e9unit les solistes Fabrice Coccitto et Thibaut Trouche, la pianiste Rapha\u00eblle Farman et le ch\u0153ur Com\u00e9die Lyrique pour un parcours entre com\u00e9die musicale, vari\u00e9t\u00e9 fran\u00e7aise et jazz. Des titres d&rsquo;Aznavour, Voulzy, Queen, ABBA ou Sinatra sont revisit\u00e9s par des harmonies chaleureuses et des textures de piano [&hellip;]<\/p>\n","protected":false},"featured_media":185220,"parent":0,"menu_order":0,"template":"","format":"standard","meta":{"_acf_changed":false,"footnotes":""},"tags":[],"event-category":[444],"event-venue":[605],"class_list":["post-185222","event","type-event","status-publish","format-standard","has-post-thumbnail","hentry","event-category-spectacles","event-venue-victoria-hall-fr"],"acf":{"price":"Sur r\u00e9servation","date":"Lundi 4 mai, 20:00","start_date":"2026-05-04 22:00:00","end_date":"2026-05-05 00:00:00","website_link":"https:\/\/www.comedielyrique.com\/once-upon-a-time\/","link_buy_tickets":"","highlighted":false,"photo_credit":"Com\u00e9die Lyrique","timings":[{"timing_start_date":"2026-05-04 22:00:00","timing_end_date":"2026-05-05 00:00:00"}],"external_id":"80374935"},"yoast_head":"<!-- This site is optimized with the Yoast SEO plugin v27.5 - https:\/\/yoast.com\/product\/yoast-seo-wordpress\/ -->\n<title>Com\u00e9die Lyrique - Coolturalia<\/title>\n<meta name=\"robots\" content=\"index, follow, max-snippet:-1, max-image-preview:large, max-video-preview:-1\" \/>\n<link rel=\"canonical\" href=\"https:\/\/www.coolturalia.com\/fr\/event\/comedie-lyrique-2\/\" \/>\n<meta property=\"og:locale\" content=\"fr_FR\" \/>\n<meta property=\"og:type\" content=\"article\" \/>\n<meta property=\"og:title\" content=\"Com\u00e9die Lyrique - Coolturalia\" \/>\n<meta property=\"og:description\" content=\"Mis en sc\u00e8ne par Jacques Gay, ce concert vocal r\u00e9unit les solistes Fabrice Coccitto et Thibaut Trouche, la pianiste Rapha\u00eblle Farman et le ch\u0153ur Com\u00e9die Lyrique pour un parcours entre com\u00e9die musicale, vari\u00e9t\u00e9 fran\u00e7aise et jazz. Des titres d&rsquo;Aznavour, Voulzy, Queen, ABBA ou Sinatra sont revisit\u00e9s par des harmonies chaleureuses et des textures de piano [&hellip;]\" \/>\n<meta property=\"og:url\" content=\"https:\/\/www.coolturalia.com\/fr\/event\/comedie-lyrique-2\/\" \/>\n<meta property=\"og:site_name\" content=\"Coolturalia\" \/>\n<meta property=\"og:image\" content=\"https:\/\/www.coolturalia.com\/wp-content\/uploads\/2024\/04\/favicon-coolturalia-2.png\" \/>\n\t<meta property=\"og:image:width\" content=\"150\" \/>\n\t<meta property=\"og:image:height\" content=\"150\" \/>\n\t<meta property=\"og:image:type\" content=\"image\/png\" \/>\n<meta name=\"twitter:card\" content=\"summary_large_image\" \/>\n<script type=\"application\/ld+json\" class=\"yoast-schema-graph\">{\"@context\":\"https:\\\/\\\/schema.org\",\"@graph\":[{\"@type\":\"WebPage\",\"@id\":\"https:\\\/\\\/www.coolturalia.com\\\/fr\\\/event\\\/comedie-lyrique-2\\\/\",\"url\":\"https:\\\/\\\/www.coolturalia.com\\\/fr\\\/event\\\/comedie-lyrique-2\\\/\",\"name\":\"Com\u00e9die Lyrique - Coolturalia\",\"isPartOf\":{\"@id\":\"https:\\\/\\\/www.coolturalia.com\\\/fr\\\/#website\"},\"primaryImageOfPage\":{\"@id\":\"https:\\\/\\\/www.coolturalia.com\\\/fr\\\/event\\\/comedie-lyrique-2\\\/#primaryimage\"},\"image\":{\"@id\":\"https:\\\/\\\/www.coolturalia.com\\\/fr\\\/event\\\/comedie-lyrique-2\\\/#primaryimage\"},\"thumbnailUrl\":\"https:\\\/\\\/www.coolturalia.com\\\/wp-content\\\/uploads\\\/2026\\\/03\\\/Comedie-Lyrique.webp\",\"datePublished\":\"2026-03-02T07:23:28+00:00\",\"breadcrumb\":{\"@id\":\"https:\\\/\\\/www.coolturalia.com\\\/fr\\\/event\\\/comedie-lyrique-2\\\/#breadcrumb\"},\"inLanguage\":\"fr-FR\",\"potentialAction\":[{\"@type\":\"ReadAction\",\"target\":[\"https:\\\/\\\/www.coolturalia.com\\\/fr\\\/event\\\/comedie-lyrique-2\\\/\"]}]},{\"@type\":\"ImageObject\",\"inLanguage\":\"fr-FR\",\"@id\":\"https:\\\/\\\/www.coolturalia.com\\\/fr\\\/event\\\/comedie-lyrique-2\\\/#primaryimage\",\"url\":\"https:\\\/\\\/www.coolturalia.com\\\/wp-content\\\/uploads\\\/2026\\\/03\\\/Comedie-Lyrique.webp\",\"contentUrl\":\"https:\\\/\\\/www.coolturalia.com\\\/wp-content\\\/uploads\\\/2026\\\/03\\\/Comedie-Lyrique.webp\",\"width\":700,\"height\":1049,\"caption\":\"undefined\"},{\"@type\":\"BreadcrumbList\",\"@id\":\"https:\\\/\\\/www.coolturalia.com\\\/fr\\\/event\\\/comedie-lyrique-2\\\/#breadcrumb\",\"itemListElement\":[{\"@type\":\"ListItem\",\"position\":1,\"name\":\"Home\",\"item\":\"https:\\\/\\\/www.coolturalia.com\\\/fr\\\/\"},{\"@type\":\"ListItem\",\"position\":2,\"name\":\"Events\",\"item\":\"https:\\\/\\\/www.coolturalia.com\\\/fr\\\/events\\\/\"},{\"@type\":\"ListItem\",\"position\":3,\"name\":\"Com\u00e9die Lyrique\"}]},{\"@type\":\"WebSite\",\"@id\":\"https:\\\/\\\/www.coolturalia.com\\\/fr\\\/#website\",\"url\":\"https:\\\/\\\/www.coolturalia.com\\\/fr\\\/\",\"name\":\"Coolturalia\",\"description\":\"\",\"publisher\":{\"@id\":\"https:\\\/\\\/www.coolturalia.com\\\/fr\\\/#organization\"},\"potentialAction\":[{\"@type\":\"SearchAction\",\"target\":{\"@type\":\"EntryPoint\",\"urlTemplate\":\"https:\\\/\\\/www.coolturalia.com\\\/fr\\\/?s={search_term_string}\"},\"query-input\":{\"@type\":\"PropertyValueSpecification\",\"valueRequired\":true,\"valueName\":\"search_term_string\"}}],\"inLanguage\":\"fr-FR\"},{\"@type\":\"Organization\",\"@id\":\"https:\\\/\\\/www.coolturalia.com\\\/fr\\\/#organization\",\"name\":\"Coolturalia\",\"url\":\"https:\\\/\\\/www.coolturalia.com\\\/fr\\\/\",\"logo\":{\"@type\":\"ImageObject\",\"inLanguage\":\"fr-FR\",\"@id\":\"https:\\\/\\\/www.coolturalia.com\\\/fr\\\/#\\\/schema\\\/logo\\\/image\\\/\",\"url\":\"https:\\\/\\\/www.coolturalia.com\\\/wp-content\\\/uploads\\\/2024\\\/04\\\/Logo-coolturalia.svg\",\"contentUrl\":\"https:\\\/\\\/www.coolturalia.com\\\/wp-content\\\/uploads\\\/2024\\\/04\\\/Logo-coolturalia.svg\",\"width\":1312,\"height\":193,\"caption\":\"Coolturalia\"},\"image\":{\"@id\":\"https:\\\/\\\/www.coolturalia.com\\\/fr\\\/#\\\/schema\\\/logo\\\/image\\\/\"},\"sameAs\":[\"https:\\\/\\\/www.instagram.com\\\/coolturalia_geneva\\\/\"]}]}<\/script>\n<!-- \/ Yoast SEO plugin. -->","yoast_head_json":{"title":"Com\u00e9die Lyrique - Coolturalia","robots":{"index":"index","follow":"follow","max-snippet":"max-snippet:-1","max-image-preview":"max-image-preview:large","max-video-preview":"max-video-preview:-1"},"canonical":"https:\/\/www.coolturalia.com\/fr\/event\/comedie-lyrique-2\/","og_locale":"fr_FR","og_type":"article","og_title":"Com\u00e9die Lyrique - Coolturalia","og_description":"Mis en sc\u00e8ne par Jacques Gay, ce concert vocal r\u00e9unit les solistes Fabrice Coccitto et Thibaut Trouche, la pianiste Rapha\u00eblle Farman et le ch\u0153ur Com\u00e9die Lyrique pour un parcours entre com\u00e9die musicale, vari\u00e9t\u00e9 fran\u00e7aise et jazz. Des titres d&rsquo;Aznavour, Voulzy, Queen, ABBA ou Sinatra sont revisit\u00e9s par des harmonies chaleureuses et des textures de piano [&hellip;]","og_url":"https:\/\/www.coolturalia.com\/fr\/event\/comedie-lyrique-2\/","og_site_name":"Coolturalia","og_image":[{"width":150,"height":150,"url":"https:\/\/www.coolturalia.com\/wp-content\/uploads\/2024\/04\/favicon-coolturalia-2.png","type":"image\/png"}],"twitter_card":"summary_large_image","schema":{"@context":"https:\/\/schema.org","@graph":[{"@type":"WebPage","@id":"https:\/\/www.coolturalia.com\/fr\/event\/comedie-lyrique-2\/","url":"https:\/\/www.coolturalia.com\/fr\/event\/comedie-lyrique-2\/","name":"Com\u00e9die Lyrique - Coolturalia","isPartOf":{"@id":"https:\/\/www.coolturalia.com\/fr\/#website"},"primaryImageOfPage":{"@id":"https:\/\/www.coolturalia.com\/fr\/event\/comedie-lyrique-2\/#primaryimage"},"image":{"@id":"https:\/\/www.coolturalia.com\/fr\/event\/comedie-lyrique-2\/#primaryimage"},"thumbnailUrl":"https:\/\/www.coolturalia.com\/wp-content\/uploads\/2026\/03\/Comedie-Lyrique.webp","datePublished":"2026-03-02T07:23:28+00:00","breadcrumb":{"@id":"https:\/\/www.coolturalia.com\/fr\/event\/comedie-lyrique-2\/#breadcrumb"},"inLanguage":"fr-FR","potentialAction":[{"@type":"ReadAction","target":["https:\/\/www.coolturalia.com\/fr\/event\/comedie-lyrique-2\/"]}]},{"@type":"ImageObject","inLanguage":"fr-FR","@id":"https:\/\/www.coolturalia.com\/fr\/event\/comedie-lyrique-2\/#primaryimage","url":"https:\/\/www.coolturalia.com\/wp-content\/uploads\/2026\/03\/Comedie-Lyrique.webp","contentUrl":"https:\/\/www.coolturalia.com\/wp-content\/uploads\/2026\/03\/Comedie-Lyrique.webp","width":700,"height":1049,"caption":"undefined"},{"@type":"BreadcrumbList","@id":"https:\/\/www.coolturalia.com\/fr\/event\/comedie-lyrique-2\/#breadcrumb","itemListElement":[{"@type":"ListItem","position":1,"name":"Home","item":"https:\/\/www.coolturalia.com\/fr\/"},{"@type":"ListItem","position":2,"name":"Events","item":"https:\/\/www.coolturalia.com\/fr\/events\/"},{"@type":"ListItem","position":3,"name":"Com\u00e9die Lyrique"}]},{"@type":"WebSite","@id":"https:\/\/www.coolturalia.com\/fr\/#website","url":"https:\/\/www.coolturalia.com\/fr\/","name":"Coolturalia","description":"","publisher":{"@id":"https:\/\/www.coolturalia.com\/fr\/#organization"},"potentialAction":[{"@type":"SearchAction","target":{"@type":"EntryPoint","urlTemplate":"https:\/\/www.coolturalia.com\/fr\/?s={search_term_string}"},"query-input":{"@type":"PropertyValueSpecification","valueRequired":true,"valueName":"search_term_string"}}],"inLanguage":"fr-FR"},{"@type":"Organization","@id":"https:\/\/www.coolturalia.com\/fr\/#organization","name":"Coolturalia","url":"https:\/\/www.coolturalia.com\/fr\/","logo":{"@type":"ImageObject","inLanguage":"fr-FR","@id":"https:\/\/www.coolturalia.com\/fr\/#\/schema\/logo\/image\/","url":"https:\/\/www.coolturalia.com\/wp-content\/uploads\/2024\/04\/Logo-coolturalia.svg","contentUrl":"https:\/\/www.coolturalia.com\/wp-content\/uploads\/2024\/04\/Logo-coolturalia.svg","width":1312,"height":193,"caption":"Coolturalia"},"image":{"@id":"https:\/\/www.coolturalia.com\/fr\/#\/schema\/logo\/image\/"},"sameAs":["https:\/\/www.instagram.com\/coolturalia_geneva\/"]}]}},"translations":{"translations":{"en":"185221","fr":"185222"},"language":{"code":"fr"},"date":{"dateRange":"Lundi 4 mai, 20:00"}},"language":{"code":"fr"},"_links":{"self":[{"href":"https:\/\/www.coolturalia.com\/fr\/wp-json\/wp\/v2\/event\/185222","targetHints":{"allow":["GET"]}}],"collection":[{"href":"https:\/\/www.coolturalia.com\/fr\/wp-json\/wp\/v2\/event"}],"about":[{"href":"https:\/\/www.coolturalia.com\/fr\/wp-json\/wp\/v2\/types\/event"}],"version-history":[{"count":0,"href":"https:\/\/www.coolturalia.com\/fr\/wp-json\/wp\/v2\/event\/185222\/revisions"}],"wp:featuredmedia":[{"embeddable":true,"href":"https:\/\/www.coolturalia.com\/fr\/wp-json\/wp\/v2\/media\/185220"}],"wp:attachment":[{"href":"https:\/\/www.coolturalia.com\/fr\/wp-json\/wp\/v2\/media?parent=185222"}],"wp:term":[{"taxonomy":"post_tag","embeddable":true,"href":"https:\/\/www.coolturalia.com\/fr\/wp-json\/wp\/v2\/tags?post=185222"},{"taxonomy":"event-category","embeddable":true,"href":"https:\/\/www.coolturalia.com\/fr\/wp-json\/wp\/v2\/event-category?post=185222"},{"taxonomy":"event-venue","embeddable":true,"href":"https:\/\/www.coolturalia.com\/fr\/wp-json\/wp\/v2\/event-venue?post=185222"}],"curies":[{"name":"wp","href":"https:\/\/api.w.org\/{rel}","templated":true}]}}