{"id":184192,"date":"2026-01-26T11:28:50","date_gmt":"2026-01-26T10:28:50","guid":{"rendered":"https:\/\/www.coolturalia.com\/event\/et-sil-fallait-changer-de-recit-pour-changer-le-monde\/"},"modified":"2026-01-26T11:28:50","modified_gmt":"2026-01-26T10:28:50","slug":"et-sil-fallait-changer-de-recit-pour-changer-le-monde","status":"publish","type":"event","link":"https:\/\/www.coolturalia.com\/fr\/event\/et-sil-fallait-changer-de-recit-pour-changer-le-monde\/","title":{"rendered":"Et s&rsquo;il fallait changer de r\u00e9cit pour changer le monde?"},"content":{"rendered":"<p>Chantal Peyer, prospectiviste, conseill\u00e8re politique et coach professionnelle, cofondatrice du Hub des possibles et cr\u00e9atrice du podcast \u00ab2040 j&rsquo;y vais !\u00bb, apporte une longue exp\u00e9rience de la durabilit\u00e9 et de l&rsquo;action collective.<\/p>\n<p>Cet atelier-conf\u00e9rence examine le r\u00f4le des r\u00e9cits collectifs et des imaginaires dans la r\u00e9silience et la mobilisation. Peyer explore comment films, livres et repr\u00e9sentations partag\u00e9es fa\u00e7onnent valeurs, \u00e9motions et comportements, et propose des exercices pour imaginer un futur souhaitable et retrouver sens, pouvoir d&rsquo;agir et strat\u00e9gies concr\u00e8tes.<\/p>\n","protected":false},"excerpt":{"rendered":"<p>Chantal Peyer, prospectiviste, conseill\u00e8re politique et coach professionnelle, cofondatrice du Hub des possibles et cr\u00e9atrice du podcast \u00ab2040 j&rsquo;y vais !\u00bb, apporte une longue exp\u00e9rience de la durabilit\u00e9 et de l&rsquo;action collective. Cet atelier-conf\u00e9rence examine le r\u00f4le des r\u00e9cits collectifs et des imaginaires dans la r\u00e9silience et la mobilisation. Peyer explore comment films, livres et [&hellip;]<\/p>\n","protected":false},"featured_media":184190,"parent":0,"menu_order":0,"template":"","format":"standard","meta":{"_acf_changed":false,"footnotes":""},"tags":[],"event-category":[448],"event-venue":[1731],"class_list":["post-184192","event","type-event","status-publish","format-standard","has-post-thumbnail","hentry","event-category-conferences","event-venue-maison-de-lavenir-fr"],"acf":{"price":"Gratuit","date":"Mercredi 29 avril, 18:30","start_date":"2026-04-29 20:30:00","end_date":"2026-04-29 22:00:00","website_link":"https:\/\/hubdespossibles.org\/atelier\/loptimiste-lucide-comment-naviguer-vers-la-durabilite-dans-une-epoque-de-crises-et-dincertitude\/","link_buy_tickets":"","highlighted":false,"photo_credit":"@hubdespossibles","timings":[{"timing_start_date":"2026-04-29 20:30:00","timing_end_date":"2026-04-29 22:00:00"}],"external_id":"4191685"},"yoast_head":"<!-- This site is optimized with the Yoast SEO plugin v26.5 - https:\/\/yoast.com\/wordpress\/plugins\/seo\/ -->\n<title>Et s&#039;il fallait changer de r\u00e9cit pour changer le monde? - Coolturalia<\/title>\n<meta name=\"robots\" content=\"index, follow, max-snippet:-1, max-image-preview:large, max-video-preview:-1\" \/>\n<link rel=\"canonical\" href=\"https:\/\/www.coolturalia.com\/fr\/event\/et-sil-fallait-changer-de-recit-pour-changer-le-monde\/\" \/>\n<meta property=\"og:locale\" content=\"fr_FR\" \/>\n<meta property=\"og:type\" content=\"article\" \/>\n<meta property=\"og:title\" content=\"Et s&#039;il fallait changer de r\u00e9cit pour changer le monde? - Coolturalia\" \/>\n<meta property=\"og:description\" content=\"Chantal Peyer, prospectiviste, conseill\u00e8re politique et coach professionnelle, cofondatrice du Hub des possibles et cr\u00e9atrice du podcast \u00ab2040 j&rsquo;y vais !\u00bb, apporte une longue exp\u00e9rience de la durabilit\u00e9 et de l&rsquo;action collective. Cet atelier-conf\u00e9rence examine le r\u00f4le des r\u00e9cits collectifs et des imaginaires dans la r\u00e9silience et la mobilisation. Peyer explore comment films, livres et [&hellip;]\" \/>\n<meta property=\"og:url\" content=\"https:\/\/www.coolturalia.com\/fr\/event\/et-sil-fallait-changer-de-recit-pour-changer-le-monde\/\" \/>\n<meta property=\"og:site_name\" content=\"Coolturalia\" \/>\n<meta property=\"og:image\" content=\"https:\/\/www.coolturalia.com\/wp-content\/uploads\/2024\/04\/favicon-coolturalia-2.png\" \/>\n\t<meta property=\"og:image:width\" content=\"150\" \/>\n\t<meta property=\"og:image:height\" content=\"150\" \/>\n\t<meta property=\"og:image:type\" content=\"image\/png\" \/>\n<meta name=\"twitter:card\" content=\"summary_large_image\" \/>\n<script type=\"application\/ld+json\" class=\"yoast-schema-graph\">{\"@context\":\"https:\/\/schema.org\",\"@graph\":[{\"@type\":\"WebPage\",\"@id\":\"https:\/\/www.coolturalia.com\/fr\/event\/et-sil-fallait-changer-de-recit-pour-changer-le-monde\/\",\"url\":\"https:\/\/www.coolturalia.com\/fr\/event\/et-sil-fallait-changer-de-recit-pour-changer-le-monde\/\",\"name\":\"Et s'il fallait changer de r\u00e9cit pour changer le monde? - Coolturalia\",\"isPartOf\":{\"@id\":\"https:\/\/www.coolturalia.com\/fr\/#website\"},\"primaryImageOfPage\":{\"@id\":\"https:\/\/www.coolturalia.com\/fr\/event\/et-sil-fallait-changer-de-recit-pour-changer-le-monde\/#primaryimage\"},\"image\":{\"@id\":\"https:\/\/www.coolturalia.com\/fr\/event\/et-sil-fallait-changer-de-recit-pour-changer-le-monde\/#primaryimage\"},\"thumbnailUrl\":\"https:\/\/www.coolturalia.com\/wp-content\/uploads\/2026\/01\/Changing-the-Narrative-to-Change-the-World.webp\",\"datePublished\":\"2026-01-26T10:28:50+00:00\",\"breadcrumb\":{\"@id\":\"https:\/\/www.coolturalia.com\/fr\/event\/et-sil-fallait-changer-de-recit-pour-changer-le-monde\/#breadcrumb\"},\"inLanguage\":\"fr-FR\",\"potentialAction\":[{\"@type\":\"ReadAction\",\"target\":[\"https:\/\/www.coolturalia.com\/fr\/event\/et-sil-fallait-changer-de-recit-pour-changer-le-monde\/\"]}]},{\"@type\":\"ImageObject\",\"inLanguage\":\"fr-FR\",\"@id\":\"https:\/\/www.coolturalia.com\/fr\/event\/et-sil-fallait-changer-de-recit-pour-changer-le-monde\/#primaryimage\",\"url\":\"https:\/\/www.coolturalia.com\/wp-content\/uploads\/2026\/01\/Changing-the-Narrative-to-Change-the-World.webp\",\"contentUrl\":\"https:\/\/www.coolturalia.com\/wp-content\/uploads\/2026\/01\/Changing-the-Narrative-to-Change-the-World.webp\",\"width\":700,\"height\":494,\"caption\":\"undefined\"},{\"@type\":\"BreadcrumbList\",\"@id\":\"https:\/\/www.coolturalia.com\/fr\/event\/et-sil-fallait-changer-de-recit-pour-changer-le-monde\/#breadcrumb\",\"itemListElement\":[{\"@type\":\"ListItem\",\"position\":1,\"name\":\"Home\",\"item\":\"https:\/\/www.coolturalia.com\/fr\/\"},{\"@type\":\"ListItem\",\"position\":2,\"name\":\"Events\",\"item\":\"https:\/\/www.coolturalia.com\/fr\/events\/\"},{\"@type\":\"ListItem\",\"position\":3,\"name\":\"Et s&rsquo;il fallait changer de r\u00e9cit pour changer le monde?\"}]},{\"@type\":\"WebSite\",\"@id\":\"https:\/\/www.coolturalia.com\/fr\/#website\",\"url\":\"https:\/\/www.coolturalia.com\/fr\/\",\"name\":\"Coolturalia\",\"description\":\"\",\"publisher\":{\"@id\":\"https:\/\/www.coolturalia.com\/fr\/#organization\"},\"potentialAction\":[{\"@type\":\"SearchAction\",\"target\":{\"@type\":\"EntryPoint\",\"urlTemplate\":\"https:\/\/www.coolturalia.com\/fr\/?s={search_term_string}\"},\"query-input\":{\"@type\":\"PropertyValueSpecification\",\"valueRequired\":true,\"valueName\":\"search_term_string\"}}],\"inLanguage\":\"fr-FR\"},{\"@type\":\"Organization\",\"@id\":\"https:\/\/www.coolturalia.com\/fr\/#organization\",\"name\":\"Coolturalia\",\"url\":\"https:\/\/www.coolturalia.com\/fr\/\",\"logo\":{\"@type\":\"ImageObject\",\"inLanguage\":\"fr-FR\",\"@id\":\"https:\/\/www.coolturalia.com\/fr\/#\/schema\/logo\/image\/\",\"url\":\"https:\/\/www.coolturalia.com\/wp-content\/uploads\/2024\/04\/Logo-coolturalia.svg\",\"contentUrl\":\"https:\/\/www.coolturalia.com\/wp-content\/uploads\/2024\/04\/Logo-coolturalia.svg\",\"width\":1312,\"height\":193,\"caption\":\"Coolturalia\"},\"image\":{\"@id\":\"https:\/\/www.coolturalia.com\/fr\/#\/schema\/logo\/image\/\"},\"sameAs\":[\"https:\/\/www.instagram.com\/coolturalia_geneva\/\"]}]}<\/script>\n<!-- \/ Yoast SEO plugin. -->","yoast_head_json":{"title":"Et s'il fallait changer de r\u00e9cit pour changer le monde? - Coolturalia","robots":{"index":"index","follow":"follow","max-snippet":"max-snippet:-1","max-image-preview":"max-image-preview:large","max-video-preview":"max-video-preview:-1"},"canonical":"https:\/\/www.coolturalia.com\/fr\/event\/et-sil-fallait-changer-de-recit-pour-changer-le-monde\/","og_locale":"fr_FR","og_type":"article","og_title":"Et s'il fallait changer de r\u00e9cit pour changer le monde? - Coolturalia","og_description":"Chantal Peyer, prospectiviste, conseill\u00e8re politique et coach professionnelle, cofondatrice du Hub des possibles et cr\u00e9atrice du podcast \u00ab2040 j&rsquo;y vais !\u00bb, apporte une longue exp\u00e9rience de la durabilit\u00e9 et de l&rsquo;action collective. Cet atelier-conf\u00e9rence examine le r\u00f4le des r\u00e9cits collectifs et des imaginaires dans la r\u00e9silience et la mobilisation. Peyer explore comment films, livres et [&hellip;]","og_url":"https:\/\/www.coolturalia.com\/fr\/event\/et-sil-fallait-changer-de-recit-pour-changer-le-monde\/","og_site_name":"Coolturalia","og_image":[{"width":150,"height":150,"url":"https:\/\/www.coolturalia.com\/wp-content\/uploads\/2024\/04\/favicon-coolturalia-2.png","type":"image\/png"}],"twitter_card":"summary_large_image","schema":{"@context":"https:\/\/schema.org","@graph":[{"@type":"WebPage","@id":"https:\/\/www.coolturalia.com\/fr\/event\/et-sil-fallait-changer-de-recit-pour-changer-le-monde\/","url":"https:\/\/www.coolturalia.com\/fr\/event\/et-sil-fallait-changer-de-recit-pour-changer-le-monde\/","name":"Et s'il fallait changer de r\u00e9cit pour changer le monde? - Coolturalia","isPartOf":{"@id":"https:\/\/www.coolturalia.com\/fr\/#website"},"primaryImageOfPage":{"@id":"https:\/\/www.coolturalia.com\/fr\/event\/et-sil-fallait-changer-de-recit-pour-changer-le-monde\/#primaryimage"},"image":{"@id":"https:\/\/www.coolturalia.com\/fr\/event\/et-sil-fallait-changer-de-recit-pour-changer-le-monde\/#primaryimage"},"thumbnailUrl":"https:\/\/www.coolturalia.com\/wp-content\/uploads\/2026\/01\/Changing-the-Narrative-to-Change-the-World.webp","datePublished":"2026-01-26T10:28:50+00:00","breadcrumb":{"@id":"https:\/\/www.coolturalia.com\/fr\/event\/et-sil-fallait-changer-de-recit-pour-changer-le-monde\/#breadcrumb"},"inLanguage":"fr-FR","potentialAction":[{"@type":"ReadAction","target":["https:\/\/www.coolturalia.com\/fr\/event\/et-sil-fallait-changer-de-recit-pour-changer-le-monde\/"]}]},{"@type":"ImageObject","inLanguage":"fr-FR","@id":"https:\/\/www.coolturalia.com\/fr\/event\/et-sil-fallait-changer-de-recit-pour-changer-le-monde\/#primaryimage","url":"https:\/\/www.coolturalia.com\/wp-content\/uploads\/2026\/01\/Changing-the-Narrative-to-Change-the-World.webp","contentUrl":"https:\/\/www.coolturalia.com\/wp-content\/uploads\/2026\/01\/Changing-the-Narrative-to-Change-the-World.webp","width":700,"height":494,"caption":"undefined"},{"@type":"BreadcrumbList","@id":"https:\/\/www.coolturalia.com\/fr\/event\/et-sil-fallait-changer-de-recit-pour-changer-le-monde\/#breadcrumb","itemListElement":[{"@type":"ListItem","position":1,"name":"Home","item":"https:\/\/www.coolturalia.com\/fr\/"},{"@type":"ListItem","position":2,"name":"Events","item":"https:\/\/www.coolturalia.com\/fr\/events\/"},{"@type":"ListItem","position":3,"name":"Et s&rsquo;il fallait changer de r\u00e9cit pour changer le monde?"}]},{"@type":"WebSite","@id":"https:\/\/www.coolturalia.com\/fr\/#website","url":"https:\/\/www.coolturalia.com\/fr\/","name":"Coolturalia","description":"","publisher":{"@id":"https:\/\/www.coolturalia.com\/fr\/#organization"},"potentialAction":[{"@type":"SearchAction","target":{"@type":"EntryPoint","urlTemplate":"https:\/\/www.coolturalia.com\/fr\/?s={search_term_string}"},"query-input":{"@type":"PropertyValueSpecification","valueRequired":true,"valueName":"search_term_string"}}],"inLanguage":"fr-FR"},{"@type":"Organization","@id":"https:\/\/www.coolturalia.com\/fr\/#organization","name":"Coolturalia","url":"https:\/\/www.coolturalia.com\/fr\/","logo":{"@type":"ImageObject","inLanguage":"fr-FR","@id":"https:\/\/www.coolturalia.com\/fr\/#\/schema\/logo\/image\/","url":"https:\/\/www.coolturalia.com\/wp-content\/uploads\/2024\/04\/Logo-coolturalia.svg","contentUrl":"https:\/\/www.coolturalia.com\/wp-content\/uploads\/2024\/04\/Logo-coolturalia.svg","width":1312,"height":193,"caption":"Coolturalia"},"image":{"@id":"https:\/\/www.coolturalia.com\/fr\/#\/schema\/logo\/image\/"},"sameAs":["https:\/\/www.instagram.com\/coolturalia_geneva\/"]}]}},"translations":{"translations":{"en":"184191","fr":"184192"},"language":{"code":"fr"},"date":{"dateRange":"Mercredi 29 avril, 18:30"}},"language":{"code":"fr"},"_links":{"self":[{"href":"https:\/\/www.coolturalia.com\/fr\/wp-json\/wp\/v2\/event\/184192","targetHints":{"allow":["GET"]}}],"collection":[{"href":"https:\/\/www.coolturalia.com\/fr\/wp-json\/wp\/v2\/event"}],"about":[{"href":"https:\/\/www.coolturalia.com\/fr\/wp-json\/wp\/v2\/types\/event"}],"version-history":[{"count":0,"href":"https:\/\/www.coolturalia.com\/fr\/wp-json\/wp\/v2\/event\/184192\/revisions"}],"wp:featuredmedia":[{"embeddable":true,"href":"https:\/\/www.coolturalia.com\/fr\/wp-json\/wp\/v2\/media\/184190"}],"wp:attachment":[{"href":"https:\/\/www.coolturalia.com\/fr\/wp-json\/wp\/v2\/media?parent=184192"}],"wp:term":[{"taxonomy":"post_tag","embeddable":true,"href":"https:\/\/www.coolturalia.com\/fr\/wp-json\/wp\/v2\/tags?post=184192"},{"taxonomy":"event-category","embeddable":true,"href":"https:\/\/www.coolturalia.com\/fr\/wp-json\/wp\/v2\/event-category?post=184192"},{"taxonomy":"event-venue","embeddable":true,"href":"https:\/\/www.coolturalia.com\/fr\/wp-json\/wp\/v2\/event-venue?post=184192"}],"curies":[{"name":"wp","href":"https:\/\/api.w.org\/{rel}","templated":true}]}}