{"id":183458,"date":"2026-01-15T08:46:55","date_gmt":"2026-01-15T07:46:55","guid":{"rendered":"https:\/\/www.coolturalia.com\/event\/cindy-van-acker-eklekto-pleiades-in-absentia-2\/"},"modified":"2026-01-15T08:46:55","modified_gmt":"2026-01-15T07:46:55","slug":"cindy-van-acker-eklekto-pleiades-in-absentia-2","status":"publish","type":"event","link":"https:\/\/www.coolturalia.com\/fr\/event\/cindy-van-acker-eklekto-pleiades-in-absentia-2\/","title":{"rendered":"Cindy Van Acker \/ Eklekto \u2014 Pl\u00e9\u00efades, in absentia"},"content":{"rendered":"<p>Mis en sc\u00e8ne par Cindy Van Acker, Pl\u00e9\u00efades d\u2019Iannis Xenakis r\u00e9unit cinq danseuses et six percussionnistes du collectif Eklekto autour d\u2019un vaste dispositif percussif. Van Acker compose un paysage chor\u00e9graphique o\u00f9 les corps affrontent la puissance et la complexit\u00e9 de la partition, changeant sans cesse de posture et de rapport au son. La musique est jou\u00e9e en direct; la sc\u00e9nographie et les lumi\u00e8res de Victor Roy \u00e9voquent vagues, galaxies et tourbillons. Cr\u00e9ation 2026, coproduction.<\/p>\n","protected":false},"excerpt":{"rendered":"<p>Mis en sc\u00e8ne par Cindy Van Acker, Pl\u00e9\u00efades d\u2019Iannis Xenakis r\u00e9unit cinq danseuses et six percussionnistes du collectif Eklekto autour d\u2019un vaste dispositif percussif. Van Acker compose un paysage chor\u00e9graphique o\u00f9 les corps affrontent la puissance et la complexit\u00e9 de la partition, changeant sans cesse de posture et de rapport au son. La musique est [&hellip;]<\/p>\n","protected":false},"featured_media":183456,"parent":0,"menu_order":0,"template":"","format":"standard","meta":{"_acf_changed":false,"footnotes":""},"tags":[],"event-category":[444],"event-venue":[933],"class_list":["post-183458","event","type-event","status-publish","format-standard","has-post-thumbnail","hentry","event-category-spectacles","event-venue-pavillon-adc-fr"],"acf":{"price":"Sur r\u00e9servation","date":"27 - 31 mai","start_date":"2026-05-27 22:00:00","end_date":"2026-05-31 20:00:00","website_link":"https:\/\/pavillon-adc.ch\/spectacle\/cindy-van-acker_2026\/","link_buy_tickets":"","highlighted":false,"photo_credit":"","timings":[{"timing_start_date":"2026-05-27 22:00:00","timing_end_date":"2026-05-28 00:00:00"},{"timing_start_date":"2026-05-28 22:00:00","timing_end_date":"2026-05-29 00:00:00"},{"timing_start_date":"2026-05-29 22:00:00","timing_end_date":"2026-05-30 00:00:00"},{"timing_start_date":"2026-05-30 21:00:00","timing_end_date":"2026-05-30 23:00:00"},{"timing_start_date":"2026-05-31 20:00:00","timing_end_date":"2026-05-31 22:00:00"}],"external_id":""},"yoast_head":"<!-- This site is optimized with the Yoast SEO plugin v27.5 - https:\/\/yoast.com\/product\/yoast-seo-wordpress\/ -->\n<title>Cindy Van Acker \/ Eklekto \u2014 Pl\u00e9\u00efades, in absentia - Coolturalia<\/title>\n<meta name=\"robots\" content=\"index, follow, max-snippet:-1, max-image-preview:large, max-video-preview:-1\" \/>\n<link rel=\"canonical\" href=\"https:\/\/www.coolturalia.com\/fr\/event\/cindy-van-acker-eklekto-pleiades-in-absentia-2\/\" \/>\n<meta property=\"og:locale\" content=\"fr_FR\" \/>\n<meta property=\"og:type\" content=\"article\" \/>\n<meta property=\"og:title\" content=\"Cindy Van Acker \/ Eklekto \u2014 Pl\u00e9\u00efades, in absentia - Coolturalia\" \/>\n<meta property=\"og:description\" content=\"Mis en sc\u00e8ne par Cindy Van Acker, Pl\u00e9\u00efades d\u2019Iannis Xenakis r\u00e9unit cinq danseuses et six percussionnistes du collectif Eklekto autour d\u2019un vaste dispositif percussif. Van Acker compose un paysage chor\u00e9graphique o\u00f9 les corps affrontent la puissance et la complexit\u00e9 de la partition, changeant sans cesse de posture et de rapport au son. La musique est [&hellip;]\" \/>\n<meta property=\"og:url\" content=\"https:\/\/www.coolturalia.com\/fr\/event\/cindy-van-acker-eklekto-pleiades-in-absentia-2\/\" \/>\n<meta property=\"og:site_name\" content=\"Coolturalia\" \/>\n<meta property=\"og:image\" content=\"https:\/\/www.coolturalia.com\/wp-content\/uploads\/2026\/01\/Cindy-Van-Acker-Eklekto-Pleiades-in-Absentia.webp\" \/>\n\t<meta property=\"og:image:width\" content=\"1024\" \/>\n\t<meta property=\"og:image:height\" content=\"576\" \/>\n\t<meta property=\"og:image:type\" content=\"image\/webp\" \/>\n<meta name=\"twitter:card\" content=\"summary_large_image\" \/>\n<script type=\"application\/ld+json\" class=\"yoast-schema-graph\">{\"@context\":\"https:\\\/\\\/schema.org\",\"@graph\":[{\"@type\":\"WebPage\",\"@id\":\"https:\\\/\\\/www.coolturalia.com\\\/fr\\\/event\\\/cindy-van-acker-eklekto-pleiades-in-absentia-2\\\/\",\"url\":\"https:\\\/\\\/www.coolturalia.com\\\/fr\\\/event\\\/cindy-van-acker-eklekto-pleiades-in-absentia-2\\\/\",\"name\":\"Cindy Van Acker \\\/ Eklekto \u2014 Pl\u00e9\u00efades, in absentia - Coolturalia\",\"isPartOf\":{\"@id\":\"https:\\\/\\\/www.coolturalia.com\\\/fr\\\/#website\"},\"primaryImageOfPage\":{\"@id\":\"https:\\\/\\\/www.coolturalia.com\\\/fr\\\/event\\\/cindy-van-acker-eklekto-pleiades-in-absentia-2\\\/#primaryimage\"},\"image\":{\"@id\":\"https:\\\/\\\/www.coolturalia.com\\\/fr\\\/event\\\/cindy-van-acker-eklekto-pleiades-in-absentia-2\\\/#primaryimage\"},\"thumbnailUrl\":\"https:\\\/\\\/www.coolturalia.com\\\/wp-content\\\/uploads\\\/2026\\\/01\\\/Cindy-Van-Acker-Eklekto-Pleiades-in-Absentia.webp\",\"datePublished\":\"2026-01-15T07:46:55+00:00\",\"breadcrumb\":{\"@id\":\"https:\\\/\\\/www.coolturalia.com\\\/fr\\\/event\\\/cindy-van-acker-eklekto-pleiades-in-absentia-2\\\/#breadcrumb\"},\"inLanguage\":\"fr-FR\",\"potentialAction\":[{\"@type\":\"ReadAction\",\"target\":[\"https:\\\/\\\/www.coolturalia.com\\\/fr\\\/event\\\/cindy-van-acker-eklekto-pleiades-in-absentia-2\\\/\"]}]},{\"@type\":\"ImageObject\",\"inLanguage\":\"fr-FR\",\"@id\":\"https:\\\/\\\/www.coolturalia.com\\\/fr\\\/event\\\/cindy-van-acker-eklekto-pleiades-in-absentia-2\\\/#primaryimage\",\"url\":\"https:\\\/\\\/www.coolturalia.com\\\/wp-content\\\/uploads\\\/2026\\\/01\\\/Cindy-Van-Acker-Eklekto-Pleiades-in-Absentia.webp\",\"contentUrl\":\"https:\\\/\\\/www.coolturalia.com\\\/wp-content\\\/uploads\\\/2026\\\/01\\\/Cindy-Van-Acker-Eklekto-Pleiades-in-Absentia.webp\",\"width\":1024,\"height\":576,\"caption\":\"undefined\"},{\"@type\":\"BreadcrumbList\",\"@id\":\"https:\\\/\\\/www.coolturalia.com\\\/fr\\\/event\\\/cindy-van-acker-eklekto-pleiades-in-absentia-2\\\/#breadcrumb\",\"itemListElement\":[{\"@type\":\"ListItem\",\"position\":1,\"name\":\"Home\",\"item\":\"https:\\\/\\\/www.coolturalia.com\\\/fr\\\/\"},{\"@type\":\"ListItem\",\"position\":2,\"name\":\"Events\",\"item\":\"https:\\\/\\\/www.coolturalia.com\\\/fr\\\/events\\\/\"},{\"@type\":\"ListItem\",\"position\":3,\"name\":\"Cindy Van Acker \\\/ Eklekto \u2014 Pl\u00e9\u00efades, in absentia\"}]},{\"@type\":\"WebSite\",\"@id\":\"https:\\\/\\\/www.coolturalia.com\\\/fr\\\/#website\",\"url\":\"https:\\\/\\\/www.coolturalia.com\\\/fr\\\/\",\"name\":\"Coolturalia\",\"description\":\"\",\"publisher\":{\"@id\":\"https:\\\/\\\/www.coolturalia.com\\\/fr\\\/#organization\"},\"potentialAction\":[{\"@type\":\"SearchAction\",\"target\":{\"@type\":\"EntryPoint\",\"urlTemplate\":\"https:\\\/\\\/www.coolturalia.com\\\/fr\\\/?s={search_term_string}\"},\"query-input\":{\"@type\":\"PropertyValueSpecification\",\"valueRequired\":true,\"valueName\":\"search_term_string\"}}],\"inLanguage\":\"fr-FR\"},{\"@type\":\"Organization\",\"@id\":\"https:\\\/\\\/www.coolturalia.com\\\/fr\\\/#organization\",\"name\":\"Coolturalia\",\"url\":\"https:\\\/\\\/www.coolturalia.com\\\/fr\\\/\",\"logo\":{\"@type\":\"ImageObject\",\"inLanguage\":\"fr-FR\",\"@id\":\"https:\\\/\\\/www.coolturalia.com\\\/fr\\\/#\\\/schema\\\/logo\\\/image\\\/\",\"url\":\"https:\\\/\\\/www.coolturalia.com\\\/wp-content\\\/uploads\\\/2024\\\/04\\\/Logo-coolturalia.svg\",\"contentUrl\":\"https:\\\/\\\/www.coolturalia.com\\\/wp-content\\\/uploads\\\/2024\\\/04\\\/Logo-coolturalia.svg\",\"width\":1312,\"height\":193,\"caption\":\"Coolturalia\"},\"image\":{\"@id\":\"https:\\\/\\\/www.coolturalia.com\\\/fr\\\/#\\\/schema\\\/logo\\\/image\\\/\"},\"sameAs\":[\"https:\\\/\\\/www.instagram.com\\\/coolturalia_geneva\\\/\"]}]}<\/script>\n<!-- \/ Yoast SEO plugin. -->","yoast_head_json":{"title":"Cindy Van Acker \/ Eklekto \u2014 Pl\u00e9\u00efades, in absentia - Coolturalia","robots":{"index":"index","follow":"follow","max-snippet":"max-snippet:-1","max-image-preview":"max-image-preview:large","max-video-preview":"max-video-preview:-1"},"canonical":"https:\/\/www.coolturalia.com\/fr\/event\/cindy-van-acker-eklekto-pleiades-in-absentia-2\/","og_locale":"fr_FR","og_type":"article","og_title":"Cindy Van Acker \/ Eklekto \u2014 Pl\u00e9\u00efades, in absentia - Coolturalia","og_description":"Mis en sc\u00e8ne par Cindy Van Acker, Pl\u00e9\u00efades d\u2019Iannis Xenakis r\u00e9unit cinq danseuses et six percussionnistes du collectif Eklekto autour d\u2019un vaste dispositif percussif. Van Acker compose un paysage chor\u00e9graphique o\u00f9 les corps affrontent la puissance et la complexit\u00e9 de la partition, changeant sans cesse de posture et de rapport au son. La musique est [&hellip;]","og_url":"https:\/\/www.coolturalia.com\/fr\/event\/cindy-van-acker-eklekto-pleiades-in-absentia-2\/","og_site_name":"Coolturalia","og_image":[{"width":1024,"height":576,"url":"https:\/\/www.coolturalia.com\/wp-content\/uploads\/2026\/01\/Cindy-Van-Acker-Eklekto-Pleiades-in-Absentia.webp","type":"image\/webp"}],"twitter_card":"summary_large_image","schema":{"@context":"https:\/\/schema.org","@graph":[{"@type":"WebPage","@id":"https:\/\/www.coolturalia.com\/fr\/event\/cindy-van-acker-eklekto-pleiades-in-absentia-2\/","url":"https:\/\/www.coolturalia.com\/fr\/event\/cindy-van-acker-eklekto-pleiades-in-absentia-2\/","name":"Cindy Van Acker \/ Eklekto \u2014 Pl\u00e9\u00efades, in absentia - Coolturalia","isPartOf":{"@id":"https:\/\/www.coolturalia.com\/fr\/#website"},"primaryImageOfPage":{"@id":"https:\/\/www.coolturalia.com\/fr\/event\/cindy-van-acker-eklekto-pleiades-in-absentia-2\/#primaryimage"},"image":{"@id":"https:\/\/www.coolturalia.com\/fr\/event\/cindy-van-acker-eklekto-pleiades-in-absentia-2\/#primaryimage"},"thumbnailUrl":"https:\/\/www.coolturalia.com\/wp-content\/uploads\/2026\/01\/Cindy-Van-Acker-Eklekto-Pleiades-in-Absentia.webp","datePublished":"2026-01-15T07:46:55+00:00","breadcrumb":{"@id":"https:\/\/www.coolturalia.com\/fr\/event\/cindy-van-acker-eklekto-pleiades-in-absentia-2\/#breadcrumb"},"inLanguage":"fr-FR","potentialAction":[{"@type":"ReadAction","target":["https:\/\/www.coolturalia.com\/fr\/event\/cindy-van-acker-eklekto-pleiades-in-absentia-2\/"]}]},{"@type":"ImageObject","inLanguage":"fr-FR","@id":"https:\/\/www.coolturalia.com\/fr\/event\/cindy-van-acker-eklekto-pleiades-in-absentia-2\/#primaryimage","url":"https:\/\/www.coolturalia.com\/wp-content\/uploads\/2026\/01\/Cindy-Van-Acker-Eklekto-Pleiades-in-Absentia.webp","contentUrl":"https:\/\/www.coolturalia.com\/wp-content\/uploads\/2026\/01\/Cindy-Van-Acker-Eklekto-Pleiades-in-Absentia.webp","width":1024,"height":576,"caption":"undefined"},{"@type":"BreadcrumbList","@id":"https:\/\/www.coolturalia.com\/fr\/event\/cindy-van-acker-eklekto-pleiades-in-absentia-2\/#breadcrumb","itemListElement":[{"@type":"ListItem","position":1,"name":"Home","item":"https:\/\/www.coolturalia.com\/fr\/"},{"@type":"ListItem","position":2,"name":"Events","item":"https:\/\/www.coolturalia.com\/fr\/events\/"},{"@type":"ListItem","position":3,"name":"Cindy Van Acker \/ Eklekto \u2014 Pl\u00e9\u00efades, in absentia"}]},{"@type":"WebSite","@id":"https:\/\/www.coolturalia.com\/fr\/#website","url":"https:\/\/www.coolturalia.com\/fr\/","name":"Coolturalia","description":"","publisher":{"@id":"https:\/\/www.coolturalia.com\/fr\/#organization"},"potentialAction":[{"@type":"SearchAction","target":{"@type":"EntryPoint","urlTemplate":"https:\/\/www.coolturalia.com\/fr\/?s={search_term_string}"},"query-input":{"@type":"PropertyValueSpecification","valueRequired":true,"valueName":"search_term_string"}}],"inLanguage":"fr-FR"},{"@type":"Organization","@id":"https:\/\/www.coolturalia.com\/fr\/#organization","name":"Coolturalia","url":"https:\/\/www.coolturalia.com\/fr\/","logo":{"@type":"ImageObject","inLanguage":"fr-FR","@id":"https:\/\/www.coolturalia.com\/fr\/#\/schema\/logo\/image\/","url":"https:\/\/www.coolturalia.com\/wp-content\/uploads\/2024\/04\/Logo-coolturalia.svg","contentUrl":"https:\/\/www.coolturalia.com\/wp-content\/uploads\/2024\/04\/Logo-coolturalia.svg","width":1312,"height":193,"caption":"Coolturalia"},"image":{"@id":"https:\/\/www.coolturalia.com\/fr\/#\/schema\/logo\/image\/"},"sameAs":["https:\/\/www.instagram.com\/coolturalia_geneva\/"]}]}},"translations":{"translations":{"en":"183457","fr":"183458"},"language":{"code":"fr"},"date":{"dateRange":"27 - 31 mai"}},"language":{"code":"fr"},"_links":{"self":[{"href":"https:\/\/www.coolturalia.com\/fr\/wp-json\/wp\/v2\/event\/183458","targetHints":{"allow":["GET"]}}],"collection":[{"href":"https:\/\/www.coolturalia.com\/fr\/wp-json\/wp\/v2\/event"}],"about":[{"href":"https:\/\/www.coolturalia.com\/fr\/wp-json\/wp\/v2\/types\/event"}],"version-history":[{"count":0,"href":"https:\/\/www.coolturalia.com\/fr\/wp-json\/wp\/v2\/event\/183458\/revisions"}],"wp:featuredmedia":[{"embeddable":true,"href":"https:\/\/www.coolturalia.com\/fr\/wp-json\/wp\/v2\/media\/183456"}],"wp:attachment":[{"href":"https:\/\/www.coolturalia.com\/fr\/wp-json\/wp\/v2\/media?parent=183458"}],"wp:term":[{"taxonomy":"post_tag","embeddable":true,"href":"https:\/\/www.coolturalia.com\/fr\/wp-json\/wp\/v2\/tags?post=183458"},{"taxonomy":"event-category","embeddable":true,"href":"https:\/\/www.coolturalia.com\/fr\/wp-json\/wp\/v2\/event-category?post=183458"},{"taxonomy":"event-venue","embeddable":true,"href":"https:\/\/www.coolturalia.com\/fr\/wp-json\/wp\/v2\/event-venue?post=183458"}],"curies":[{"name":"wp","href":"https:\/\/api.w.org\/{rel}","templated":true}]}}