{"id":182629,"date":"2026-01-06T14:24:42","date_gmt":"2026-01-06T13:24:42","guid":{"rendered":"https:\/\/www.coolturalia.com\/event\/michel-mottier-la-passion-des-cuilleres-a-creme\/"},"modified":"2026-01-06T14:24:42","modified_gmt":"2026-01-06T13:24:42","slug":"michel-mottier-la-passion-des-cuilleres-a-creme","status":"publish","type":"event","link":"https:\/\/www.coolturalia.com\/fr\/event\/michel-mottier-la-passion-des-cuilleres-a-creme\/","title":{"rendered":"Michel Mottier &#8211; La passion des cuill\u00e8res \u00e0 cr\u00e8me"},"content":{"rendered":"<p>PLUS LOIN<\/p>\n<p>Cette exposition met \u00e0 l&rsquo;honneur le savoir-faire de Michel Mottier, un artisan du Pays-d&rsquo;Enhaut qui sculpte chaque cuill\u00e8re \u00e0 cr\u00e8me en bois avec patience et pr\u00e9cision. D\u00e9couvrez une centaine de cuill\u00e8res uniques, fa\u00e7onn\u00e9es \u00e0 la main, chacune refl\u00e9tant son remarquable savoir-faire et son d\u00e9vouement pour cette passion singuli\u00e8re.<\/p>\n","protected":false},"excerpt":{"rendered":"<p>PLUS LOIN Cette exposition met \u00e0 l&rsquo;honneur le savoir-faire de Michel Mottier, un artisan du Pays-d&rsquo;Enhaut qui sculpte chaque cuill\u00e8re \u00e0 cr\u00e8me en bois avec patience et pr\u00e9cision. D\u00e9couvrez une centaine de cuill\u00e8res uniques, fa\u00e7onn\u00e9es \u00e0 la main, chacune refl\u00e9tant son remarquable savoir-faire et son d\u00e9vouement pour cette passion singuli\u00e8re.<\/p>\n","protected":false},"featured_media":182627,"parent":0,"menu_order":0,"template":"","format":"standard","meta":{"_acf_changed":false,"footnotes":""},"tags":[686],"event-category":[446],"event-venue":[1959],"class_list":["post-182629","event","type-event","status-publish","format-standard","has-post-thumbnail","hentry","tag-evenement-passe","event-category-art-et-expositions","event-venue-musee-du-pays-denhaut-vd-fr"],"acf":{"price":"","date":"16 d\u00e9cembre - 30 avril","start_date":"2025-12-16 14:30:00","end_date":"2026-04-30 20:30:00","website_link":"https:\/\/musee-chateau-doex.ch\/en\/michel-mottier\/#\/","link_buy_tickets":"","highlighted":false,"photo_credit":"","timings":[{"timing_start_date":"2025-12-16 14:30:00","timing_end_date":"2025-12-16 18:30:00"},{"timing_start_date":"2025-12-17 14:30:00","timing_end_date":"2025-12-17 18:30:00"},{"timing_start_date":"2025-12-18 14:30:00","timing_end_date":"2025-12-18 18:30:00"},{"timing_start_date":"2025-12-19 14:30:00","timing_end_date":"2025-12-19 18:30:00"},{"timing_start_date":"2025-12-20 14:30:00","timing_end_date":"2025-12-20 18:30:00"},{"timing_start_date":"2025-12-21 14:30:00","timing_end_date":"2025-12-21 18:30:00"},{"timing_start_date":"2025-12-23 14:30:00","timing_end_date":"2025-12-23 18:30:00"},{"timing_start_date":"2025-12-24 14:30:00","timing_end_date":"2025-12-24 18:30:00"},{"timing_start_date":"2025-12-25 14:30:00","timing_end_date":"2025-12-25 18:30:00"},{"timing_start_date":"2025-12-26 14:30:00","timing_end_date":"2025-12-26 18:30:00"},{"timing_start_date":"2025-12-27 14:30:00","timing_end_date":"2025-12-27 18:30:00"},{"timing_start_date":"2025-12-28 14:30:00","timing_end_date":"2025-12-28 18:30:00"},{"timing_start_date":"2025-12-30 14:30:00","timing_end_date":"2025-12-30 18:30:00"},{"timing_start_date":"2025-12-31 14:30:00","timing_end_date":"2025-12-31 18:30:00"},{"timing_start_date":"2026-01-01 14:30:00","timing_end_date":"2026-01-01 18:30:00"},{"timing_start_date":"2026-01-02 14:30:00","timing_end_date":"2026-01-02 18:30:00"},{"timing_start_date":"2026-01-03 14:30:00","timing_end_date":"2026-01-03 18:30:00"},{"timing_start_date":"2026-01-04 14:30:00","timing_end_date":"2026-01-04 18:30:00"},{"timing_start_date":"2026-01-06 14:30:00","timing_end_date":"2026-01-06 18:30:00"},{"timing_start_date":"2026-01-07 14:30:00","timing_end_date":"2026-01-07 18:30:00"},{"timing_start_date":"2026-01-08 14:30:00","timing_end_date":"2026-01-08 18:30:00"},{"timing_start_date":"2026-01-09 14:30:00","timing_end_date":"2026-01-09 18:30:00"},{"timing_start_date":"2026-01-10 14:30:00","timing_end_date":"2026-01-10 18:30:00"},{"timing_start_date":"2026-01-11 14:30:00","timing_end_date":"2026-01-11 18:30:00"},{"timing_start_date":"2026-01-13 14:30:00","timing_end_date":"2026-01-13 18:30:00"},{"timing_start_date":"2026-01-14 14:30:00","timing_end_date":"2026-01-14 18:30:00"},{"timing_start_date":"2026-01-15 14:30:00","timing_end_date":"2026-01-15 18:30:00"},{"timing_start_date":"2026-01-16 14:30:00","timing_end_date":"2026-01-16 18:30:00"},{"timing_start_date":"2026-01-17 14:30:00","timing_end_date":"2026-01-17 18:30:00"},{"timing_start_date":"2026-01-18 14:30:00","timing_end_date":"2026-01-18 18:30:00"},{"timing_start_date":"2026-01-20 14:30:00","timing_end_date":"2026-01-20 18:30:00"},{"timing_start_date":"2026-01-21 14:30:00","timing_end_date":"2026-01-21 18:30:00"},{"timing_start_date":"2026-01-22 14:30:00","timing_end_date":"2026-01-22 18:30:00"},{"timing_start_date":"2026-01-23 14:30:00","timing_end_date":"2026-01-23 18:30:00"},{"timing_start_date":"2026-01-24 14:30:00","timing_end_date":"2026-01-24 18:30:00"},{"timing_start_date":"2026-01-25 14:30:00","timing_end_date":"2026-01-25 18:30:00"},{"timing_start_date":"2026-01-27 14:30:00","timing_end_date":"2026-01-27 18:30:00"},{"timing_start_date":"2026-01-28 14:30:00","timing_end_date":"2026-01-28 18:30:00"},{"timing_start_date":"2026-01-29 14:30:00","timing_end_date":"2026-01-29 18:30:00"},{"timing_start_date":"2026-01-30 14:30:00","timing_end_date":"2026-01-30 18:30:00"},{"timing_start_date":"2026-01-31 14:30:00","timing_end_date":"2026-01-31 18:30:00"},{"timing_start_date":"2026-02-01 14:30:00","timing_end_date":"2026-02-01 18:30:00"},{"timing_start_date":"2026-02-03 14:30:00","timing_end_date":"2026-02-03 18:30:00"},{"timing_start_date":"2026-02-04 14:30:00","timing_end_date":"2026-02-04 18:30:00"},{"timing_start_date":"2026-02-05 14:30:00","timing_end_date":"2026-02-05 18:30:00"},{"timing_start_date":"2026-02-06 14:30:00","timing_end_date":"2026-02-06 18:30:00"},{"timing_start_date":"2026-02-07 14:30:00","timing_end_date":"2026-02-07 18:30:00"},{"timing_start_date":"2026-02-08 14:30:00","timing_end_date":"2026-02-08 18:30:00"},{"timing_start_date":"2026-02-10 14:30:00","timing_end_date":"2026-02-10 18:30:00"},{"timing_start_date":"2026-02-11 14:30:00","timing_end_date":"2026-02-11 18:30:00"},{"timing_start_date":"2026-02-12 14:30:00","timing_end_date":"2026-02-12 18:30:00"},{"timing_start_date":"2026-02-13 14:30:00","timing_end_date":"2026-02-13 18:30:00"},{"timing_start_date":"2026-02-14 14:30:00","timing_end_date":"2026-02-14 18:30:00"},{"timing_start_date":"2026-02-15 14:30:00","timing_end_date":"2026-02-15 18:30:00"},{"timing_start_date":"2026-02-17 14:30:00","timing_end_date":"2026-02-17 18:30:00"},{"timing_start_date":"2026-02-18 14:30:00","timing_end_date":"2026-02-18 18:30:00"},{"timing_start_date":"2026-02-19 14:30:00","timing_end_date":"2026-02-19 18:30:00"},{"timing_start_date":"2026-02-20 14:30:00","timing_end_date":"2026-02-20 18:30:00"},{"timing_start_date":"2026-02-21 14:30:00","timing_end_date":"2026-02-21 18:30:00"},{"timing_start_date":"2026-02-22 14:30:00","timing_end_date":"2026-02-22 18:30:00"},{"timing_start_date":"2026-02-24 14:30:00","timing_end_date":"2026-02-24 18:30:00"},{"timing_start_date":"2026-02-25 14:30:00","timing_end_date":"2026-02-25 18:30:00"},{"timing_start_date":"2026-02-26 14:30:00","timing_end_date":"2026-02-26 18:30:00"},{"timing_start_date":"2026-02-27 14:30:00","timing_end_date":"2026-02-27 18:30:00"},{"timing_start_date":"2026-02-28 14:30:00","timing_end_date":"2026-02-28 18:30:00"},{"timing_start_date":"2026-03-01 14:30:00","timing_end_date":"2026-03-01 18:30:00"},{"timing_start_date":"2026-03-03 14:30:00","timing_end_date":"2026-03-03 18:30:00"},{"timing_start_date":"2026-03-04 14:30:00","timing_end_date":"2026-03-04 18:30:00"},{"timing_start_date":"2026-03-05 14:30:00","timing_end_date":"2026-03-05 18:30:00"},{"timing_start_date":"2026-03-06 14:30:00","timing_end_date":"2026-03-06 18:30:00"},{"timing_start_date":"2026-03-07 14:30:00","timing_end_date":"2026-03-07 18:30:00"},{"timing_start_date":"2026-03-08 14:30:00","timing_end_date":"2026-03-08 18:30:00"},{"timing_start_date":"2026-03-10 14:30:00","timing_end_date":"2026-03-10 18:30:00"},{"timing_start_date":"2026-03-11 14:30:00","timing_end_date":"2026-03-11 18:30:00"},{"timing_start_date":"2026-03-12 14:30:00","timing_end_date":"2026-03-12 18:30:00"},{"timing_start_date":"2026-03-13 14:30:00","timing_end_date":"2026-03-13 18:30:00"},{"timing_start_date":"2026-03-14 14:30:00","timing_end_date":"2026-03-14 18:30:00"},{"timing_start_date":"2026-03-15 14:30:00","timing_end_date":"2026-03-15 18:30:00"},{"timing_start_date":"2026-03-17 14:30:00","timing_end_date":"2026-03-17 18:30:00"},{"timing_start_date":"2026-03-18 14:30:00","timing_end_date":"2026-03-18 18:30:00"},{"timing_start_date":"2026-03-19 14:30:00","timing_end_date":"2026-03-19 18:30:00"},{"timing_start_date":"2026-03-20 14:30:00","timing_end_date":"2026-03-20 18:30:00"},{"timing_start_date":"2026-03-21 14:30:00","timing_end_date":"2026-03-21 18:30:00"},{"timing_start_date":"2026-03-22 14:30:00","timing_end_date":"2026-03-22 18:30:00"},{"timing_start_date":"2026-03-24 14:30:00","timing_end_date":"2026-03-24 18:30:00"},{"timing_start_date":"2026-03-25 14:30:00","timing_end_date":"2026-03-25 18:30:00"},{"timing_start_date":"2026-03-26 14:30:00","timing_end_date":"2026-03-26 18:30:00"},{"timing_start_date":"2026-03-27 14:30:00","timing_end_date":"2026-03-27 18:30:00"},{"timing_start_date":"2026-03-28 14:30:00","timing_end_date":"2026-03-28 18:30:00"},{"timing_start_date":"2026-03-29 16:30:00","timing_end_date":"2026-03-29 20:30:00"},{"timing_start_date":"2026-03-31 16:30:00","timing_end_date":"2026-03-31 20:30:00"},{"timing_start_date":"2026-04-01 16:30:00","timing_end_date":"2026-04-01 20:30:00"},{"timing_start_date":"2026-04-02 16:30:00","timing_end_date":"2026-04-02 20:30:00"},{"timing_start_date":"2026-04-03 16:30:00","timing_end_date":"2026-04-03 20:30:00"},{"timing_start_date":"2026-04-04 16:30:00","timing_end_date":"2026-04-04 20:30:00"},{"timing_start_date":"2026-04-05 16:30:00","timing_end_date":"2026-04-05 20:30:00"},{"timing_start_date":"2026-04-07 16:30:00","timing_end_date":"2026-04-07 20:30:00"},{"timing_start_date":"2026-04-08 16:30:00","timing_end_date":"2026-04-08 20:30:00"},{"timing_start_date":"2026-04-09 16:30:00","timing_end_date":"2026-04-09 20:30:00"},{"timing_start_date":"2026-04-10 16:30:00","timing_end_date":"2026-04-10 20:30:00"},{"timing_start_date":"2026-04-11 16:30:00","timing_end_date":"2026-04-11 20:30:00"},{"timing_start_date":"2026-04-12 16:30:00","timing_end_date":"2026-04-12 20:30:00"},{"timing_start_date":"2026-04-14 16:30:00","timing_end_date":"2026-04-14 20:30:00"},{"timing_start_date":"2026-04-15 16:30:00","timing_end_date":"2026-04-15 20:30:00"},{"timing_start_date":"2026-04-16 16:30:00","timing_end_date":"2026-04-16 20:30:00"},{"timing_start_date":"2026-04-17 16:30:00","timing_end_date":"2026-04-17 20:30:00"},{"timing_start_date":"2026-04-18 16:30:00","timing_end_date":"2026-04-18 20:30:00"},{"timing_start_date":"2026-04-19 16:30:00","timing_end_date":"2026-04-19 20:30:00"},{"timing_start_date":"2026-04-21 16:30:00","timing_end_date":"2026-04-21 20:30:00"},{"timing_start_date":"2026-04-22 16:30:00","timing_end_date":"2026-04-22 20:30:00"},{"timing_start_date":"2026-04-23 16:30:00","timing_end_date":"2026-04-23 20:30:00"},{"timing_start_date":"2026-04-24 16:30:00","timing_end_date":"2026-04-24 20:30:00"},{"timing_start_date":"2026-04-25 16:30:00","timing_end_date":"2026-04-25 20:30:00"},{"timing_start_date":"2026-04-26 16:30:00","timing_end_date":"2026-04-26 20:30:00"},{"timing_start_date":"2026-04-28 16:30:00","timing_end_date":"2026-04-28 20:30:00"},{"timing_start_date":"2026-04-29 16:30:00","timing_end_date":"2026-04-29 20:30:00"},{"timing_start_date":"2026-04-30 16:30:00","timing_end_date":"2026-04-30 20:30:00"}],"external_id":"-1"},"yoast_head":"<!-- This site is optimized with the Yoast SEO plugin v27.5 - https:\/\/yoast.com\/product\/yoast-seo-wordpress\/ -->\n<title>Michel Mottier - La passion des cuill\u00e8res \u00e0 cr\u00e8me - Coolturalia<\/title>\n<meta name=\"robots\" content=\"index, follow, max-snippet:-1, max-image-preview:large, max-video-preview:-1\" \/>\n<link rel=\"canonical\" href=\"https:\/\/www.coolturalia.com\/fr\/event\/michel-mottier-la-passion-des-cuilleres-a-creme\/\" \/>\n<meta property=\"og:locale\" content=\"fr_FR\" \/>\n<meta property=\"og:type\" content=\"article\" \/>\n<meta property=\"og:title\" content=\"Michel Mottier - La passion des cuill\u00e8res \u00e0 cr\u00e8me - Coolturalia\" \/>\n<meta property=\"og:description\" content=\"PLUS LOIN Cette exposition met \u00e0 l&rsquo;honneur le savoir-faire de Michel Mottier, un artisan du Pays-d&rsquo;Enhaut qui sculpte chaque cuill\u00e8re \u00e0 cr\u00e8me en bois avec patience et pr\u00e9cision. D\u00e9couvrez une centaine de cuill\u00e8res uniques, fa\u00e7onn\u00e9es \u00e0 la main, chacune refl\u00e9tant son remarquable savoir-faire et son d\u00e9vouement pour cette passion singuli\u00e8re.\" \/>\n<meta property=\"og:url\" content=\"https:\/\/www.coolturalia.com\/fr\/event\/michel-mottier-la-passion-des-cuilleres-a-creme\/\" \/>\n<meta property=\"og:site_name\" content=\"Coolturalia\" \/>\n<meta property=\"og:image\" content=\"https:\/\/www.coolturalia.com\/wp-content\/uploads\/2026\/01\/Michel-Mottier-The-Passion-for-Cream-Spoons.webp\" \/>\n\t<meta property=\"og:image:width\" content=\"678\" \/>\n\t<meta property=\"og:image:height\" content=\"509\" \/>\n\t<meta property=\"og:image:type\" content=\"image\/webp\" \/>\n<meta name=\"twitter:card\" content=\"summary_large_image\" \/>\n<script type=\"application\/ld+json\" class=\"yoast-schema-graph\">{\"@context\":\"https:\\\/\\\/schema.org\",\"@graph\":[{\"@type\":\"WebPage\",\"@id\":\"https:\\\/\\\/www.coolturalia.com\\\/fr\\\/event\\\/michel-mottier-la-passion-des-cuilleres-a-creme\\\/\",\"url\":\"https:\\\/\\\/www.coolturalia.com\\\/fr\\\/event\\\/michel-mottier-la-passion-des-cuilleres-a-creme\\\/\",\"name\":\"Michel Mottier - La passion des cuill\u00e8res \u00e0 cr\u00e8me - Coolturalia\",\"isPartOf\":{\"@id\":\"https:\\\/\\\/www.coolturalia.com\\\/fr\\\/#website\"},\"primaryImageOfPage\":{\"@id\":\"https:\\\/\\\/www.coolturalia.com\\\/fr\\\/event\\\/michel-mottier-la-passion-des-cuilleres-a-creme\\\/#primaryimage\"},\"image\":{\"@id\":\"https:\\\/\\\/www.coolturalia.com\\\/fr\\\/event\\\/michel-mottier-la-passion-des-cuilleres-a-creme\\\/#primaryimage\"},\"thumbnailUrl\":\"https:\\\/\\\/www.coolturalia.com\\\/wp-content\\\/uploads\\\/2026\\\/01\\\/Michel-Mottier-The-Passion-for-Cream-Spoons.webp\",\"datePublished\":\"2026-01-06T13:24:42+00:00\",\"breadcrumb\":{\"@id\":\"https:\\\/\\\/www.coolturalia.com\\\/fr\\\/event\\\/michel-mottier-la-passion-des-cuilleres-a-creme\\\/#breadcrumb\"},\"inLanguage\":\"fr-FR\",\"potentialAction\":[{\"@type\":\"ReadAction\",\"target\":[\"https:\\\/\\\/www.coolturalia.com\\\/fr\\\/event\\\/michel-mottier-la-passion-des-cuilleres-a-creme\\\/\"]}]},{\"@type\":\"ImageObject\",\"inLanguage\":\"fr-FR\",\"@id\":\"https:\\\/\\\/www.coolturalia.com\\\/fr\\\/event\\\/michel-mottier-la-passion-des-cuilleres-a-creme\\\/#primaryimage\",\"url\":\"https:\\\/\\\/www.coolturalia.com\\\/wp-content\\\/uploads\\\/2026\\\/01\\\/Michel-Mottier-The-Passion-for-Cream-Spoons.webp\",\"contentUrl\":\"https:\\\/\\\/www.coolturalia.com\\\/wp-content\\\/uploads\\\/2026\\\/01\\\/Michel-Mottier-The-Passion-for-Cream-Spoons.webp\",\"width\":678,\"height\":509,\"caption\":\"undefined\"},{\"@type\":\"BreadcrumbList\",\"@id\":\"https:\\\/\\\/www.coolturalia.com\\\/fr\\\/event\\\/michel-mottier-la-passion-des-cuilleres-a-creme\\\/#breadcrumb\",\"itemListElement\":[{\"@type\":\"ListItem\",\"position\":1,\"name\":\"Home\",\"item\":\"https:\\\/\\\/www.coolturalia.com\\\/fr\\\/\"},{\"@type\":\"ListItem\",\"position\":2,\"name\":\"Events\",\"item\":\"https:\\\/\\\/www.coolturalia.com\\\/fr\\\/events\\\/\"},{\"@type\":\"ListItem\",\"position\":3,\"name\":\"Michel Mottier &#8211; La passion des cuill\u00e8res \u00e0 cr\u00e8me\"}]},{\"@type\":\"WebSite\",\"@id\":\"https:\\\/\\\/www.coolturalia.com\\\/fr\\\/#website\",\"url\":\"https:\\\/\\\/www.coolturalia.com\\\/fr\\\/\",\"name\":\"Coolturalia\",\"description\":\"\",\"publisher\":{\"@id\":\"https:\\\/\\\/www.coolturalia.com\\\/fr\\\/#organization\"},\"potentialAction\":[{\"@type\":\"SearchAction\",\"target\":{\"@type\":\"EntryPoint\",\"urlTemplate\":\"https:\\\/\\\/www.coolturalia.com\\\/fr\\\/?s={search_term_string}\"},\"query-input\":{\"@type\":\"PropertyValueSpecification\",\"valueRequired\":true,\"valueName\":\"search_term_string\"}}],\"inLanguage\":\"fr-FR\"},{\"@type\":\"Organization\",\"@id\":\"https:\\\/\\\/www.coolturalia.com\\\/fr\\\/#organization\",\"name\":\"Coolturalia\",\"url\":\"https:\\\/\\\/www.coolturalia.com\\\/fr\\\/\",\"logo\":{\"@type\":\"ImageObject\",\"inLanguage\":\"fr-FR\",\"@id\":\"https:\\\/\\\/www.coolturalia.com\\\/fr\\\/#\\\/schema\\\/logo\\\/image\\\/\",\"url\":\"https:\\\/\\\/www.coolturalia.com\\\/wp-content\\\/uploads\\\/2024\\\/04\\\/Logo-coolturalia.svg\",\"contentUrl\":\"https:\\\/\\\/www.coolturalia.com\\\/wp-content\\\/uploads\\\/2024\\\/04\\\/Logo-coolturalia.svg\",\"width\":1312,\"height\":193,\"caption\":\"Coolturalia\"},\"image\":{\"@id\":\"https:\\\/\\\/www.coolturalia.com\\\/fr\\\/#\\\/schema\\\/logo\\\/image\\\/\"},\"sameAs\":[\"https:\\\/\\\/www.instagram.com\\\/coolturalia_geneva\\\/\"]}]}<\/script>\n<!-- \/ Yoast SEO plugin. -->","yoast_head_json":{"title":"Michel Mottier - La passion des cuill\u00e8res \u00e0 cr\u00e8me - Coolturalia","robots":{"index":"index","follow":"follow","max-snippet":"max-snippet:-1","max-image-preview":"max-image-preview:large","max-video-preview":"max-video-preview:-1"},"canonical":"https:\/\/www.coolturalia.com\/fr\/event\/michel-mottier-la-passion-des-cuilleres-a-creme\/","og_locale":"fr_FR","og_type":"article","og_title":"Michel Mottier - La passion des cuill\u00e8res \u00e0 cr\u00e8me - Coolturalia","og_description":"PLUS LOIN Cette exposition met \u00e0 l&rsquo;honneur le savoir-faire de Michel Mottier, un artisan du Pays-d&rsquo;Enhaut qui sculpte chaque cuill\u00e8re \u00e0 cr\u00e8me en bois avec patience et pr\u00e9cision. D\u00e9couvrez une centaine de cuill\u00e8res uniques, fa\u00e7onn\u00e9es \u00e0 la main, chacune refl\u00e9tant son remarquable savoir-faire et son d\u00e9vouement pour cette passion singuli\u00e8re.","og_url":"https:\/\/www.coolturalia.com\/fr\/event\/michel-mottier-la-passion-des-cuilleres-a-creme\/","og_site_name":"Coolturalia","og_image":[{"width":678,"height":509,"url":"https:\/\/www.coolturalia.com\/wp-content\/uploads\/2026\/01\/Michel-Mottier-The-Passion-for-Cream-Spoons.webp","type":"image\/webp"}],"twitter_card":"summary_large_image","schema":{"@context":"https:\/\/schema.org","@graph":[{"@type":"WebPage","@id":"https:\/\/www.coolturalia.com\/fr\/event\/michel-mottier-la-passion-des-cuilleres-a-creme\/","url":"https:\/\/www.coolturalia.com\/fr\/event\/michel-mottier-la-passion-des-cuilleres-a-creme\/","name":"Michel Mottier - La passion des cuill\u00e8res \u00e0 cr\u00e8me - Coolturalia","isPartOf":{"@id":"https:\/\/www.coolturalia.com\/fr\/#website"},"primaryImageOfPage":{"@id":"https:\/\/www.coolturalia.com\/fr\/event\/michel-mottier-la-passion-des-cuilleres-a-creme\/#primaryimage"},"image":{"@id":"https:\/\/www.coolturalia.com\/fr\/event\/michel-mottier-la-passion-des-cuilleres-a-creme\/#primaryimage"},"thumbnailUrl":"https:\/\/www.coolturalia.com\/wp-content\/uploads\/2026\/01\/Michel-Mottier-The-Passion-for-Cream-Spoons.webp","datePublished":"2026-01-06T13:24:42+00:00","breadcrumb":{"@id":"https:\/\/www.coolturalia.com\/fr\/event\/michel-mottier-la-passion-des-cuilleres-a-creme\/#breadcrumb"},"inLanguage":"fr-FR","potentialAction":[{"@type":"ReadAction","target":["https:\/\/www.coolturalia.com\/fr\/event\/michel-mottier-la-passion-des-cuilleres-a-creme\/"]}]},{"@type":"ImageObject","inLanguage":"fr-FR","@id":"https:\/\/www.coolturalia.com\/fr\/event\/michel-mottier-la-passion-des-cuilleres-a-creme\/#primaryimage","url":"https:\/\/www.coolturalia.com\/wp-content\/uploads\/2026\/01\/Michel-Mottier-The-Passion-for-Cream-Spoons.webp","contentUrl":"https:\/\/www.coolturalia.com\/wp-content\/uploads\/2026\/01\/Michel-Mottier-The-Passion-for-Cream-Spoons.webp","width":678,"height":509,"caption":"undefined"},{"@type":"BreadcrumbList","@id":"https:\/\/www.coolturalia.com\/fr\/event\/michel-mottier-la-passion-des-cuilleres-a-creme\/#breadcrumb","itemListElement":[{"@type":"ListItem","position":1,"name":"Home","item":"https:\/\/www.coolturalia.com\/fr\/"},{"@type":"ListItem","position":2,"name":"Events","item":"https:\/\/www.coolturalia.com\/fr\/events\/"},{"@type":"ListItem","position":3,"name":"Michel Mottier &#8211; La passion des cuill\u00e8res \u00e0 cr\u00e8me"}]},{"@type":"WebSite","@id":"https:\/\/www.coolturalia.com\/fr\/#website","url":"https:\/\/www.coolturalia.com\/fr\/","name":"Coolturalia","description":"","publisher":{"@id":"https:\/\/www.coolturalia.com\/fr\/#organization"},"potentialAction":[{"@type":"SearchAction","target":{"@type":"EntryPoint","urlTemplate":"https:\/\/www.coolturalia.com\/fr\/?s={search_term_string}"},"query-input":{"@type":"PropertyValueSpecification","valueRequired":true,"valueName":"search_term_string"}}],"inLanguage":"fr-FR"},{"@type":"Organization","@id":"https:\/\/www.coolturalia.com\/fr\/#organization","name":"Coolturalia","url":"https:\/\/www.coolturalia.com\/fr\/","logo":{"@type":"ImageObject","inLanguage":"fr-FR","@id":"https:\/\/www.coolturalia.com\/fr\/#\/schema\/logo\/image\/","url":"https:\/\/www.coolturalia.com\/wp-content\/uploads\/2024\/04\/Logo-coolturalia.svg","contentUrl":"https:\/\/www.coolturalia.com\/wp-content\/uploads\/2024\/04\/Logo-coolturalia.svg","width":1312,"height":193,"caption":"Coolturalia"},"image":{"@id":"https:\/\/www.coolturalia.com\/fr\/#\/schema\/logo\/image\/"},"sameAs":["https:\/\/www.instagram.com\/coolturalia_geneva\/"]}]}},"translations":{"translations":{"en":"182628","fr":"182629"},"language":{"code":"fr"},"date":{"dateRange":"16 d\u00e9cembre - 30 avril"}},"language":{"code":"fr"},"_links":{"self":[{"href":"https:\/\/www.coolturalia.com\/fr\/wp-json\/wp\/v2\/event\/182629","targetHints":{"allow":["GET"]}}],"collection":[{"href":"https:\/\/www.coolturalia.com\/fr\/wp-json\/wp\/v2\/event"}],"about":[{"href":"https:\/\/www.coolturalia.com\/fr\/wp-json\/wp\/v2\/types\/event"}],"version-history":[{"count":0,"href":"https:\/\/www.coolturalia.com\/fr\/wp-json\/wp\/v2\/event\/182629\/revisions"}],"wp:featuredmedia":[{"embeddable":true,"href":"https:\/\/www.coolturalia.com\/fr\/wp-json\/wp\/v2\/media\/182627"}],"wp:attachment":[{"href":"https:\/\/www.coolturalia.com\/fr\/wp-json\/wp\/v2\/media?parent=182629"}],"wp:term":[{"taxonomy":"post_tag","embeddable":true,"href":"https:\/\/www.coolturalia.com\/fr\/wp-json\/wp\/v2\/tags?post=182629"},{"taxonomy":"event-category","embeddable":true,"href":"https:\/\/www.coolturalia.com\/fr\/wp-json\/wp\/v2\/event-category?post=182629"},{"taxonomy":"event-venue","embeddable":true,"href":"https:\/\/www.coolturalia.com\/fr\/wp-json\/wp\/v2\/event-venue?post=182629"}],"curies":[{"name":"wp","href":"https:\/\/api.w.org\/{rel}","templated":true}]}}