{"id":182552,"date":"2026-01-05T10:23:30","date_gmt":"2026-01-05T09:23:30","guid":{"rendered":"https:\/\/www.coolturalia.com\/event\/juan-pablo-camara-2\/"},"modified":"2026-01-05T10:23:30","modified_gmt":"2026-01-05T09:23:30","slug":"juan-pablo-camara-2","status":"publish","type":"event","link":"https:\/\/www.coolturalia.com\/fr\/event\/juan-pablo-camara-2\/","title":{"rendered":"Juan Pablo C\u00e1mara"},"content":{"rendered":"<p>Solo de Juan Pablo C\u00e1mara, cette performance intime explore l&rsquo;attention et la rencontre. M\u00ealant gestes subtils, fragments parl\u00e9s et pauses calibr\u00e9es, la pi\u00e8ce se d\u00e9ploie en un portrait durable qui interroge la m\u00e9moire, la pr\u00e9sence et la politique du regard. La physicalit\u00e9 contenue de l&rsquo;artiste et son \u00e9coute attentive cr\u00e9ent une atmosph\u00e8re tendue o\u00f9 de petites actions s&rsquo;accumulent pour atteindre une clart\u00e9 \u00e9motionnelle. Pr\u00e9sent\u00e9 dans le cadre de la r\u00e9sidence &lsquo;First impressions&rsquo; curat\u00e9e par Jade Meili Barget.<\/p>\n","protected":false},"excerpt":{"rendered":"<p>Solo de Juan Pablo C\u00e1mara, cette performance intime explore l&rsquo;attention et la rencontre. M\u00ealant gestes subtils, fragments parl\u00e9s et pauses calibr\u00e9es, la pi\u00e8ce se d\u00e9ploie en un portrait durable qui interroge la m\u00e9moire, la pr\u00e9sence et la politique du regard. La physicalit\u00e9 contenue de l&rsquo;artiste et son \u00e9coute attentive cr\u00e9ent une atmosph\u00e8re tendue o\u00f9 de [&hellip;]<\/p>\n","protected":false},"featured_media":182550,"parent":0,"menu_order":0,"template":"","format":"standard","meta":{"_acf_changed":false,"footnotes":""},"tags":[],"event-category":[446,444],"event-venue":[596],"class_list":["post-182552","event","type-event","status-publish","format-standard","has-post-thumbnail","hentry","event-category-art-et-expositions","event-category-spectacles","event-venue-musee-dart-et-dhistoire-fr"],"acf":{"price":"Sur r\u00e9servation","date":"Jeudi 7 mai, 19:00","start_date":"2026-05-07 21:00:00","end_date":"2026-05-07 22:00:00","website_link":"https:\/\/www.mahmah.ch\/agenda\/juan-pablo-camara\/9822895","link_buy_tickets":"","highlighted":false,"photo_credit":"DR","timings":[{"timing_start_date":"2026-05-07 19:00:00","timing_end_date":"2026-05-07 20:00:00"}],"external_id":"9822895"},"yoast_head":"<!-- This site is optimized with the Yoast SEO plugin v27.5 - https:\/\/yoast.com\/product\/yoast-seo-wordpress\/ -->\n<title>Juan Pablo C\u00e1mara - Coolturalia<\/title>\n<meta name=\"robots\" content=\"index, follow, max-snippet:-1, max-image-preview:large, max-video-preview:-1\" \/>\n<link rel=\"canonical\" href=\"https:\/\/www.coolturalia.com\/fr\/event\/juan-pablo-camara-2\/\" \/>\n<meta property=\"og:locale\" content=\"fr_FR\" \/>\n<meta property=\"og:type\" content=\"article\" \/>\n<meta property=\"og:title\" content=\"Juan Pablo C\u00e1mara - Coolturalia\" \/>\n<meta property=\"og:description\" content=\"Solo de Juan Pablo C\u00e1mara, cette performance intime explore l&rsquo;attention et la rencontre. M\u00ealant gestes subtils, fragments parl\u00e9s et pauses calibr\u00e9es, la pi\u00e8ce se d\u00e9ploie en un portrait durable qui interroge la m\u00e9moire, la pr\u00e9sence et la politique du regard. La physicalit\u00e9 contenue de l&rsquo;artiste et son \u00e9coute attentive cr\u00e9ent une atmosph\u00e8re tendue o\u00f9 de [&hellip;]\" \/>\n<meta property=\"og:url\" content=\"https:\/\/www.coolturalia.com\/fr\/event\/juan-pablo-camara-2\/\" \/>\n<meta property=\"og:site_name\" content=\"Coolturalia\" \/>\n<meta property=\"og:image\" content=\"https:\/\/www.coolturalia.com\/wp-content\/uploads\/2026\/01\/Juan-Pablo-Camara.webp\" \/>\n\t<meta property=\"og:image:width\" content=\"700\" \/>\n\t<meta property=\"og:image:height\" content=\"393\" \/>\n\t<meta property=\"og:image:type\" content=\"image\/webp\" \/>\n<meta name=\"twitter:card\" content=\"summary_large_image\" \/>\n<script type=\"application\/ld+json\" class=\"yoast-schema-graph\">{\"@context\":\"https:\\\/\\\/schema.org\",\"@graph\":[{\"@type\":\"WebPage\",\"@id\":\"https:\\\/\\\/www.coolturalia.com\\\/fr\\\/event\\\/juan-pablo-camara-2\\\/\",\"url\":\"https:\\\/\\\/www.coolturalia.com\\\/fr\\\/event\\\/juan-pablo-camara-2\\\/\",\"name\":\"Juan Pablo C\u00e1mara - Coolturalia\",\"isPartOf\":{\"@id\":\"https:\\\/\\\/www.coolturalia.com\\\/fr\\\/#website\"},\"primaryImageOfPage\":{\"@id\":\"https:\\\/\\\/www.coolturalia.com\\\/fr\\\/event\\\/juan-pablo-camara-2\\\/#primaryimage\"},\"image\":{\"@id\":\"https:\\\/\\\/www.coolturalia.com\\\/fr\\\/event\\\/juan-pablo-camara-2\\\/#primaryimage\"},\"thumbnailUrl\":\"https:\\\/\\\/www.coolturalia.com\\\/wp-content\\\/uploads\\\/2026\\\/01\\\/Juan-Pablo-Camara.webp\",\"datePublished\":\"2026-01-05T09:23:30+00:00\",\"breadcrumb\":{\"@id\":\"https:\\\/\\\/www.coolturalia.com\\\/fr\\\/event\\\/juan-pablo-camara-2\\\/#breadcrumb\"},\"inLanguage\":\"fr-FR\",\"potentialAction\":[{\"@type\":\"ReadAction\",\"target\":[\"https:\\\/\\\/www.coolturalia.com\\\/fr\\\/event\\\/juan-pablo-camara-2\\\/\"]}]},{\"@type\":\"ImageObject\",\"inLanguage\":\"fr-FR\",\"@id\":\"https:\\\/\\\/www.coolturalia.com\\\/fr\\\/event\\\/juan-pablo-camara-2\\\/#primaryimage\",\"url\":\"https:\\\/\\\/www.coolturalia.com\\\/wp-content\\\/uploads\\\/2026\\\/01\\\/Juan-Pablo-Camara.webp\",\"contentUrl\":\"https:\\\/\\\/www.coolturalia.com\\\/wp-content\\\/uploads\\\/2026\\\/01\\\/Juan-Pablo-Camara.webp\",\"width\":700,\"height\":393,\"caption\":\"undefined\"},{\"@type\":\"BreadcrumbList\",\"@id\":\"https:\\\/\\\/www.coolturalia.com\\\/fr\\\/event\\\/juan-pablo-camara-2\\\/#breadcrumb\",\"itemListElement\":[{\"@type\":\"ListItem\",\"position\":1,\"name\":\"Home\",\"item\":\"https:\\\/\\\/www.coolturalia.com\\\/fr\\\/\"},{\"@type\":\"ListItem\",\"position\":2,\"name\":\"Events\",\"item\":\"https:\\\/\\\/www.coolturalia.com\\\/fr\\\/events\\\/\"},{\"@type\":\"ListItem\",\"position\":3,\"name\":\"Juan Pablo C\u00e1mara\"}]},{\"@type\":\"WebSite\",\"@id\":\"https:\\\/\\\/www.coolturalia.com\\\/fr\\\/#website\",\"url\":\"https:\\\/\\\/www.coolturalia.com\\\/fr\\\/\",\"name\":\"Coolturalia\",\"description\":\"\",\"publisher\":{\"@id\":\"https:\\\/\\\/www.coolturalia.com\\\/fr\\\/#organization\"},\"potentialAction\":[{\"@type\":\"SearchAction\",\"target\":{\"@type\":\"EntryPoint\",\"urlTemplate\":\"https:\\\/\\\/www.coolturalia.com\\\/fr\\\/?s={search_term_string}\"},\"query-input\":{\"@type\":\"PropertyValueSpecification\",\"valueRequired\":true,\"valueName\":\"search_term_string\"}}],\"inLanguage\":\"fr-FR\"},{\"@type\":\"Organization\",\"@id\":\"https:\\\/\\\/www.coolturalia.com\\\/fr\\\/#organization\",\"name\":\"Coolturalia\",\"url\":\"https:\\\/\\\/www.coolturalia.com\\\/fr\\\/\",\"logo\":{\"@type\":\"ImageObject\",\"inLanguage\":\"fr-FR\",\"@id\":\"https:\\\/\\\/www.coolturalia.com\\\/fr\\\/#\\\/schema\\\/logo\\\/image\\\/\",\"url\":\"https:\\\/\\\/www.coolturalia.com\\\/wp-content\\\/uploads\\\/2024\\\/04\\\/Logo-coolturalia.svg\",\"contentUrl\":\"https:\\\/\\\/www.coolturalia.com\\\/wp-content\\\/uploads\\\/2024\\\/04\\\/Logo-coolturalia.svg\",\"width\":1312,\"height\":193,\"caption\":\"Coolturalia\"},\"image\":{\"@id\":\"https:\\\/\\\/www.coolturalia.com\\\/fr\\\/#\\\/schema\\\/logo\\\/image\\\/\"},\"sameAs\":[\"https:\\\/\\\/www.instagram.com\\\/coolturalia_geneva\\\/\"]}]}<\/script>\n<!-- \/ Yoast SEO plugin. -->","yoast_head_json":{"title":"Juan Pablo C\u00e1mara - Coolturalia","robots":{"index":"index","follow":"follow","max-snippet":"max-snippet:-1","max-image-preview":"max-image-preview:large","max-video-preview":"max-video-preview:-1"},"canonical":"https:\/\/www.coolturalia.com\/fr\/event\/juan-pablo-camara-2\/","og_locale":"fr_FR","og_type":"article","og_title":"Juan Pablo C\u00e1mara - Coolturalia","og_description":"Solo de Juan Pablo C\u00e1mara, cette performance intime explore l&rsquo;attention et la rencontre. M\u00ealant gestes subtils, fragments parl\u00e9s et pauses calibr\u00e9es, la pi\u00e8ce se d\u00e9ploie en un portrait durable qui interroge la m\u00e9moire, la pr\u00e9sence et la politique du regard. La physicalit\u00e9 contenue de l&rsquo;artiste et son \u00e9coute attentive cr\u00e9ent une atmosph\u00e8re tendue o\u00f9 de [&hellip;]","og_url":"https:\/\/www.coolturalia.com\/fr\/event\/juan-pablo-camara-2\/","og_site_name":"Coolturalia","og_image":[{"width":700,"height":393,"url":"https:\/\/www.coolturalia.com\/wp-content\/uploads\/2026\/01\/Juan-Pablo-Camara.webp","type":"image\/webp"}],"twitter_card":"summary_large_image","schema":{"@context":"https:\/\/schema.org","@graph":[{"@type":"WebPage","@id":"https:\/\/www.coolturalia.com\/fr\/event\/juan-pablo-camara-2\/","url":"https:\/\/www.coolturalia.com\/fr\/event\/juan-pablo-camara-2\/","name":"Juan Pablo C\u00e1mara - Coolturalia","isPartOf":{"@id":"https:\/\/www.coolturalia.com\/fr\/#website"},"primaryImageOfPage":{"@id":"https:\/\/www.coolturalia.com\/fr\/event\/juan-pablo-camara-2\/#primaryimage"},"image":{"@id":"https:\/\/www.coolturalia.com\/fr\/event\/juan-pablo-camara-2\/#primaryimage"},"thumbnailUrl":"https:\/\/www.coolturalia.com\/wp-content\/uploads\/2026\/01\/Juan-Pablo-Camara.webp","datePublished":"2026-01-05T09:23:30+00:00","breadcrumb":{"@id":"https:\/\/www.coolturalia.com\/fr\/event\/juan-pablo-camara-2\/#breadcrumb"},"inLanguage":"fr-FR","potentialAction":[{"@type":"ReadAction","target":["https:\/\/www.coolturalia.com\/fr\/event\/juan-pablo-camara-2\/"]}]},{"@type":"ImageObject","inLanguage":"fr-FR","@id":"https:\/\/www.coolturalia.com\/fr\/event\/juan-pablo-camara-2\/#primaryimage","url":"https:\/\/www.coolturalia.com\/wp-content\/uploads\/2026\/01\/Juan-Pablo-Camara.webp","contentUrl":"https:\/\/www.coolturalia.com\/wp-content\/uploads\/2026\/01\/Juan-Pablo-Camara.webp","width":700,"height":393,"caption":"undefined"},{"@type":"BreadcrumbList","@id":"https:\/\/www.coolturalia.com\/fr\/event\/juan-pablo-camara-2\/#breadcrumb","itemListElement":[{"@type":"ListItem","position":1,"name":"Home","item":"https:\/\/www.coolturalia.com\/fr\/"},{"@type":"ListItem","position":2,"name":"Events","item":"https:\/\/www.coolturalia.com\/fr\/events\/"},{"@type":"ListItem","position":3,"name":"Juan Pablo C\u00e1mara"}]},{"@type":"WebSite","@id":"https:\/\/www.coolturalia.com\/fr\/#website","url":"https:\/\/www.coolturalia.com\/fr\/","name":"Coolturalia","description":"","publisher":{"@id":"https:\/\/www.coolturalia.com\/fr\/#organization"},"potentialAction":[{"@type":"SearchAction","target":{"@type":"EntryPoint","urlTemplate":"https:\/\/www.coolturalia.com\/fr\/?s={search_term_string}"},"query-input":{"@type":"PropertyValueSpecification","valueRequired":true,"valueName":"search_term_string"}}],"inLanguage":"fr-FR"},{"@type":"Organization","@id":"https:\/\/www.coolturalia.com\/fr\/#organization","name":"Coolturalia","url":"https:\/\/www.coolturalia.com\/fr\/","logo":{"@type":"ImageObject","inLanguage":"fr-FR","@id":"https:\/\/www.coolturalia.com\/fr\/#\/schema\/logo\/image\/","url":"https:\/\/www.coolturalia.com\/wp-content\/uploads\/2024\/04\/Logo-coolturalia.svg","contentUrl":"https:\/\/www.coolturalia.com\/wp-content\/uploads\/2024\/04\/Logo-coolturalia.svg","width":1312,"height":193,"caption":"Coolturalia"},"image":{"@id":"https:\/\/www.coolturalia.com\/fr\/#\/schema\/logo\/image\/"},"sameAs":["https:\/\/www.instagram.com\/coolturalia_geneva\/"]}]}},"translations":{"translations":{"en":"182551","fr":"182552"},"language":{"code":"fr"},"date":{"dateRange":"Jeudi 7 mai, 19:00"}},"language":{"code":"fr"},"_links":{"self":[{"href":"https:\/\/www.coolturalia.com\/fr\/wp-json\/wp\/v2\/event\/182552","targetHints":{"allow":["GET"]}}],"collection":[{"href":"https:\/\/www.coolturalia.com\/fr\/wp-json\/wp\/v2\/event"}],"about":[{"href":"https:\/\/www.coolturalia.com\/fr\/wp-json\/wp\/v2\/types\/event"}],"version-history":[{"count":0,"href":"https:\/\/www.coolturalia.com\/fr\/wp-json\/wp\/v2\/event\/182552\/revisions"}],"wp:featuredmedia":[{"embeddable":true,"href":"https:\/\/www.coolturalia.com\/fr\/wp-json\/wp\/v2\/media\/182550"}],"wp:attachment":[{"href":"https:\/\/www.coolturalia.com\/fr\/wp-json\/wp\/v2\/media?parent=182552"}],"wp:term":[{"taxonomy":"post_tag","embeddable":true,"href":"https:\/\/www.coolturalia.com\/fr\/wp-json\/wp\/v2\/tags?post=182552"},{"taxonomy":"event-category","embeddable":true,"href":"https:\/\/www.coolturalia.com\/fr\/wp-json\/wp\/v2\/event-category?post=182552"},{"taxonomy":"event-venue","embeddable":true,"href":"https:\/\/www.coolturalia.com\/fr\/wp-json\/wp\/v2\/event-venue?post=182552"}],"curies":[{"name":"wp","href":"https:\/\/api.w.org\/{rel}","templated":true}]}}