{"id":179807,"date":"2025-11-26T15:52:31","date_gmt":"2025-11-26T14:52:31","guid":{"rendered":"https:\/\/www.coolturalia.com\/?post_type=event&#038;p=179807"},"modified":"2025-11-26T15:52:31","modified_gmt":"2025-11-26T14:52:31","slug":"concert-les-20-ans-du-duo-w","status":"publish","type":"event","link":"https:\/\/www.coolturalia.com\/fr\/event\/concert-les-20-ans-du-duo-w\/","title":{"rendered":"Concert &#8211; les 20 ans du duo W"},"content":{"rendered":"<p>Pour c\u00e9l\u00e9brer ses 20 ans de carri\u00e8re, le Duo W propose un voyage musical unique m\u00ealant la chaleur du saxophone \u00e0 la puissance de l\u2019orgue. De Piazzolla \u00e0 Gershwin, de Bart\u00f3k \u00e0 Freddie Mercury, ce programme \u00e9clectique met en lumi\u00e8re le dialogue expressif entre les deux instruments \u00e0 travers des arrangements audacieux, entre r\u00e9pertoire classique, musiques actuelles et inspirations du monde, pour un moment de partage ouvert \u00e0 tous les publics.<\/p>\n","protected":false},"excerpt":{"rendered":"<p>Pour c\u00e9l\u00e9brer ses 20 ans de carri\u00e8re, le Duo W propose un voyage musical unique m\u00ealant la chaleur du saxophone \u00e0 la puissance de l\u2019orgue. De Piazzolla \u00e0 Gershwin, de Bart\u00f3k \u00e0 Freddie Mercury, ce programme \u00e9clectique met en lumi\u00e8re le dialogue expressif entre les deux instruments \u00e0 travers des arrangements audacieux, entre r\u00e9pertoire classique, [&hellip;]<\/p>\n","protected":false},"featured_media":179810,"parent":0,"menu_order":0,"template":"","format":"standard","meta":{"_acf_changed":false,"footnotes":""},"tags":[686,1266],"event-category":[444],"event-venue":[1715],"class_list":["post-179807","event","type-event","status-publish","format-standard","has-post-thumbnail","hentry","tag-evenement-passe","tag-past-event-fr","event-category-spectacles","event-venue-eglise-de-bernex-fr"],"acf":{"price":"","date":"Dimanche 11 Janvier, 17:30","start_date":"2026-01-11 00:00:00","end_date":"2026-01-11 00:00:00","website_link":"https:\/\/www.bernex.ch\/agenda\/concert--les-20-ans-du-duo-w-6892","link_buy_tickets":"","highlighted":false,"photo_credit":"","timings":[{"timing_start_date":"2026-01-11 17:30:00","timing_end_date":"2026-01-11 19:00:00"}],"external_id":""},"yoast_head":"<!-- This site is optimized with the Yoast SEO plugin v27.5 - https:\/\/yoast.com\/product\/yoast-seo-wordpress\/ -->\n<title>Concert - les 20 ans du duo W - Coolturalia<\/title>\n<meta name=\"robots\" content=\"index, follow, max-snippet:-1, max-image-preview:large, max-video-preview:-1\" \/>\n<link rel=\"canonical\" href=\"https:\/\/www.coolturalia.com\/fr\/event\/concert-les-20-ans-du-duo-w\/\" \/>\n<meta property=\"og:locale\" content=\"fr_FR\" \/>\n<meta property=\"og:type\" content=\"article\" \/>\n<meta property=\"og:title\" content=\"Concert - les 20 ans du duo W - Coolturalia\" \/>\n<meta property=\"og:description\" content=\"Pour c\u00e9l\u00e9brer ses 20 ans de carri\u00e8re, le Duo W propose un voyage musical unique m\u00ealant la chaleur du saxophone \u00e0 la puissance de l\u2019orgue. De Piazzolla \u00e0 Gershwin, de Bart\u00f3k \u00e0 Freddie Mercury, ce programme \u00e9clectique met en lumi\u00e8re le dialogue expressif entre les deux instruments \u00e0 travers des arrangements audacieux, entre r\u00e9pertoire classique, [&hellip;]\" \/>\n<meta property=\"og:url\" content=\"https:\/\/www.coolturalia.com\/fr\/event\/concert-les-20-ans-du-duo-w\/\" \/>\n<meta property=\"og:site_name\" content=\"Coolturalia\" \/>\n<meta property=\"og:image\" content=\"https:\/\/www.coolturalia.com\/wp-content\/uploads\/2025\/11\/duo-w-2.jpeg\" \/>\n\t<meta property=\"og:image:width\" content=\"992\" \/>\n\t<meta property=\"og:image:height\" content=\"480\" \/>\n\t<meta property=\"og:image:type\" content=\"image\/jpeg\" \/>\n<meta name=\"twitter:card\" content=\"summary_large_image\" \/>\n<script type=\"application\/ld+json\" class=\"yoast-schema-graph\">{\"@context\":\"https:\\\/\\\/schema.org\",\"@graph\":[{\"@type\":\"WebPage\",\"@id\":\"https:\\\/\\\/www.coolturalia.com\\\/fr\\\/event\\\/concert-les-20-ans-du-duo-w\\\/\",\"url\":\"https:\\\/\\\/www.coolturalia.com\\\/fr\\\/event\\\/concert-les-20-ans-du-duo-w\\\/\",\"name\":\"Concert - les 20 ans du duo W - Coolturalia\",\"isPartOf\":{\"@id\":\"https:\\\/\\\/www.coolturalia.com\\\/fr\\\/#website\"},\"primaryImageOfPage\":{\"@id\":\"https:\\\/\\\/www.coolturalia.com\\\/fr\\\/event\\\/concert-les-20-ans-du-duo-w\\\/#primaryimage\"},\"image\":{\"@id\":\"https:\\\/\\\/www.coolturalia.com\\\/fr\\\/event\\\/concert-les-20-ans-du-duo-w\\\/#primaryimage\"},\"thumbnailUrl\":\"https:\\\/\\\/www.coolturalia.com\\\/wp-content\\\/uploads\\\/2025\\\/11\\\/duo-w-2.jpeg\",\"datePublished\":\"2025-11-26T14:52:31+00:00\",\"breadcrumb\":{\"@id\":\"https:\\\/\\\/www.coolturalia.com\\\/fr\\\/event\\\/concert-les-20-ans-du-duo-w\\\/#breadcrumb\"},\"inLanguage\":\"fr-FR\",\"potentialAction\":[{\"@type\":\"ReadAction\",\"target\":[\"https:\\\/\\\/www.coolturalia.com\\\/fr\\\/event\\\/concert-les-20-ans-du-duo-w\\\/\"]}]},{\"@type\":\"ImageObject\",\"inLanguage\":\"fr-FR\",\"@id\":\"https:\\\/\\\/www.coolturalia.com\\\/fr\\\/event\\\/concert-les-20-ans-du-duo-w\\\/#primaryimage\",\"url\":\"https:\\\/\\\/www.coolturalia.com\\\/wp-content\\\/uploads\\\/2025\\\/11\\\/duo-w-2.jpeg\",\"contentUrl\":\"https:\\\/\\\/www.coolturalia.com\\\/wp-content\\\/uploads\\\/2025\\\/11\\\/duo-w-2.jpeg\",\"width\":992,\"height\":480},{\"@type\":\"BreadcrumbList\",\"@id\":\"https:\\\/\\\/www.coolturalia.com\\\/fr\\\/event\\\/concert-les-20-ans-du-duo-w\\\/#breadcrumb\",\"itemListElement\":[{\"@type\":\"ListItem\",\"position\":1,\"name\":\"Home\",\"item\":\"https:\\\/\\\/www.coolturalia.com\\\/fr\\\/\"},{\"@type\":\"ListItem\",\"position\":2,\"name\":\"Events\",\"item\":\"https:\\\/\\\/www.coolturalia.com\\\/fr\\\/events\\\/\"},{\"@type\":\"ListItem\",\"position\":3,\"name\":\"Concert &#8211; les 20 ans du duo W\"}]},{\"@type\":\"WebSite\",\"@id\":\"https:\\\/\\\/www.coolturalia.com\\\/fr\\\/#website\",\"url\":\"https:\\\/\\\/www.coolturalia.com\\\/fr\\\/\",\"name\":\"Coolturalia\",\"description\":\"\",\"publisher\":{\"@id\":\"https:\\\/\\\/www.coolturalia.com\\\/fr\\\/#organization\"},\"potentialAction\":[{\"@type\":\"SearchAction\",\"target\":{\"@type\":\"EntryPoint\",\"urlTemplate\":\"https:\\\/\\\/www.coolturalia.com\\\/fr\\\/?s={search_term_string}\"},\"query-input\":{\"@type\":\"PropertyValueSpecification\",\"valueRequired\":true,\"valueName\":\"search_term_string\"}}],\"inLanguage\":\"fr-FR\"},{\"@type\":\"Organization\",\"@id\":\"https:\\\/\\\/www.coolturalia.com\\\/fr\\\/#organization\",\"name\":\"Coolturalia\",\"url\":\"https:\\\/\\\/www.coolturalia.com\\\/fr\\\/\",\"logo\":{\"@type\":\"ImageObject\",\"inLanguage\":\"fr-FR\",\"@id\":\"https:\\\/\\\/www.coolturalia.com\\\/fr\\\/#\\\/schema\\\/logo\\\/image\\\/\",\"url\":\"https:\\\/\\\/www.coolturalia.com\\\/wp-content\\\/uploads\\\/2024\\\/04\\\/Logo-coolturalia.svg\",\"contentUrl\":\"https:\\\/\\\/www.coolturalia.com\\\/wp-content\\\/uploads\\\/2024\\\/04\\\/Logo-coolturalia.svg\",\"width\":1312,\"height\":193,\"caption\":\"Coolturalia\"},\"image\":{\"@id\":\"https:\\\/\\\/www.coolturalia.com\\\/fr\\\/#\\\/schema\\\/logo\\\/image\\\/\"},\"sameAs\":[\"https:\\\/\\\/www.instagram.com\\\/coolturalia_geneva\\\/\"]}]}<\/script>\n<!-- \/ Yoast SEO plugin. -->","yoast_head_json":{"title":"Concert - les 20 ans du duo W - Coolturalia","robots":{"index":"index","follow":"follow","max-snippet":"max-snippet:-1","max-image-preview":"max-image-preview:large","max-video-preview":"max-video-preview:-1"},"canonical":"https:\/\/www.coolturalia.com\/fr\/event\/concert-les-20-ans-du-duo-w\/","og_locale":"fr_FR","og_type":"article","og_title":"Concert - les 20 ans du duo W - Coolturalia","og_description":"Pour c\u00e9l\u00e9brer ses 20 ans de carri\u00e8re, le Duo W propose un voyage musical unique m\u00ealant la chaleur du saxophone \u00e0 la puissance de l\u2019orgue. De Piazzolla \u00e0 Gershwin, de Bart\u00f3k \u00e0 Freddie Mercury, ce programme \u00e9clectique met en lumi\u00e8re le dialogue expressif entre les deux instruments \u00e0 travers des arrangements audacieux, entre r\u00e9pertoire classique, [&hellip;]","og_url":"https:\/\/www.coolturalia.com\/fr\/event\/concert-les-20-ans-du-duo-w\/","og_site_name":"Coolturalia","og_image":[{"width":992,"height":480,"url":"https:\/\/www.coolturalia.com\/wp-content\/uploads\/2025\/11\/duo-w-2.jpeg","type":"image\/jpeg"}],"twitter_card":"summary_large_image","schema":{"@context":"https:\/\/schema.org","@graph":[{"@type":"WebPage","@id":"https:\/\/www.coolturalia.com\/fr\/event\/concert-les-20-ans-du-duo-w\/","url":"https:\/\/www.coolturalia.com\/fr\/event\/concert-les-20-ans-du-duo-w\/","name":"Concert - les 20 ans du duo W - Coolturalia","isPartOf":{"@id":"https:\/\/www.coolturalia.com\/fr\/#website"},"primaryImageOfPage":{"@id":"https:\/\/www.coolturalia.com\/fr\/event\/concert-les-20-ans-du-duo-w\/#primaryimage"},"image":{"@id":"https:\/\/www.coolturalia.com\/fr\/event\/concert-les-20-ans-du-duo-w\/#primaryimage"},"thumbnailUrl":"https:\/\/www.coolturalia.com\/wp-content\/uploads\/2025\/11\/duo-w-2.jpeg","datePublished":"2025-11-26T14:52:31+00:00","breadcrumb":{"@id":"https:\/\/www.coolturalia.com\/fr\/event\/concert-les-20-ans-du-duo-w\/#breadcrumb"},"inLanguage":"fr-FR","potentialAction":[{"@type":"ReadAction","target":["https:\/\/www.coolturalia.com\/fr\/event\/concert-les-20-ans-du-duo-w\/"]}]},{"@type":"ImageObject","inLanguage":"fr-FR","@id":"https:\/\/www.coolturalia.com\/fr\/event\/concert-les-20-ans-du-duo-w\/#primaryimage","url":"https:\/\/www.coolturalia.com\/wp-content\/uploads\/2025\/11\/duo-w-2.jpeg","contentUrl":"https:\/\/www.coolturalia.com\/wp-content\/uploads\/2025\/11\/duo-w-2.jpeg","width":992,"height":480},{"@type":"BreadcrumbList","@id":"https:\/\/www.coolturalia.com\/fr\/event\/concert-les-20-ans-du-duo-w\/#breadcrumb","itemListElement":[{"@type":"ListItem","position":1,"name":"Home","item":"https:\/\/www.coolturalia.com\/fr\/"},{"@type":"ListItem","position":2,"name":"Events","item":"https:\/\/www.coolturalia.com\/fr\/events\/"},{"@type":"ListItem","position":3,"name":"Concert &#8211; les 20 ans du duo W"}]},{"@type":"WebSite","@id":"https:\/\/www.coolturalia.com\/fr\/#website","url":"https:\/\/www.coolturalia.com\/fr\/","name":"Coolturalia","description":"","publisher":{"@id":"https:\/\/www.coolturalia.com\/fr\/#organization"},"potentialAction":[{"@type":"SearchAction","target":{"@type":"EntryPoint","urlTemplate":"https:\/\/www.coolturalia.com\/fr\/?s={search_term_string}"},"query-input":{"@type":"PropertyValueSpecification","valueRequired":true,"valueName":"search_term_string"}}],"inLanguage":"fr-FR"},{"@type":"Organization","@id":"https:\/\/www.coolturalia.com\/fr\/#organization","name":"Coolturalia","url":"https:\/\/www.coolturalia.com\/fr\/","logo":{"@type":"ImageObject","inLanguage":"fr-FR","@id":"https:\/\/www.coolturalia.com\/fr\/#\/schema\/logo\/image\/","url":"https:\/\/www.coolturalia.com\/wp-content\/uploads\/2024\/04\/Logo-coolturalia.svg","contentUrl":"https:\/\/www.coolturalia.com\/wp-content\/uploads\/2024\/04\/Logo-coolturalia.svg","width":1312,"height":193,"caption":"Coolturalia"},"image":{"@id":"https:\/\/www.coolturalia.com\/fr\/#\/schema\/logo\/image\/"},"sameAs":["https:\/\/www.instagram.com\/coolturalia_geneva\/"]}]}},"translations":{"translations":{"en":"179805","fr":"179807"},"language":{"code":"fr"},"date":{"dateRange":"Dimanche 11 Janvier, 17:30"}},"language":{"code":"fr"},"_links":{"self":[{"href":"https:\/\/www.coolturalia.com\/fr\/wp-json\/wp\/v2\/event\/179807","targetHints":{"allow":["GET"]}}],"collection":[{"href":"https:\/\/www.coolturalia.com\/fr\/wp-json\/wp\/v2\/event"}],"about":[{"href":"https:\/\/www.coolturalia.com\/fr\/wp-json\/wp\/v2\/types\/event"}],"version-history":[{"count":1,"href":"https:\/\/www.coolturalia.com\/fr\/wp-json\/wp\/v2\/event\/179807\/revisions"}],"predecessor-version":[{"id":179808,"href":"https:\/\/www.coolturalia.com\/fr\/wp-json\/wp\/v2\/event\/179807\/revisions\/179808"}],"wp:featuredmedia":[{"embeddable":true,"href":"https:\/\/www.coolturalia.com\/fr\/wp-json\/wp\/v2\/media\/179810"}],"wp:attachment":[{"href":"https:\/\/www.coolturalia.com\/fr\/wp-json\/wp\/v2\/media?parent=179807"}],"wp:term":[{"taxonomy":"post_tag","embeddable":true,"href":"https:\/\/www.coolturalia.com\/fr\/wp-json\/wp\/v2\/tags?post=179807"},{"taxonomy":"event-category","embeddable":true,"href":"https:\/\/www.coolturalia.com\/fr\/wp-json\/wp\/v2\/event-category?post=179807"},{"taxonomy":"event-venue","embeddable":true,"href":"https:\/\/www.coolturalia.com\/fr\/wp-json\/wp\/v2\/event-venue?post=179807"}],"curies":[{"name":"wp","href":"https:\/\/api.w.org\/{rel}","templated":true}]}}