{"id":177324,"date":"2025-11-11T13:34:27","date_gmt":"2025-11-11T12:34:27","guid":{"rendered":"https:\/\/www.coolturalia.com\/?post_type=event&#038;p=177324"},"modified":"2025-11-11T13:34:28","modified_gmt":"2025-11-11T12:34:28","slug":"afrosonica-paysages-sonores","status":"publish","type":"event","link":"https:\/\/www.coolturalia.com\/fr\/event\/afrosonica-paysages-sonores\/","title":{"rendered":"Afrosonica \u2013 Paysages sonores"},"content":{"rendered":"<p>Le MEG, Mus\u00e9e d\u2019ethnographie de Gen\u00e8ve, pr\u00e9sente l\u2019exposition immersive \u00ab\u00a0Afrosonica \u2013 Paysages sonores,\u00a0\u00bb qui explore le r\u00f4le de la musique et du son dans les soci\u00e9t\u00e9s africaines et leurs diasporas. \u00c0 travers des instruments, des archives sonores et des installations contemporaines, l\u2019exposition r\u00e9v\u00e8le le pouvoir du son pour communiquer, \u00e9tablir des connexions, transmettre des connaissances et des \u00e9motions, et \u00e9voquer des souvenirs.<\/p>\n","protected":false},"excerpt":{"rendered":"<p>Le MEG, Mus\u00e9e d\u2019ethnographie de Gen\u00e8ve, pr\u00e9sente l\u2019exposition immersive \u00ab\u00a0Afrosonica \u2013 Paysages sonores,\u00a0\u00bb qui explore le r\u00f4le de la musique et du son dans les soci\u00e9t\u00e9s africaines et leurs diasporas. \u00c0 travers des instruments, des archives sonores et des installations contemporaines, l\u2019exposition r\u00e9v\u00e8le le pouvoir du son pour communiquer, \u00e9tablir des connexions, transmettre des connaissances [&hellip;]<\/p>\n","protected":false},"featured_media":177323,"parent":0,"menu_order":0,"template":"","format":"standard","meta":{"_acf_changed":false,"footnotes":""},"tags":[686,1266],"event-category":[446],"event-venue":[603],"class_list":["post-177324","event","type-event","status-publish","format-standard","has-post-thumbnail","hentry","tag-evenement-passe","tag-past-event-fr","event-category-art-et-expositions","event-venue-meg-musee-dethnographie-de-genvee-fr"],"acf":{"price":"","date":"13 novembre 2025 - 4 janvier","start_date":"2025-05-16 00:00:00","end_date":"2026-01-04 00:00:00","website_link":"https:\/\/www.meg.ch\/fr\/expositions\/afrosonica-paysages-sonores","link_buy_tickets":"","highlighted":false,"photo_credit":"Miriam Makeba, photographie de Philippe Gras","timings":[{"timing_start_date":"2025-11-13 11:00:00","timing_end_date":"2025-11-13 18:00:00"},{"timing_start_date":"2025-11-14 11:00:00","timing_end_date":"2025-11-14 18:00:00"},{"timing_start_date":"2025-11-15 11:00:00","timing_end_date":"2025-11-15 18:00:00"},{"timing_start_date":"2025-11-16 11:00:00","timing_end_date":"2025-11-16 18:00:00"},{"timing_start_date":"2025-11-18 11:00:00","timing_end_date":"2025-11-18 18:00:00"},{"timing_start_date":"2025-11-19 11:00:00","timing_end_date":"2025-11-19 18:00:00"},{"timing_start_date":"2025-11-20 11:00:00","timing_end_date":"2025-11-20 18:00:00"},{"timing_start_date":"2025-11-21 11:00:00","timing_end_date":"2025-11-21 18:00:00"},{"timing_start_date":"2025-11-22 11:00:00","timing_end_date":"2025-11-22 18:00:00"},{"timing_start_date":"2025-11-23 11:00:00","timing_end_date":"2025-11-23 18:00:00"},{"timing_start_date":"2025-11-25 11:00:00","timing_end_date":"2025-11-25 18:00:00"},{"timing_start_date":"2025-11-26 11:00:00","timing_end_date":"2025-11-26 18:00:00"},{"timing_start_date":"2025-11-27 11:00:00","timing_end_date":"2025-11-27 18:00:00"},{"timing_start_date":"2025-11-28 11:00:00","timing_end_date":"2025-11-28 18:00:00"},{"timing_start_date":"2025-11-29 11:00:00","timing_end_date":"2025-11-29 18:00:00"},{"timing_start_date":"2025-11-30 11:00:00","timing_end_date":"2025-11-30 18:00:00"},{"timing_start_date":"2025-12-02 11:00:00","timing_end_date":"2025-12-02 18:00:00"},{"timing_start_date":"2025-12-03 11:00:00","timing_end_date":"2025-12-03 18:00:00"},{"timing_start_date":"2025-12-04 11:00:00","timing_end_date":"2025-12-04 18:00:00"},{"timing_start_date":"2025-12-05 11:00:00","timing_end_date":"2025-12-05 18:00:00"},{"timing_start_date":"2025-12-06 11:00:00","timing_end_date":"2025-12-06 18:00:00"},{"timing_start_date":"2025-12-07 11:00:00","timing_end_date":"2025-12-07 18:00:00"},{"timing_start_date":"2025-12-09 11:00:00","timing_end_date":"2025-12-09 18:00:00"},{"timing_start_date":"2025-12-10 11:00:00","timing_end_date":"2025-12-10 18:00:00"},{"timing_start_date":"2025-12-11 11:00:00","timing_end_date":"2025-12-11 18:00:00"},{"timing_start_date":"2025-12-12 11:00:00","timing_end_date":"2025-12-12 18:00:00"},{"timing_start_date":"2025-12-13 11:00:00","timing_end_date":"2025-12-13 18:00:00"},{"timing_start_date":"2025-12-14 11:00:00","timing_end_date":"2025-12-14 18:00:00"},{"timing_start_date":"2025-12-16 11:00:00","timing_end_date":"2025-12-16 18:00:00"},{"timing_start_date":"2025-12-17 11:00:00","timing_end_date":"2025-12-17 18:00:00"},{"timing_start_date":"2025-12-18 11:00:00","timing_end_date":"2025-12-18 18:00:00"},{"timing_start_date":"2025-12-19 11:00:00","timing_end_date":"2025-12-19 18:00:00"},{"timing_start_date":"2025-12-20 11:00:00","timing_end_date":"2025-12-20 18:00:00"},{"timing_start_date":"2025-12-21 11:00:00","timing_end_date":"2025-12-21 18:00:00"},{"timing_start_date":"2025-12-23 11:00:00","timing_end_date":"2025-12-23 18:00:00"},{"timing_start_date":"2025-12-24 11:00:00","timing_end_date":"2025-12-24 18:00:00"},{"timing_start_date":"2025-12-25 11:00:00","timing_end_date":"2025-12-25 18:00:00"},{"timing_start_date":"2025-12-26 11:00:00","timing_end_date":"2025-12-26 18:00:00"},{"timing_start_date":"2025-12-27 11:00:00","timing_end_date":"2025-12-27 18:00:00"},{"timing_start_date":"2025-12-28 11:00:00","timing_end_date":"2025-12-28 18:00:00"},{"timing_start_date":"2025-12-30 11:00:00","timing_end_date":"2025-12-30 18:00:00"},{"timing_start_date":"2025-12-31 11:00:00","timing_end_date":"2025-12-31 18:00:00"},{"timing_start_date":"2026-01-01 11:00:00","timing_end_date":"2026-01-01 18:00:00"},{"timing_start_date":"2026-01-02 11:00:00","timing_end_date":"2026-01-02 18:00:00"},{"timing_start_date":"2026-01-03 11:00:00","timing_end_date":"2026-01-03 18:00:00"},{"timing_start_date":"2026-01-04 11:00:00","timing_end_date":"2026-01-04 18:00:00"}],"external_id":"60418118"},"yoast_head":"<!-- This site is optimized with the Yoast SEO plugin v27.5 - https:\/\/yoast.com\/product\/yoast-seo-wordpress\/ -->\n<title>Afrosonica \u2013 Paysages sonores - Coolturalia<\/title>\n<meta name=\"robots\" content=\"index, follow, max-snippet:-1, max-image-preview:large, max-video-preview:-1\" \/>\n<link rel=\"canonical\" href=\"https:\/\/www.coolturalia.com\/fr\/event\/afrosonica-paysages-sonores\/\" \/>\n<meta property=\"og:locale\" content=\"fr_FR\" \/>\n<meta property=\"og:type\" content=\"article\" \/>\n<meta property=\"og:title\" content=\"Afrosonica \u2013 Paysages sonores - Coolturalia\" \/>\n<meta property=\"og:description\" content=\"Le MEG, Mus\u00e9e d\u2019ethnographie de Gen\u00e8ve, pr\u00e9sente l\u2019exposition immersive \u00ab\u00a0Afrosonica \u2013 Paysages sonores,\u00a0\u00bb qui explore le r\u00f4le de la musique et du son dans les soci\u00e9t\u00e9s africaines et leurs diasporas. \u00c0 travers des instruments, des archives sonores et des installations contemporaines, l\u2019exposition r\u00e9v\u00e8le le pouvoir du son pour communiquer, \u00e9tablir des connexions, transmettre des connaissances [&hellip;]\" \/>\n<meta property=\"og:url\" content=\"https:\/\/www.coolturalia.com\/fr\/event\/afrosonica-paysages-sonores\/\" \/>\n<meta property=\"og:site_name\" content=\"Coolturalia\" \/>\n<meta property=\"article:modified_time\" content=\"2025-11-11T12:34:28+00:00\" \/>\n<meta property=\"og:image\" content=\"https:\/\/www.coolturalia.com\/wp-content\/uploads\/2025\/11\/coolturalia-afrosonica-paysages-sonores-1.webp\" \/>\n\t<meta property=\"og:image:width\" content=\"700\" \/>\n\t<meta property=\"og:image:height\" content=\"463\" \/>\n\t<meta property=\"og:image:type\" content=\"image\/webp\" \/>\n<meta name=\"twitter:card\" content=\"summary_large_image\" \/>\n<script type=\"application\/ld+json\" class=\"yoast-schema-graph\">{\"@context\":\"https:\\\/\\\/schema.org\",\"@graph\":[{\"@type\":\"WebPage\",\"@id\":\"https:\\\/\\\/www.coolturalia.com\\\/fr\\\/event\\\/afrosonica-paysages-sonores\\\/\",\"url\":\"https:\\\/\\\/www.coolturalia.com\\\/fr\\\/event\\\/afrosonica-paysages-sonores\\\/\",\"name\":\"Afrosonica \u2013 Paysages sonores - Coolturalia\",\"isPartOf\":{\"@id\":\"https:\\\/\\\/www.coolturalia.com\\\/fr\\\/#website\"},\"primaryImageOfPage\":{\"@id\":\"https:\\\/\\\/www.coolturalia.com\\\/fr\\\/event\\\/afrosonica-paysages-sonores\\\/#primaryimage\"},\"image\":{\"@id\":\"https:\\\/\\\/www.coolturalia.com\\\/fr\\\/event\\\/afrosonica-paysages-sonores\\\/#primaryimage\"},\"thumbnailUrl\":\"https:\\\/\\\/www.coolturalia.com\\\/wp-content\\\/uploads\\\/2025\\\/11\\\/coolturalia-afrosonica-paysages-sonores-1.webp\",\"datePublished\":\"2025-11-11T12:34:27+00:00\",\"dateModified\":\"2025-11-11T12:34:28+00:00\",\"breadcrumb\":{\"@id\":\"https:\\\/\\\/www.coolturalia.com\\\/fr\\\/event\\\/afrosonica-paysages-sonores\\\/#breadcrumb\"},\"inLanguage\":\"fr-FR\",\"potentialAction\":[{\"@type\":\"ReadAction\",\"target\":[\"https:\\\/\\\/www.coolturalia.com\\\/fr\\\/event\\\/afrosonica-paysages-sonores\\\/\"]}]},{\"@type\":\"ImageObject\",\"inLanguage\":\"fr-FR\",\"@id\":\"https:\\\/\\\/www.coolturalia.com\\\/fr\\\/event\\\/afrosonica-paysages-sonores\\\/#primaryimage\",\"url\":\"https:\\\/\\\/www.coolturalia.com\\\/wp-content\\\/uploads\\\/2025\\\/11\\\/coolturalia-afrosonica-paysages-sonores-1.webp\",\"contentUrl\":\"https:\\\/\\\/www.coolturalia.com\\\/wp-content\\\/uploads\\\/2025\\\/11\\\/coolturalia-afrosonica-paysages-sonores-1.webp\",\"width\":700,\"height\":463},{\"@type\":\"BreadcrumbList\",\"@id\":\"https:\\\/\\\/www.coolturalia.com\\\/fr\\\/event\\\/afrosonica-paysages-sonores\\\/#breadcrumb\",\"itemListElement\":[{\"@type\":\"ListItem\",\"position\":1,\"name\":\"Home\",\"item\":\"https:\\\/\\\/www.coolturalia.com\\\/fr\\\/\"},{\"@type\":\"ListItem\",\"position\":2,\"name\":\"Events\",\"item\":\"https:\\\/\\\/www.coolturalia.com\\\/fr\\\/events\\\/\"},{\"@type\":\"ListItem\",\"position\":3,\"name\":\"Afrosonica \u2013 Paysages sonores\"}]},{\"@type\":\"WebSite\",\"@id\":\"https:\\\/\\\/www.coolturalia.com\\\/fr\\\/#website\",\"url\":\"https:\\\/\\\/www.coolturalia.com\\\/fr\\\/\",\"name\":\"Coolturalia\",\"description\":\"\",\"publisher\":{\"@id\":\"https:\\\/\\\/www.coolturalia.com\\\/fr\\\/#organization\"},\"potentialAction\":[{\"@type\":\"SearchAction\",\"target\":{\"@type\":\"EntryPoint\",\"urlTemplate\":\"https:\\\/\\\/www.coolturalia.com\\\/fr\\\/?s={search_term_string}\"},\"query-input\":{\"@type\":\"PropertyValueSpecification\",\"valueRequired\":true,\"valueName\":\"search_term_string\"}}],\"inLanguage\":\"fr-FR\"},{\"@type\":\"Organization\",\"@id\":\"https:\\\/\\\/www.coolturalia.com\\\/fr\\\/#organization\",\"name\":\"Coolturalia\",\"url\":\"https:\\\/\\\/www.coolturalia.com\\\/fr\\\/\",\"logo\":{\"@type\":\"ImageObject\",\"inLanguage\":\"fr-FR\",\"@id\":\"https:\\\/\\\/www.coolturalia.com\\\/fr\\\/#\\\/schema\\\/logo\\\/image\\\/\",\"url\":\"https:\\\/\\\/www.coolturalia.com\\\/wp-content\\\/uploads\\\/2024\\\/04\\\/Logo-coolturalia.svg\",\"contentUrl\":\"https:\\\/\\\/www.coolturalia.com\\\/wp-content\\\/uploads\\\/2024\\\/04\\\/Logo-coolturalia.svg\",\"width\":1312,\"height\":193,\"caption\":\"Coolturalia\"},\"image\":{\"@id\":\"https:\\\/\\\/www.coolturalia.com\\\/fr\\\/#\\\/schema\\\/logo\\\/image\\\/\"},\"sameAs\":[\"https:\\\/\\\/www.instagram.com\\\/coolturalia_geneva\\\/\"]}]}<\/script>\n<!-- \/ Yoast SEO plugin. -->","yoast_head_json":{"title":"Afrosonica \u2013 Paysages sonores - Coolturalia","robots":{"index":"index","follow":"follow","max-snippet":"max-snippet:-1","max-image-preview":"max-image-preview:large","max-video-preview":"max-video-preview:-1"},"canonical":"https:\/\/www.coolturalia.com\/fr\/event\/afrosonica-paysages-sonores\/","og_locale":"fr_FR","og_type":"article","og_title":"Afrosonica \u2013 Paysages sonores - Coolturalia","og_description":"Le MEG, Mus\u00e9e d\u2019ethnographie de Gen\u00e8ve, pr\u00e9sente l\u2019exposition immersive \u00ab\u00a0Afrosonica \u2013 Paysages sonores,\u00a0\u00bb qui explore le r\u00f4le de la musique et du son dans les soci\u00e9t\u00e9s africaines et leurs diasporas. \u00c0 travers des instruments, des archives sonores et des installations contemporaines, l\u2019exposition r\u00e9v\u00e8le le pouvoir du son pour communiquer, \u00e9tablir des connexions, transmettre des connaissances [&hellip;]","og_url":"https:\/\/www.coolturalia.com\/fr\/event\/afrosonica-paysages-sonores\/","og_site_name":"Coolturalia","article_modified_time":"2025-11-11T12:34:28+00:00","og_image":[{"width":700,"height":463,"url":"https:\/\/www.coolturalia.com\/wp-content\/uploads\/2025\/11\/coolturalia-afrosonica-paysages-sonores-1.webp","type":"image\/webp"}],"twitter_card":"summary_large_image","schema":{"@context":"https:\/\/schema.org","@graph":[{"@type":"WebPage","@id":"https:\/\/www.coolturalia.com\/fr\/event\/afrosonica-paysages-sonores\/","url":"https:\/\/www.coolturalia.com\/fr\/event\/afrosonica-paysages-sonores\/","name":"Afrosonica \u2013 Paysages sonores - Coolturalia","isPartOf":{"@id":"https:\/\/www.coolturalia.com\/fr\/#website"},"primaryImageOfPage":{"@id":"https:\/\/www.coolturalia.com\/fr\/event\/afrosonica-paysages-sonores\/#primaryimage"},"image":{"@id":"https:\/\/www.coolturalia.com\/fr\/event\/afrosonica-paysages-sonores\/#primaryimage"},"thumbnailUrl":"https:\/\/www.coolturalia.com\/wp-content\/uploads\/2025\/11\/coolturalia-afrosonica-paysages-sonores-1.webp","datePublished":"2025-11-11T12:34:27+00:00","dateModified":"2025-11-11T12:34:28+00:00","breadcrumb":{"@id":"https:\/\/www.coolturalia.com\/fr\/event\/afrosonica-paysages-sonores\/#breadcrumb"},"inLanguage":"fr-FR","potentialAction":[{"@type":"ReadAction","target":["https:\/\/www.coolturalia.com\/fr\/event\/afrosonica-paysages-sonores\/"]}]},{"@type":"ImageObject","inLanguage":"fr-FR","@id":"https:\/\/www.coolturalia.com\/fr\/event\/afrosonica-paysages-sonores\/#primaryimage","url":"https:\/\/www.coolturalia.com\/wp-content\/uploads\/2025\/11\/coolturalia-afrosonica-paysages-sonores-1.webp","contentUrl":"https:\/\/www.coolturalia.com\/wp-content\/uploads\/2025\/11\/coolturalia-afrosonica-paysages-sonores-1.webp","width":700,"height":463},{"@type":"BreadcrumbList","@id":"https:\/\/www.coolturalia.com\/fr\/event\/afrosonica-paysages-sonores\/#breadcrumb","itemListElement":[{"@type":"ListItem","position":1,"name":"Home","item":"https:\/\/www.coolturalia.com\/fr\/"},{"@type":"ListItem","position":2,"name":"Events","item":"https:\/\/www.coolturalia.com\/fr\/events\/"},{"@type":"ListItem","position":3,"name":"Afrosonica \u2013 Paysages sonores"}]},{"@type":"WebSite","@id":"https:\/\/www.coolturalia.com\/fr\/#website","url":"https:\/\/www.coolturalia.com\/fr\/","name":"Coolturalia","description":"","publisher":{"@id":"https:\/\/www.coolturalia.com\/fr\/#organization"},"potentialAction":[{"@type":"SearchAction","target":{"@type":"EntryPoint","urlTemplate":"https:\/\/www.coolturalia.com\/fr\/?s={search_term_string}"},"query-input":{"@type":"PropertyValueSpecification","valueRequired":true,"valueName":"search_term_string"}}],"inLanguage":"fr-FR"},{"@type":"Organization","@id":"https:\/\/www.coolturalia.com\/fr\/#organization","name":"Coolturalia","url":"https:\/\/www.coolturalia.com\/fr\/","logo":{"@type":"ImageObject","inLanguage":"fr-FR","@id":"https:\/\/www.coolturalia.com\/fr\/#\/schema\/logo\/image\/","url":"https:\/\/www.coolturalia.com\/wp-content\/uploads\/2024\/04\/Logo-coolturalia.svg","contentUrl":"https:\/\/www.coolturalia.com\/wp-content\/uploads\/2024\/04\/Logo-coolturalia.svg","width":1312,"height":193,"caption":"Coolturalia"},"image":{"@id":"https:\/\/www.coolturalia.com\/fr\/#\/schema\/logo\/image\/"},"sameAs":["https:\/\/www.instagram.com\/coolturalia_geneva\/"]}]}},"translations":{"translations":{"en":"177321","fr":"177324"},"language":{"code":"fr"},"date":{"dateRange":"13 novembre 2025 - 4 janvier"}},"language":{"code":"fr"},"_links":{"self":[{"href":"https:\/\/www.coolturalia.com\/fr\/wp-json\/wp\/v2\/event\/177324","targetHints":{"allow":["GET"]}}],"collection":[{"href":"https:\/\/www.coolturalia.com\/fr\/wp-json\/wp\/v2\/event"}],"about":[{"href":"https:\/\/www.coolturalia.com\/fr\/wp-json\/wp\/v2\/types\/event"}],"version-history":[{"count":2,"href":"https:\/\/www.coolturalia.com\/fr\/wp-json\/wp\/v2\/event\/177324\/revisions"}],"predecessor-version":[{"id":177501,"href":"https:\/\/www.coolturalia.com\/fr\/wp-json\/wp\/v2\/event\/177324\/revisions\/177501"}],"wp:featuredmedia":[{"embeddable":true,"href":"https:\/\/www.coolturalia.com\/fr\/wp-json\/wp\/v2\/media\/177323"}],"wp:attachment":[{"href":"https:\/\/www.coolturalia.com\/fr\/wp-json\/wp\/v2\/media?parent=177324"}],"wp:term":[{"taxonomy":"post_tag","embeddable":true,"href":"https:\/\/www.coolturalia.com\/fr\/wp-json\/wp\/v2\/tags?post=177324"},{"taxonomy":"event-category","embeddable":true,"href":"https:\/\/www.coolturalia.com\/fr\/wp-json\/wp\/v2\/event-category?post=177324"},{"taxonomy":"event-venue","embeddable":true,"href":"https:\/\/www.coolturalia.com\/fr\/wp-json\/wp\/v2\/event-venue?post=177324"}],"curies":[{"name":"wp","href":"https:\/\/api.w.org\/{rel}","templated":true}]}}