{"id":177302,"date":"2025-11-12T14:19:36","date_gmt":"2025-11-12T13:19:36","guid":{"rendered":"https:\/\/www.coolturalia.com\/?post_type=event&#038;p=177302"},"modified":"2025-11-12T14:19:37","modified_gmt":"2025-11-12T13:19:37","slug":"castor-pollux-de-jean-philippe-rameau","status":"publish","type":"event","link":"https:\/\/www.coolturalia.com\/fr\/event\/castor-pollux-de-jean-philippe-rameau\/","title":{"rendered":"Castor &#038; Pollux \u2013 de Jean-Philippe Rameau"},"content":{"rendered":"<p>Leonardo Garc\u00eda Alarc\u00f3n et sa Cappella Mediterranea, en collaboration avec le Ballet du GTG, pr\u00e9sentent l&rsquo;op\u00e9ra-danse <em>Castor &amp; Pollux<\/em> de Jean-Philippe Rameau. L&rsquo;\u0153uvre, rarement jou\u00e9e dans sa version de 1737, explore les th\u00e8mes de l&rsquo;amour fraternel et du sacrifice \u00e0 travers une guerre entre deux peuples. Le spectacle met en avant des artistes renomm\u00e9s du baroque, avec des performances de Reinoud van Mechelen et Andreas Wolf, notamment. La danse est int\u00e9gr\u00e9e au c\u0153ur de la dramaturgie, illustrant la richesse \u00e9motionnelle et musicale de Rameau.<\/p>\n<p><strong>En fran\u00e7ais et surtitr\u00e9e en anglais.<\/strong><\/p>\n","protected":false},"excerpt":{"rendered":"<p>Leonardo Garc\u00eda Alarc\u00f3n et sa Cappella Mediterranea, en collaboration avec le Ballet du GTG, pr\u00e9sentent l&rsquo;op\u00e9ra-danse Castor &amp; Pollux de Jean-Philippe Rameau. L&rsquo;\u0153uvre, rarement jou\u00e9e dans sa version de 1737, explore les th\u00e8mes de l&rsquo;amour fraternel et du sacrifice \u00e0 travers une guerre entre deux peuples. Le spectacle met en avant des artistes renomm\u00e9s du [&hellip;]<\/p>\n","protected":false},"featured_media":177301,"parent":0,"menu_order":0,"template":"","format":"standard","meta":{"_acf_changed":false,"footnotes":""},"tags":[686,687],"event-category":[444],"event-venue":[632],"class_list":["post-177302","event","type-event","status-publish","format-standard","has-post-thumbnail","hentry","tag-evenement-passe","tag-past-event","event-category-spectacles","event-venue-bfm-batiment-des-forces-motrices-fr"],"acf":{"price":"","date":"19 - 29 mars ","start_date":"2026-03-19 00:00:00","end_date":"2026-03-29 00:00:00","website_link":"https:\/\/www.gtg.ch\/saison-25-26\/castor-et-pollux\/","link_buy_tickets":"https:\/\/www.gtg.ch\/saison-25-26\/castor-et-pollux\/","highlighted":false,"photo_credit":"Benedicte Kurzen & Sanne De Wilde \/ Twin Stars, 2018","timings":[{"timing_start_date":"2026-03-19 19:30:00","timing_end_date":"2026-03-19 22:00:00"},{"timing_start_date":"2026-03-21 19:30:00","timing_end_date":"2026-03-21 22:00:00"},{"timing_start_date":"2026-03-22 15:00:00","timing_end_date":"2026-03-22 17:30:00"},{"timing_start_date":"2026-03-24 19:00:00","timing_end_date":"2026-03-24 21:30:00"},{"timing_start_date":"2026-03-26 19:30:00","timing_end_date":"2026-03-26 22:00:00"},{"timing_start_date":"2026-03-28 19:30:00","timing_end_date":"2026-03-28 22:00:00"},{"timing_start_date":"2026-03-29 15:00:00","timing_end_date":"2026-03-29 17:30:00"}],"external_id":"24871157"},"yoast_head":"<!-- This site is optimized with the Yoast SEO plugin v27.5 - https:\/\/yoast.com\/product\/yoast-seo-wordpress\/ -->\n<title>Castor &amp; Pollux \u2013 de Jean-Philippe Rameau - Coolturalia<\/title>\n<meta name=\"robots\" content=\"index, follow, max-snippet:-1, max-image-preview:large, max-video-preview:-1\" \/>\n<link rel=\"canonical\" href=\"https:\/\/www.coolturalia.com\/fr\/event\/castor-pollux-de-jean-philippe-rameau\/\" \/>\n<meta property=\"og:locale\" content=\"fr_FR\" \/>\n<meta property=\"og:type\" content=\"article\" \/>\n<meta property=\"og:title\" content=\"Castor &amp; Pollux \u2013 de Jean-Philippe Rameau - Coolturalia\" \/>\n<meta property=\"og:description\" content=\"Leonardo Garc\u00eda Alarc\u00f3n et sa Cappella Mediterranea, en collaboration avec le Ballet du GTG, pr\u00e9sentent l&rsquo;op\u00e9ra-danse Castor &amp; Pollux de Jean-Philippe Rameau. L&rsquo;\u0153uvre, rarement jou\u00e9e dans sa version de 1737, explore les th\u00e8mes de l&rsquo;amour fraternel et du sacrifice \u00e0 travers une guerre entre deux peuples. Le spectacle met en avant des artistes renomm\u00e9s du [&hellip;]\" \/>\n<meta property=\"og:url\" content=\"https:\/\/www.coolturalia.com\/fr\/event\/castor-pollux-de-jean-philippe-rameau\/\" \/>\n<meta property=\"og:site_name\" content=\"Coolturalia\" \/>\n<meta property=\"article:modified_time\" content=\"2025-11-12T13:19:37+00:00\" \/>\n<meta property=\"og:image\" content=\"https:\/\/www.coolturalia.com\/wp-content\/uploads\/2025\/11\/coolturalia-castor-pollux-opera-by-jean-philippe-rameau-1.webp\" \/>\n\t<meta property=\"og:image:width\" content=\"700\" \/>\n\t<meta property=\"og:image:height\" content=\"467\" \/>\n\t<meta property=\"og:image:type\" content=\"image\/webp\" \/>\n<meta name=\"twitter:card\" content=\"summary_large_image\" \/>\n<meta name=\"twitter:label1\" content=\"Dur\u00e9e de lecture estim\u00e9e\" \/>\n\t<meta name=\"twitter:data1\" content=\"1 minute\" \/>\n<script type=\"application\/ld+json\" class=\"yoast-schema-graph\">{\"@context\":\"https:\\\/\\\/schema.org\",\"@graph\":[{\"@type\":\"WebPage\",\"@id\":\"https:\\\/\\\/www.coolturalia.com\\\/fr\\\/event\\\/castor-pollux-de-jean-philippe-rameau\\\/\",\"url\":\"https:\\\/\\\/www.coolturalia.com\\\/fr\\\/event\\\/castor-pollux-de-jean-philippe-rameau\\\/\",\"name\":\"Castor & Pollux \u2013 de Jean-Philippe Rameau - Coolturalia\",\"isPartOf\":{\"@id\":\"https:\\\/\\\/www.coolturalia.com\\\/fr\\\/#website\"},\"primaryImageOfPage\":{\"@id\":\"https:\\\/\\\/www.coolturalia.com\\\/fr\\\/event\\\/castor-pollux-de-jean-philippe-rameau\\\/#primaryimage\"},\"image\":{\"@id\":\"https:\\\/\\\/www.coolturalia.com\\\/fr\\\/event\\\/castor-pollux-de-jean-philippe-rameau\\\/#primaryimage\"},\"thumbnailUrl\":\"https:\\\/\\\/www.coolturalia.com\\\/wp-content\\\/uploads\\\/2025\\\/11\\\/coolturalia-castor-pollux-opera-by-jean-philippe-rameau-1.webp\",\"datePublished\":\"2025-11-12T13:19:36+00:00\",\"dateModified\":\"2025-11-12T13:19:37+00:00\",\"breadcrumb\":{\"@id\":\"https:\\\/\\\/www.coolturalia.com\\\/fr\\\/event\\\/castor-pollux-de-jean-philippe-rameau\\\/#breadcrumb\"},\"inLanguage\":\"fr-FR\",\"potentialAction\":[{\"@type\":\"ReadAction\",\"target\":[\"https:\\\/\\\/www.coolturalia.com\\\/fr\\\/event\\\/castor-pollux-de-jean-philippe-rameau\\\/\"]}]},{\"@type\":\"ImageObject\",\"inLanguage\":\"fr-FR\",\"@id\":\"https:\\\/\\\/www.coolturalia.com\\\/fr\\\/event\\\/castor-pollux-de-jean-philippe-rameau\\\/#primaryimage\",\"url\":\"https:\\\/\\\/www.coolturalia.com\\\/wp-content\\\/uploads\\\/2025\\\/11\\\/coolturalia-castor-pollux-opera-by-jean-philippe-rameau-1.webp\",\"contentUrl\":\"https:\\\/\\\/www.coolturalia.com\\\/wp-content\\\/uploads\\\/2025\\\/11\\\/coolturalia-castor-pollux-opera-by-jean-philippe-rameau-1.webp\",\"width\":700,\"height\":467},{\"@type\":\"BreadcrumbList\",\"@id\":\"https:\\\/\\\/www.coolturalia.com\\\/fr\\\/event\\\/castor-pollux-de-jean-philippe-rameau\\\/#breadcrumb\",\"itemListElement\":[{\"@type\":\"ListItem\",\"position\":1,\"name\":\"Home\",\"item\":\"https:\\\/\\\/www.coolturalia.com\\\/fr\\\/\"},{\"@type\":\"ListItem\",\"position\":2,\"name\":\"Events\",\"item\":\"https:\\\/\\\/www.coolturalia.com\\\/fr\\\/events\\\/\"},{\"@type\":\"ListItem\",\"position\":3,\"name\":\"Castor &#038; Pollux \u2013 de Jean-Philippe Rameau\"}]},{\"@type\":\"WebSite\",\"@id\":\"https:\\\/\\\/www.coolturalia.com\\\/fr\\\/#website\",\"url\":\"https:\\\/\\\/www.coolturalia.com\\\/fr\\\/\",\"name\":\"Coolturalia\",\"description\":\"\",\"publisher\":{\"@id\":\"https:\\\/\\\/www.coolturalia.com\\\/fr\\\/#organization\"},\"potentialAction\":[{\"@type\":\"SearchAction\",\"target\":{\"@type\":\"EntryPoint\",\"urlTemplate\":\"https:\\\/\\\/www.coolturalia.com\\\/fr\\\/?s={search_term_string}\"},\"query-input\":{\"@type\":\"PropertyValueSpecification\",\"valueRequired\":true,\"valueName\":\"search_term_string\"}}],\"inLanguage\":\"fr-FR\"},{\"@type\":\"Organization\",\"@id\":\"https:\\\/\\\/www.coolturalia.com\\\/fr\\\/#organization\",\"name\":\"Coolturalia\",\"url\":\"https:\\\/\\\/www.coolturalia.com\\\/fr\\\/\",\"logo\":{\"@type\":\"ImageObject\",\"inLanguage\":\"fr-FR\",\"@id\":\"https:\\\/\\\/www.coolturalia.com\\\/fr\\\/#\\\/schema\\\/logo\\\/image\\\/\",\"url\":\"https:\\\/\\\/www.coolturalia.com\\\/wp-content\\\/uploads\\\/2024\\\/04\\\/Logo-coolturalia.svg\",\"contentUrl\":\"https:\\\/\\\/www.coolturalia.com\\\/wp-content\\\/uploads\\\/2024\\\/04\\\/Logo-coolturalia.svg\",\"width\":1312,\"height\":193,\"caption\":\"Coolturalia\"},\"image\":{\"@id\":\"https:\\\/\\\/www.coolturalia.com\\\/fr\\\/#\\\/schema\\\/logo\\\/image\\\/\"},\"sameAs\":[\"https:\\\/\\\/www.instagram.com\\\/coolturalia_geneva\\\/\"]}]}<\/script>\n<!-- \/ Yoast SEO plugin. -->","yoast_head_json":{"title":"Castor & Pollux \u2013 de Jean-Philippe Rameau - Coolturalia","robots":{"index":"index","follow":"follow","max-snippet":"max-snippet:-1","max-image-preview":"max-image-preview:large","max-video-preview":"max-video-preview:-1"},"canonical":"https:\/\/www.coolturalia.com\/fr\/event\/castor-pollux-de-jean-philippe-rameau\/","og_locale":"fr_FR","og_type":"article","og_title":"Castor & Pollux \u2013 de Jean-Philippe Rameau - Coolturalia","og_description":"Leonardo Garc\u00eda Alarc\u00f3n et sa Cappella Mediterranea, en collaboration avec le Ballet du GTG, pr\u00e9sentent l&rsquo;op\u00e9ra-danse Castor &amp; Pollux de Jean-Philippe Rameau. L&rsquo;\u0153uvre, rarement jou\u00e9e dans sa version de 1737, explore les th\u00e8mes de l&rsquo;amour fraternel et du sacrifice \u00e0 travers une guerre entre deux peuples. Le spectacle met en avant des artistes renomm\u00e9s du [&hellip;]","og_url":"https:\/\/www.coolturalia.com\/fr\/event\/castor-pollux-de-jean-philippe-rameau\/","og_site_name":"Coolturalia","article_modified_time":"2025-11-12T13:19:37+00:00","og_image":[{"width":700,"height":467,"url":"https:\/\/www.coolturalia.com\/wp-content\/uploads\/2025\/11\/coolturalia-castor-pollux-opera-by-jean-philippe-rameau-1.webp","type":"image\/webp"}],"twitter_card":"summary_large_image","twitter_misc":{"Dur\u00e9e de lecture estim\u00e9e":"1 minute"},"schema":{"@context":"https:\/\/schema.org","@graph":[{"@type":"WebPage","@id":"https:\/\/www.coolturalia.com\/fr\/event\/castor-pollux-de-jean-philippe-rameau\/","url":"https:\/\/www.coolturalia.com\/fr\/event\/castor-pollux-de-jean-philippe-rameau\/","name":"Castor & Pollux \u2013 de Jean-Philippe Rameau - Coolturalia","isPartOf":{"@id":"https:\/\/www.coolturalia.com\/fr\/#website"},"primaryImageOfPage":{"@id":"https:\/\/www.coolturalia.com\/fr\/event\/castor-pollux-de-jean-philippe-rameau\/#primaryimage"},"image":{"@id":"https:\/\/www.coolturalia.com\/fr\/event\/castor-pollux-de-jean-philippe-rameau\/#primaryimage"},"thumbnailUrl":"https:\/\/www.coolturalia.com\/wp-content\/uploads\/2025\/11\/coolturalia-castor-pollux-opera-by-jean-philippe-rameau-1.webp","datePublished":"2025-11-12T13:19:36+00:00","dateModified":"2025-11-12T13:19:37+00:00","breadcrumb":{"@id":"https:\/\/www.coolturalia.com\/fr\/event\/castor-pollux-de-jean-philippe-rameau\/#breadcrumb"},"inLanguage":"fr-FR","potentialAction":[{"@type":"ReadAction","target":["https:\/\/www.coolturalia.com\/fr\/event\/castor-pollux-de-jean-philippe-rameau\/"]}]},{"@type":"ImageObject","inLanguage":"fr-FR","@id":"https:\/\/www.coolturalia.com\/fr\/event\/castor-pollux-de-jean-philippe-rameau\/#primaryimage","url":"https:\/\/www.coolturalia.com\/wp-content\/uploads\/2025\/11\/coolturalia-castor-pollux-opera-by-jean-philippe-rameau-1.webp","contentUrl":"https:\/\/www.coolturalia.com\/wp-content\/uploads\/2025\/11\/coolturalia-castor-pollux-opera-by-jean-philippe-rameau-1.webp","width":700,"height":467},{"@type":"BreadcrumbList","@id":"https:\/\/www.coolturalia.com\/fr\/event\/castor-pollux-de-jean-philippe-rameau\/#breadcrumb","itemListElement":[{"@type":"ListItem","position":1,"name":"Home","item":"https:\/\/www.coolturalia.com\/fr\/"},{"@type":"ListItem","position":2,"name":"Events","item":"https:\/\/www.coolturalia.com\/fr\/events\/"},{"@type":"ListItem","position":3,"name":"Castor &#038; Pollux \u2013 de Jean-Philippe Rameau"}]},{"@type":"WebSite","@id":"https:\/\/www.coolturalia.com\/fr\/#website","url":"https:\/\/www.coolturalia.com\/fr\/","name":"Coolturalia","description":"","publisher":{"@id":"https:\/\/www.coolturalia.com\/fr\/#organization"},"potentialAction":[{"@type":"SearchAction","target":{"@type":"EntryPoint","urlTemplate":"https:\/\/www.coolturalia.com\/fr\/?s={search_term_string}"},"query-input":{"@type":"PropertyValueSpecification","valueRequired":true,"valueName":"search_term_string"}}],"inLanguage":"fr-FR"},{"@type":"Organization","@id":"https:\/\/www.coolturalia.com\/fr\/#organization","name":"Coolturalia","url":"https:\/\/www.coolturalia.com\/fr\/","logo":{"@type":"ImageObject","inLanguage":"fr-FR","@id":"https:\/\/www.coolturalia.com\/fr\/#\/schema\/logo\/image\/","url":"https:\/\/www.coolturalia.com\/wp-content\/uploads\/2024\/04\/Logo-coolturalia.svg","contentUrl":"https:\/\/www.coolturalia.com\/wp-content\/uploads\/2024\/04\/Logo-coolturalia.svg","width":1312,"height":193,"caption":"Coolturalia"},"image":{"@id":"https:\/\/www.coolturalia.com\/fr\/#\/schema\/logo\/image\/"},"sameAs":["https:\/\/www.instagram.com\/coolturalia_geneva\/"]}]}},"translations":{"translations":{"en":"177299","fr":"177302"},"language":{"code":"fr"},"date":{"dateRange":"19 - 29 mars "}},"language":{"code":"fr"},"_links":{"self":[{"href":"https:\/\/www.coolturalia.com\/fr\/wp-json\/wp\/v2\/event\/177302","targetHints":{"allow":["GET"]}}],"collection":[{"href":"https:\/\/www.coolturalia.com\/fr\/wp-json\/wp\/v2\/event"}],"about":[{"href":"https:\/\/www.coolturalia.com\/fr\/wp-json\/wp\/v2\/types\/event"}],"version-history":[{"count":4,"href":"https:\/\/www.coolturalia.com\/fr\/wp-json\/wp\/v2\/event\/177302\/revisions"}],"predecessor-version":[{"id":177646,"href":"https:\/\/www.coolturalia.com\/fr\/wp-json\/wp\/v2\/event\/177302\/revisions\/177646"}],"wp:featuredmedia":[{"embeddable":true,"href":"https:\/\/www.coolturalia.com\/fr\/wp-json\/wp\/v2\/media\/177301"}],"wp:attachment":[{"href":"https:\/\/www.coolturalia.com\/fr\/wp-json\/wp\/v2\/media?parent=177302"}],"wp:term":[{"taxonomy":"post_tag","embeddable":true,"href":"https:\/\/www.coolturalia.com\/fr\/wp-json\/wp\/v2\/tags?post=177302"},{"taxonomy":"event-category","embeddable":true,"href":"https:\/\/www.coolturalia.com\/fr\/wp-json\/wp\/v2\/event-category?post=177302"},{"taxonomy":"event-venue","embeddable":true,"href":"https:\/\/www.coolturalia.com\/fr\/wp-json\/wp\/v2\/event-venue?post=177302"}],"curies":[{"name":"wp","href":"https:\/\/api.w.org\/{rel}","templated":true}]}}