{"id":175644,"date":"2025-11-03T17:33:40","date_gmt":"2025-11-03T16:33:40","guid":{"rendered":"https:\/\/www.coolturalia.com\/?post_type=event&#038;p=175644"},"modified":"2025-11-03T17:33:41","modified_gmt":"2025-11-03T16:33:41","slug":"yuku-sakura-ladina-gaudenz","status":"publish","type":"event","link":"https:\/\/www.coolturalia.com\/fr\/event\/yuku-sakura-ladina-gaudenz\/","title":{"rendered":"YUKU &#038; SAKURA \u2013 Ladina Gaudenz"},"content":{"rendered":"<p>Dans \u00abYuku &amp; Sakura\u00bb, Ladina Gaudenz sublime la nature et le renouveau gr\u00e2ce \u00e0 des cerisiers en fleurs d\u00e9licats et lumineux. Ces \u0153uvres m\u00ealent beaut\u00e9 \u00e9ph\u00e9m\u00e8re et contemplation, d\u00e9voilant de f\u00e9\u00e9riques cerisiers sur toile de lin brute.<\/p>\n<p class=\"p1\"><b>Vernissage lors du Vernissage commun de l&rsquo;Art en Vieille Ville, jeudi 6 novembre,\u00a0 de 16:00 \u00e0 21:00.<\/b><\/p>\n","protected":false},"excerpt":{"rendered":"<p>Dans \u00abYuku &amp; Sakura\u00bb, Ladina Gaudenz sublime la nature et le renouveau gr\u00e2ce \u00e0 des cerisiers en fleurs d\u00e9licats et lumineux. Ces \u0153uvres m\u00ealent beaut\u00e9 \u00e9ph\u00e9m\u00e8re et contemplation, d\u00e9voilant de f\u00e9\u00e9riques cerisiers sur toile de lin brute. Vernissage lors du Vernissage commun de l&rsquo;Art en Vieille Ville, jeudi 6 novembre,\u00a0 de 16:00 \u00e0 21:00.<\/p>\n","protected":false},"featured_media":175503,"parent":0,"menu_order":0,"template":"","format":"standard","meta":{"_acf_changed":false,"footnotes":""},"tags":[686,1266],"event-category":[446],"event-venue":[1822],"class_list":["post-175644","event","type-event","status-publish","format-standard","has-post-thumbnail","hentry","tag-evenement-passe","tag-past-event-fr","event-category-art-et-expositions","event-venue-galerie-rosa-turetsky-fr"],"acf":{"price":"","date":"6 novembre - 13 d\u00e9cembre","start_date":"2025-11-06 00:00:00","end_date":"2025-12-13 00:00:00","website_link":"https:\/\/www.avv.ch\/evenements\/yuku-sakura","link_buy_tickets":"","highlighted":false,"photo_credit":"","timings":[{"timing_start_date":"2025-11-06 14:30:00","timing_end_date":"2025-11-06 18:00:00"},{"timing_start_date":"2025-11-07 14:30:00","timing_end_date":"2025-11-07 18:00:00"},{"timing_start_date":"2025-11-08 11:00:00","timing_end_date":"2025-11-08 17:00:00"},{"timing_start_date":"2025-11-11 14:30:00","timing_end_date":"2025-11-11 18:00:00"},{"timing_start_date":"2025-11-12 14:30:00","timing_end_date":"2025-11-12 18:00:00"},{"timing_start_date":"2025-11-13 14:30:00","timing_end_date":"2025-11-13 18:00:00"},{"timing_start_date":"2025-11-14 14:30:00","timing_end_date":"2025-11-14 18:00:00"},{"timing_start_date":"2025-11-15 11:00:00","timing_end_date":"2025-11-15 17:00:00"},{"timing_start_date":"2025-11-18 14:30:00","timing_end_date":"2025-11-18 18:00:00"},{"timing_start_date":"2025-11-19 14:30:00","timing_end_date":"2025-11-19 18:00:00"},{"timing_start_date":"2025-11-20 14:30:00","timing_end_date":"2025-11-20 18:00:00"},{"timing_start_date":"2025-11-21 14:30:00","timing_end_date":"2025-11-21 18:00:00"},{"timing_start_date":"2025-11-22 11:00:00","timing_end_date":"2025-11-22 17:00:00"},{"timing_start_date":"2025-11-25 14:30:00","timing_end_date":"2025-11-25 18:00:00"},{"timing_start_date":"2025-11-26 14:30:00","timing_end_date":"2025-11-26 18:00:00"},{"timing_start_date":"2025-11-27 14:30:00","timing_end_date":"2025-11-27 18:00:00"},{"timing_start_date":"2025-11-28 14:30:00","timing_end_date":"2025-11-28 18:00:00"},{"timing_start_date":"2025-11-29 11:00:00","timing_end_date":"2025-11-29 17:00:00"},{"timing_start_date":"2025-12-02 14:30:00","timing_end_date":"2025-12-02 18:00:00"},{"timing_start_date":"2025-12-03 14:30:00","timing_end_date":"2025-12-03 18:00:00"},{"timing_start_date":"2025-12-04 14:30:00","timing_end_date":"2025-12-04 18:00:00"},{"timing_start_date":"2025-12-05 14:30:00","timing_end_date":"2025-12-05 18:00:00"},{"timing_start_date":"2025-12-06 11:00:00","timing_end_date":"2025-12-06 17:00:00"},{"timing_start_date":"2025-12-09 14:30:00","timing_end_date":"2025-12-09 18:00:00"},{"timing_start_date":"2025-12-10 14:30:00","timing_end_date":"2025-12-10 18:00:00"},{"timing_start_date":"2025-12-11 14:30:00","timing_end_date":"2025-12-11 18:00:00"},{"timing_start_date":"2025-12-12 14:30:00","timing_end_date":"2025-12-12 18:00:00"},{"timing_start_date":"2025-12-13 11:00:00","timing_end_date":"2025-12-13 17:00:00"}],"external_id":"75983650"},"yoast_head":"<!-- This site is optimized with the Yoast SEO plugin v26.5 - https:\/\/yoast.com\/wordpress\/plugins\/seo\/ -->\n<title>YUKU &amp; SAKURA \u2013 Ladina Gaudenz - Coolturalia<\/title>\n<meta name=\"robots\" content=\"index, follow, max-snippet:-1, max-image-preview:large, max-video-preview:-1\" \/>\n<link rel=\"canonical\" href=\"https:\/\/www.coolturalia.com\/fr\/event\/yuku-sakura-ladina-gaudenz\/\" \/>\n<meta property=\"og:locale\" content=\"fr_FR\" \/>\n<meta property=\"og:type\" content=\"article\" \/>\n<meta property=\"og:title\" content=\"YUKU &amp; SAKURA \u2013 Ladina Gaudenz - Coolturalia\" \/>\n<meta property=\"og:description\" content=\"Dans \u00abYuku &amp; Sakura\u00bb, Ladina Gaudenz sublime la nature et le renouveau gr\u00e2ce \u00e0 des cerisiers en fleurs d\u00e9licats et lumineux. Ces \u0153uvres m\u00ealent beaut\u00e9 \u00e9ph\u00e9m\u00e8re et contemplation, d\u00e9voilant de f\u00e9\u00e9riques cerisiers sur toile de lin brute. Vernissage lors du Vernissage commun de l&rsquo;Art en Vieille Ville, jeudi 6 novembre,\u00a0 de 16:00 \u00e0 21:00.\" \/>\n<meta property=\"og:url\" content=\"https:\/\/www.coolturalia.com\/fr\/event\/yuku-sakura-ladina-gaudenz\/\" \/>\n<meta property=\"og:site_name\" content=\"Coolturalia\" \/>\n<meta property=\"article:modified_time\" content=\"2025-11-03T16:33:41+00:00\" \/>\n<meta property=\"og:image\" content=\"https:\/\/www.coolturalia.com\/wp-content\/uploads\/2025\/11\/coolturalia-yuku-sakura-ladina-gaudenz-1.webp\" \/>\n\t<meta property=\"og:image:width\" content=\"700\" \/>\n\t<meta property=\"og:image:height\" content=\"522\" \/>\n\t<meta property=\"og:image:type\" content=\"image\/webp\" \/>\n<meta name=\"twitter:card\" content=\"summary_large_image\" \/>\n<script type=\"application\/ld+json\" class=\"yoast-schema-graph\">{\"@context\":\"https:\/\/schema.org\",\"@graph\":[{\"@type\":\"WebPage\",\"@id\":\"https:\/\/www.coolturalia.com\/fr\/event\/yuku-sakura-ladina-gaudenz\/\",\"url\":\"https:\/\/www.coolturalia.com\/fr\/event\/yuku-sakura-ladina-gaudenz\/\",\"name\":\"YUKU & SAKURA \u2013 Ladina Gaudenz - Coolturalia\",\"isPartOf\":{\"@id\":\"https:\/\/www.coolturalia.com\/fr\/#website\"},\"primaryImageOfPage\":{\"@id\":\"https:\/\/www.coolturalia.com\/fr\/event\/yuku-sakura-ladina-gaudenz\/#primaryimage\"},\"image\":{\"@id\":\"https:\/\/www.coolturalia.com\/fr\/event\/yuku-sakura-ladina-gaudenz\/#primaryimage\"},\"thumbnailUrl\":\"https:\/\/www.coolturalia.com\/wp-content\/uploads\/2025\/11\/coolturalia-yuku-sakura-ladina-gaudenz-1.webp\",\"datePublished\":\"2025-11-03T16:33:40+00:00\",\"dateModified\":\"2025-11-03T16:33:41+00:00\",\"breadcrumb\":{\"@id\":\"https:\/\/www.coolturalia.com\/fr\/event\/yuku-sakura-ladina-gaudenz\/#breadcrumb\"},\"inLanguage\":\"fr-FR\",\"potentialAction\":[{\"@type\":\"ReadAction\",\"target\":[\"https:\/\/www.coolturalia.com\/fr\/event\/yuku-sakura-ladina-gaudenz\/\"]}]},{\"@type\":\"ImageObject\",\"inLanguage\":\"fr-FR\",\"@id\":\"https:\/\/www.coolturalia.com\/fr\/event\/yuku-sakura-ladina-gaudenz\/#primaryimage\",\"url\":\"https:\/\/www.coolturalia.com\/wp-content\/uploads\/2025\/11\/coolturalia-yuku-sakura-ladina-gaudenz-1.webp\",\"contentUrl\":\"https:\/\/www.coolturalia.com\/wp-content\/uploads\/2025\/11\/coolturalia-yuku-sakura-ladina-gaudenz-1.webp\",\"width\":700,\"height\":522,\"caption\":\"| Coolturalia\"},{\"@type\":\"BreadcrumbList\",\"@id\":\"https:\/\/www.coolturalia.com\/fr\/event\/yuku-sakura-ladina-gaudenz\/#breadcrumb\",\"itemListElement\":[{\"@type\":\"ListItem\",\"position\":1,\"name\":\"Home\",\"item\":\"https:\/\/www.coolturalia.com\/fr\/\"},{\"@type\":\"ListItem\",\"position\":2,\"name\":\"Events\",\"item\":\"https:\/\/www.coolturalia.com\/fr\/events\/\"},{\"@type\":\"ListItem\",\"position\":3,\"name\":\"YUKU &#038; SAKURA \u2013 Ladina Gaudenz\"}]},{\"@type\":\"WebSite\",\"@id\":\"https:\/\/www.coolturalia.com\/fr\/#website\",\"url\":\"https:\/\/www.coolturalia.com\/fr\/\",\"name\":\"Coolturalia\",\"description\":\"\",\"publisher\":{\"@id\":\"https:\/\/www.coolturalia.com\/fr\/#organization\"},\"potentialAction\":[{\"@type\":\"SearchAction\",\"target\":{\"@type\":\"EntryPoint\",\"urlTemplate\":\"https:\/\/www.coolturalia.com\/fr\/?s={search_term_string}\"},\"query-input\":{\"@type\":\"PropertyValueSpecification\",\"valueRequired\":true,\"valueName\":\"search_term_string\"}}],\"inLanguage\":\"fr-FR\"},{\"@type\":\"Organization\",\"@id\":\"https:\/\/www.coolturalia.com\/fr\/#organization\",\"name\":\"Coolturalia\",\"url\":\"https:\/\/www.coolturalia.com\/fr\/\",\"logo\":{\"@type\":\"ImageObject\",\"inLanguage\":\"fr-FR\",\"@id\":\"https:\/\/www.coolturalia.com\/fr\/#\/schema\/logo\/image\/\",\"url\":\"https:\/\/www.coolturalia.com\/wp-content\/uploads\/2024\/04\/Logo-coolturalia.svg\",\"contentUrl\":\"https:\/\/www.coolturalia.com\/wp-content\/uploads\/2024\/04\/Logo-coolturalia.svg\",\"width\":1312,\"height\":193,\"caption\":\"Coolturalia\"},\"image\":{\"@id\":\"https:\/\/www.coolturalia.com\/fr\/#\/schema\/logo\/image\/\"},\"sameAs\":[\"https:\/\/www.instagram.com\/coolturalia_geneva\/\"]}]}<\/script>\n<!-- \/ Yoast SEO plugin. -->","yoast_head_json":{"title":"YUKU & SAKURA \u2013 Ladina Gaudenz - Coolturalia","robots":{"index":"index","follow":"follow","max-snippet":"max-snippet:-1","max-image-preview":"max-image-preview:large","max-video-preview":"max-video-preview:-1"},"canonical":"https:\/\/www.coolturalia.com\/fr\/event\/yuku-sakura-ladina-gaudenz\/","og_locale":"fr_FR","og_type":"article","og_title":"YUKU & SAKURA \u2013 Ladina Gaudenz - Coolturalia","og_description":"Dans \u00abYuku &amp; Sakura\u00bb, Ladina Gaudenz sublime la nature et le renouveau gr\u00e2ce \u00e0 des cerisiers en fleurs d\u00e9licats et lumineux. Ces \u0153uvres m\u00ealent beaut\u00e9 \u00e9ph\u00e9m\u00e8re et contemplation, d\u00e9voilant de f\u00e9\u00e9riques cerisiers sur toile de lin brute. Vernissage lors du Vernissage commun de l&rsquo;Art en Vieille Ville, jeudi 6 novembre,\u00a0 de 16:00 \u00e0 21:00.","og_url":"https:\/\/www.coolturalia.com\/fr\/event\/yuku-sakura-ladina-gaudenz\/","og_site_name":"Coolturalia","article_modified_time":"2025-11-03T16:33:41+00:00","og_image":[{"width":700,"height":522,"url":"https:\/\/www.coolturalia.com\/wp-content\/uploads\/2025\/11\/coolturalia-yuku-sakura-ladina-gaudenz-1.webp","type":"image\/webp"}],"twitter_card":"summary_large_image","schema":{"@context":"https:\/\/schema.org","@graph":[{"@type":"WebPage","@id":"https:\/\/www.coolturalia.com\/fr\/event\/yuku-sakura-ladina-gaudenz\/","url":"https:\/\/www.coolturalia.com\/fr\/event\/yuku-sakura-ladina-gaudenz\/","name":"YUKU & SAKURA \u2013 Ladina Gaudenz - Coolturalia","isPartOf":{"@id":"https:\/\/www.coolturalia.com\/fr\/#website"},"primaryImageOfPage":{"@id":"https:\/\/www.coolturalia.com\/fr\/event\/yuku-sakura-ladina-gaudenz\/#primaryimage"},"image":{"@id":"https:\/\/www.coolturalia.com\/fr\/event\/yuku-sakura-ladina-gaudenz\/#primaryimage"},"thumbnailUrl":"https:\/\/www.coolturalia.com\/wp-content\/uploads\/2025\/11\/coolturalia-yuku-sakura-ladina-gaudenz-1.webp","datePublished":"2025-11-03T16:33:40+00:00","dateModified":"2025-11-03T16:33:41+00:00","breadcrumb":{"@id":"https:\/\/www.coolturalia.com\/fr\/event\/yuku-sakura-ladina-gaudenz\/#breadcrumb"},"inLanguage":"fr-FR","potentialAction":[{"@type":"ReadAction","target":["https:\/\/www.coolturalia.com\/fr\/event\/yuku-sakura-ladina-gaudenz\/"]}]},{"@type":"ImageObject","inLanguage":"fr-FR","@id":"https:\/\/www.coolturalia.com\/fr\/event\/yuku-sakura-ladina-gaudenz\/#primaryimage","url":"https:\/\/www.coolturalia.com\/wp-content\/uploads\/2025\/11\/coolturalia-yuku-sakura-ladina-gaudenz-1.webp","contentUrl":"https:\/\/www.coolturalia.com\/wp-content\/uploads\/2025\/11\/coolturalia-yuku-sakura-ladina-gaudenz-1.webp","width":700,"height":522,"caption":"| Coolturalia"},{"@type":"BreadcrumbList","@id":"https:\/\/www.coolturalia.com\/fr\/event\/yuku-sakura-ladina-gaudenz\/#breadcrumb","itemListElement":[{"@type":"ListItem","position":1,"name":"Home","item":"https:\/\/www.coolturalia.com\/fr\/"},{"@type":"ListItem","position":2,"name":"Events","item":"https:\/\/www.coolturalia.com\/fr\/events\/"},{"@type":"ListItem","position":3,"name":"YUKU &#038; SAKURA \u2013 Ladina Gaudenz"}]},{"@type":"WebSite","@id":"https:\/\/www.coolturalia.com\/fr\/#website","url":"https:\/\/www.coolturalia.com\/fr\/","name":"Coolturalia","description":"","publisher":{"@id":"https:\/\/www.coolturalia.com\/fr\/#organization"},"potentialAction":[{"@type":"SearchAction","target":{"@type":"EntryPoint","urlTemplate":"https:\/\/www.coolturalia.com\/fr\/?s={search_term_string}"},"query-input":{"@type":"PropertyValueSpecification","valueRequired":true,"valueName":"search_term_string"}}],"inLanguage":"fr-FR"},{"@type":"Organization","@id":"https:\/\/www.coolturalia.com\/fr\/#organization","name":"Coolturalia","url":"https:\/\/www.coolturalia.com\/fr\/","logo":{"@type":"ImageObject","inLanguage":"fr-FR","@id":"https:\/\/www.coolturalia.com\/fr\/#\/schema\/logo\/image\/","url":"https:\/\/www.coolturalia.com\/wp-content\/uploads\/2024\/04\/Logo-coolturalia.svg","contentUrl":"https:\/\/www.coolturalia.com\/wp-content\/uploads\/2024\/04\/Logo-coolturalia.svg","width":1312,"height":193,"caption":"Coolturalia"},"image":{"@id":"https:\/\/www.coolturalia.com\/fr\/#\/schema\/logo\/image\/"},"sameAs":["https:\/\/www.instagram.com\/coolturalia_geneva\/"]}]}},"translations":{"translations":{"en":"175643","fr":"175644"},"language":{"code":"fr"},"date":{"dateRange":"6 novembre - 13 d\u00e9cembre"}},"language":{"code":"fr"},"_links":{"self":[{"href":"https:\/\/www.coolturalia.com\/fr\/wp-json\/wp\/v2\/event\/175644","targetHints":{"allow":["GET"]}}],"collection":[{"href":"https:\/\/www.coolturalia.com\/fr\/wp-json\/wp\/v2\/event"}],"about":[{"href":"https:\/\/www.coolturalia.com\/fr\/wp-json\/wp\/v2\/types\/event"}],"version-history":[{"count":3,"href":"https:\/\/www.coolturalia.com\/fr\/wp-json\/wp\/v2\/event\/175644\/revisions"}],"predecessor-version":[{"id":175764,"href":"https:\/\/www.coolturalia.com\/fr\/wp-json\/wp\/v2\/event\/175644\/revisions\/175764"}],"wp:featuredmedia":[{"embeddable":true,"href":"https:\/\/www.coolturalia.com\/fr\/wp-json\/wp\/v2\/media\/175503"}],"wp:attachment":[{"href":"https:\/\/www.coolturalia.com\/fr\/wp-json\/wp\/v2\/media?parent=175644"}],"wp:term":[{"taxonomy":"post_tag","embeddable":true,"href":"https:\/\/www.coolturalia.com\/fr\/wp-json\/wp\/v2\/tags?post=175644"},{"taxonomy":"event-category","embeddable":true,"href":"https:\/\/www.coolturalia.com\/fr\/wp-json\/wp\/v2\/event-category?post=175644"},{"taxonomy":"event-venue","embeddable":true,"href":"https:\/\/www.coolturalia.com\/fr\/wp-json\/wp\/v2\/event-venue?post=175644"}],"curies":[{"name":"wp","href":"https:\/\/api.w.org\/{rel}","templated":true}]}}