{"id":172127,"date":"2025-10-13T09:43:19","date_gmt":"2025-10-13T08:43:19","guid":{"rendered":"https:\/\/www.coolturalia.com\/?post_type=event&#038;p=172127"},"modified":"2025-12-02T11:13:54","modified_gmt":"2025-12-02T10:13:54","slug":"opera-carmen-de-bizet-orchestre-concertus-ensemble-vocal-orphee-choeur-denfants-matthieu-schweyer-direction","status":"publish","type":"event","link":"https:\/\/www.coolturalia.com\/fr\/event\/opera-carmen-de-bizet-orchestre-concertus-ensemble-vocal-orphee-choeur-denfants-matthieu-schweyer-direction\/","title":{"rendered":"Op\u00e9ra Carmen de Bizet"},"content":{"rendered":"<p>L&rsquo;Op\u00e9ra \u00ab\u00a0Carmen\u00a0\u00bb de Bizet sera interpr\u00e9t\u00e9 par l&rsquo;Orchestre Concertus et l&rsquo;Ensemble Vocal Orph\u00e9e, sous la direction de Matthieu Schweyer, au Victoria Hall. Parmi les solistes, Nora Sourouzian incarnera Carmen, Louis Zaitoun sera Don Jos\u00e9, Karine Mkrtchyan jouera Mica\u00ebla et Sacha Michon tiendra le r\u00f4le d&rsquo;Escamillo. Le Ch\u0153ur d\u2019enfants participera \u00e9galement \u00e0 cette repr\u00e9sentation.<\/p>\n","protected":false},"excerpt":{"rendered":"<p>L&rsquo;Op\u00e9ra \u00ab\u00a0Carmen\u00a0\u00bb de Bizet sera interpr\u00e9t\u00e9 par l&rsquo;Orchestre Concertus et l&rsquo;Ensemble Vocal Orph\u00e9e, sous la direction de Matthieu Schweyer, au Victoria Hall. Parmi les solistes, Nora Sourouzian incarnera Carmen, Louis Zaitoun sera Don Jos\u00e9, Karine Mkrtchyan jouera Mica\u00ebla et Sacha Michon tiendra le r\u00f4le d&rsquo;Escamillo. Le Ch\u0153ur d\u2019enfants participera \u00e9galement \u00e0 cette repr\u00e9sentation.<\/p>\n","protected":false},"featured_media":172126,"parent":0,"menu_order":0,"template":"","format":"standard","meta":{"_acf_changed":false,"footnotes":""},"tags":[1014],"event-category":[444],"event-venue":[605],"class_list":["post-172127","event","type-event","status-publish","format-standard","has-post-thumbnail","hentry","tag-portrait-image-fr","event-category-spectacles","event-venue-victoria-hall-fr"],"acf":{"price":"","date":"Lundi 30 novembre, 19:30","start_date":"2026-11-30 00:00:00","end_date":"2026-11-30 00:00:00","website_link":"https:\/\/scenes-culturelles.geneve.ch\/victoria-hall\/agenda.html#\/?lang=fr&timings%5Bgte%5D=2026-11-29T23%3A00%3A00.000Z&timings%5Blte%5D=2026-11-30T22%3A59%3A59.999Z&timings%5Btz%5D=Europe%2FZurich","link_buy_tickets":"0800 418 418","highlighted":false,"photo_credit":"DR","timings":[{"timing_start_date":"2026-11-30 19:30:00","timing_end_date":"2026-11-30 22:00:00"}],"external_id":"58400249"},"yoast_head":"<!-- This site is optimized with the Yoast SEO plugin v27.5 - https:\/\/yoast.com\/product\/yoast-seo-wordpress\/ -->\n<title>Op\u00e9ra Carmen de Bizet - Coolturalia<\/title>\n<meta name=\"robots\" content=\"index, follow, max-snippet:-1, max-image-preview:large, max-video-preview:-1\" \/>\n<link rel=\"canonical\" href=\"https:\/\/www.coolturalia.com\/fr\/event\/opera-carmen-de-bizet-orchestre-concertus-ensemble-vocal-orphee-choeur-denfants-matthieu-schweyer-direction\/\" \/>\n<meta property=\"og:locale\" content=\"fr_FR\" \/>\n<meta property=\"og:type\" content=\"article\" \/>\n<meta property=\"og:title\" content=\"Op\u00e9ra Carmen de Bizet - Coolturalia\" \/>\n<meta property=\"og:description\" content=\"L&rsquo;Op\u00e9ra \u00ab\u00a0Carmen\u00a0\u00bb de Bizet sera interpr\u00e9t\u00e9 par l&rsquo;Orchestre Concertus et l&rsquo;Ensemble Vocal Orph\u00e9e, sous la direction de Matthieu Schweyer, au Victoria Hall. Parmi les solistes, Nora Sourouzian incarnera Carmen, Louis Zaitoun sera Don Jos\u00e9, Karine Mkrtchyan jouera Mica\u00ebla et Sacha Michon tiendra le r\u00f4le d&rsquo;Escamillo. Le Ch\u0153ur d\u2019enfants participera \u00e9galement \u00e0 cette repr\u00e9sentation.\" \/>\n<meta property=\"og:url\" content=\"https:\/\/www.coolturalia.com\/fr\/event\/opera-carmen-de-bizet-orchestre-concertus-ensemble-vocal-orphee-choeur-denfants-matthieu-schweyer-direction\/\" \/>\n<meta property=\"og:site_name\" content=\"Coolturalia\" \/>\n<meta property=\"article:modified_time\" content=\"2025-12-02T10:13:54+00:00\" \/>\n<meta property=\"og:image\" content=\"https:\/\/www.coolturalia.com\/wp-content\/uploads\/2025\/10\/coolturalia-opera-carmen-de-bizet-orchestre-concertus-ensemble-vocal-orphee-choeur-denfants-matthieu-schweyer-direction-1.webp\" \/>\n\t<meta property=\"og:image:width\" content=\"700\" \/>\n\t<meta property=\"og:image:height\" content=\"676\" \/>\n\t<meta property=\"og:image:type\" content=\"image\/webp\" \/>\n<meta name=\"twitter:card\" content=\"summary_large_image\" \/>\n<script type=\"application\/ld+json\" class=\"yoast-schema-graph\">{\"@context\":\"https:\\\/\\\/schema.org\",\"@graph\":[{\"@type\":\"WebPage\",\"@id\":\"https:\\\/\\\/www.coolturalia.com\\\/fr\\\/event\\\/opera-carmen-de-bizet-orchestre-concertus-ensemble-vocal-orphee-choeur-denfants-matthieu-schweyer-direction\\\/\",\"url\":\"https:\\\/\\\/www.coolturalia.com\\\/fr\\\/event\\\/opera-carmen-de-bizet-orchestre-concertus-ensemble-vocal-orphee-choeur-denfants-matthieu-schweyer-direction\\\/\",\"name\":\"Op\u00e9ra Carmen de Bizet - Coolturalia\",\"isPartOf\":{\"@id\":\"https:\\\/\\\/www.coolturalia.com\\\/fr\\\/#website\"},\"primaryImageOfPage\":{\"@id\":\"https:\\\/\\\/www.coolturalia.com\\\/fr\\\/event\\\/opera-carmen-de-bizet-orchestre-concertus-ensemble-vocal-orphee-choeur-denfants-matthieu-schweyer-direction\\\/#primaryimage\"},\"image\":{\"@id\":\"https:\\\/\\\/www.coolturalia.com\\\/fr\\\/event\\\/opera-carmen-de-bizet-orchestre-concertus-ensemble-vocal-orphee-choeur-denfants-matthieu-schweyer-direction\\\/#primaryimage\"},\"thumbnailUrl\":\"https:\\\/\\\/www.coolturalia.com\\\/wp-content\\\/uploads\\\/2025\\\/10\\\/coolturalia-opera-carmen-de-bizet-orchestre-concertus-ensemble-vocal-orphee-choeur-denfants-matthieu-schweyer-direction-1.webp\",\"datePublished\":\"2025-10-13T08:43:19+00:00\",\"dateModified\":\"2025-12-02T10:13:54+00:00\",\"breadcrumb\":{\"@id\":\"https:\\\/\\\/www.coolturalia.com\\\/fr\\\/event\\\/opera-carmen-de-bizet-orchestre-concertus-ensemble-vocal-orphee-choeur-denfants-matthieu-schweyer-direction\\\/#breadcrumb\"},\"inLanguage\":\"fr-FR\",\"potentialAction\":[{\"@type\":\"ReadAction\",\"target\":[\"https:\\\/\\\/www.coolturalia.com\\\/fr\\\/event\\\/opera-carmen-de-bizet-orchestre-concertus-ensemble-vocal-orphee-choeur-denfants-matthieu-schweyer-direction\\\/\"]}]},{\"@type\":\"ImageObject\",\"inLanguage\":\"fr-FR\",\"@id\":\"https:\\\/\\\/www.coolturalia.com\\\/fr\\\/event\\\/opera-carmen-de-bizet-orchestre-concertus-ensemble-vocal-orphee-choeur-denfants-matthieu-schweyer-direction\\\/#primaryimage\",\"url\":\"https:\\\/\\\/www.coolturalia.com\\\/wp-content\\\/uploads\\\/2025\\\/10\\\/coolturalia-opera-carmen-de-bizet-orchestre-concertus-ensemble-vocal-orphee-choeur-denfants-matthieu-schweyer-direction-1.webp\",\"contentUrl\":\"https:\\\/\\\/www.coolturalia.com\\\/wp-content\\\/uploads\\\/2025\\\/10\\\/coolturalia-opera-carmen-de-bizet-orchestre-concertus-ensemble-vocal-orphee-choeur-denfants-matthieu-schweyer-direction-1.webp\",\"width\":700,\"height\":676},{\"@type\":\"BreadcrumbList\",\"@id\":\"https:\\\/\\\/www.coolturalia.com\\\/fr\\\/event\\\/opera-carmen-de-bizet-orchestre-concertus-ensemble-vocal-orphee-choeur-denfants-matthieu-schweyer-direction\\\/#breadcrumb\",\"itemListElement\":[{\"@type\":\"ListItem\",\"position\":1,\"name\":\"Home\",\"item\":\"https:\\\/\\\/www.coolturalia.com\\\/fr\\\/\"},{\"@type\":\"ListItem\",\"position\":2,\"name\":\"Events\",\"item\":\"https:\\\/\\\/www.coolturalia.com\\\/fr\\\/events\\\/\"},{\"@type\":\"ListItem\",\"position\":3,\"name\":\"Op\u00e9ra Carmen de Bizet\"}]},{\"@type\":\"WebSite\",\"@id\":\"https:\\\/\\\/www.coolturalia.com\\\/fr\\\/#website\",\"url\":\"https:\\\/\\\/www.coolturalia.com\\\/fr\\\/\",\"name\":\"Coolturalia\",\"description\":\"\",\"publisher\":{\"@id\":\"https:\\\/\\\/www.coolturalia.com\\\/fr\\\/#organization\"},\"potentialAction\":[{\"@type\":\"SearchAction\",\"target\":{\"@type\":\"EntryPoint\",\"urlTemplate\":\"https:\\\/\\\/www.coolturalia.com\\\/fr\\\/?s={search_term_string}\"},\"query-input\":{\"@type\":\"PropertyValueSpecification\",\"valueRequired\":true,\"valueName\":\"search_term_string\"}}],\"inLanguage\":\"fr-FR\"},{\"@type\":\"Organization\",\"@id\":\"https:\\\/\\\/www.coolturalia.com\\\/fr\\\/#organization\",\"name\":\"Coolturalia\",\"url\":\"https:\\\/\\\/www.coolturalia.com\\\/fr\\\/\",\"logo\":{\"@type\":\"ImageObject\",\"inLanguage\":\"fr-FR\",\"@id\":\"https:\\\/\\\/www.coolturalia.com\\\/fr\\\/#\\\/schema\\\/logo\\\/image\\\/\",\"url\":\"https:\\\/\\\/www.coolturalia.com\\\/wp-content\\\/uploads\\\/2024\\\/04\\\/Logo-coolturalia.svg\",\"contentUrl\":\"https:\\\/\\\/www.coolturalia.com\\\/wp-content\\\/uploads\\\/2024\\\/04\\\/Logo-coolturalia.svg\",\"width\":1312,\"height\":193,\"caption\":\"Coolturalia\"},\"image\":{\"@id\":\"https:\\\/\\\/www.coolturalia.com\\\/fr\\\/#\\\/schema\\\/logo\\\/image\\\/\"},\"sameAs\":[\"https:\\\/\\\/www.instagram.com\\\/coolturalia_geneva\\\/\"]}]}<\/script>\n<!-- \/ Yoast SEO plugin. -->","yoast_head_json":{"title":"Op\u00e9ra Carmen de Bizet - Coolturalia","robots":{"index":"index","follow":"follow","max-snippet":"max-snippet:-1","max-image-preview":"max-image-preview:large","max-video-preview":"max-video-preview:-1"},"canonical":"https:\/\/www.coolturalia.com\/fr\/event\/opera-carmen-de-bizet-orchestre-concertus-ensemble-vocal-orphee-choeur-denfants-matthieu-schweyer-direction\/","og_locale":"fr_FR","og_type":"article","og_title":"Op\u00e9ra Carmen de Bizet - Coolturalia","og_description":"L&rsquo;Op\u00e9ra \u00ab\u00a0Carmen\u00a0\u00bb de Bizet sera interpr\u00e9t\u00e9 par l&rsquo;Orchestre Concertus et l&rsquo;Ensemble Vocal Orph\u00e9e, sous la direction de Matthieu Schweyer, au Victoria Hall. Parmi les solistes, Nora Sourouzian incarnera Carmen, Louis Zaitoun sera Don Jos\u00e9, Karine Mkrtchyan jouera Mica\u00ebla et Sacha Michon tiendra le r\u00f4le d&rsquo;Escamillo. Le Ch\u0153ur d\u2019enfants participera \u00e9galement \u00e0 cette repr\u00e9sentation.","og_url":"https:\/\/www.coolturalia.com\/fr\/event\/opera-carmen-de-bizet-orchestre-concertus-ensemble-vocal-orphee-choeur-denfants-matthieu-schweyer-direction\/","og_site_name":"Coolturalia","article_modified_time":"2025-12-02T10:13:54+00:00","og_image":[{"width":700,"height":676,"url":"https:\/\/www.coolturalia.com\/wp-content\/uploads\/2025\/10\/coolturalia-opera-carmen-de-bizet-orchestre-concertus-ensemble-vocal-orphee-choeur-denfants-matthieu-schweyer-direction-1.webp","type":"image\/webp"}],"twitter_card":"summary_large_image","schema":{"@context":"https:\/\/schema.org","@graph":[{"@type":"WebPage","@id":"https:\/\/www.coolturalia.com\/fr\/event\/opera-carmen-de-bizet-orchestre-concertus-ensemble-vocal-orphee-choeur-denfants-matthieu-schweyer-direction\/","url":"https:\/\/www.coolturalia.com\/fr\/event\/opera-carmen-de-bizet-orchestre-concertus-ensemble-vocal-orphee-choeur-denfants-matthieu-schweyer-direction\/","name":"Op\u00e9ra Carmen de Bizet - Coolturalia","isPartOf":{"@id":"https:\/\/www.coolturalia.com\/fr\/#website"},"primaryImageOfPage":{"@id":"https:\/\/www.coolturalia.com\/fr\/event\/opera-carmen-de-bizet-orchestre-concertus-ensemble-vocal-orphee-choeur-denfants-matthieu-schweyer-direction\/#primaryimage"},"image":{"@id":"https:\/\/www.coolturalia.com\/fr\/event\/opera-carmen-de-bizet-orchestre-concertus-ensemble-vocal-orphee-choeur-denfants-matthieu-schweyer-direction\/#primaryimage"},"thumbnailUrl":"https:\/\/www.coolturalia.com\/wp-content\/uploads\/2025\/10\/coolturalia-opera-carmen-de-bizet-orchestre-concertus-ensemble-vocal-orphee-choeur-denfants-matthieu-schweyer-direction-1.webp","datePublished":"2025-10-13T08:43:19+00:00","dateModified":"2025-12-02T10:13:54+00:00","breadcrumb":{"@id":"https:\/\/www.coolturalia.com\/fr\/event\/opera-carmen-de-bizet-orchestre-concertus-ensemble-vocal-orphee-choeur-denfants-matthieu-schweyer-direction\/#breadcrumb"},"inLanguage":"fr-FR","potentialAction":[{"@type":"ReadAction","target":["https:\/\/www.coolturalia.com\/fr\/event\/opera-carmen-de-bizet-orchestre-concertus-ensemble-vocal-orphee-choeur-denfants-matthieu-schweyer-direction\/"]}]},{"@type":"ImageObject","inLanguage":"fr-FR","@id":"https:\/\/www.coolturalia.com\/fr\/event\/opera-carmen-de-bizet-orchestre-concertus-ensemble-vocal-orphee-choeur-denfants-matthieu-schweyer-direction\/#primaryimage","url":"https:\/\/www.coolturalia.com\/wp-content\/uploads\/2025\/10\/coolturalia-opera-carmen-de-bizet-orchestre-concertus-ensemble-vocal-orphee-choeur-denfants-matthieu-schweyer-direction-1.webp","contentUrl":"https:\/\/www.coolturalia.com\/wp-content\/uploads\/2025\/10\/coolturalia-opera-carmen-de-bizet-orchestre-concertus-ensemble-vocal-orphee-choeur-denfants-matthieu-schweyer-direction-1.webp","width":700,"height":676},{"@type":"BreadcrumbList","@id":"https:\/\/www.coolturalia.com\/fr\/event\/opera-carmen-de-bizet-orchestre-concertus-ensemble-vocal-orphee-choeur-denfants-matthieu-schweyer-direction\/#breadcrumb","itemListElement":[{"@type":"ListItem","position":1,"name":"Home","item":"https:\/\/www.coolturalia.com\/fr\/"},{"@type":"ListItem","position":2,"name":"Events","item":"https:\/\/www.coolturalia.com\/fr\/events\/"},{"@type":"ListItem","position":3,"name":"Op\u00e9ra Carmen de Bizet"}]},{"@type":"WebSite","@id":"https:\/\/www.coolturalia.com\/fr\/#website","url":"https:\/\/www.coolturalia.com\/fr\/","name":"Coolturalia","description":"","publisher":{"@id":"https:\/\/www.coolturalia.com\/fr\/#organization"},"potentialAction":[{"@type":"SearchAction","target":{"@type":"EntryPoint","urlTemplate":"https:\/\/www.coolturalia.com\/fr\/?s={search_term_string}"},"query-input":{"@type":"PropertyValueSpecification","valueRequired":true,"valueName":"search_term_string"}}],"inLanguage":"fr-FR"},{"@type":"Organization","@id":"https:\/\/www.coolturalia.com\/fr\/#organization","name":"Coolturalia","url":"https:\/\/www.coolturalia.com\/fr\/","logo":{"@type":"ImageObject","inLanguage":"fr-FR","@id":"https:\/\/www.coolturalia.com\/fr\/#\/schema\/logo\/image\/","url":"https:\/\/www.coolturalia.com\/wp-content\/uploads\/2024\/04\/Logo-coolturalia.svg","contentUrl":"https:\/\/www.coolturalia.com\/wp-content\/uploads\/2024\/04\/Logo-coolturalia.svg","width":1312,"height":193,"caption":"Coolturalia"},"image":{"@id":"https:\/\/www.coolturalia.com\/fr\/#\/schema\/logo\/image\/"},"sameAs":["https:\/\/www.instagram.com\/coolturalia_geneva\/"]}]}},"translations":{"translations":{"en":"172124","fr":"172127"},"language":{"code":"fr"},"date":{"dateRange":"Lundi 30 novembre, 19:30"}},"language":{"code":"fr"},"_links":{"self":[{"href":"https:\/\/www.coolturalia.com\/fr\/wp-json\/wp\/v2\/event\/172127","targetHints":{"allow":["GET"]}}],"collection":[{"href":"https:\/\/www.coolturalia.com\/fr\/wp-json\/wp\/v2\/event"}],"about":[{"href":"https:\/\/www.coolturalia.com\/fr\/wp-json\/wp\/v2\/types\/event"}],"version-history":[{"count":4,"href":"https:\/\/www.coolturalia.com\/fr\/wp-json\/wp\/v2\/event\/172127\/revisions"}],"predecessor-version":[{"id":181036,"href":"https:\/\/www.coolturalia.com\/fr\/wp-json\/wp\/v2\/event\/172127\/revisions\/181036"}],"wp:featuredmedia":[{"embeddable":true,"href":"https:\/\/www.coolturalia.com\/fr\/wp-json\/wp\/v2\/media\/172126"}],"wp:attachment":[{"href":"https:\/\/www.coolturalia.com\/fr\/wp-json\/wp\/v2\/media?parent=172127"}],"wp:term":[{"taxonomy":"post_tag","embeddable":true,"href":"https:\/\/www.coolturalia.com\/fr\/wp-json\/wp\/v2\/tags?post=172127"},{"taxonomy":"event-category","embeddable":true,"href":"https:\/\/www.coolturalia.com\/fr\/wp-json\/wp\/v2\/event-category?post=172127"},{"taxonomy":"event-venue","embeddable":true,"href":"https:\/\/www.coolturalia.com\/fr\/wp-json\/wp\/v2\/event-venue?post=172127"}],"curies":[{"name":"wp","href":"https:\/\/api.w.org\/{rel}","templated":true}]}}