{"id":167646,"date":"2025-09-22T10:33:51","date_gmt":"2025-09-22T09:33:51","guid":{"rendered":"https:\/\/www.coolturalia.com\/?post_type=event&#038;p=167646"},"modified":"2025-09-22T10:34:30","modified_gmt":"2025-09-22T09:34:30","slug":"images-remanentes-de-la-disparition-forcee-videos-de-oscar-munoz-colombie-et-vindhya-buthpitiya-sri-lanka","status":"publish","type":"event","link":"https:\/\/www.coolturalia.com\/fr\/event\/images-remanentes-de-la-disparition-forcee-videos-de-oscar-munoz-colombie-et-vindhya-buthpitiya-sri-lanka\/","title":{"rendered":"Images r\u00e9manentes de la disparition forc\u00e9e"},"content":{"rendered":"<p>Vid\u00e9os de \u00d3scar Mu\u00f1oz (Colombie) et Vindhya Buthpitiya (Sri Lanka)<\/p>\n<p>Le Mural Alexei Jaccard est un lieu de m\u00e9moire et de r\u00e9flexion sur les droits humains et la disparition forc\u00e9e. La premi\u00e8re exposition, intitul\u00e9e \u00ab\u00a0Images r\u00e9manentes de la disparition forc\u00e9e\u00a0\u00bb, explore ce th\u00e8me \u00e0 travers des \u0153uvres photographiques qui r\u00e9v\u00e8lent la fragilit\u00e9 de la m\u00e9moire et exposent l&rsquo;absence et le vide. Ces images paradoxales et po\u00e9tiques deviennent des espaces de r\u00e9sistance \u00e0 la violence.<\/p>\n","protected":false},"excerpt":{"rendered":"<p>Vid\u00e9os de \u00d3scar Mu\u00f1oz (Colombie) et Vindhya Buthpitiya (Sri Lanka) Le Mural Alexei Jaccard est un lieu de m\u00e9moire et de r\u00e9flexion sur les droits humains et la disparition forc\u00e9e. La premi\u00e8re exposition, intitul\u00e9e \u00ab\u00a0Images r\u00e9manentes de la disparition forc\u00e9e\u00a0\u00bb, explore ce th\u00e8me \u00e0 travers des \u0153uvres photographiques qui r\u00e9v\u00e8lent la fragilit\u00e9 de la m\u00e9moire [&hellip;]<\/p>\n","protected":false},"featured_media":167645,"parent":0,"menu_order":0,"template":"","format":"standard","meta":{"_acf_changed":false,"footnotes":""},"tags":[686,1266],"event-category":[446],"event-venue":[630],"class_list":["post-167646","event","type-event","status-publish","format-standard","has-post-thumbnail","hentry","tag-evenement-passe","tag-past-event-fr","event-category-art-et-expositions","event-venue-uni-mail-fr"],"acf":{"price":"Gratuit","date":"18 septembre 2025 - 12 f\u00e9vrier 2026","start_date":"2025-09-18 00:00:00","end_date":"2026-02-12 00:00:00","website_link":"https:\/\/www.unige.ch\/cite\/evenements\/exposition\/images-remanentes","link_buy_tickets":"","highlighted":false,"photo_credit":"Oscar Munoz","timings":[{"timing_start_date":"2025-09-18 09:00:00","timing_end_date":"2025-09-18 18:00:00"},{"timing_start_date":"2025-09-25 18:30:00","timing_end_date":"2025-09-25 20:00:00"},{"timing_start_date":"2025-10-02 18:30:00","timing_end_date":"2025-10-02 20:00:00"},{"timing_start_date":"2025-10-09 18:30:00","timing_end_date":"2025-10-09 20:00:00"},{"timing_start_date":"2025-10-16 18:30:00","timing_end_date":"2025-10-16 20:00:00"},{"timing_start_date":"2025-10-23 18:30:00","timing_end_date":"2025-10-23 20:00:00"},{"timing_start_date":"2025-10-30 18:30:00","timing_end_date":"2025-10-30 20:00:00"},{"timing_start_date":"2025-11-06 18:30:00","timing_end_date":"2025-11-06 20:00:00"},{"timing_start_date":"2025-11-13 18:30:00","timing_end_date":"2025-11-13 20:00:00"},{"timing_start_date":"2025-11-20 18:30:00","timing_end_date":"2025-11-20 20:00:00"},{"timing_start_date":"2025-11-27 18:30:00","timing_end_date":"2025-11-27 20:00:00"},{"timing_start_date":"2025-12-04 18:30:00","timing_end_date":"2025-12-04 20:00:00"},{"timing_start_date":"2025-12-11 18:30:00","timing_end_date":"2025-12-11 20:00:00"},{"timing_start_date":"2025-12-18 18:30:00","timing_end_date":"2025-12-18 20:00:00"},{"timing_start_date":"2025-12-25 18:30:00","timing_end_date":"2025-12-25 20:00:00"},{"timing_start_date":"2026-01-01 18:30:00","timing_end_date":"2026-01-01 20:00:00"},{"timing_start_date":"2026-01-08 18:30:00","timing_end_date":"2026-01-08 20:00:00"},{"timing_start_date":"2026-01-15 18:30:00","timing_end_date":"2026-01-15 20:00:00"},{"timing_start_date":"2026-01-22 18:30:00","timing_end_date":"2026-01-22 20:00:00"},{"timing_start_date":"2026-01-29 18:30:00","timing_end_date":"2026-01-29 20:00:00"},{"timing_start_date":"2026-02-05 18:30:00","timing_end_date":"2026-02-05 20:00:00"},{"timing_start_date":"2026-02-12 18:30:00","timing_end_date":"2026-02-12 20:00:00"}],"external_id":"70523515"},"yoast_head":"<!-- This site is optimized with the Yoast SEO plugin v27.5 - https:\/\/yoast.com\/product\/yoast-seo-wordpress\/ -->\n<title>Images r\u00e9manentes de la disparition forc\u00e9e - Coolturalia<\/title>\n<meta name=\"robots\" content=\"index, follow, max-snippet:-1, max-image-preview:large, max-video-preview:-1\" \/>\n<link rel=\"canonical\" href=\"https:\/\/www.coolturalia.com\/fr\/event\/images-remanentes-de-la-disparition-forcee-videos-de-oscar-munoz-colombie-et-vindhya-buthpitiya-sri-lanka\/\" \/>\n<meta property=\"og:locale\" content=\"fr_FR\" \/>\n<meta property=\"og:type\" content=\"article\" \/>\n<meta property=\"og:title\" content=\"Images r\u00e9manentes de la disparition forc\u00e9e - Coolturalia\" \/>\n<meta property=\"og:description\" content=\"Vid\u00e9os de \u00d3scar Mu\u00f1oz (Colombie) et Vindhya Buthpitiya (Sri Lanka) Le Mural Alexei Jaccard est un lieu de m\u00e9moire et de r\u00e9flexion sur les droits humains et la disparition forc\u00e9e. La premi\u00e8re exposition, intitul\u00e9e \u00ab\u00a0Images r\u00e9manentes de la disparition forc\u00e9e\u00a0\u00bb, explore ce th\u00e8me \u00e0 travers des \u0153uvres photographiques qui r\u00e9v\u00e8lent la fragilit\u00e9 de la m\u00e9moire [&hellip;]\" \/>\n<meta property=\"og:url\" content=\"https:\/\/www.coolturalia.com\/fr\/event\/images-remanentes-de-la-disparition-forcee-videos-de-oscar-munoz-colombie-et-vindhya-buthpitiya-sri-lanka\/\" \/>\n<meta property=\"og:site_name\" content=\"Coolturalia\" \/>\n<meta property=\"article:modified_time\" content=\"2025-09-22T09:34:30+00:00\" \/>\n<meta property=\"og:image\" content=\"https:\/\/www.coolturalia.com\/wp-content\/uploads\/2025\/09\/coolturalia-images-remanentes-de-la-disparition-forcee-videos-de-oscar-munoz-colombie-et-vindhya-buthpitiya-sri-lanka-1.webp\" \/>\n\t<meta property=\"og:image:width\" content=\"700\" \/>\n\t<meta property=\"og:image:height\" content=\"345\" \/>\n\t<meta property=\"og:image:type\" content=\"image\/webp\" \/>\n<meta name=\"twitter:card\" content=\"summary_large_image\" \/>\n<script type=\"application\/ld+json\" class=\"yoast-schema-graph\">{\"@context\":\"https:\\\/\\\/schema.org\",\"@graph\":[{\"@type\":\"WebPage\",\"@id\":\"https:\\\/\\\/www.coolturalia.com\\\/fr\\\/event\\\/images-remanentes-de-la-disparition-forcee-videos-de-oscar-munoz-colombie-et-vindhya-buthpitiya-sri-lanka\\\/\",\"url\":\"https:\\\/\\\/www.coolturalia.com\\\/fr\\\/event\\\/images-remanentes-de-la-disparition-forcee-videos-de-oscar-munoz-colombie-et-vindhya-buthpitiya-sri-lanka\\\/\",\"name\":\"Images r\u00e9manentes de la disparition forc\u00e9e - Coolturalia\",\"isPartOf\":{\"@id\":\"https:\\\/\\\/www.coolturalia.com\\\/fr\\\/#website\"},\"primaryImageOfPage\":{\"@id\":\"https:\\\/\\\/www.coolturalia.com\\\/fr\\\/event\\\/images-remanentes-de-la-disparition-forcee-videos-de-oscar-munoz-colombie-et-vindhya-buthpitiya-sri-lanka\\\/#primaryimage\"},\"image\":{\"@id\":\"https:\\\/\\\/www.coolturalia.com\\\/fr\\\/event\\\/images-remanentes-de-la-disparition-forcee-videos-de-oscar-munoz-colombie-et-vindhya-buthpitiya-sri-lanka\\\/#primaryimage\"},\"thumbnailUrl\":\"https:\\\/\\\/www.coolturalia.com\\\/wp-content\\\/uploads\\\/2025\\\/09\\\/coolturalia-images-remanentes-de-la-disparition-forcee-videos-de-oscar-munoz-colombie-et-vindhya-buthpitiya-sri-lanka-1.webp\",\"datePublished\":\"2025-09-22T09:33:51+00:00\",\"dateModified\":\"2025-09-22T09:34:30+00:00\",\"breadcrumb\":{\"@id\":\"https:\\\/\\\/www.coolturalia.com\\\/fr\\\/event\\\/images-remanentes-de-la-disparition-forcee-videos-de-oscar-munoz-colombie-et-vindhya-buthpitiya-sri-lanka\\\/#breadcrumb\"},\"inLanguage\":\"fr-FR\",\"potentialAction\":[{\"@type\":\"ReadAction\",\"target\":[\"https:\\\/\\\/www.coolturalia.com\\\/fr\\\/event\\\/images-remanentes-de-la-disparition-forcee-videos-de-oscar-munoz-colombie-et-vindhya-buthpitiya-sri-lanka\\\/\"]}]},{\"@type\":\"ImageObject\",\"inLanguage\":\"fr-FR\",\"@id\":\"https:\\\/\\\/www.coolturalia.com\\\/fr\\\/event\\\/images-remanentes-de-la-disparition-forcee-videos-de-oscar-munoz-colombie-et-vindhya-buthpitiya-sri-lanka\\\/#primaryimage\",\"url\":\"https:\\\/\\\/www.coolturalia.com\\\/wp-content\\\/uploads\\\/2025\\\/09\\\/coolturalia-images-remanentes-de-la-disparition-forcee-videos-de-oscar-munoz-colombie-et-vindhya-buthpitiya-sri-lanka-1.webp\",\"contentUrl\":\"https:\\\/\\\/www.coolturalia.com\\\/wp-content\\\/uploads\\\/2025\\\/09\\\/coolturalia-images-remanentes-de-la-disparition-forcee-videos-de-oscar-munoz-colombie-et-vindhya-buthpitiya-sri-lanka-1.webp\",\"width\":700,\"height\":345},{\"@type\":\"BreadcrumbList\",\"@id\":\"https:\\\/\\\/www.coolturalia.com\\\/fr\\\/event\\\/images-remanentes-de-la-disparition-forcee-videos-de-oscar-munoz-colombie-et-vindhya-buthpitiya-sri-lanka\\\/#breadcrumb\",\"itemListElement\":[{\"@type\":\"ListItem\",\"position\":1,\"name\":\"Home\",\"item\":\"https:\\\/\\\/www.coolturalia.com\\\/fr\\\/\"},{\"@type\":\"ListItem\",\"position\":2,\"name\":\"Events\",\"item\":\"https:\\\/\\\/www.coolturalia.com\\\/fr\\\/events\\\/\"},{\"@type\":\"ListItem\",\"position\":3,\"name\":\"Images r\u00e9manentes de la disparition forc\u00e9e\"}]},{\"@type\":\"WebSite\",\"@id\":\"https:\\\/\\\/www.coolturalia.com\\\/fr\\\/#website\",\"url\":\"https:\\\/\\\/www.coolturalia.com\\\/fr\\\/\",\"name\":\"Coolturalia\",\"description\":\"\",\"publisher\":{\"@id\":\"https:\\\/\\\/www.coolturalia.com\\\/fr\\\/#organization\"},\"potentialAction\":[{\"@type\":\"SearchAction\",\"target\":{\"@type\":\"EntryPoint\",\"urlTemplate\":\"https:\\\/\\\/www.coolturalia.com\\\/fr\\\/?s={search_term_string}\"},\"query-input\":{\"@type\":\"PropertyValueSpecification\",\"valueRequired\":true,\"valueName\":\"search_term_string\"}}],\"inLanguage\":\"fr-FR\"},{\"@type\":\"Organization\",\"@id\":\"https:\\\/\\\/www.coolturalia.com\\\/fr\\\/#organization\",\"name\":\"Coolturalia\",\"url\":\"https:\\\/\\\/www.coolturalia.com\\\/fr\\\/\",\"logo\":{\"@type\":\"ImageObject\",\"inLanguage\":\"fr-FR\",\"@id\":\"https:\\\/\\\/www.coolturalia.com\\\/fr\\\/#\\\/schema\\\/logo\\\/image\\\/\",\"url\":\"https:\\\/\\\/www.coolturalia.com\\\/wp-content\\\/uploads\\\/2024\\\/04\\\/Logo-coolturalia.svg\",\"contentUrl\":\"https:\\\/\\\/www.coolturalia.com\\\/wp-content\\\/uploads\\\/2024\\\/04\\\/Logo-coolturalia.svg\",\"width\":1312,\"height\":193,\"caption\":\"Coolturalia\"},\"image\":{\"@id\":\"https:\\\/\\\/www.coolturalia.com\\\/fr\\\/#\\\/schema\\\/logo\\\/image\\\/\"},\"sameAs\":[\"https:\\\/\\\/www.instagram.com\\\/coolturalia_geneva\\\/\"]}]}<\/script>\n<!-- \/ Yoast SEO plugin. -->","yoast_head_json":{"title":"Images r\u00e9manentes de la disparition forc\u00e9e - Coolturalia","robots":{"index":"index","follow":"follow","max-snippet":"max-snippet:-1","max-image-preview":"max-image-preview:large","max-video-preview":"max-video-preview:-1"},"canonical":"https:\/\/www.coolturalia.com\/fr\/event\/images-remanentes-de-la-disparition-forcee-videos-de-oscar-munoz-colombie-et-vindhya-buthpitiya-sri-lanka\/","og_locale":"fr_FR","og_type":"article","og_title":"Images r\u00e9manentes de la disparition forc\u00e9e - Coolturalia","og_description":"Vid\u00e9os de \u00d3scar Mu\u00f1oz (Colombie) et Vindhya Buthpitiya (Sri Lanka) Le Mural Alexei Jaccard est un lieu de m\u00e9moire et de r\u00e9flexion sur les droits humains et la disparition forc\u00e9e. La premi\u00e8re exposition, intitul\u00e9e \u00ab\u00a0Images r\u00e9manentes de la disparition forc\u00e9e\u00a0\u00bb, explore ce th\u00e8me \u00e0 travers des \u0153uvres photographiques qui r\u00e9v\u00e8lent la fragilit\u00e9 de la m\u00e9moire [&hellip;]","og_url":"https:\/\/www.coolturalia.com\/fr\/event\/images-remanentes-de-la-disparition-forcee-videos-de-oscar-munoz-colombie-et-vindhya-buthpitiya-sri-lanka\/","og_site_name":"Coolturalia","article_modified_time":"2025-09-22T09:34:30+00:00","og_image":[{"width":700,"height":345,"url":"https:\/\/www.coolturalia.com\/wp-content\/uploads\/2025\/09\/coolturalia-images-remanentes-de-la-disparition-forcee-videos-de-oscar-munoz-colombie-et-vindhya-buthpitiya-sri-lanka-1.webp","type":"image\/webp"}],"twitter_card":"summary_large_image","schema":{"@context":"https:\/\/schema.org","@graph":[{"@type":"WebPage","@id":"https:\/\/www.coolturalia.com\/fr\/event\/images-remanentes-de-la-disparition-forcee-videos-de-oscar-munoz-colombie-et-vindhya-buthpitiya-sri-lanka\/","url":"https:\/\/www.coolturalia.com\/fr\/event\/images-remanentes-de-la-disparition-forcee-videos-de-oscar-munoz-colombie-et-vindhya-buthpitiya-sri-lanka\/","name":"Images r\u00e9manentes de la disparition forc\u00e9e - Coolturalia","isPartOf":{"@id":"https:\/\/www.coolturalia.com\/fr\/#website"},"primaryImageOfPage":{"@id":"https:\/\/www.coolturalia.com\/fr\/event\/images-remanentes-de-la-disparition-forcee-videos-de-oscar-munoz-colombie-et-vindhya-buthpitiya-sri-lanka\/#primaryimage"},"image":{"@id":"https:\/\/www.coolturalia.com\/fr\/event\/images-remanentes-de-la-disparition-forcee-videos-de-oscar-munoz-colombie-et-vindhya-buthpitiya-sri-lanka\/#primaryimage"},"thumbnailUrl":"https:\/\/www.coolturalia.com\/wp-content\/uploads\/2025\/09\/coolturalia-images-remanentes-de-la-disparition-forcee-videos-de-oscar-munoz-colombie-et-vindhya-buthpitiya-sri-lanka-1.webp","datePublished":"2025-09-22T09:33:51+00:00","dateModified":"2025-09-22T09:34:30+00:00","breadcrumb":{"@id":"https:\/\/www.coolturalia.com\/fr\/event\/images-remanentes-de-la-disparition-forcee-videos-de-oscar-munoz-colombie-et-vindhya-buthpitiya-sri-lanka\/#breadcrumb"},"inLanguage":"fr-FR","potentialAction":[{"@type":"ReadAction","target":["https:\/\/www.coolturalia.com\/fr\/event\/images-remanentes-de-la-disparition-forcee-videos-de-oscar-munoz-colombie-et-vindhya-buthpitiya-sri-lanka\/"]}]},{"@type":"ImageObject","inLanguage":"fr-FR","@id":"https:\/\/www.coolturalia.com\/fr\/event\/images-remanentes-de-la-disparition-forcee-videos-de-oscar-munoz-colombie-et-vindhya-buthpitiya-sri-lanka\/#primaryimage","url":"https:\/\/www.coolturalia.com\/wp-content\/uploads\/2025\/09\/coolturalia-images-remanentes-de-la-disparition-forcee-videos-de-oscar-munoz-colombie-et-vindhya-buthpitiya-sri-lanka-1.webp","contentUrl":"https:\/\/www.coolturalia.com\/wp-content\/uploads\/2025\/09\/coolturalia-images-remanentes-de-la-disparition-forcee-videos-de-oscar-munoz-colombie-et-vindhya-buthpitiya-sri-lanka-1.webp","width":700,"height":345},{"@type":"BreadcrumbList","@id":"https:\/\/www.coolturalia.com\/fr\/event\/images-remanentes-de-la-disparition-forcee-videos-de-oscar-munoz-colombie-et-vindhya-buthpitiya-sri-lanka\/#breadcrumb","itemListElement":[{"@type":"ListItem","position":1,"name":"Home","item":"https:\/\/www.coolturalia.com\/fr\/"},{"@type":"ListItem","position":2,"name":"Events","item":"https:\/\/www.coolturalia.com\/fr\/events\/"},{"@type":"ListItem","position":3,"name":"Images r\u00e9manentes de la disparition forc\u00e9e"}]},{"@type":"WebSite","@id":"https:\/\/www.coolturalia.com\/fr\/#website","url":"https:\/\/www.coolturalia.com\/fr\/","name":"Coolturalia","description":"","publisher":{"@id":"https:\/\/www.coolturalia.com\/fr\/#organization"},"potentialAction":[{"@type":"SearchAction","target":{"@type":"EntryPoint","urlTemplate":"https:\/\/www.coolturalia.com\/fr\/?s={search_term_string}"},"query-input":{"@type":"PropertyValueSpecification","valueRequired":true,"valueName":"search_term_string"}}],"inLanguage":"fr-FR"},{"@type":"Organization","@id":"https:\/\/www.coolturalia.com\/fr\/#organization","name":"Coolturalia","url":"https:\/\/www.coolturalia.com\/fr\/","logo":{"@type":"ImageObject","inLanguage":"fr-FR","@id":"https:\/\/www.coolturalia.com\/fr\/#\/schema\/logo\/image\/","url":"https:\/\/www.coolturalia.com\/wp-content\/uploads\/2024\/04\/Logo-coolturalia.svg","contentUrl":"https:\/\/www.coolturalia.com\/wp-content\/uploads\/2024\/04\/Logo-coolturalia.svg","width":1312,"height":193,"caption":"Coolturalia"},"image":{"@id":"https:\/\/www.coolturalia.com\/fr\/#\/schema\/logo\/image\/"},"sameAs":["https:\/\/www.instagram.com\/coolturalia_geneva\/"]}]}},"translations":{"translations":{"en":"167643","fr":"167646"},"language":{"code":"fr"},"date":{"dateRange":"18 septembre 2025 - 12 f\u00e9vrier 2026"}},"language":{"code":"fr"},"_links":{"self":[{"href":"https:\/\/www.coolturalia.com\/fr\/wp-json\/wp\/v2\/event\/167646","targetHints":{"allow":["GET"]}}],"collection":[{"href":"https:\/\/www.coolturalia.com\/fr\/wp-json\/wp\/v2\/event"}],"about":[{"href":"https:\/\/www.coolturalia.com\/fr\/wp-json\/wp\/v2\/types\/event"}],"version-history":[{"count":3,"href":"https:\/\/www.coolturalia.com\/fr\/wp-json\/wp\/v2\/event\/167646\/revisions"}],"predecessor-version":[{"id":168575,"href":"https:\/\/www.coolturalia.com\/fr\/wp-json\/wp\/v2\/event\/167646\/revisions\/168575"}],"wp:featuredmedia":[{"embeddable":true,"href":"https:\/\/www.coolturalia.com\/fr\/wp-json\/wp\/v2\/media\/167645"}],"wp:attachment":[{"href":"https:\/\/www.coolturalia.com\/fr\/wp-json\/wp\/v2\/media?parent=167646"}],"wp:term":[{"taxonomy":"post_tag","embeddable":true,"href":"https:\/\/www.coolturalia.com\/fr\/wp-json\/wp\/v2\/tags?post=167646"},{"taxonomy":"event-category","embeddable":true,"href":"https:\/\/www.coolturalia.com\/fr\/wp-json\/wp\/v2\/event-category?post=167646"},{"taxonomy":"event-venue","embeddable":true,"href":"https:\/\/www.coolturalia.com\/fr\/wp-json\/wp\/v2\/event-venue?post=167646"}],"curies":[{"name":"wp","href":"https:\/\/api.w.org\/{rel}","templated":true}]}}