{"id":159574,"date":"2025-10-02T20:07:17","date_gmt":"2025-10-02T19:07:17","guid":{"rendered":"https:\/\/www.coolturalia.com\/?post_type=event&#038;p=159574"},"modified":"2025-10-02T20:07:17","modified_gmt":"2025-10-02T19:07:17","slug":"gli-angeli-geneve-stabat-mater","status":"publish","type":"event","link":"https:\/\/www.coolturalia.com\/fr\/event\/gli-angeli-geneve-stabat-mater\/","title":{"rendered":"Gli Angeli Gen\u00e8ve &#8211; Stabat Mater"},"content":{"rendered":"<p>Pour cl\u00f4turer le Festival Haydn-Mozart, Gli Angeli Gen\u00e8ve interpr\u00e9tera le Stabat Mater de Haydn au Victoria Hall sous la direction de V\u00e1clav Luks. Seront \u00e9galement jou\u00e9es des \u0153uvres de Jan Dismas Zelenka, notamment son Miserere en do mineur. Ce concert mettra en parall\u00e8le l&rsquo;approche baroque innovante de Zelenka avec la tradition classique de Haydn, offrant ainsi une perspective \u00e9clairante sur l&rsquo;\u00e9volution musicale du XVIIIe si\u00e8cle.<\/p>\n","protected":false},"excerpt":{"rendered":"<p>Pour cl\u00f4turer le Festival Haydn-Mozart, Gli Angeli Gen\u00e8ve interpr\u00e9tera le Stabat Mater de Haydn au Victoria Hall sous la direction de V\u00e1clav Luks. Seront \u00e9galement jou\u00e9es des \u0153uvres de Jan Dismas Zelenka, notamment son Miserere en do mineur. Ce concert mettra en parall\u00e8le l&rsquo;approche baroque innovante de Zelenka avec la tradition classique de Haydn, offrant [&hellip;]<\/p>\n","protected":false},"featured_media":159573,"parent":0,"menu_order":0,"template":"","format":"standard","meta":{"_acf_changed":false,"footnotes":""},"tags":[],"event-category":[444],"event-venue":[605],"class_list":["post-159574","event","type-event","status-publish","format-standard","has-post-thumbnail","hentry","event-category-spectacles","event-venue-victoria-hall-fr"],"acf":{"price":"","date":"Lundi 15 juin, 20:00","start_date":"2026-06-15 00:00:00","end_date":"2026-06-15 00:00:00","website_link":"https:\/\/scenes-culturelles.geneve.ch\/victoria-hall\/agenda.html#\/?lang=fr&timings%5Bgte%5D=2026-06-14T22%3A00%3A00.000Z&timings%5Blte%5D=2026-06-15T21%3A59%3A59.999Z&timings%5Btz%5D=Europe%2FZurich","link_buy_tickets":"https:\/\/infomaniak.events\/fr-ch","highlighted":false,"photo_credit":"BaseDesign","timings":[{"timing_start_date":"2026-06-15 20:00:00","timing_end_date":"2026-06-15 21:30:00"}],"external_id":"15841210"},"yoast_head":"<!-- This site is optimized with the Yoast SEO plugin v27.5 - https:\/\/yoast.com\/product\/yoast-seo-wordpress\/ -->\n<title>Gli Angeli Gen\u00e8ve - Stabat Mater - Coolturalia<\/title>\n<meta name=\"robots\" content=\"index, follow, max-snippet:-1, max-image-preview:large, max-video-preview:-1\" \/>\n<link rel=\"canonical\" href=\"https:\/\/www.coolturalia.com\/fr\/event\/gli-angeli-geneve-stabat-mater\/\" \/>\n<meta property=\"og:locale\" content=\"fr_FR\" \/>\n<meta property=\"og:type\" content=\"article\" \/>\n<meta property=\"og:title\" content=\"Gli Angeli Gen\u00e8ve - Stabat Mater - Coolturalia\" \/>\n<meta property=\"og:description\" content=\"Pour cl\u00f4turer le Festival Haydn-Mozart, Gli Angeli Gen\u00e8ve interpr\u00e9tera le Stabat Mater de Haydn au Victoria Hall sous la direction de V\u00e1clav Luks. Seront \u00e9galement jou\u00e9es des \u0153uvres de Jan Dismas Zelenka, notamment son Miserere en do mineur. Ce concert mettra en parall\u00e8le l&rsquo;approche baroque innovante de Zelenka avec la tradition classique de Haydn, offrant [&hellip;]\" \/>\n<meta property=\"og:url\" content=\"https:\/\/www.coolturalia.com\/fr\/event\/gli-angeli-geneve-stabat-mater\/\" \/>\n<meta property=\"og:site_name\" content=\"Coolturalia\" \/>\n<meta property=\"og:image\" content=\"https:\/\/www.coolturalia.com\/wp-content\/uploads\/2025\/07\/coolturalia-gli-angeli-geneve-7.webp\" \/>\n\t<meta property=\"og:image:width\" content=\"700\" \/>\n\t<meta property=\"og:image:height\" content=\"1001\" \/>\n\t<meta property=\"og:image:type\" content=\"image\/webp\" \/>\n<meta name=\"twitter:card\" content=\"summary_large_image\" \/>\n<script type=\"application\/ld+json\" class=\"yoast-schema-graph\">{\"@context\":\"https:\\\/\\\/schema.org\",\"@graph\":[{\"@type\":\"WebPage\",\"@id\":\"https:\\\/\\\/www.coolturalia.com\\\/fr\\\/event\\\/gli-angeli-geneve-stabat-mater\\\/\",\"url\":\"https:\\\/\\\/www.coolturalia.com\\\/fr\\\/event\\\/gli-angeli-geneve-stabat-mater\\\/\",\"name\":\"Gli Angeli Gen\u00e8ve - Stabat Mater - Coolturalia\",\"isPartOf\":{\"@id\":\"https:\\\/\\\/www.coolturalia.com\\\/fr\\\/#website\"},\"primaryImageOfPage\":{\"@id\":\"https:\\\/\\\/www.coolturalia.com\\\/fr\\\/event\\\/gli-angeli-geneve-stabat-mater\\\/#primaryimage\"},\"image\":{\"@id\":\"https:\\\/\\\/www.coolturalia.com\\\/fr\\\/event\\\/gli-angeli-geneve-stabat-mater\\\/#primaryimage\"},\"thumbnailUrl\":\"https:\\\/\\\/www.coolturalia.com\\\/wp-content\\\/uploads\\\/2025\\\/07\\\/coolturalia-gli-angeli-geneve-7.webp\",\"datePublished\":\"2025-10-02T19:07:17+00:00\",\"breadcrumb\":{\"@id\":\"https:\\\/\\\/www.coolturalia.com\\\/fr\\\/event\\\/gli-angeli-geneve-stabat-mater\\\/#breadcrumb\"},\"inLanguage\":\"fr-FR\",\"potentialAction\":[{\"@type\":\"ReadAction\",\"target\":[\"https:\\\/\\\/www.coolturalia.com\\\/fr\\\/event\\\/gli-angeli-geneve-stabat-mater\\\/\"]}]},{\"@type\":\"ImageObject\",\"inLanguage\":\"fr-FR\",\"@id\":\"https:\\\/\\\/www.coolturalia.com\\\/fr\\\/event\\\/gli-angeli-geneve-stabat-mater\\\/#primaryimage\",\"url\":\"https:\\\/\\\/www.coolturalia.com\\\/wp-content\\\/uploads\\\/2025\\\/07\\\/coolturalia-gli-angeli-geneve-7.webp\",\"contentUrl\":\"https:\\\/\\\/www.coolturalia.com\\\/wp-content\\\/uploads\\\/2025\\\/07\\\/coolturalia-gli-angeli-geneve-7.webp\",\"width\":700,\"height\":1001},{\"@type\":\"BreadcrumbList\",\"@id\":\"https:\\\/\\\/www.coolturalia.com\\\/fr\\\/event\\\/gli-angeli-geneve-stabat-mater\\\/#breadcrumb\",\"itemListElement\":[{\"@type\":\"ListItem\",\"position\":1,\"name\":\"Home\",\"item\":\"https:\\\/\\\/www.coolturalia.com\\\/fr\\\/\"},{\"@type\":\"ListItem\",\"position\":2,\"name\":\"Events\",\"item\":\"https:\\\/\\\/www.coolturalia.com\\\/fr\\\/events\\\/\"},{\"@type\":\"ListItem\",\"position\":3,\"name\":\"Gli Angeli Gen\u00e8ve\"}]},{\"@type\":\"WebSite\",\"@id\":\"https:\\\/\\\/www.coolturalia.com\\\/fr\\\/#website\",\"url\":\"https:\\\/\\\/www.coolturalia.com\\\/fr\\\/\",\"name\":\"Coolturalia\",\"description\":\"\",\"publisher\":{\"@id\":\"https:\\\/\\\/www.coolturalia.com\\\/fr\\\/#organization\"},\"potentialAction\":[{\"@type\":\"SearchAction\",\"target\":{\"@type\":\"EntryPoint\",\"urlTemplate\":\"https:\\\/\\\/www.coolturalia.com\\\/fr\\\/?s={search_term_string}\"},\"query-input\":{\"@type\":\"PropertyValueSpecification\",\"valueRequired\":true,\"valueName\":\"search_term_string\"}}],\"inLanguage\":\"fr-FR\"},{\"@type\":\"Organization\",\"@id\":\"https:\\\/\\\/www.coolturalia.com\\\/fr\\\/#organization\",\"name\":\"Coolturalia\",\"url\":\"https:\\\/\\\/www.coolturalia.com\\\/fr\\\/\",\"logo\":{\"@type\":\"ImageObject\",\"inLanguage\":\"fr-FR\",\"@id\":\"https:\\\/\\\/www.coolturalia.com\\\/fr\\\/#\\\/schema\\\/logo\\\/image\\\/\",\"url\":\"https:\\\/\\\/www.coolturalia.com\\\/wp-content\\\/uploads\\\/2024\\\/04\\\/Logo-coolturalia.svg\",\"contentUrl\":\"https:\\\/\\\/www.coolturalia.com\\\/wp-content\\\/uploads\\\/2024\\\/04\\\/Logo-coolturalia.svg\",\"width\":1312,\"height\":193,\"caption\":\"Coolturalia\"},\"image\":{\"@id\":\"https:\\\/\\\/www.coolturalia.com\\\/fr\\\/#\\\/schema\\\/logo\\\/image\\\/\"},\"sameAs\":[\"https:\\\/\\\/www.instagram.com\\\/coolturalia_geneva\\\/\"]}]}<\/script>\n<!-- \/ Yoast SEO plugin. -->","yoast_head_json":{"title":"Gli Angeli Gen\u00e8ve - Stabat Mater - Coolturalia","robots":{"index":"index","follow":"follow","max-snippet":"max-snippet:-1","max-image-preview":"max-image-preview:large","max-video-preview":"max-video-preview:-1"},"canonical":"https:\/\/www.coolturalia.com\/fr\/event\/gli-angeli-geneve-stabat-mater\/","og_locale":"fr_FR","og_type":"article","og_title":"Gli Angeli Gen\u00e8ve - Stabat Mater - Coolturalia","og_description":"Pour cl\u00f4turer le Festival Haydn-Mozart, Gli Angeli Gen\u00e8ve interpr\u00e9tera le Stabat Mater de Haydn au Victoria Hall sous la direction de V\u00e1clav Luks. Seront \u00e9galement jou\u00e9es des \u0153uvres de Jan Dismas Zelenka, notamment son Miserere en do mineur. Ce concert mettra en parall\u00e8le l&rsquo;approche baroque innovante de Zelenka avec la tradition classique de Haydn, offrant [&hellip;]","og_url":"https:\/\/www.coolturalia.com\/fr\/event\/gli-angeli-geneve-stabat-mater\/","og_site_name":"Coolturalia","og_image":[{"width":700,"height":1001,"url":"https:\/\/www.coolturalia.com\/wp-content\/uploads\/2025\/07\/coolturalia-gli-angeli-geneve-7.webp","type":"image\/webp"}],"twitter_card":"summary_large_image","schema":{"@context":"https:\/\/schema.org","@graph":[{"@type":"WebPage","@id":"https:\/\/www.coolturalia.com\/fr\/event\/gli-angeli-geneve-stabat-mater\/","url":"https:\/\/www.coolturalia.com\/fr\/event\/gli-angeli-geneve-stabat-mater\/","name":"Gli Angeli Gen\u00e8ve - Stabat Mater - Coolturalia","isPartOf":{"@id":"https:\/\/www.coolturalia.com\/fr\/#website"},"primaryImageOfPage":{"@id":"https:\/\/www.coolturalia.com\/fr\/event\/gli-angeli-geneve-stabat-mater\/#primaryimage"},"image":{"@id":"https:\/\/www.coolturalia.com\/fr\/event\/gli-angeli-geneve-stabat-mater\/#primaryimage"},"thumbnailUrl":"https:\/\/www.coolturalia.com\/wp-content\/uploads\/2025\/07\/coolturalia-gli-angeli-geneve-7.webp","datePublished":"2025-10-02T19:07:17+00:00","breadcrumb":{"@id":"https:\/\/www.coolturalia.com\/fr\/event\/gli-angeli-geneve-stabat-mater\/#breadcrumb"},"inLanguage":"fr-FR","potentialAction":[{"@type":"ReadAction","target":["https:\/\/www.coolturalia.com\/fr\/event\/gli-angeli-geneve-stabat-mater\/"]}]},{"@type":"ImageObject","inLanguage":"fr-FR","@id":"https:\/\/www.coolturalia.com\/fr\/event\/gli-angeli-geneve-stabat-mater\/#primaryimage","url":"https:\/\/www.coolturalia.com\/wp-content\/uploads\/2025\/07\/coolturalia-gli-angeli-geneve-7.webp","contentUrl":"https:\/\/www.coolturalia.com\/wp-content\/uploads\/2025\/07\/coolturalia-gli-angeli-geneve-7.webp","width":700,"height":1001},{"@type":"BreadcrumbList","@id":"https:\/\/www.coolturalia.com\/fr\/event\/gli-angeli-geneve-stabat-mater\/#breadcrumb","itemListElement":[{"@type":"ListItem","position":1,"name":"Home","item":"https:\/\/www.coolturalia.com\/fr\/"},{"@type":"ListItem","position":2,"name":"Events","item":"https:\/\/www.coolturalia.com\/fr\/events\/"},{"@type":"ListItem","position":3,"name":"Gli Angeli Gen\u00e8ve"}]},{"@type":"WebSite","@id":"https:\/\/www.coolturalia.com\/fr\/#website","url":"https:\/\/www.coolturalia.com\/fr\/","name":"Coolturalia","description":"","publisher":{"@id":"https:\/\/www.coolturalia.com\/fr\/#organization"},"potentialAction":[{"@type":"SearchAction","target":{"@type":"EntryPoint","urlTemplate":"https:\/\/www.coolturalia.com\/fr\/?s={search_term_string}"},"query-input":{"@type":"PropertyValueSpecification","valueRequired":true,"valueName":"search_term_string"}}],"inLanguage":"fr-FR"},{"@type":"Organization","@id":"https:\/\/www.coolturalia.com\/fr\/#organization","name":"Coolturalia","url":"https:\/\/www.coolturalia.com\/fr\/","logo":{"@type":"ImageObject","inLanguage":"fr-FR","@id":"https:\/\/www.coolturalia.com\/fr\/#\/schema\/logo\/image\/","url":"https:\/\/www.coolturalia.com\/wp-content\/uploads\/2024\/04\/Logo-coolturalia.svg","contentUrl":"https:\/\/www.coolturalia.com\/wp-content\/uploads\/2024\/04\/Logo-coolturalia.svg","width":1312,"height":193,"caption":"Coolturalia"},"image":{"@id":"https:\/\/www.coolturalia.com\/fr\/#\/schema\/logo\/image\/"},"sameAs":["https:\/\/www.instagram.com\/coolturalia_geneva\/"]}]}},"translations":{"translations":{"en":"159571","fr":"159574"},"language":{"code":"fr"},"date":{"dateRange":"Lundi 15 juin, 20:00"}},"language":{"code":"fr"},"_links":{"self":[{"href":"https:\/\/www.coolturalia.com\/fr\/wp-json\/wp\/v2\/event\/159574","targetHints":{"allow":["GET"]}}],"collection":[{"href":"https:\/\/www.coolturalia.com\/fr\/wp-json\/wp\/v2\/event"}],"about":[{"href":"https:\/\/www.coolturalia.com\/fr\/wp-json\/wp\/v2\/types\/event"}],"version-history":[{"count":2,"href":"https:\/\/www.coolturalia.com\/fr\/wp-json\/wp\/v2\/event\/159574\/revisions"}],"predecessor-version":[{"id":170996,"href":"https:\/\/www.coolturalia.com\/fr\/wp-json\/wp\/v2\/event\/159574\/revisions\/170996"}],"wp:featuredmedia":[{"embeddable":true,"href":"https:\/\/www.coolturalia.com\/fr\/wp-json\/wp\/v2\/media\/159573"}],"wp:attachment":[{"href":"https:\/\/www.coolturalia.com\/fr\/wp-json\/wp\/v2\/media?parent=159574"}],"wp:term":[{"taxonomy":"post_tag","embeddable":true,"href":"https:\/\/www.coolturalia.com\/fr\/wp-json\/wp\/v2\/tags?post=159574"},{"taxonomy":"event-category","embeddable":true,"href":"https:\/\/www.coolturalia.com\/fr\/wp-json\/wp\/v2\/event-category?post=159574"},{"taxonomy":"event-venue","embeddable":true,"href":"https:\/\/www.coolturalia.com\/fr\/wp-json\/wp\/v2\/event-venue?post=159574"}],"curies":[{"name":"wp","href":"https:\/\/api.w.org\/{rel}","templated":true}]}}