{"id":159566,"date":"2025-10-02T19:57:33","date_gmt":"2025-10-02T18:57:33","guid":{"rendered":"https:\/\/www.coolturalia.com\/?post_type=event&#038;p=159566"},"modified":"2025-10-02T19:57:33","modified_gmt":"2025-10-02T18:57:33","slug":"gli-angeli-geneve-3","status":"publish","type":"event","link":"https:\/\/www.coolturalia.com\/fr\/event\/gli-angeli-geneve-3\/","title":{"rendered":"Gli Angeli Gen\u00e8ve"},"content":{"rendered":"<p>Gli Angeli Gen\u00e8ve interpr\u00e9tera le Concerto pour piano et orchestre n\u00b0 3 op. 37 et la Symphonie n\u00b0 3 \u00abEroica\u00bb de Beethoven lors du Festival Haydn-Mozart. Ce concert marquera une premi\u00e8re pour le festival en mettant en avant Beethoven, brillant successeur d&rsquo;Haydn et Mozart. Sous la direction de Stephan MacLeod et avec Kristian Bezuidenhout au pianoforte, l&rsquo;\u00e9v\u00e9nement promet une immersion dans l&rsquo;\u0153uvre du compositeur, soulignant \u00e0 la fois son inscription dans son \u00e9poque et sa mani\u00e8re r\u00e9volutionnaire de bousculer les codes musicaux. Ce concert symbolise la maturit\u00e9 orchestrale de Gli Angeli Gen\u00e8ve et c\u00e9l\u00e8bre leur longue collaboration avec Bezuidenhout.<\/p>\n","protected":false},"excerpt":{"rendered":"<p>Gli Angeli Gen\u00e8ve interpr\u00e9tera le Concerto pour piano et orchestre n\u00b0 3 op. 37 et la Symphonie n\u00b0 3 \u00abEroica\u00bb de Beethoven lors du Festival Haydn-Mozart. Ce concert marquera une premi\u00e8re pour le festival en mettant en avant Beethoven, brillant successeur d&rsquo;Haydn et Mozart. Sous la direction de Stephan MacLeod et avec Kristian Bezuidenhout au [&hellip;]<\/p>\n","protected":false},"featured_media":159565,"parent":0,"menu_order":0,"template":"","format":"standard","meta":{"_acf_changed":false,"footnotes":""},"tags":[],"event-category":[444],"event-venue":[605],"class_list":["post-159566","event","type-event","status-publish","format-standard","has-post-thumbnail","hentry","event-category-spectacles","event-venue-victoria-hall-fr"],"acf":{"price":"","date":"Samedi 6 juin, 20:00","start_date":"2026-06-06 00:00:00","end_date":"2026-06-06 00:00:00","website_link":"https:\/\/scenes-culturelles.geneve.ch\/victoria-hall\/agenda.html#\/?lang=fr&timings%5Bgte%5D=2026-06-05T22%3A00%3A00.000Z&timings%5Blte%5D=2026-06-06T21%3A59%3A59.999Z&timings%5Btz%5D=Europe%2FZurich","link_buy_tickets":"+41 585682900","highlighted":false,"photo_credit":"BaseDesign","timings":[{"timing_start_date":"2026-06-06 20:00:00","timing_end_date":"2026-06-06 22:00:00"}],"external_id":"37466644"},"yoast_head":"<!-- This site is optimized with the Yoast SEO plugin v27.5 - https:\/\/yoast.com\/product\/yoast-seo-wordpress\/ -->\n<title>Gli Angeli Gen\u00e8ve - Coolturalia<\/title>\n<meta name=\"robots\" content=\"index, follow, max-snippet:-1, max-image-preview:large, max-video-preview:-1\" \/>\n<link rel=\"canonical\" href=\"https:\/\/www.coolturalia.com\/fr\/event\/gli-angeli-geneve-3\/\" \/>\n<meta property=\"og:locale\" content=\"fr_FR\" \/>\n<meta property=\"og:type\" content=\"article\" \/>\n<meta property=\"og:title\" content=\"Gli Angeli Gen\u00e8ve - Coolturalia\" \/>\n<meta property=\"og:description\" content=\"Gli Angeli Gen\u00e8ve interpr\u00e9tera le Concerto pour piano et orchestre n\u00b0 3 op. 37 et la Symphonie n\u00b0 3 \u00abEroica\u00bb de Beethoven lors du Festival Haydn-Mozart. Ce concert marquera une premi\u00e8re pour le festival en mettant en avant Beethoven, brillant successeur d&rsquo;Haydn et Mozart. Sous la direction de Stephan MacLeod et avec Kristian Bezuidenhout au [&hellip;]\" \/>\n<meta property=\"og:url\" content=\"https:\/\/www.coolturalia.com\/fr\/event\/gli-angeli-geneve-3\/\" \/>\n<meta property=\"og:site_name\" content=\"Coolturalia\" \/>\n<meta property=\"og:image\" content=\"https:\/\/www.coolturalia.com\/wp-content\/uploads\/2025\/07\/coolturalia-gli-angeli-geneve-5.webp\" \/>\n\t<meta property=\"og:image:width\" content=\"700\" \/>\n\t<meta property=\"og:image:height\" content=\"1001\" \/>\n\t<meta property=\"og:image:type\" content=\"image\/webp\" \/>\n<meta name=\"twitter:card\" content=\"summary_large_image\" \/>\n<meta name=\"twitter:label1\" content=\"Dur\u00e9e de lecture estim\u00e9e\" \/>\n\t<meta name=\"twitter:data1\" content=\"1 minute\" \/>\n<script type=\"application\/ld+json\" class=\"yoast-schema-graph\">{\"@context\":\"https:\\\/\\\/schema.org\",\"@graph\":[{\"@type\":\"WebPage\",\"@id\":\"https:\\\/\\\/www.coolturalia.com\\\/fr\\\/event\\\/gli-angeli-geneve-3\\\/\",\"url\":\"https:\\\/\\\/www.coolturalia.com\\\/fr\\\/event\\\/gli-angeli-geneve-3\\\/\",\"name\":\"Gli Angeli Gen\u00e8ve - Coolturalia\",\"isPartOf\":{\"@id\":\"https:\\\/\\\/www.coolturalia.com\\\/fr\\\/#website\"},\"primaryImageOfPage\":{\"@id\":\"https:\\\/\\\/www.coolturalia.com\\\/fr\\\/event\\\/gli-angeli-geneve-3\\\/#primaryimage\"},\"image\":{\"@id\":\"https:\\\/\\\/www.coolturalia.com\\\/fr\\\/event\\\/gli-angeli-geneve-3\\\/#primaryimage\"},\"thumbnailUrl\":\"https:\\\/\\\/www.coolturalia.com\\\/wp-content\\\/uploads\\\/2025\\\/07\\\/coolturalia-gli-angeli-geneve-5.webp\",\"datePublished\":\"2025-10-02T18:57:33+00:00\",\"breadcrumb\":{\"@id\":\"https:\\\/\\\/www.coolturalia.com\\\/fr\\\/event\\\/gli-angeli-geneve-3\\\/#breadcrumb\"},\"inLanguage\":\"fr-FR\",\"potentialAction\":[{\"@type\":\"ReadAction\",\"target\":[\"https:\\\/\\\/www.coolturalia.com\\\/fr\\\/event\\\/gli-angeli-geneve-3\\\/\"]}]},{\"@type\":\"ImageObject\",\"inLanguage\":\"fr-FR\",\"@id\":\"https:\\\/\\\/www.coolturalia.com\\\/fr\\\/event\\\/gli-angeli-geneve-3\\\/#primaryimage\",\"url\":\"https:\\\/\\\/www.coolturalia.com\\\/wp-content\\\/uploads\\\/2025\\\/07\\\/coolturalia-gli-angeli-geneve-5.webp\",\"contentUrl\":\"https:\\\/\\\/www.coolturalia.com\\\/wp-content\\\/uploads\\\/2025\\\/07\\\/coolturalia-gli-angeli-geneve-5.webp\",\"width\":700,\"height\":1001},{\"@type\":\"BreadcrumbList\",\"@id\":\"https:\\\/\\\/www.coolturalia.com\\\/fr\\\/event\\\/gli-angeli-geneve-3\\\/#breadcrumb\",\"itemListElement\":[{\"@type\":\"ListItem\",\"position\":1,\"name\":\"Home\",\"item\":\"https:\\\/\\\/www.coolturalia.com\\\/fr\\\/\"},{\"@type\":\"ListItem\",\"position\":2,\"name\":\"Events\",\"item\":\"https:\\\/\\\/www.coolturalia.com\\\/fr\\\/events\\\/\"},{\"@type\":\"ListItem\",\"position\":3,\"name\":\"Gli Angeli Gen\u00e8ve\"}]},{\"@type\":\"WebSite\",\"@id\":\"https:\\\/\\\/www.coolturalia.com\\\/fr\\\/#website\",\"url\":\"https:\\\/\\\/www.coolturalia.com\\\/fr\\\/\",\"name\":\"Coolturalia\",\"description\":\"\",\"publisher\":{\"@id\":\"https:\\\/\\\/www.coolturalia.com\\\/fr\\\/#organization\"},\"potentialAction\":[{\"@type\":\"SearchAction\",\"target\":{\"@type\":\"EntryPoint\",\"urlTemplate\":\"https:\\\/\\\/www.coolturalia.com\\\/fr\\\/?s={search_term_string}\"},\"query-input\":{\"@type\":\"PropertyValueSpecification\",\"valueRequired\":true,\"valueName\":\"search_term_string\"}}],\"inLanguage\":\"fr-FR\"},{\"@type\":\"Organization\",\"@id\":\"https:\\\/\\\/www.coolturalia.com\\\/fr\\\/#organization\",\"name\":\"Coolturalia\",\"url\":\"https:\\\/\\\/www.coolturalia.com\\\/fr\\\/\",\"logo\":{\"@type\":\"ImageObject\",\"inLanguage\":\"fr-FR\",\"@id\":\"https:\\\/\\\/www.coolturalia.com\\\/fr\\\/#\\\/schema\\\/logo\\\/image\\\/\",\"url\":\"https:\\\/\\\/www.coolturalia.com\\\/wp-content\\\/uploads\\\/2024\\\/04\\\/Logo-coolturalia.svg\",\"contentUrl\":\"https:\\\/\\\/www.coolturalia.com\\\/wp-content\\\/uploads\\\/2024\\\/04\\\/Logo-coolturalia.svg\",\"width\":1312,\"height\":193,\"caption\":\"Coolturalia\"},\"image\":{\"@id\":\"https:\\\/\\\/www.coolturalia.com\\\/fr\\\/#\\\/schema\\\/logo\\\/image\\\/\"},\"sameAs\":[\"https:\\\/\\\/www.instagram.com\\\/coolturalia_geneva\\\/\"]}]}<\/script>\n<!-- \/ Yoast SEO plugin. -->","yoast_head_json":{"title":"Gli Angeli Gen\u00e8ve - Coolturalia","robots":{"index":"index","follow":"follow","max-snippet":"max-snippet:-1","max-image-preview":"max-image-preview:large","max-video-preview":"max-video-preview:-1"},"canonical":"https:\/\/www.coolturalia.com\/fr\/event\/gli-angeli-geneve-3\/","og_locale":"fr_FR","og_type":"article","og_title":"Gli Angeli Gen\u00e8ve - Coolturalia","og_description":"Gli Angeli Gen\u00e8ve interpr\u00e9tera le Concerto pour piano et orchestre n\u00b0 3 op. 37 et la Symphonie n\u00b0 3 \u00abEroica\u00bb de Beethoven lors du Festival Haydn-Mozart. Ce concert marquera une premi\u00e8re pour le festival en mettant en avant Beethoven, brillant successeur d&rsquo;Haydn et Mozart. Sous la direction de Stephan MacLeod et avec Kristian Bezuidenhout au [&hellip;]","og_url":"https:\/\/www.coolturalia.com\/fr\/event\/gli-angeli-geneve-3\/","og_site_name":"Coolturalia","og_image":[{"width":700,"height":1001,"url":"https:\/\/www.coolturalia.com\/wp-content\/uploads\/2025\/07\/coolturalia-gli-angeli-geneve-5.webp","type":"image\/webp"}],"twitter_card":"summary_large_image","twitter_misc":{"Dur\u00e9e de lecture estim\u00e9e":"1 minute"},"schema":{"@context":"https:\/\/schema.org","@graph":[{"@type":"WebPage","@id":"https:\/\/www.coolturalia.com\/fr\/event\/gli-angeli-geneve-3\/","url":"https:\/\/www.coolturalia.com\/fr\/event\/gli-angeli-geneve-3\/","name":"Gli Angeli Gen\u00e8ve - Coolturalia","isPartOf":{"@id":"https:\/\/www.coolturalia.com\/fr\/#website"},"primaryImageOfPage":{"@id":"https:\/\/www.coolturalia.com\/fr\/event\/gli-angeli-geneve-3\/#primaryimage"},"image":{"@id":"https:\/\/www.coolturalia.com\/fr\/event\/gli-angeli-geneve-3\/#primaryimage"},"thumbnailUrl":"https:\/\/www.coolturalia.com\/wp-content\/uploads\/2025\/07\/coolturalia-gli-angeli-geneve-5.webp","datePublished":"2025-10-02T18:57:33+00:00","breadcrumb":{"@id":"https:\/\/www.coolturalia.com\/fr\/event\/gli-angeli-geneve-3\/#breadcrumb"},"inLanguage":"fr-FR","potentialAction":[{"@type":"ReadAction","target":["https:\/\/www.coolturalia.com\/fr\/event\/gli-angeli-geneve-3\/"]}]},{"@type":"ImageObject","inLanguage":"fr-FR","@id":"https:\/\/www.coolturalia.com\/fr\/event\/gli-angeli-geneve-3\/#primaryimage","url":"https:\/\/www.coolturalia.com\/wp-content\/uploads\/2025\/07\/coolturalia-gli-angeli-geneve-5.webp","contentUrl":"https:\/\/www.coolturalia.com\/wp-content\/uploads\/2025\/07\/coolturalia-gli-angeli-geneve-5.webp","width":700,"height":1001},{"@type":"BreadcrumbList","@id":"https:\/\/www.coolturalia.com\/fr\/event\/gli-angeli-geneve-3\/#breadcrumb","itemListElement":[{"@type":"ListItem","position":1,"name":"Home","item":"https:\/\/www.coolturalia.com\/fr\/"},{"@type":"ListItem","position":2,"name":"Events","item":"https:\/\/www.coolturalia.com\/fr\/events\/"},{"@type":"ListItem","position":3,"name":"Gli Angeli Gen\u00e8ve"}]},{"@type":"WebSite","@id":"https:\/\/www.coolturalia.com\/fr\/#website","url":"https:\/\/www.coolturalia.com\/fr\/","name":"Coolturalia","description":"","publisher":{"@id":"https:\/\/www.coolturalia.com\/fr\/#organization"},"potentialAction":[{"@type":"SearchAction","target":{"@type":"EntryPoint","urlTemplate":"https:\/\/www.coolturalia.com\/fr\/?s={search_term_string}"},"query-input":{"@type":"PropertyValueSpecification","valueRequired":true,"valueName":"search_term_string"}}],"inLanguage":"fr-FR"},{"@type":"Organization","@id":"https:\/\/www.coolturalia.com\/fr\/#organization","name":"Coolturalia","url":"https:\/\/www.coolturalia.com\/fr\/","logo":{"@type":"ImageObject","inLanguage":"fr-FR","@id":"https:\/\/www.coolturalia.com\/fr\/#\/schema\/logo\/image\/","url":"https:\/\/www.coolturalia.com\/wp-content\/uploads\/2024\/04\/Logo-coolturalia.svg","contentUrl":"https:\/\/www.coolturalia.com\/wp-content\/uploads\/2024\/04\/Logo-coolturalia.svg","width":1312,"height":193,"caption":"Coolturalia"},"image":{"@id":"https:\/\/www.coolturalia.com\/fr\/#\/schema\/logo\/image\/"},"sameAs":["https:\/\/www.instagram.com\/coolturalia_geneva\/"]}]}},"translations":{"translations":{"en":"159563","fr":"159566"},"language":{"code":"fr"},"date":{"dateRange":"Samedi 6 juin, 20:00"}},"language":{"code":"fr"},"_links":{"self":[{"href":"https:\/\/www.coolturalia.com\/fr\/wp-json\/wp\/v2\/event\/159566","targetHints":{"allow":["GET"]}}],"collection":[{"href":"https:\/\/www.coolturalia.com\/fr\/wp-json\/wp\/v2\/event"}],"about":[{"href":"https:\/\/www.coolturalia.com\/fr\/wp-json\/wp\/v2\/types\/event"}],"version-history":[{"count":2,"href":"https:\/\/www.coolturalia.com\/fr\/wp-json\/wp\/v2\/event\/159566\/revisions"}],"predecessor-version":[{"id":170982,"href":"https:\/\/www.coolturalia.com\/fr\/wp-json\/wp\/v2\/event\/159566\/revisions\/170982"}],"wp:featuredmedia":[{"embeddable":true,"href":"https:\/\/www.coolturalia.com\/fr\/wp-json\/wp\/v2\/media\/159565"}],"wp:attachment":[{"href":"https:\/\/www.coolturalia.com\/fr\/wp-json\/wp\/v2\/media?parent=159566"}],"wp:term":[{"taxonomy":"post_tag","embeddable":true,"href":"https:\/\/www.coolturalia.com\/fr\/wp-json\/wp\/v2\/tags?post=159566"},{"taxonomy":"event-category","embeddable":true,"href":"https:\/\/www.coolturalia.com\/fr\/wp-json\/wp\/v2\/event-category?post=159566"},{"taxonomy":"event-venue","embeddable":true,"href":"https:\/\/www.coolturalia.com\/fr\/wp-json\/wp\/v2\/event-venue?post=159566"}],"curies":[{"name":"wp","href":"https:\/\/api.w.org\/{rel}","templated":true}]}}