{"id":143460,"date":"2025-04-13T20:34:49","date_gmt":"2025-04-13T19:34:49","guid":{"rendered":"https:\/\/www.coolturalia.com\/?post_type=event&#038;p=143460"},"modified":"2025-10-21T12:09:58","modified_gmt":"2025-10-21T11:09:58","slug":"enquetes-photographiques-genevoises-zoe-aubry-gabriela-loffel-et-laurence-rasti","status":"publish","type":"event","link":"https:\/\/www.coolturalia.com\/fr\/event\/enquetes-photographiques-genevoises-zoe-aubry-gabriela-loffel-et-laurence-rasti\/","title":{"rendered":"Enqu\u00eates photographiques genevoises : Zo\u00e9 Aubry, Gabriela L\u00f6ffel et Laurence Rasti"},"content":{"rendered":"<p>L&rsquo;exposition pr\u00e9sente les travaux des laur\u00e9ates 2019, 2020 et 2021 de l&rsquo;enqu\u00eate photographique genevoise sur le th\u00e8me de la mobilit\u00e9. Fruit d&rsquo;une collaboration entre la Biblioth\u00e8que de Gen\u00e8ve et le Centre de la photographie Gen\u00e8ve, elle met en avant les \u0153uvres de Zo\u00e9 Aubry, Gabriela L\u00f6ffel et Laurence Rasti. Les projets explorent la circulation des personnes, l&rsquo;organisation des flux migratoires et les transformations du corps, offrant un regard critique sur les politiques migratoires et les injonctions sociales.<\/p>\n<p><strong>Vernissage:<\/strong> <strong>Jeudi 30 octobre, 18:00<\/strong><\/p>\n","protected":false},"excerpt":{"rendered":"<p>L&rsquo;exposition pr\u00e9sente les travaux des laur\u00e9ates 2019, 2020 et 2021 de l&rsquo;enqu\u00eate photographique genevoise sur le th\u00e8me de la mobilit\u00e9. Fruit d&rsquo;une collaboration entre la Biblioth\u00e8que de Gen\u00e8ve et le Centre de la photographie Gen\u00e8ve, elle met en avant les \u0153uvres de Zo\u00e9 Aubry, Gabriela L\u00f6ffel et Laurence Rasti. Les projets explorent la circulation des [&hellip;]<\/p>\n","protected":false},"featured_media":143461,"parent":0,"menu_order":0,"template":"","format":"standard","meta":{"_acf_changed":false,"footnotes":""},"tags":[686,687,1014],"event-category":[446],"event-venue":[624],"class_list":["post-143460","event","type-event","status-publish","format-standard","has-post-thumbnail","hentry","tag-evenement-passe","tag-past-event","tag-portrait-image-fr","event-category-art-et-expositions","event-venue-centre-de-la-photographie-geneve-fr"],"acf":{"price":"Gratuit","date":"31 octobre 2025 - 10 janvier 2026","start_date":"2025-10-31 00:00:00","end_date":"2026-01-10 00:00:00","website_link":"https:\/\/www.centrephotogeneve.ch\/en\/programme-2025\/","link_buy_tickets":"","highlighted":false,"photo_credit":"Laurence Rasti","timings":[{"timing_start_date":"2025-10-31 11:00:00","timing_end_date":"2025-10-31 18:00:00"},{"timing_start_date":"2025-11-01 11:00:00","timing_end_date":"2025-11-01 17:00:00"},{"timing_start_date":"2025-11-04 11:00:00","timing_end_date":"2025-11-04 18:00:00"},{"timing_start_date":"2025-11-05 11:00:00","timing_end_date":"2025-11-05 18:00:00"},{"timing_start_date":"2025-11-06 11:00:00","timing_end_date":"2025-11-06 18:00:00"},{"timing_start_date":"2025-11-07 11:00:00","timing_end_date":"2025-11-07 20:00:00"},{"timing_start_date":"2025-11-08 11:00:00","timing_end_date":"2025-11-08 17:00:00"},{"timing_start_date":"2025-11-11 11:00:00","timing_end_date":"2025-11-11 18:00:00"},{"timing_start_date":"2025-11-12 11:00:00","timing_end_date":"2025-11-12 18:00:00"},{"timing_start_date":"2025-11-13 11:00:00","timing_end_date":"2025-11-13 18:00:00"},{"timing_start_date":"2025-11-14 11:00:00","timing_end_date":"2025-11-14 20:00:00"},{"timing_start_date":"2025-11-15 11:00:00","timing_end_date":"2025-11-15 17:00:00"},{"timing_start_date":"2025-11-18 11:00:00","timing_end_date":"2025-11-18 18:00:00"},{"timing_start_date":"2025-11-19 11:00:00","timing_end_date":"2025-11-19 18:00:00"},{"timing_start_date":"2025-11-20 11:00:00","timing_end_date":"2025-11-20 18:00:00"},{"timing_start_date":"2025-11-21 11:00:00","timing_end_date":"2025-11-21 20:00:00"},{"timing_start_date":"2025-11-22 11:00:00","timing_end_date":"2025-11-22 17:00:00"},{"timing_start_date":"2025-11-25 11:00:00","timing_end_date":"2025-11-25 18:00:00"},{"timing_start_date":"2025-11-26 11:00:00","timing_end_date":"2025-11-26 18:00:00"},{"timing_start_date":"2025-11-27 11:00:00","timing_end_date":"2025-11-27 18:00:00"},{"timing_start_date":"2025-11-28 11:00:00","timing_end_date":"2025-11-28 20:00:00"},{"timing_start_date":"2025-11-29 11:00:00","timing_end_date":"2025-11-29 17:00:00"},{"timing_start_date":"2025-12-02 11:00:00","timing_end_date":"2025-12-02 18:00:00"},{"timing_start_date":"2025-12-03 11:00:00","timing_end_date":"2025-12-03 18:00:00"},{"timing_start_date":"2025-12-04 11:00:00","timing_end_date":"2025-12-04 18:00:00"},{"timing_start_date":"2025-12-05 11:00:00","timing_end_date":"2025-12-05 20:00:00"},{"timing_start_date":"2025-12-09 11:00:00","timing_end_date":"2025-12-09 18:00:00"},{"timing_start_date":"2025-12-10 11:00:00","timing_end_date":"2025-12-10 18:00:00"},{"timing_start_date":"2025-12-11 11:00:00","timing_end_date":"2025-12-11 18:00:00"},{"timing_start_date":"2025-12-12 11:00:00","timing_end_date":"2025-12-12 20:00:00"},{"timing_start_date":"2025-12-13 11:00:00","timing_end_date":"2025-12-13 17:00:00"},{"timing_start_date":"2025-12-16 11:00:00","timing_end_date":"2025-12-16 18:00:00"},{"timing_start_date":"2025-12-17 11:00:00","timing_end_date":"2025-12-17 18:00:00"},{"timing_start_date":"2025-12-18 11:00:00","timing_end_date":"2025-12-18 18:00:00"},{"timing_start_date":"2025-12-19 11:00:00","timing_end_date":"2025-12-19 20:00:00"},{"timing_start_date":"2025-12-20 11:00:00","timing_end_date":"2025-12-20 17:00:00"},{"timing_start_date":"2025-12-23 11:00:00","timing_end_date":"2025-12-23 18:00:00"},{"timing_start_date":"2025-12-24 11:00:00","timing_end_date":"2025-12-24 18:00:00"},{"timing_start_date":"2026-01-02 11:00:00","timing_end_date":"2026-01-02 20:00:00"},{"timing_start_date":"2026-01-03 11:00:00","timing_end_date":"2026-01-03 17:00:00"},{"timing_start_date":"2026-01-06 11:00:00","timing_end_date":"2026-01-06 18:00:00"},{"timing_start_date":"2026-01-07 11:00:00","timing_end_date":"2026-01-07 18:00:00"},{"timing_start_date":"2026-01-08 11:00:00","timing_end_date":"2026-01-08 18:00:00"},{"timing_start_date":"2026-01-09 11:00:00","timing_end_date":"2026-01-09 20:00:00"},{"timing_start_date":"2026-01-10 11:00:00","timing_end_date":"2026-01-10 17:00:00"}],"external_id":"49918770"},"yoast_head":"<!-- This site is optimized with the Yoast SEO plugin v27.5 - https:\/\/yoast.com\/product\/yoast-seo-wordpress\/ -->\n<title>Enqu\u00eates photographiques genevoises : Zo\u00e9 Aubry, Gabriela L\u00f6ffel et Laurence Rasti - Coolturalia<\/title>\n<meta name=\"robots\" content=\"index, follow, max-snippet:-1, max-image-preview:large, max-video-preview:-1\" \/>\n<link rel=\"canonical\" href=\"https:\/\/www.coolturalia.com\/fr\/event\/enquetes-photographiques-genevoises-zoe-aubry-gabriela-loffel-et-laurence-rasti\/\" \/>\n<meta property=\"og:locale\" content=\"fr_FR\" \/>\n<meta property=\"og:type\" content=\"article\" \/>\n<meta property=\"og:title\" content=\"Enqu\u00eates photographiques genevoises : Zo\u00e9 Aubry, Gabriela L\u00f6ffel et Laurence Rasti - Coolturalia\" \/>\n<meta property=\"og:description\" content=\"L&rsquo;exposition pr\u00e9sente les travaux des laur\u00e9ates 2019, 2020 et 2021 de l&rsquo;enqu\u00eate photographique genevoise sur le th\u00e8me de la mobilit\u00e9. Fruit d&rsquo;une collaboration entre la Biblioth\u00e8que de Gen\u00e8ve et le Centre de la photographie Gen\u00e8ve, elle met en avant les \u0153uvres de Zo\u00e9 Aubry, Gabriela L\u00f6ffel et Laurence Rasti. Les projets explorent la circulation des [&hellip;]\" \/>\n<meta property=\"og:url\" content=\"https:\/\/www.coolturalia.com\/fr\/event\/enquetes-photographiques-genevoises-zoe-aubry-gabriela-loffel-et-laurence-rasti\/\" \/>\n<meta property=\"og:site_name\" content=\"Coolturalia\" \/>\n<meta property=\"article:modified_time\" content=\"2025-10-21T11:09:58+00:00\" \/>\n<meta property=\"og:image\" content=\"https:\/\/www.coolturalia.com\/wp-content\/uploads\/2025\/04\/coolturalia-enquetes-photographiques-genevoises-zoe-aubry-gabriela-loffel-et-laurence-rasti.jpg\" \/>\n\t<meta property=\"og:image:width\" content=\"700\" \/>\n\t<meta property=\"og:image:height\" content=\"875\" \/>\n\t<meta property=\"og:image:type\" content=\"image\/jpeg\" \/>\n<meta name=\"twitter:card\" content=\"summary_large_image\" \/>\n<meta name=\"twitter:label1\" content=\"Dur\u00e9e de lecture estim\u00e9e\" \/>\n\t<meta name=\"twitter:data1\" content=\"1 minute\" \/>\n<script type=\"application\/ld+json\" class=\"yoast-schema-graph\">{\"@context\":\"https:\\\/\\\/schema.org\",\"@graph\":[{\"@type\":\"WebPage\",\"@id\":\"https:\\\/\\\/www.coolturalia.com\\\/fr\\\/event\\\/enquetes-photographiques-genevoises-zoe-aubry-gabriela-loffel-et-laurence-rasti\\\/\",\"url\":\"https:\\\/\\\/www.coolturalia.com\\\/fr\\\/event\\\/enquetes-photographiques-genevoises-zoe-aubry-gabriela-loffel-et-laurence-rasti\\\/\",\"name\":\"Enqu\u00eates photographiques genevoises : Zo\u00e9 Aubry, Gabriela L\u00f6ffel et Laurence Rasti - Coolturalia\",\"isPartOf\":{\"@id\":\"https:\\\/\\\/www.coolturalia.com\\\/fr\\\/#website\"},\"primaryImageOfPage\":{\"@id\":\"https:\\\/\\\/www.coolturalia.com\\\/fr\\\/event\\\/enquetes-photographiques-genevoises-zoe-aubry-gabriela-loffel-et-laurence-rasti\\\/#primaryimage\"},\"image\":{\"@id\":\"https:\\\/\\\/www.coolturalia.com\\\/fr\\\/event\\\/enquetes-photographiques-genevoises-zoe-aubry-gabriela-loffel-et-laurence-rasti\\\/#primaryimage\"},\"thumbnailUrl\":\"https:\\\/\\\/www.coolturalia.com\\\/wp-content\\\/uploads\\\/2025\\\/04\\\/coolturalia-enquetes-photographiques-genevoises-zoe-aubry-gabriela-loffel-et-laurence-rasti.jpg\",\"datePublished\":\"2025-04-13T19:34:49+00:00\",\"dateModified\":\"2025-10-21T11:09:58+00:00\",\"breadcrumb\":{\"@id\":\"https:\\\/\\\/www.coolturalia.com\\\/fr\\\/event\\\/enquetes-photographiques-genevoises-zoe-aubry-gabriela-loffel-et-laurence-rasti\\\/#breadcrumb\"},\"inLanguage\":\"fr-FR\",\"potentialAction\":[{\"@type\":\"ReadAction\",\"target\":[\"https:\\\/\\\/www.coolturalia.com\\\/fr\\\/event\\\/enquetes-photographiques-genevoises-zoe-aubry-gabriela-loffel-et-laurence-rasti\\\/\"]}]},{\"@type\":\"ImageObject\",\"inLanguage\":\"fr-FR\",\"@id\":\"https:\\\/\\\/www.coolturalia.com\\\/fr\\\/event\\\/enquetes-photographiques-genevoises-zoe-aubry-gabriela-loffel-et-laurence-rasti\\\/#primaryimage\",\"url\":\"https:\\\/\\\/www.coolturalia.com\\\/wp-content\\\/uploads\\\/2025\\\/04\\\/coolturalia-enquetes-photographiques-genevoises-zoe-aubry-gabriela-loffel-et-laurence-rasti.jpg\",\"contentUrl\":\"https:\\\/\\\/www.coolturalia.com\\\/wp-content\\\/uploads\\\/2025\\\/04\\\/coolturalia-enquetes-photographiques-genevoises-zoe-aubry-gabriela-loffel-et-laurence-rasti.jpg\",\"width\":700,\"height\":875,\"caption\":\"Coolturalia - Enqu\u00eates photographiques genevoises : Zo\u00e9 Aubry, Gabriela L\u00f6ffel et Laurence Rasti\"},{\"@type\":\"BreadcrumbList\",\"@id\":\"https:\\\/\\\/www.coolturalia.com\\\/fr\\\/event\\\/enquetes-photographiques-genevoises-zoe-aubry-gabriela-loffel-et-laurence-rasti\\\/#breadcrumb\",\"itemListElement\":[{\"@type\":\"ListItem\",\"position\":1,\"name\":\"Home\",\"item\":\"https:\\\/\\\/www.coolturalia.com\\\/fr\\\/\"},{\"@type\":\"ListItem\",\"position\":2,\"name\":\"Events\",\"item\":\"https:\\\/\\\/www.coolturalia.com\\\/fr\\\/events\\\/\"},{\"@type\":\"ListItem\",\"position\":3,\"name\":\"Enqu\u00eates photographiques genevoises : Zo\u00e9 Aubry, Gabriela L\u00f6ffel et Laurence Rasti\"}]},{\"@type\":\"WebSite\",\"@id\":\"https:\\\/\\\/www.coolturalia.com\\\/fr\\\/#website\",\"url\":\"https:\\\/\\\/www.coolturalia.com\\\/fr\\\/\",\"name\":\"Coolturalia\",\"description\":\"\",\"publisher\":{\"@id\":\"https:\\\/\\\/www.coolturalia.com\\\/fr\\\/#organization\"},\"potentialAction\":[{\"@type\":\"SearchAction\",\"target\":{\"@type\":\"EntryPoint\",\"urlTemplate\":\"https:\\\/\\\/www.coolturalia.com\\\/fr\\\/?s={search_term_string}\"},\"query-input\":{\"@type\":\"PropertyValueSpecification\",\"valueRequired\":true,\"valueName\":\"search_term_string\"}}],\"inLanguage\":\"fr-FR\"},{\"@type\":\"Organization\",\"@id\":\"https:\\\/\\\/www.coolturalia.com\\\/fr\\\/#organization\",\"name\":\"Coolturalia\",\"url\":\"https:\\\/\\\/www.coolturalia.com\\\/fr\\\/\",\"logo\":{\"@type\":\"ImageObject\",\"inLanguage\":\"fr-FR\",\"@id\":\"https:\\\/\\\/www.coolturalia.com\\\/fr\\\/#\\\/schema\\\/logo\\\/image\\\/\",\"url\":\"https:\\\/\\\/www.coolturalia.com\\\/wp-content\\\/uploads\\\/2024\\\/04\\\/Logo-coolturalia.svg\",\"contentUrl\":\"https:\\\/\\\/www.coolturalia.com\\\/wp-content\\\/uploads\\\/2024\\\/04\\\/Logo-coolturalia.svg\",\"width\":1312,\"height\":193,\"caption\":\"Coolturalia\"},\"image\":{\"@id\":\"https:\\\/\\\/www.coolturalia.com\\\/fr\\\/#\\\/schema\\\/logo\\\/image\\\/\"},\"sameAs\":[\"https:\\\/\\\/www.instagram.com\\\/coolturalia_geneva\\\/\"]}]}<\/script>\n<!-- \/ Yoast SEO plugin. -->","yoast_head_json":{"title":"Enqu\u00eates photographiques genevoises : Zo\u00e9 Aubry, Gabriela L\u00f6ffel et Laurence Rasti - Coolturalia","robots":{"index":"index","follow":"follow","max-snippet":"max-snippet:-1","max-image-preview":"max-image-preview:large","max-video-preview":"max-video-preview:-1"},"canonical":"https:\/\/www.coolturalia.com\/fr\/event\/enquetes-photographiques-genevoises-zoe-aubry-gabriela-loffel-et-laurence-rasti\/","og_locale":"fr_FR","og_type":"article","og_title":"Enqu\u00eates photographiques genevoises : Zo\u00e9 Aubry, Gabriela L\u00f6ffel et Laurence Rasti - Coolturalia","og_description":"L&rsquo;exposition pr\u00e9sente les travaux des laur\u00e9ates 2019, 2020 et 2021 de l&rsquo;enqu\u00eate photographique genevoise sur le th\u00e8me de la mobilit\u00e9. Fruit d&rsquo;une collaboration entre la Biblioth\u00e8que de Gen\u00e8ve et le Centre de la photographie Gen\u00e8ve, elle met en avant les \u0153uvres de Zo\u00e9 Aubry, Gabriela L\u00f6ffel et Laurence Rasti. Les projets explorent la circulation des [&hellip;]","og_url":"https:\/\/www.coolturalia.com\/fr\/event\/enquetes-photographiques-genevoises-zoe-aubry-gabriela-loffel-et-laurence-rasti\/","og_site_name":"Coolturalia","article_modified_time":"2025-10-21T11:09:58+00:00","og_image":[{"width":700,"height":875,"url":"https:\/\/www.coolturalia.com\/wp-content\/uploads\/2025\/04\/coolturalia-enquetes-photographiques-genevoises-zoe-aubry-gabriela-loffel-et-laurence-rasti.jpg","type":"image\/jpeg"}],"twitter_card":"summary_large_image","twitter_misc":{"Dur\u00e9e de lecture estim\u00e9e":"1 minute"},"schema":{"@context":"https:\/\/schema.org","@graph":[{"@type":"WebPage","@id":"https:\/\/www.coolturalia.com\/fr\/event\/enquetes-photographiques-genevoises-zoe-aubry-gabriela-loffel-et-laurence-rasti\/","url":"https:\/\/www.coolturalia.com\/fr\/event\/enquetes-photographiques-genevoises-zoe-aubry-gabriela-loffel-et-laurence-rasti\/","name":"Enqu\u00eates photographiques genevoises : Zo\u00e9 Aubry, Gabriela L\u00f6ffel et Laurence Rasti - Coolturalia","isPartOf":{"@id":"https:\/\/www.coolturalia.com\/fr\/#website"},"primaryImageOfPage":{"@id":"https:\/\/www.coolturalia.com\/fr\/event\/enquetes-photographiques-genevoises-zoe-aubry-gabriela-loffel-et-laurence-rasti\/#primaryimage"},"image":{"@id":"https:\/\/www.coolturalia.com\/fr\/event\/enquetes-photographiques-genevoises-zoe-aubry-gabriela-loffel-et-laurence-rasti\/#primaryimage"},"thumbnailUrl":"https:\/\/www.coolturalia.com\/wp-content\/uploads\/2025\/04\/coolturalia-enquetes-photographiques-genevoises-zoe-aubry-gabriela-loffel-et-laurence-rasti.jpg","datePublished":"2025-04-13T19:34:49+00:00","dateModified":"2025-10-21T11:09:58+00:00","breadcrumb":{"@id":"https:\/\/www.coolturalia.com\/fr\/event\/enquetes-photographiques-genevoises-zoe-aubry-gabriela-loffel-et-laurence-rasti\/#breadcrumb"},"inLanguage":"fr-FR","potentialAction":[{"@type":"ReadAction","target":["https:\/\/www.coolturalia.com\/fr\/event\/enquetes-photographiques-genevoises-zoe-aubry-gabriela-loffel-et-laurence-rasti\/"]}]},{"@type":"ImageObject","inLanguage":"fr-FR","@id":"https:\/\/www.coolturalia.com\/fr\/event\/enquetes-photographiques-genevoises-zoe-aubry-gabriela-loffel-et-laurence-rasti\/#primaryimage","url":"https:\/\/www.coolturalia.com\/wp-content\/uploads\/2025\/04\/coolturalia-enquetes-photographiques-genevoises-zoe-aubry-gabriela-loffel-et-laurence-rasti.jpg","contentUrl":"https:\/\/www.coolturalia.com\/wp-content\/uploads\/2025\/04\/coolturalia-enquetes-photographiques-genevoises-zoe-aubry-gabriela-loffel-et-laurence-rasti.jpg","width":700,"height":875,"caption":"Coolturalia - Enqu\u00eates photographiques genevoises : Zo\u00e9 Aubry, Gabriela L\u00f6ffel et Laurence Rasti"},{"@type":"BreadcrumbList","@id":"https:\/\/www.coolturalia.com\/fr\/event\/enquetes-photographiques-genevoises-zoe-aubry-gabriela-loffel-et-laurence-rasti\/#breadcrumb","itemListElement":[{"@type":"ListItem","position":1,"name":"Home","item":"https:\/\/www.coolturalia.com\/fr\/"},{"@type":"ListItem","position":2,"name":"Events","item":"https:\/\/www.coolturalia.com\/fr\/events\/"},{"@type":"ListItem","position":3,"name":"Enqu\u00eates photographiques genevoises : Zo\u00e9 Aubry, Gabriela L\u00f6ffel et Laurence Rasti"}]},{"@type":"WebSite","@id":"https:\/\/www.coolturalia.com\/fr\/#website","url":"https:\/\/www.coolturalia.com\/fr\/","name":"Coolturalia","description":"","publisher":{"@id":"https:\/\/www.coolturalia.com\/fr\/#organization"},"potentialAction":[{"@type":"SearchAction","target":{"@type":"EntryPoint","urlTemplate":"https:\/\/www.coolturalia.com\/fr\/?s={search_term_string}"},"query-input":{"@type":"PropertyValueSpecification","valueRequired":true,"valueName":"search_term_string"}}],"inLanguage":"fr-FR"},{"@type":"Organization","@id":"https:\/\/www.coolturalia.com\/fr\/#organization","name":"Coolturalia","url":"https:\/\/www.coolturalia.com\/fr\/","logo":{"@type":"ImageObject","inLanguage":"fr-FR","@id":"https:\/\/www.coolturalia.com\/fr\/#\/schema\/logo\/image\/","url":"https:\/\/www.coolturalia.com\/wp-content\/uploads\/2024\/04\/Logo-coolturalia.svg","contentUrl":"https:\/\/www.coolturalia.com\/wp-content\/uploads\/2024\/04\/Logo-coolturalia.svg","width":1312,"height":193,"caption":"Coolturalia"},"image":{"@id":"https:\/\/www.coolturalia.com\/fr\/#\/schema\/logo\/image\/"},"sameAs":["https:\/\/www.instagram.com\/coolturalia_geneva\/"]}]}},"translations":{"translations":{"en":"143457","fr":"143460"},"language":{"code":"fr"},"date":{"dateRange":"31 octobre 2025 - 10 janvier 2026"}},"language":{"code":"fr"},"_links":{"self":[{"href":"https:\/\/www.coolturalia.com\/fr\/wp-json\/wp\/v2\/event\/143460","targetHints":{"allow":["GET"]}}],"collection":[{"href":"https:\/\/www.coolturalia.com\/fr\/wp-json\/wp\/v2\/event"}],"about":[{"href":"https:\/\/www.coolturalia.com\/fr\/wp-json\/wp\/v2\/types\/event"}],"version-history":[{"count":3,"href":"https:\/\/www.coolturalia.com\/fr\/wp-json\/wp\/v2\/event\/143460\/revisions"}],"predecessor-version":[{"id":173564,"href":"https:\/\/www.coolturalia.com\/fr\/wp-json\/wp\/v2\/event\/143460\/revisions\/173564"}],"wp:featuredmedia":[{"embeddable":true,"href":"https:\/\/www.coolturalia.com\/fr\/wp-json\/wp\/v2\/media\/143461"}],"wp:attachment":[{"href":"https:\/\/www.coolturalia.com\/fr\/wp-json\/wp\/v2\/media?parent=143460"}],"wp:term":[{"taxonomy":"post_tag","embeddable":true,"href":"https:\/\/www.coolturalia.com\/fr\/wp-json\/wp\/v2\/tags?post=143460"},{"taxonomy":"event-category","embeddable":true,"href":"https:\/\/www.coolturalia.com\/fr\/wp-json\/wp\/v2\/event-category?post=143460"},{"taxonomy":"event-venue","embeddable":true,"href":"https:\/\/www.coolturalia.com\/fr\/wp-json\/wp\/v2\/event-venue?post=143460"}],"curies":[{"name":"wp","href":"https:\/\/api.w.org\/{rel}","templated":true}]}}