{"version":"1.0","provider_name":"Coolturalia","provider_url":"https:\/\/www.coolturalia.com\/fr\/","title":"La l\u00e9gende de Monte-Cristo \u2014 le musical - Coolturalia","type":"rich","width":600,"height":338,"html":"<blockquote class=\"wp-embedded-content\" data-secret=\"QNrBzx9Or1\"><a href=\"https:\/\/www.coolturalia.com\/fr\/event\/la-legende-de-monte-cristo-le-musical-2\/\">La l\u00e9gende de Monte-Cristo \u2014 le musical<\/a><\/blockquote><iframe sandbox=\"allow-scripts\" security=\"restricted\" src=\"https:\/\/www.coolturalia.com\/fr\/event\/la-legende-de-monte-cristo-le-musical-2\/embed\/#?secret=QNrBzx9Or1\" width=\"600\" height=\"338\" title=\"\u00ab\u00a0La l\u00e9gende de Monte-Cristo \u2014 le musical\u00a0\u00bb &#8212; Coolturalia\" data-secret=\"QNrBzx9Or1\" frameborder=\"0\" marginwidth=\"0\" marginheight=\"0\" scrolling=\"no\" class=\"wp-embedded-content\"><\/iframe><script type=\"text\/javascript\">\n\/* <![CDATA[ *\/\n\/*! This file is auto-generated *\/\n!function(d,l){\"use strict\";l.querySelector&&d.addEventListener&&\"undefined\"!=typeof URL&&(d.wp=d.wp||{},d.wp.receiveEmbedMessage||(d.wp.receiveEmbedMessage=function(e){var t=e.data;if((t||t.secret||t.message||t.value)&&!\/[^a-zA-Z0-9]\/.test(t.secret)){for(var s,r,n,a=l.querySelectorAll('iframe[data-secret=\"'+t.secret+'\"]'),o=l.querySelectorAll('blockquote[data-secret=\"'+t.secret+'\"]'),c=new RegExp(\"^https?:$\",\"i\"),i=0;i<o.length;i++)o[i].style.display=\"none\";for(i=0;i<a.length;i++)s=a[i],e.source===s.contentWindow&&(s.removeAttribute(\"style\"),\"height\"===t.message?(1e3<(r=parseInt(t.value,10))?r=1e3:~~r<200&&(r=200),s.height=r):\"link\"===t.message&&(r=new URL(s.getAttribute(\"src\")),n=new URL(t.value),c.test(n.protocol))&&n.host===r.host&&l.activeElement===s&&(d.top.location.href=t.value))}},d.addEventListener(\"message\",d.wp.receiveEmbedMessage,!1),l.addEventListener(\"DOMContentLoaded\",function(){for(var e,t,s=l.querySelectorAll(\"iframe.wp-embedded-content\"),r=0;r<s.length;r++)(t=(e=s[r]).getAttribute(\"data-secret\"))||(t=Math.random().toString(36).substring(2,12),e.src+=\"#?secret=\"+t,e.setAttribute(\"data-secret\",t)),e.contentWindow.postMessage({message:\"ready\",secret:t},\"*\")},!1)))}(window,document);\n\/\/# sourceURL=https:\/\/www.coolturalia.com\/wp-includes\/js\/wp-embed.min.js\n\/* ]]> *\/\n<\/script>\n","thumbnail_url":"https:\/\/www.coolturalia.com\/wp-content\/uploads\/2024\/04\/favicon-coolturalia-2.png","thumbnail_width":150,"thumbnail_height":150,"description":"Mis en sc\u00e8ne par Serge Postigo, cette adaptation musicale du roman d&rsquo;Alexandre Dumas suit Edmond Dant\u00e8s, de la trahison et l&#8217;emprisonnement \u00e0 sa renaissance en comte de Monte\u2011Cristo. Avec Gjon\u2019s Tears et Philipinne Lavrey, et plus de vingt artistes sur sc\u00e8ne, la production m\u00eale chansons puissantes, chor\u00e9graphies \u00e9nergiques et une sc\u00e9nographie ambitieuse pour creuser des [&hellip;]"}